{"id":15123,"date":"2018-02-21T11:31:04","date_gmt":"2018-02-21T11:31:04","guid":{"rendered":"https:\/\/fcmanrique.org\/fcm-exposicion\/jose-saramago-la-consistencia-de-los-suenos\/"},"modified":"2023-11-24T11:28:21","modified_gmt":"2023-11-24T11:28:21","slug":"jose-saramago-la-consistencia-de-los-suenos","status":"publish","type":"fcm_exposicion","link":"https:\/\/fcmanrique.org\/en\/fcm-exposicion\/jose-saramago-la-consistencia-de-los-suenos\/","title":{"rendered":"Jos\u00e9 Saramago. La consistencia de los sue\u00f1os"},"content":{"rendered":"<p class=\"qtranxs-available-languages-message qtranxs-available-languages-message-en\">Sorry, this entry is only available in <a href=\"https:\/\/fcmanrique.org\/es\/wp-json\/wp\/v2\/fcm_exposicion\/15123\" class=\"qtranxs-available-language-link qtranxs-available-language-link-es\" title=\"ES\">ES<\/a>.<\/p><p><\/p>\n<p class=\"MsoNormal\"><span style=\"ofont-size: 10pt; ofont-family: Arial;\">Del 23 de noviembre de 2007 al 20 de enero de 2008, tuvo lugar en la sede de la Fundaci\u00f3n C\u00e9sar Manrique, la exposici\u00f3n de gran formato dedicada al Premio Nobel de Literatura portugu\u00e9s Jos\u00e9 Saramago,<strong> comisariada por Fernando G\u00f3mez Aguilera<\/strong>, director de la FCM, bajo el t\u00edtulo <span style=\"ofont-style: italic;\">Jos\u00e9 Saramago. La consistencia de los sue\u00f1os<\/span>.<\/span><\/p>\n<p class=\"MsoNormal\"><span style=\"ofont-size: 10pt; ofont-family: Arial;\">La exposici\u00f3n fue copatrocinada por la Caja Insular de Ahorros de Canarias y cont\u00f3 con la inestimable colaboraci\u00f3n de la Fundaci\u00f3n Jos\u00e9 Saramago, y analiz\u00f3 la figura del escritor luso, tanto desde la perspectiva de su trascendencia en el mundo de la literatura universal como de su dimensi\u00f3n sociopol\u00edtica, incorporando una visi\u00f3n de su faceta vinculada al compromiso social.<\/span><\/p>\n<p class=\"MsoNormal\"><span style=\"ofont-size: 10pt; ofont-family: Arial;\">La muestra, que coincidi\u00f3 con el 85 cumplea\u00f1os del escritor, fue el resultado de un intenso trabajo de investigaci\u00f3n de dos a\u00f1os sobre la vida y obra de Jos\u00e9 Saramago, no solo desde el momento de su reconocimiento internacional, a partir de 1982, sino tambi\u00e9n abordando periodos menos conocidos de la trayectoria del escritor. Este aspecto confiri\u00f3 una indudable singularidad a la muestra, dado que en la misma fue posible conocer abundante material tanto escrito como gr\u00e1fico y audiovisual a trav\u00e9s de: obras in\u00e9ditas, manuscritos, notas personales, primeras ediciones, traducciones, fotograf\u00edas, v\u00eddeos, grabaciones originales\u2026 a trav\u00e9s de los cuales se traz\u00f3 un recorrido por la vida literaria del escritor, pudieron explorarse las claves de su imaginario. <\/span><\/p>\n<p class=\"MsoNormal\"><span style=\"ofont-size: 10pt; ofont-family: Arial;\">En concreto, la exposici\u00f3n reuni\u00f3 en torno a <strong>500 documentos originales<\/strong> junto a otros tantos digitalizados que fueron presentados a trav\u00e9s de un dise\u00f1o innovador, combinando los recursos convencionales con los soportes digitales y audiovisuales, empleando m\u00e1s de 50 monitores distribuidos por las tres salas que albergan la muestra.<\/span><\/p>\n<p class=\"MsoNormal\"><span style=\"ofont-size: 10pt; ofont-family: Arial;\">Otro aspecto tecnol\u00f3gico a resaltar es el trabajo espec\u00edfico realizado por<strong> Charles Sandison<\/strong> conocido internacionalmente desde su participaci\u00f3n en la Bienal de Venecia de 2001 y m\u00e1s recientemente en nuestro pa\u00eds, por el montaje realizado para el espect\u00e1culo cultural de la Noche en Blanco de Madrid. El artista escoc\u00e9s, que a partir de programas de ordenador creados por \u00e9l mismo y utilizados como soporte de su obra, logra generar textos proyectados sobre pantallas o sobre las paredes del espacio de exposici\u00f3n, prepar\u00f3 tres intervenciones dise\u00f1adas ex profeso para esta muestra.&nbsp;<\/span><\/p>\n<p><span style=\"ofont-size: 10pt; ofont-family: Arial;\"><strong>\u201cJos\u00e9 Saramago: la consistencia de los sue\u00f1os\u201d<\/strong> cont\u00f3 con una de superficie expositiva de 700 m2 distribuidos en tres salas: dos ubicadas en la sede de la FCM en Taro de Tah\u00edche, y otra situada en el nuevo equipamiento cultural de la instituci\u00f3n en Arrecife, que fue inaugurado con motivo de la exposici\u00f3n y lleva el nombre del escritor portugu\u00e9s afincado en Lanzarote desde 1993: Sala Jos\u00e9 Saramago.<\/span><\/p>\n<p><strong>M\u00e1s informaci\u00f3n:<\/strong>&nbsp;<a href=\"https:\/\/fcmanrique.org\/fcm-publicacion\/jose-saramago-la-consistencia-de-los-suenos-biografia-cronologica\/?cpg=1\" target=\"_blank\" rel=\"noopener\">Cat\u00e1logo de la exposici\u00f3n<\/a><\/p>","protected":false},"featured_media":16838,"parent":0,"template":"","meta":{"_acf_changed":false,"ngg_post_thumbnail":0,"footnotes":""},"exposicion_linea_discursiva":[53],"class_list":["post-15123","fcm_exposicion","type-fcm_exposicion","status-publish","has-post-thumbnail","hentry","exposicion_linea_discursiva-revisiones-historicas"],"acf":[],"_links":{"self":[{"href":"https:\/\/fcmanrique.org\/en\/wp-json\/wp\/v2\/fcm_exposicion\/15123","targetHints":{"allow":["GET"]}}],"collection":[{"href":"https:\/\/fcmanrique.org\/en\/wp-json\/wp\/v2\/fcm_exposicion"}],"about":[{"href":"https:\/\/fcmanrique.org\/en\/wp-json\/wp\/v2\/types\/fcm_exposicion"}],"version-history":[{"count":2,"href":"https:\/\/fcmanrique.org\/en\/wp-json\/wp\/v2\/fcm_exposicion\/15123\/revisions"}],"predecessor-version":[{"id":24611,"href":"https:\/\/fcmanrique.org\/en\/wp-json\/wp\/v2\/fcm_exposicion\/15123\/revisions\/24611"}],"wp:featuredmedia":[{"embeddable":true,"href":"https:\/\/fcmanrique.org\/en\/wp-json\/wp\/v2\/media\/16838"}],"wp:attachment":[{"href":"https:\/\/fcmanrique.org\/en\/wp-json\/wp\/v2\/media?parent=15123"}],"wp:term":[{"taxonomy":"exposicion_linea_discursiva","embeddable":true,"href":"https:\/\/fcmanrique.org\/en\/wp-json\/wp\/v2\/exposicion_linea_discursiva?post=15123"}],"curies":[{"name":"wp","href":"https:\/\/api.w.org\/{rel}","templated":true}]}}