{"id":16334,"date":"2007-04-25T00:00:00","date_gmt":"2007-04-25T00:00:00","guid":{"rendered":"https:\/\/fcmanrique.org\/fcm-publicacion\/en-el-centro-de-un-circulo-de-islas\/"},"modified":"2024-04-05T09:25:00","modified_gmt":"2024-04-05T09:25:00","slug":"en-el-centro-de-un-circulo-de-islas","status":"publish","type":"fcm_publicacion","link":"https:\/\/fcmanrique.org\/en\/fcm-publicacion\/en-el-centro-de-un-circulo-de-islas\/","title":{"rendered":"En el centro de un c\u00edrculo de islas"},"content":{"rendered":"<p class=\"qtranxs-available-languages-message qtranxs-available-languages-message-en\">Sorry, this entry is only available in <a href=\"https:\/\/fcmanrique.org\/es\/wp-json\/wp\/v2\/fcm_publicacion\/16334\" class=\"qtranxs-available-language-link qtranxs-available-language-link-es\" title=\"ES\">ES<\/a>.<\/p><p><span style=\"ofont-size: 10pt;\"><strong>Andr\u00e9s S\u00e1nchez Robayna<\/strong> naci\u00f3 en Las Palmas de Gran Canaria. Es catedr\u00e1tico de Literatura Espa\u00f1ola en la Universidad de La Laguna, fundador y director de las revistas <em>Literradura<\/em> y <em>Syntaxis<\/em>. Notable cr\u00edtico y ensayista ha publicado diferentes estudios centrados en la literatura del Siglo de Oro y en la del siglo XX. En 2004, en colaboraci\u00f3n con Jos\u00e9 \u00c1ngel Valente y Eduardo Mil\u00e1n public\u00f3 <em>Las \u00ednsulas extra\u00f1as: antolog\u00eda de poes\u00eda en lengua espa\u00f1ola (1950-2000)<\/em>. En 1984, recibi\u00f3 el \u201cPremio de la Cr\u00edtica\u201d y, en 1982, el \u201cPremio Nacional de Traducci\u00f3n\u201d.<\/span><\/p>\n<p>Parte de su obra po\u00e9tica est\u00e1 publicada en <em>D\u00eda de aire<\/em> (1970), <em>Clima<\/em> (1978), <em>Tinta<\/em> (1981), <em>Palmas sobre la losa fr\u00eda<\/em> (1989), <em>Sobre una piedra extrema<\/em> (1995), <em>La sombra del mundo<\/em> (1999) y <em>En el cuerpo del mundo: obra po\u00e9tica (1970-2002)<\/em> editado en 2002.<\/p>\n<div><span style=\"ofont-size: 10pt;\">Desde la cr\u00edtica se ha destacado que la aventura del conocimiento es uno de los grandes valores de la escritura de este poeta, as\u00ed como el sentimiento del lugar, del tiempo y de lo sagrado, que son una constante en toda su obra.<\/span><\/div>\n<p><em><span style=\"ofont-size: 10pt;\">En el centro de un c\u00edrculo de islas<\/span><\/em><span style=\"ofont-size: 10pt;\">, hace el n\u00famero trece de la colecci\u00f3n \u201cP\u00e9\u00f1ola Blanca\u201d y fue editado el 25 de abril de 2007. El libro cuenta con dibujos de Jos\u00e9 Manuel Broto, 15 poemas y un ensayo final \u201cBroto, viento de esp\u00edritu\u201d, el cual fue publicado por primera vez en el cat\u00e1logo <em>Broto. Spiritus Mundi<\/em> (1998) \u201cpero es aqu\u00ed, tal vez, donde encuentra su m\u00e1s justo o apropiado lugar\u201d seg\u00fan anota S\u00e1nchez Robayna. As\u00ed mismo, se\u00f1ala el autor, \u201ceste cuaderno de poemas y dibujos naci\u00f3, de un modo natural y hasta dir\u00eda que con fatalidad, al calor de una vieja amistad y del di\u00e1logo entre la palabra y la pintura\u201d.<\/span><\/p>","protected":false},"featured_media":16335,"parent":0,"template":"","meta":{"_acf_changed":false,"ngg_post_thumbnail":0,"footnotes":""},"publicacion_coleccion":[66],"class_list":["post-16334","fcm_publicacion","type-fcm_publicacion","status-publish","has-post-thumbnail","hentry","publicacion_coleccion-penola-blanca"],"acf":[],"_links":{"self":[{"href":"https:\/\/fcmanrique.org\/en\/wp-json\/wp\/v2\/fcm_publicacion\/16334","targetHints":{"allow":["GET"]}}],"collection":[{"href":"https:\/\/fcmanrique.org\/en\/wp-json\/wp\/v2\/fcm_publicacion"}],"about":[{"href":"https:\/\/fcmanrique.org\/en\/wp-json\/wp\/v2\/types\/fcm_publicacion"}],"version-history":[{"count":1,"href":"https:\/\/fcmanrique.org\/en\/wp-json\/wp\/v2\/fcm_publicacion\/16334\/revisions"}],"predecessor-version":[{"id":25153,"href":"https:\/\/fcmanrique.org\/en\/wp-json\/wp\/v2\/fcm_publicacion\/16334\/revisions\/25153"}],"wp:featuredmedia":[{"embeddable":true,"href":"https:\/\/fcmanrique.org\/en\/wp-json\/wp\/v2\/media\/16335"}],"wp:attachment":[{"href":"https:\/\/fcmanrique.org\/en\/wp-json\/wp\/v2\/media?parent=16334"}],"wp:term":[{"taxonomy":"publicacion_coleccion","embeddable":true,"href":"https:\/\/fcmanrique.org\/en\/wp-json\/wp\/v2\/publicacion_coleccion?post=16334"}],"curies":[{"name":"wp","href":"https:\/\/api.w.org\/{rel}","templated":true}]}}