{"id":17556,"date":"2016-07-24T13:14:33","date_gmt":"2016-07-24T13:14:33","guid":{"rendered":"https:\/\/fcmanrique.org\/?post_type=fcm_publicacion&#038;p=17556"},"modified":"2025-06-02T12:43:06","modified_gmt":"2025-06-02T12:43:06","slug":"cesar-manrique-y-pepin-ramirez-dos-lideres-canarios-en-su-contexto-historico","status":"publish","type":"fcm_publicacion","link":"https:\/\/fcmanrique.org\/en\/fcm-publicacion\/cesar-manrique-y-pepin-ramirez-dos-lideres-canarios-en-su-contexto-historico\/","title":{"rendered":"C\u00e9sar Manrique y Pep\u00edn Ram\u00edrez. Dos l\u00edderes canarios en su contexto hist\u00f3rico"},"content":{"rendered":"<p class=\"qtranxs-available-languages-message qtranxs-available-languages-message-en\">Sorry, this entry is only available in <a href=\"https:\/\/fcmanrique.org\/es\/wp-json\/wp\/v2\/fcm_publicacion\/17556\" class=\"qtranxs-available-language-link qtranxs-available-language-link-es\" title=\"ES\">ES<\/a>.<\/p><p><strong>Juan Marrero Portugu\u00e9s<\/strong> aporta en estas p\u00e1ginas el testimonio de un actor y un observador privilegiados. Cercano a los protagonistas del libro, hace memoria sobre unos a\u00f1os cruciales para Lanzarote, las d\u00e9cadas de los cincuenta y sesenta. En esa \u00e9poca se producen los grandes cambios contempor\u00e1neos que transforman radicalmente la isla. Sin las aportaciones de C\u00e9sar Manrique y de Pep\u00edn Ram\u00edrez que aqu\u00ed se desentra\u00f1an, no podr\u00edan entenderse.<\/p>\n<p>Marrero Portugu\u00e9s se adentra en la personalidad y en las contribuciones de ambas figuras, a la vez que reconstruye un vigoroso friso de la vida local de entonces. Sus recuerdos precisos, la rica informaci\u00f3n que maneja, la fuerza de su expresi\u00f3n y la posici\u00f3n privilegiada desde la que se asoci\u00f3 a aquella etapa, le permiten dibujar un paisaje elocuente, poblado de singulares personajes que rescata del olvido. En primer plano, destaca siempre el camino que traza sobre los pasos de C\u00e9sar y Pep\u00edn.<\/p>\n<p><strong>M\u00e1s informaci\u00f3n:<\/strong> <a href=\"https:\/\/fcmanrique.org\/wp-content\/uploads\/fundacion-manrique-nota-prensa-libro-manrique-ramirez-marrero.pdf\">Nota de prensa<\/a><\/p>\n<p><strong>Presentaci\u00f3n del libro, el 20 de octubre de 2016, en la sede de la FCM<\/strong>:&nbsp;<a href=\"https:\/\/fcmanrique.org\/fcm-actividad\/la-union-entre-cesar-manrique-y-pepin-ramirez-supuso-una-operacion-de-capitalizacion-patrimonial-de-lanzarote\/?cpg=3\" target=\"_blank\" rel=\"noopener\">Acto de presentaci\u00f3n<\/a><\/p>\n<p><strong>Materiales:<\/strong><\/p>\n<p><strong>Publicaci\u00f3n<\/strong>: <a href=\"https:\/\/fcmanrique.org\/wp-content\/uploads\/CESAR-MANRIQUE-Y-PEPIN-RAMIREZ_Juan-Marrero_Segunda-edicion.pdf\" target=\"_blank\" rel=\"noopener\">C\u00e9sar Manrique y Pep\u00edn Ram\u00edrez (segunda edici\u00f3n)<\/a><\/p>","protected":false},"featured_media":4622,"parent":0,"template":"","meta":{"_acf_changed":false,"ngg_post_thumbnail":0,"footnotes":""},"publicacion_coleccion":[67],"class_list":["post-17556","fcm_publicacion","type-fcm_publicacion","status-publish","has-post-thumbnail","hentry","publicacion_coleccion-torcusa"],"acf":[],"_links":{"self":[{"href":"https:\/\/fcmanrique.org\/en\/wp-json\/wp\/v2\/fcm_publicacion\/17556","targetHints":{"allow":["GET"]}}],"collection":[{"href":"https:\/\/fcmanrique.org\/en\/wp-json\/wp\/v2\/fcm_publicacion"}],"about":[{"href":"https:\/\/fcmanrique.org\/en\/wp-json\/wp\/v2\/types\/fcm_publicacion"}],"version-history":[{"count":8,"href":"https:\/\/fcmanrique.org\/en\/wp-json\/wp\/v2\/fcm_publicacion\/17556\/revisions"}],"predecessor-version":[{"id":26879,"href":"https:\/\/fcmanrique.org\/en\/wp-json\/wp\/v2\/fcm_publicacion\/17556\/revisions\/26879"}],"wp:featuredmedia":[{"embeddable":true,"href":"https:\/\/fcmanrique.org\/en\/wp-json\/wp\/v2\/media\/4622"}],"wp:attachment":[{"href":"https:\/\/fcmanrique.org\/en\/wp-json\/wp\/v2\/media?parent=17556"}],"wp:term":[{"taxonomy":"publicacion_coleccion","embeddable":true,"href":"https:\/\/fcmanrique.org\/en\/wp-json\/wp\/v2\/publicacion_coleccion?post=17556"}],"curies":[{"name":"wp","href":"https:\/\/api.w.org\/{rel}","templated":true}]}}