{"id":17558,"date":"2018-09-24T13:22:11","date_gmt":"2018-09-24T13:22:11","guid":{"rendered":"https:\/\/fcmanrique.org\/?post_type=fcm_publicacion&#038;p=17558"},"modified":"2024-06-05T11:27:07","modified_gmt":"2024-06-05T11:27:07","slug":"luis-morales-padron","status":"publish","type":"fcm_publicacion","link":"https:\/\/fcmanrique.org\/en\/fcm-publicacion\/luis-morales-padron\/","title":{"rendered":"Luis Morales Padr\u00f3n"},"content":{"rendered":"<p class=\"qtranxs-available-languages-message qtranxs-available-languages-message-en\">Sorry, this entry is only available in <a href=\"https:\/\/fcmanrique.org\/es\/wp-json\/wp\/v2\/fcm_publicacion\/17558\" class=\"qtranxs-available-language-link qtranxs-available-language-link-es\" title=\"ES\">ES<\/a>.<\/p><p>En<em><strong> Luis Morales Padr\u00f3n<\/strong><\/em>, su autor, Mario Alberto Perdomo, aborda la trayectoria profesional y personal de Luis Morales Padr\u00f3n, encargado general de obras del Cabildo de Lanzarote entre 1960 y 1997, a\u00f1o de su jubilaci\u00f3n. Su biograf\u00eda coincide, en buena parte, con la trayectoria del Cabildo en los a\u00f1os claves de la definici\u00f3n del actual modelo de desarrollo, con el turismo como eje central. Luis Morales fue la primera persona en la que pens\u00f3 Jos\u00e9 Ram\u00edrez Cerd\u00e1 en 1960, ya como presidente del Cabildo, cuando abord\u00f3 el reto de modernizar la instituci\u00f3n para afrontar el desarrollo de Lanzarote.<\/p>\n<p><strong>Luis Morales Padr\u00f3n<\/strong> (Arrecife, 1932) comenz\u00f3 a trabajar en el Ayuntamiento de<br \/>\nArrecife a la edad de 14 a\u00f1os, de la mano de su padre, Manuel Morales Mart\u00edn, maestro Manuel, que por entonces era encargado de mantenimiento y obras municipales. En 1960, ingres\u00f3 en el Cabildo de Lanzarote como encargado general de V\u00edas y Obras, llegando a dirigir a m\u00e1s de 300 trabajadores en las diversas tareas que acometi\u00f3 la instituci\u00f3n insular: galer\u00edas de Famara, pista del aeropuerto, reforma del hospital insular, ciudad deportiva, asfaltado de carreteras, caminos vecinales, etc. Su competencia y su solidez profesional le permitieron acometer varias obras a la vez, a cual m\u00e1s compleja. Muy exigente con la calidad, propici\u00f3 la participaci\u00f3n en la b\u00fasqueda de las mejores soluciones. Todos los que lo han conocido destacan su profesionalidad, nobleza y gran sentido de la lealtad.<\/p>\n<p><strong>Mario Alberto Perdomo<\/strong> es economista y periodista de referencia en Canarias. M\u00e1ster en Direcci\u00f3n y Administraci\u00f3n de Empresas y en Gesti\u00f3n Medioambiental. Fue director del Departamento de Cultura del Cabildo de Lanzarote. Trabaj\u00f3 para el C\u00edrculo de Empresarios de Lanzarote y para la Asociaci\u00f3n Promotora de la C\u00e1mara de Comercio, Industria y Navegaci\u00f3n de Lanzarote. Coordin\u00f3 el programa \u201cLife Lanzarote 2001-2004: Exploraci\u00f3n de nuevas l\u00edneas de actuaci\u00f3n, financiaci\u00f3n y fiscalidad\u201d para la Reserva de la Biosfera de Lanzarote. Es patrono de la Fundaci\u00f3n C\u00e9sar Manrique desde 1990. Ha publicado m\u00e1s de tres mil art\u00edculos de opini\u00f3n en diferentes medios de comunicaci\u00f3n y sobre los m\u00e1s variados temas. En la actualidad, trabaja en el \u201cProyecto de Digitalizaci\u00f3n, Catalogaci\u00f3n y Difusi\u00f3n de los Archivos Audiovisuales de las Televisiones Locales de Lanzarote\u201d, en Biosfera TV.<\/p>\n<p><strong>M\u00e1s informaci\u00f3n:<\/strong> <a href=\"https:\/\/fcmanrique.org\/wp-content\/uploads\/fc-manrique-presentacion-libro-luis-morales-padron.pdf\">Nota de prensa<\/a><\/p>\n<p><strong>Presentaci\u00f3n del libro, el 8 de junio de 2017, en la sede de la FCM<\/strong>: <a href=\"https:\/\/fcmanrique.org\/fcm-actividad\/la-fundacion-cesar-manrique-homenajea-a-luis-morales\/?cpg=3\" target=\"_blank\" rel=\"noopener\">Acto de presentaci\u00f3n<\/a><\/p>","protected":false},"featured_media":24592,"parent":0,"template":"","meta":{"_acf_changed":false,"ngg_post_thumbnail":0,"footnotes":""},"publicacion_coleccion":[61],"class_list":["post-17558","fcm_publicacion","type-fcm_publicacion","status-publish","has-post-thumbnail","hentry","publicacion_coleccion-islas-de-memoria"],"acf":[],"_links":{"self":[{"href":"https:\/\/fcmanrique.org\/en\/wp-json\/wp\/v2\/fcm_publicacion\/17558","targetHints":{"allow":["GET"]}}],"collection":[{"href":"https:\/\/fcmanrique.org\/en\/wp-json\/wp\/v2\/fcm_publicacion"}],"about":[{"href":"https:\/\/fcmanrique.org\/en\/wp-json\/wp\/v2\/types\/fcm_publicacion"}],"version-history":[{"count":3,"href":"https:\/\/fcmanrique.org\/en\/wp-json\/wp\/v2\/fcm_publicacion\/17558\/revisions"}],"predecessor-version":[{"id":25618,"href":"https:\/\/fcmanrique.org\/en\/wp-json\/wp\/v2\/fcm_publicacion\/17558\/revisions\/25618"}],"wp:featuredmedia":[{"embeddable":true,"href":"https:\/\/fcmanrique.org\/en\/wp-json\/wp\/v2\/media\/24592"}],"wp:attachment":[{"href":"https:\/\/fcmanrique.org\/en\/wp-json\/wp\/v2\/media?parent=17558"}],"wp:term":[{"taxonomy":"publicacion_coleccion","embeddable":true,"href":"https:\/\/fcmanrique.org\/en\/wp-json\/wp\/v2\/publicacion_coleccion?post=17558"}],"curies":[{"name":"wp","href":"https:\/\/api.w.org\/{rel}","templated":true}]}}