{"id":19558,"date":"2019-05-25T07:45:18","date_gmt":"2019-05-25T07:45:18","guid":{"rendered":"https:\/\/fcmanrique.org\/?post_type=fcm_video&#038;p=19558"},"modified":"2023-06-15T18:13:29","modified_gmt":"2023-06-15T18:13:29","slug":"conferencia-eduardo-martinez-de-pison-el-arte-que-creo-montanas-13-de-junio","status":"publish","type":"fcm_video","link":"https:\/\/fcmanrique.org\/en\/fcm-video\/conferencia-eduardo-martinez-de-pison-el-arte-que-creo-montanas-13-de-junio\/","title":{"rendered":"Eduardo Mart\u00ednez de Pis\u00f3n. \u00abEl arte que cre\u00f3 monta\u00f1as\u00bb"},"content":{"rendered":"<p class=\"qtranxs-available-languages-message qtranxs-available-languages-message-en\">Sorry, this entry is only available in <a href=\"https:\/\/fcmanrique.org\/es\/wp-json\/wp\/v2\/fcm_video\/19558\" class=\"qtranxs-available-language-link qtranxs-available-language-link-es\" title=\"ES\">ES<\/a>.<\/p><p><strong>Ciclo de conferencias magistrales. Pensar los l\u00edmites de nuestro tiempo<\/strong><\/p>\n<p>La intervenci\u00f3n de Eduardo Mart\u00ednez de Pis\u00f3n se incluye en el ciclo de conferencias magistrales <em>Pensar los l\u00edmites de nuestro tiempo<\/em>, en el que ya han participado Fernando Savater, Eudald Carbonell y Sonia Fern\u00e1ndez-Vidal, y continuar\u00e1 a lo largo del a\u00f1o con la participaci\u00f3n de Marina Garc\u00e9s y Cristina Almeida.<\/p>\n<p><strong>Eduardo Mart\u00ednez de Pis\u00f3n<\/strong> es Catedr\u00e1tico Em\u00e9rito de Geograf\u00eda en la Universidad Aut\u00f3noma de Madrid desde 2007. Est\u00e1 especializado en Geograf\u00eda F\u00edsica, materia sobre la que ha realizado la mayor parte de sus investigaciones, publicaciones, docencia y direcci\u00f3n de tesis. Sus trabajos tratan de paisajes, relieves volc\u00e1nicos, de cordilleras y glaciares, geograf\u00eda medioambiental, as\u00ed como sobre las relaciones entre la geograf\u00eda y la cultura.<\/p>\n<p><strong>Leer la cr\u00f3nica de la conversaci\u00f3n:<\/strong>&nbsp;<a href=\"https:\/\/fcmanrique.org\/fcm-c-acti-celebrada\/eduardo-martinez-de-pison\/?lang=es\">https:\/\/fcmanrique.org\/fcm-c-acti-celebrada\/eduardo-martinez-de-pison\/?lang=es<\/a><\/p>\n<p><strong>M\u00e1s informaci\u00f3n:<\/strong>&nbsp;<a href=\"https:\/\/fcmanrique.org\/wp-content\/uploads\/fc-manrique-eduardo-martinez-de-pison.pdf\">Nota de prensa<\/a><\/p>","protected":false},"featured_media":23627,"parent":0,"template":"","meta":{"_acf_changed":false,"ngg_post_thumbnail":0,"footnotes":""},"video_coleccion":[97],"class_list":["post-19558","fcm_video","type-fcm_video","status-publish","has-post-thumbnail","hentry","video_coleccion-conferencia"],"acf":[],"_links":{"self":[{"href":"https:\/\/fcmanrique.org\/en\/wp-json\/wp\/v2\/fcm_video\/19558","targetHints":{"allow":["GET"]}}],"collection":[{"href":"https:\/\/fcmanrique.org\/en\/wp-json\/wp\/v2\/fcm_video"}],"about":[{"href":"https:\/\/fcmanrique.org\/en\/wp-json\/wp\/v2\/types\/fcm_video"}],"version-history":[{"count":11,"href":"https:\/\/fcmanrique.org\/en\/wp-json\/wp\/v2\/fcm_video\/19558\/revisions"}],"predecessor-version":[{"id":23539,"href":"https:\/\/fcmanrique.org\/en\/wp-json\/wp\/v2\/fcm_video\/19558\/revisions\/23539"}],"wp:featuredmedia":[{"embeddable":true,"href":"https:\/\/fcmanrique.org\/en\/wp-json\/wp\/v2\/media\/23627"}],"wp:attachment":[{"href":"https:\/\/fcmanrique.org\/en\/wp-json\/wp\/v2\/media?parent=19558"}],"wp:term":[{"taxonomy":"video_coleccion","embeddable":true,"href":"https:\/\/fcmanrique.org\/en\/wp-json\/wp\/v2\/video_coleccion?post=19558"}],"curies":[{"name":"wp","href":"https:\/\/api.w.org\/{rel}","templated":true}]}}