{"id":19901,"date":"2019-06-28T22:23:22","date_gmt":"2019-06-28T22:23:22","guid":{"rendered":"https:\/\/fcmanrique.org\/?post_type=fcm_video&#038;p=19901"},"modified":"2023-06-15T18:09:18","modified_gmt":"2023-06-15T18:09:18","slug":"conversacion-inaki-gabilondo-y-pedro-m-echenique-2-julio","status":"publish","type":"fcm_video","link":"https:\/\/fcmanrique.org\/en\/fcm-video\/conversacion-inaki-gabilondo-y-pedro-m-echenique-2-julio\/","title":{"rendered":"I\u00f1aki Gabilondo y Pedro M. Echenique. \u00abCiencia: conocimiento, creatividad y pasi\u00f3n. Las puertas abiertas del futuro\u00bb"},"content":{"rendered":"<p class=\"qtranxs-available-languages-message qtranxs-available-languages-message-en\">Sorry, this entry is only available in <a href=\"https:\/\/fcmanrique.org\/es\/wp-json\/wp\/v2\/fcm_video\/19901\" class=\"qtranxs-available-language-link qtranxs-available-language-link-es\" title=\"ES\">ES<\/a>.<\/p><p><strong>Ciclo. Cuatro conversaciones de futuro<\/strong><\/p>\n<p>I\u00f1aki Gabilondo conversar\u00e1 a lo largo del Centenario con pensadores, f\u00edsicos y geoestrategas.<\/p>\n<p><strong>I\u00f1aki Gabilondo&nbsp;<\/strong>es periodista, con una experiencia de m\u00e1s de cuarenta a\u00f1os en el sector audiovisual, y una referencia indiscutible del periodismo de nuestro pa\u00eds, particularmente desde que cre\u00f3 y dirigi\u00f3 durante veinte a\u00f1os el programa \u201cHoy por hoy\u201d de la Cadena SER, convertido en el programa m\u00e1s escuchado de la historia de la radio con m\u00e1s de 3.300.000 oyentes diarios. En 1981 abandon\u00f3 la SER y se pas\u00f3 a RTVE como director de los Servicios Informativos de Televisi\u00f3n Espa\u00f1ola. En esa etapa vivi\u00f3 el intento de golpe de Estado 23-F, una situaci\u00f3n excepcional de la que se deriv\u00f3 su debut como presentador del Telediario de noche.<\/p>\n<p><strong>Pedro Miguel Echenique<\/strong>&nbsp;es catedr\u00e1tico de F\u00edsica de Materia Condensada en la Universidad del Pa\u00eds Vasco y Premio Pr\u00edncipe de Asturias de Investigacio\u0301n Cienti\u0301fico Te\u0301cnica, 1998. Adem\u00e1s, es presidente de la Fundaci\u00f3n&nbsp;<em>Donostia International Physics Center,&nbsp;<\/em>que promueve la investigaci\u00f3n cient\u00edfica b\u00e1sica en ciencia de materiales, del Centro Vasco de Investigaci\u00f3n en Nanociencia&nbsp;<em>CIC Nanogune<\/em>, y miembro honorario de la&nbsp;<em>European Physical Society<\/em>.<\/p>\n<p><strong>Leer la cr\u00f3nica de la conversaci\u00f3n:&nbsp;<\/strong><a href=\"https:\/\/fcmanrique.org\/fcm-c-acti-celebrada\/inaki-gabilondo-y-pedo-echenique\/?lang=es\">https:\/\/fcmanrique.org\/fcm-c-acti-celebrada\/inaki-gabilondo-y-pedo-echenique\/?lang=es<\/a><\/p>\n<p><strong>M\u00e1s informaci\u00f3n:<\/strong>&nbsp;<a href=\"https:\/\/fcmanrique.org\/wp-content\/uploads\/fc-manrique-gabilondo-echenique.pdf\">Nota de prensa<\/a><\/p>","protected":false},"featured_media":23644,"parent":0,"template":"","meta":{"_acf_changed":false,"ngg_post_thumbnail":0,"footnotes":""},"video_coleccion":[127],"class_list":["post-19901","fcm_video","type-fcm_video","status-publish","has-post-thumbnail","hentry","video_coleccion-conversacion"],"acf":[],"_links":{"self":[{"href":"https:\/\/fcmanrique.org\/en\/wp-json\/wp\/v2\/fcm_video\/19901","targetHints":{"allow":["GET"]}}],"collection":[{"href":"https:\/\/fcmanrique.org\/en\/wp-json\/wp\/v2\/fcm_video"}],"about":[{"href":"https:\/\/fcmanrique.org\/en\/wp-json\/wp\/v2\/types\/fcm_video"}],"version-history":[{"count":10,"href":"https:\/\/fcmanrique.org\/en\/wp-json\/wp\/v2\/fcm_video\/19901\/revisions"}],"predecessor-version":[{"id":23556,"href":"https:\/\/fcmanrique.org\/en\/wp-json\/wp\/v2\/fcm_video\/19901\/revisions\/23556"}],"wp:featuredmedia":[{"embeddable":true,"href":"https:\/\/fcmanrique.org\/en\/wp-json\/wp\/v2\/media\/23644"}],"wp:attachment":[{"href":"https:\/\/fcmanrique.org\/en\/wp-json\/wp\/v2\/media?parent=19901"}],"wp:term":[{"taxonomy":"video_coleccion","embeddable":true,"href":"https:\/\/fcmanrique.org\/en\/wp-json\/wp\/v2\/video_coleccion?post=19901"}],"curies":[{"name":"wp","href":"https:\/\/api.w.org\/{rel}","templated":true}]}}