{"id":20111,"date":"2019-06-27T19:00:22","date_gmt":"2019-06-27T19:00:22","guid":{"rendered":"https:\/\/fcmanrique.org\/?post_type=fcm_video&#038;p=20111"},"modified":"2023-06-15T18:09:19","modified_gmt":"2023-06-15T18:09:19","slug":"curso-ante-el-antropoceno-cuando-la-humanidad-desborda-los-limites-biofisicos-del-planeta-27-de-junio-parte-2","status":"publish","type":"fcm_video","link":"https:\/\/fcmanrique.org\/en\/fcm-video\/curso-ante-el-antropoceno-cuando-la-humanidad-desborda-los-limites-biofisicos-del-planeta-27-de-junio-parte-2\/","title":{"rendered":"Ante el Antropoceno. \u00abCiudades y territorios para la vida\u00bb (Parte 2)"},"content":{"rendered":"<p class=\"qtranxs-available-languages-message qtranxs-available-languages-message-en\">Sorry, this entry is only available in <a href=\"https:\/\/fcmanrique.org\/es\/wp-json\/wp\/v2\/fcm_video\/20111\" class=\"qtranxs-available-language-link qtranxs-available-language-link-es\" title=\"ES\">ES<\/a>.<\/p><p><strong><em>Ante el Antropoceno. Cuando la humanidad desborda los l\u00edmites biof\u00edsicos del planeta<\/em><\/strong><\/p>\n<p><strong>Jueves, 27: <em>Ciudades y territorios para la vida.<\/em> <\/strong>Ponentes: Claire Roumet, \u00cd\u00f1igo Losada, Fernando Prats. Mesa redonda moderada por Federico Aguilera Klink.<\/p>\n<p><em>\u201cDel Arca de No\u00e9 a las Biorregiones\u201d.<\/em><\/p>\n<p><strong>Fernando Prats<\/strong> es arquitecto urbanista. Cuenta con una dilatada trayectoria en los campos del desarrollo local, el medio ambiente, la ordenaci\u00f3n territorial, el turismo y el planeamiento de transportes e infraestructuras, as\u00ed como en el an\u00e1lisis de operaciones urban\u00edsticas, edificaci\u00f3n y dise\u00f1o urbano.<\/p>\n<p>Entre otros organismos pertenece al Patronato de la Fundaci\u00f3n FUHE, al Foro Transiciones, al Grupo de Trabajo sobre Rehabilitaci\u00f3n y al Consejo Espa\u00f1ol para las Buenas Pr\u00e1cticas Urbanas del Programa H\u00e1bitat de NNUU.<\/p>\n<p>Prats ha sido coordinador de la &#8220;Agenda Local 21 de Calvi\u00e1&#8221;, la &#8220;Estrategia para la Reserva de la Biosfera de Lanzarote&#8221;, el \u201cGran Sur Metropolitano de Madrid\u201c y el &#8220;Plan Integral de Playa de Palma&#8221;.<\/p>\n<p><em>MESA REDONDA moderada por el economista Federico Aguilera Klink.<\/em><\/p>\n<p><strong>Federico Aguilera Klink<\/strong> es economista.<\/p>\n<p><strong>Leer la cr\u00f3nica del tercer d\u00eda del curso:<\/strong> <a href=\"https:\/\/fcmanrique.org\/fcm-c-acti-celebrada\/antropoceno-03\/?lang=es\">https:\/\/fcmanrique.org\/fcm-c-acti-celebrada\/antropoceno-03\/?lang=es<\/a><\/p>\n<p><strong>M\u00e1s informaci\u00f3n:&nbsp;<\/strong><a href=\"https:\/\/fcmanrique.org\/wp-content\/uploads\/fc-manrique-programa-antropoceno.pdf\">Nota de prensa<\/a><\/p>","protected":false},"featured_media":23633,"parent":0,"template":"","meta":{"_acf_changed":false,"ngg_post_thumbnail":0,"footnotes":""},"video_coleccion":[136],"class_list":["post-20111","fcm_video","type-fcm_video","status-publish","has-post-thumbnail","hentry","video_coleccion-curso"],"acf":[],"_links":{"self":[{"href":"https:\/\/fcmanrique.org\/en\/wp-json\/wp\/v2\/fcm_video\/20111","targetHints":{"allow":["GET"]}}],"collection":[{"href":"https:\/\/fcmanrique.org\/en\/wp-json\/wp\/v2\/fcm_video"}],"about":[{"href":"https:\/\/fcmanrique.org\/en\/wp-json\/wp\/v2\/types\/fcm_video"}],"version-history":[{"count":6,"href":"https:\/\/fcmanrique.org\/en\/wp-json\/wp\/v2\/fcm_video\/20111\/revisions"}],"predecessor-version":[{"id":23640,"href":"https:\/\/fcmanrique.org\/en\/wp-json\/wp\/v2\/fcm_video\/20111\/revisions\/23640"}],"wp:featuredmedia":[{"embeddable":true,"href":"https:\/\/fcmanrique.org\/en\/wp-json\/wp\/v2\/media\/23633"}],"wp:attachment":[{"href":"https:\/\/fcmanrique.org\/en\/wp-json\/wp\/v2\/media?parent=20111"}],"wp:term":[{"taxonomy":"video_coleccion","embeddable":true,"href":"https:\/\/fcmanrique.org\/en\/wp-json\/wp\/v2\/video_coleccion?post=20111"}],"curies":[{"name":"wp","href":"https:\/\/api.w.org\/{rel}","templated":true}]}}