{"id":26383,"date":"2025-03-03T10:15:06","date_gmt":"2025-03-03T10:15:06","guid":{"rendered":"https:\/\/fcmanrique.org\/?post_type=fcm_video&#038;p=26383"},"modified":"2025-04-01T13:22:05","modified_gmt":"2025-04-01T13:22:05","slug":"conferencia-inaugural-amancio-prada","status":"publish","type":"fcm_video","link":"https:\/\/fcmanrique.org\/en\/fcm-video\/conferencia-inaugural-amancio-prada\/","title":{"rendered":"Amancio Prada. \u00abEl hilo del C\u00e1ntico\u00bb"},"content":{"rendered":"<p class=\"qtranxs-available-languages-message qtranxs-available-languages-message-en\">Sorry, this entry is only available in <a href=\"https:\/\/fcmanrique.org\/es\/wp-json\/wp\/v2\/fcm_video\/26383\" class=\"qtranxs-available-language-link qtranxs-available-language-link-es\" title=\"ES\">ES<\/a>.<\/p><p><strong>Conferencia inaugural<\/strong><\/p>\n<p>La Fundaci\u00f3n C\u00e9sar Manrique (FCM) inaugur\u00f3 su programaci\u00f3n cultural el pasado jueves 13 de marzo de 2025, con una conferencia impartida por el compositor e int\u00e9rprete Amancio Prada, Medalla de Oro al M\u00e9rito en las Bellas Artes en 2011. En palabras del protagonista: \u201cM\u00e1s que una conferencia, ser\u00e1 una celebraci\u00f3n del vuelo transformador de la poes\u00eda y la m\u00fasica\u201d. El acto tuvo lugar en la sede de la Instituci\u00f3n, en Taro de Tah\u00edche, y tambi\u00e9n fue transmitido en directo a trav\u00e9s de la web y el canal de Youtube de la FCM.<\/p>\n<p>Bajo el t\u00edtulo \u201cEl hilo del C\u00e1ntico\u201d, Prada hizo un recorrido por m\u00e1s de 50 a\u00f1os de conciertos, ciudades, amigos y vivencias, todos ellos entrelazados por el C\u00e1ntico Espiritual de San Juan de la Cruz, que el artista music\u00f3 para convertirlo en referencia cl\u00e1sica de la m\u00fasica espa\u00f1ola contempor\u00e1nea. Este camino comienza en una modesta chambre de bonne en Par\u00eds \u2014donde ley\u00f3 y cant\u00f3 por primera vez los versos del poeta m\u00edstico en el oto\u00f1o de 1969, cuando ten\u00eda apenas veinte a\u00f1os\u2014 y contin\u00faa por escenarios y encuentros inolvidables.<\/p>\n<p><strong>Cr\u00f3nica de la conferencia:<\/strong> <a href=\"https:\/\/fcmanrique.org\/fcm-actividad\/amancio-prada\/?cpg=0\" target=\"_blank\" rel=\"noopener\">Cr\u00f3nica<\/a><\/p>\n<p><strong>M\u00e1s informaci\u00f3n: <\/strong><a href=\"https:\/\/fcmanrique.org\/wp-content\/uploads\/fcmanrique-nota-prensa-conferencia-amancio-prada.pdf\" target=\"_blank\" rel=\"noopener\">Nota de prensa<\/a><\/p>","protected":false},"featured_media":26493,"parent":0,"template":"","meta":{"_acf_changed":false,"ngg_post_thumbnail":0,"footnotes":""},"video_coleccion":[],"class_list":["post-26383","fcm_video","type-fcm_video","status-publish","has-post-thumbnail","hentry"],"acf":[],"_links":{"self":[{"href":"https:\/\/fcmanrique.org\/en\/wp-json\/wp\/v2\/fcm_video\/26383","targetHints":{"allow":["GET"]}}],"collection":[{"href":"https:\/\/fcmanrique.org\/en\/wp-json\/wp\/v2\/fcm_video"}],"about":[{"href":"https:\/\/fcmanrique.org\/en\/wp-json\/wp\/v2\/types\/fcm_video"}],"version-history":[{"count":22,"href":"https:\/\/fcmanrique.org\/en\/wp-json\/wp\/v2\/fcm_video\/26383\/revisions"}],"predecessor-version":[{"id":26616,"href":"https:\/\/fcmanrique.org\/en\/wp-json\/wp\/v2\/fcm_video\/26383\/revisions\/26616"}],"wp:featuredmedia":[{"embeddable":true,"href":"https:\/\/fcmanrique.org\/en\/wp-json\/wp\/v2\/media\/26493"}],"wp:attachment":[{"href":"https:\/\/fcmanrique.org\/en\/wp-json\/wp\/v2\/media?parent=26383"}],"wp:term":[{"taxonomy":"video_coleccion","embeddable":true,"href":"https:\/\/fcmanrique.org\/en\/wp-json\/wp\/v2\/video_coleccion?post=26383"}],"curies":[{"name":"wp","href":"https:\/\/api.w.org\/{rel}","templated":true}]}}