{"id":27381,"date":"2025-11-21T14:04:15","date_gmt":"2025-11-21T14:04:15","guid":{"rendered":"https:\/\/fcmanrique.org\/?post_type=fcm_video&#038;p=27381"},"modified":"2026-04-16T11:46:26","modified_gmt":"2026-04-16T11:46:26","slug":"eduardo-prieto","status":"publish","type":"fcm_video","link":"https:\/\/fcmanrique.org\/en\/fcm-video\/eduardo-prieto\/","title":{"rendered":"Eduardo Prieto:\u00abEl futuro del pasado. C\u00e9sar Manrique y la arquitectura popular\u00bb"},"content":{"rendered":"<p class=\"qtranxs-available-languages-message qtranxs-available-languages-message-en\">Sorry, this entry is only available in <a href=\"https:\/\/fcmanrique.org\/es\/wp-json\/wp\/v2\/fcm_video\/27381\" class=\"qtranxs-available-language-link qtranxs-available-language-link-es\" title=\"ES\">ES<\/a>.<\/p><p><strong>Fronteras y direcciones del progreso<\/strong><\/p>\n<p>La Fundaci\u00f3n C\u00e9sar Manrique (FCM) acogi\u00f3 el pasado jueves 27 de noviembre de 2025, en la sala Jos\u00e9 Saramago (La Plazuela, Arrecife), la conferencia titulada \u201cEl futuro del pasado. C\u00e9sar Manrique y la arquitectura popular\u201d, que fue impartida por el arquitecto y fil\u00f3sofo Eduardo Prieto. El acto fue transmitido en directo a trav\u00e9s de la web de la FCM.<\/p>\n<p>Durante su ponencia, Prieto habl\u00f3 sobre el libro Lanzarote. Arquitectura in\u00e9dita (1974) como un empe\u00f1o documental de su autor, C\u00e9sar Manrique, para registrar, por medio de un extraordinario repertorio de fotograf\u00edas, la riqueza de la arquitectura vern\u00e1cula de la isla, en trance de desaparici\u00f3n. Una publicaci\u00f3n que, seg\u00fan el conferenciante, fue asimismo un empe\u00f1o art\u00edstico, por cuanto sirvi\u00f3 para dar forma expl\u00edcita al compromiso de Manrique con las Islas, en especial con Lanzarote, que se convirti\u00f3 \u2014desde el detalle al territorio\u2014 en una suerte de obra continua y abierta que rayaba la utop\u00eda.<\/p>\n<p><strong>M\u00e1s informaci\u00f3n:<\/strong>&nbsp;<a href=\"https:\/\/fcmanrique.org\/wp-content\/uploads\/np-19.25-Conferencia-Eduardo-Prieto.pdf\" target=\"_blank\" rel=\"noopener\">Nota de prensa<\/a><\/p>\n<p><strong>Cr\u00f3nica de la conferencia:<\/strong> <a href=\"https:\/\/fcmanrique.org\/fcm-actividad\/cesar-manrique-construye-la-mirada-sobre-lo-que-es-lanzarote-y-a-su-vez-esa-mirada-le-construye-a-el-mismo\/\" target=\"_blank\" rel=\"noopener\">Cr\u00f3nica<\/a><\/p>","protected":false},"featured_media":27463,"parent":0,"template":"","meta":{"_acf_changed":false,"ngg_post_thumbnail":0,"footnotes":""},"video_coleccion":[97],"class_list":["post-27381","fcm_video","type-fcm_video","status-publish","has-post-thumbnail","hentry","video_coleccion-conferencia"],"acf":[],"_links":{"self":[{"href":"https:\/\/fcmanrique.org\/en\/wp-json\/wp\/v2\/fcm_video\/27381","targetHints":{"allow":["GET"]}}],"collection":[{"href":"https:\/\/fcmanrique.org\/en\/wp-json\/wp\/v2\/fcm_video"}],"about":[{"href":"https:\/\/fcmanrique.org\/en\/wp-json\/wp\/v2\/types\/fcm_video"}],"version-history":[{"count":26,"href":"https:\/\/fcmanrique.org\/en\/wp-json\/wp\/v2\/fcm_video\/27381\/revisions"}],"predecessor-version":[{"id":27668,"href":"https:\/\/fcmanrique.org\/en\/wp-json\/wp\/v2\/fcm_video\/27381\/revisions\/27668"}],"wp:featuredmedia":[{"embeddable":true,"href":"https:\/\/fcmanrique.org\/en\/wp-json\/wp\/v2\/media\/27463"}],"wp:attachment":[{"href":"https:\/\/fcmanrique.org\/en\/wp-json\/wp\/v2\/media?parent=27381"}],"wp:term":[{"taxonomy":"video_coleccion","embeddable":true,"href":"https:\/\/fcmanrique.org\/en\/wp-json\/wp\/v2\/video_coleccion?post=27381"}],"curies":[{"name":"wp","href":"https:\/\/api.w.org\/{rel}","templated":true}]}}