{"id":13975,"date":"2006-05-23T00:00:00","date_gmt":"2006-05-23T00:00:00","guid":{"rendered":"https:\/\/fcmanrique.org\/fcm-actividad\/cuaderno-de-apuntes-y-esbozos-poeti\/"},"modified":"2023-12-13T14:51:52","modified_gmt":"2023-12-13T14:51:52","slug":"cuaderno-de-apuntes-y-esbozos-poeti","status":"publish","type":"fcm_actividad","link":"https:\/\/fcmanrique.org\/fr\/fcm-actividad\/cuaderno-de-apuntes-y-esbozos-poeti\/","title":{"rendered":"Presentaci\u00f3n de <em>Cuaderno de apuntes y esbozos po\u00e9ticos del destemplado Palinuro Atl\u00e1ntico<\/em> de Eugenio Padorno"},"content":{"rendered":"<p class=\"qtranxs-available-languages-message qtranxs-available-languages-message-fr\">D\u00e9sol\u00e9, cet article est seulement disponible en <a href=\"https:\/\/fcmanrique.org\/es\/wp-json\/wp\/v2\/fcm_actividad\/13975\" class=\"qtranxs-available-language-link qtranxs-available-language-link-es\" title=\"ES\">ES<\/a>.<\/p><p>El 23 de mayo de 2006 se present\u00f3 en el C\u00edrculo de Bellas Artes de Madrid el libro de Eugenio Padorno <em><strong><span style=\"ofont-style: italic;\">Cuaderno de apuntes y esbozos po\u00e9ticos del destemplado Palinuro Atl\u00e1ntico<\/span><\/strong><\/em>, publicado por la FCM dentro de la colecci\u00f3n P\u00e9\u00f1ola Blanca, dedicada a poes\u00eda.<\/p>\n<p>En el acto de presentaci\u00f3n participaron, adem\u00e1s de Eugenio Padorno, el profesor y cr\u00edtico Jorge Rodr\u00edguez Padr\u00f3n, y el director de Actividades Fundacionales de la FCM, Fernando G\u00f3mez Aguilera.<br \/>\n<span style=\"ofont-size: 10pt; ofont-family: Arial;\"><br \/>\nNacido en Barcelona, <strong>Eugenio Padorno<\/strong> reside desde ni\u00f1o en Las Palmas de Gran Canaria. Doctor en Filolog\u00eda Hisp\u00e1nica, es profesor titular de Teor\u00eda de <\/span><span style=\"ofont-size: 10pt; ofont-family: Arial;\">la Literatura<\/span><span style=\"ofont-size: 10pt; ofont-family: Arial;\"> de <\/span><span style=\"ofont-size: 10pt; ofont-family: Arial;\">la Universidad<\/span><span style=\"ofont-size: 10pt; ofont-family: Arial;\"> de Las Palmas de Gran Canaria y miembro de n\u00famero de <\/span><span style=\"ofont-size: 10pt; ofont-family: Arial;\">la Academia Canaria<\/span><span style=\"ofont-size: 10pt; ofont-family: Arial;\"> de la Lengua. <\/span><\/p>\n<p class=\"MsoBodyText\"><span style=\"ofont-size: 10pt; ofont-family: Arial;\">Comenz\u00f3 en la adolescencia su actividad literaria, estimulada por su hermano Manuel; el suplemento cultural <em>Gaceta Semanal de las Artes<\/em> del peri\u00f3dico tinerfe\u00f1o <\/span><em><span style=\"ofont-size: 10pt; ofont-family: Arial;\">La Tarde<\/span><\/em><span style=\"ofont-size: 10pt; ofont-family: Arial;\"> fue el soporte de sus primeras publicaciones, en 1961. <\/span><\/p>\n<p class=\"MsoBodyText\"><em><span style=\"ofont-size: 10pt; ofont-family: Arial;\">Para decir en abril<\/span><\/em><span style=\"ofont-size: 10pt; ofont-family: Arial;\"> (1965) es el primer libro publicado por Eugenio Padorno, en la colecci\u00f3n Mafasca, que \u00e9l mismo hab\u00eda fundado con otros j\u00f3venes poetas; ellos integrar\u00e1n la antolog\u00eda <em>Poes\u00eda canaria \u00faltima <\/em>(1966). Dirigi\u00f3 en 1968 y 1969 el suplemento cultural <em>Cartel de las Letras y las Artes<\/em> del <em>Diario de Las Palmas<\/em> y fue redactor de la revista <em>Fablas<\/em>. En 1968 fue Acc\u00e9sit del Premio Adonais de Poes\u00eda por su libro <em>Metamorfosis<\/em>. Responden a su actividad acad\u00e9mica numerosos trabajos de investigaci\u00f3n, preferentemente sobre literatura canaria; es autor de varias monograf\u00edas sobre los poetas Domingo Rivero y Juan Maderos, as\u00ed como sobre el pintor Juan Ismael Gonz\u00e1lez.&nbsp; <\/span><\/p>\n<p class=\"MsoBodyText\" style=\"text-align: left;\"><span style=\"ofont-size: 10pt; ofont-family: Arial;\">En 1981 es estrenada en concierto la obra <em>Cinco canciones de Eugenio Padorno<\/em>, del compositor Carlos Cruz de Castro. Edoardo Sanguineti y Achille Bonito Oliva, responsables de <em>Cervo volante, <\/em>publican en 1982 la breve antolog\u00eda de Padorno <em>Descarte de marcadas, <\/em>en italiano (<em>Scarto di signate<\/em>) e ingl\u00e9s (<em>Discard of the marcked<\/em>). <\/span><\/p>\n<p class=\"MsoBodyText\" style=\"text-align: left;\"><span style=\"ofont-size: 10pt; ofont-family: Arial;\">Residente en Par\u00eds entre 1983 y 1988 como profesor en comisi\u00f3n de servicio,&nbsp;&nbsp; el Seminario de Traducci\u00f3n de Royaumont, vierte al franc\u00e9s y edita la antolog\u00eda <em>Du labyrinthe du monde au monde du labyrinthe <\/em>(1989), prologada por Bernard No\u00ebl.&nbsp;<\/span><\/p>\n<p class=\"MsoBodyText\" style=\"text-align: left;\"><span style=\"ofont-size: 10pt; ofont-family: Arial;\">En 2004 Padorno fue invitado a participar en el V Seminario Internacional de Traducci\u00f3n organizado por <\/span><span style=\"ofont-size: 10pt; ofont-family: Arial;\">la Asociaci\u00f3n Auliga<\/span><span style=\"ofont-size: 10pt; ofont-family: Arial;\">; y aparece <em>Paseo antes do trab\u00f3n, <\/em>una antolog\u00eda en gallego de su poes\u00eda. <\/span><\/p>\n<p class=\"MsoNormal\" style=\"text-align: left;\"><span style=\"ofont-size: 10pt; ofont-family: Arial;\">La creaci\u00f3n verbal de Eugenio Padorno encarna preferentemente en los g\u00e9neros de la poes\u00eda y del ensayo; desde sus inicios, la cr\u00edtica vio en aquella creaci\u00f3n una \u00abl\u00edrica del intelecto\u00bb. Jorge Rodr\u00edguez Padr\u00f3n, uno de los ex\u00e9getas m\u00e1s l\u00facidos de esta po\u00e9tica, la ha juzgado una \u00abunidad en c\u00edrculos conc\u00e9ntricos: una exc\u00e9ntrica gestaci\u00f3n que se expande y contin\u00faa sucesivamente, como el movimiento originado por la piedra que quiebra la quietud del estanque\u00bb. Y en palabras de Daniel Barreto, la poes\u00eda y el ensayo de Padorno suponen la imbricaci\u00f3n de poes\u00eda y filosof\u00eda como un medio de conocimiento. En todo caso, el pensamiento que vertebra su obra tiene que ver de lleno con la condici\u00f3n humana del insular canario y lo fronterizo de su atlanticidad. <\/span><\/p>\n<p class=\"MsoNormal\" style=\"text-align: left;\"><span style=\"ofont-size: 10pt; ofont-family: Arial;\">No es la primera vez que asoma en lo escrito por Eugenio Padorno el motivo de Palinuro; su ensayo \u00abPalinuro en medio de las olas\u00bb extrae el episodio del personaje de Virgilio de un enigm\u00e1tico soneto de <em>Las Rosas de H\u00e9rcules<\/em> de Tom\u00e1s Morales (1884-1951), y lo ilumina como un s\u00edmbolo aplicable a la poes\u00eda canaria. La voz de la ultraperificidad, pasada por el filtro de la cultura occidental, se deja o\u00edr como una queja ontol\u00f3gica, por insuficientemente atendida entre las voces que conforman las variantes del ser hisp\u00e1nico.<\/span><\/p>\n<p><\/p>","protected":false},"featured_media":13976,"parent":0,"template":"","meta":{"_acf_changed":false,"ngg_post_thumbnail":0,"footnotes":""},"actividad_tipo":[36],"actividad_lugar":[47],"actividad_departamento":[31],"actividad_ciclo":[],"class_list":["post-13975","fcm_actividad","type-fcm_actividad","status-publish","has-post-thumbnail","hentry","actividad_tipo-presentacion-libros","actividad_lugar-lugar-cba-madrid","actividad_departamento-departamento-de-programas-culturales"],"acf":[],"_links":{"self":[{"href":"https:\/\/fcmanrique.org\/fr\/wp-json\/wp\/v2\/fcm_actividad\/13975","targetHints":{"allow":["GET"]}}],"collection":[{"href":"https:\/\/fcmanrique.org\/fr\/wp-json\/wp\/v2\/fcm_actividad"}],"about":[{"href":"https:\/\/fcmanrique.org\/fr\/wp-json\/wp\/v2\/types\/fcm_actividad"}],"version-history":[{"count":2,"href":"https:\/\/fcmanrique.org\/fr\/wp-json\/wp\/v2\/fcm_actividad\/13975\/revisions"}],"predecessor-version":[{"id":24842,"href":"https:\/\/fcmanrique.org\/fr\/wp-json\/wp\/v2\/fcm_actividad\/13975\/revisions\/24842"}],"wp:featuredmedia":[{"embeddable":true,"href":"https:\/\/fcmanrique.org\/fr\/wp-json\/wp\/v2\/media\/13976"}],"wp:attachment":[{"href":"https:\/\/fcmanrique.org\/fr\/wp-json\/wp\/v2\/media?parent=13975"}],"wp:term":[{"taxonomy":"actividad_tipo","embeddable":true,"href":"https:\/\/fcmanrique.org\/fr\/wp-json\/wp\/v2\/actividad_tipo?post=13975"},{"taxonomy":"actividad_lugar","embeddable":true,"href":"https:\/\/fcmanrique.org\/fr\/wp-json\/wp\/v2\/actividad_lugar?post=13975"},{"taxonomy":"actividad_departamento","embeddable":true,"href":"https:\/\/fcmanrique.org\/fr\/wp-json\/wp\/v2\/actividad_departamento?post=13975"},{"taxonomy":"actividad_ciclo","embeddable":true,"href":"https:\/\/fcmanrique.org\/fr\/wp-json\/wp\/v2\/actividad_ciclo?post=13975"}],"curies":[{"name":"wp","href":"https:\/\/api.w.org\/{rel}","templated":true}]}}