{"id":14057,"date":"2001-04-30T00:00:00","date_gmt":"2001-04-30T00:00:00","guid":{"rendered":"https:\/\/fcmanrique.org\/fcm-actividad\/alegaciones-al-proyecto-de-la-playa\/"},"modified":"2024-10-04T10:58:06","modified_gmt":"2024-10-04T10:58:06","slug":"alegaciones-al-proyecto-de-la-playa","status":"publish","type":"fcm_actividad","link":"https:\/\/fcmanrique.org\/fr\/fcm-actividad\/alegaciones-al-proyecto-de-la-playa\/","title":{"rendered":"Alegaciones al Proyecto de la playa de Las Coloradas"},"content":{"rendered":"<p class=\"qtranxs-available-languages-message qtranxs-available-languages-message-fr\">D\u00e9sol\u00e9, cet article est seulement disponible en <a href=\"https:\/\/fcmanrique.org\/es\/wp-json\/wp\/v2\/fcm_actividad\/14057\" class=\"qtranxs-available-language-link qtranxs-available-language-link-es\" title=\"ES\">ES<\/a>.<\/p><p><\/p>\n<p class=\"MsoBodyTextIndent2\" style=\"text-align: justify; text-indent: 0cm;\"><span style=\"ofont-size: 10pt; ofont-family: Arial;\">El 30 de abril, la FCM, durante el per\u00edodo de informaci\u00f3n p\u00fablica, present\u00f3 alegaciones al <em>Proyecto refundido de acondicionamiento y mejora de la Playa de Las Coloradas<\/em> (T.M. Yaiza-Lanzarote), ante la Direcci\u00f3n General de Costas del Ministerio de Medio Ambiente.<\/span><\/p>\n<p class=\"MsoBodyTextIndent2\" style=\"text-align: justify; text-indent: 0cm;\"><span style=\"ofont-size: 10pt; ofont-family: Arial;\">Las alegaciones de la FCM expresaban, en primer lugar, que la informaci\u00f3n p\u00fablica hab\u00eda sido parcial e incompleta y ser\u00eda necesario abrir un nuevo per\u00edodo de informaci\u00f3n para subsanar esta deficiencia; seguidamente, se pon\u00eda de manifiesto que es necesario una reorientaci\u00f3n del modelo econ\u00f3mico de las islas, en clave de sostenibilidad, haciendo incidencia en el desarrollo de infraestructuras en funci\u00f3n de una concepci\u00f3n sist\u00e9mica y solidaria de naturaleza global e insular. Por otro lado, se mostraba la situaci\u00f3n ecol\u00f3gica y ambiental del espacio y el impacto de las obras en cuesti\u00f3n: lo cierto es que la transformaci\u00f3n propuesta para la playa dista mucho de constituir una operaci\u00f3n de car\u00e1cter regenerado, sino, por el contrario, b\u00e1sicamente artificializadora, ocasionando la alteraci\u00f3n tanto de la playa como de su entorno y del medio marino.<\/span><\/p>\n<p><span style=\"ofont-size: 10pt; ofont-family: Arial;\">Por tanto, la FCM solicit\u00f3 que se desaprobara el proyecto remitido por la empresa Las Coloradas, S.A., y preservar la playa de Las Coloradas en su estado natural, favoreciendo, en todo caso, una estricta campa\u00f1a de limpieza y\/o un plan cient\u00edfico de restauraci\u00f3n ambiental que no altere los valores naturales y patrimoniales ni de la playa ni de su entorno marino y terrestre.<\/span><\/p>","protected":false},"featured_media":26052,"parent":0,"template":"","meta":{"_acf_changed":false,"ngg_post_thumbnail":0,"footnotes":""},"actividad_tipo":[39],"actividad_lugar":[46],"actividad_departamento":[29],"actividad_ciclo":[],"class_list":["post-14057","fcm_actividad","type-fcm_actividad","status-publish","has-post-thumbnail","hentry","actividad_tipo-informes-y-alegaciones","actividad_lugar-lugar-fcm","actividad_departamento-departamento-de-territorio-y-medio-ambiente"],"acf":[],"_links":{"self":[{"href":"https:\/\/fcmanrique.org\/fr\/wp-json\/wp\/v2\/fcm_actividad\/14057","targetHints":{"allow":["GET"]}}],"collection":[{"href":"https:\/\/fcmanrique.org\/fr\/wp-json\/wp\/v2\/fcm_actividad"}],"about":[{"href":"https:\/\/fcmanrique.org\/fr\/wp-json\/wp\/v2\/types\/fcm_actividad"}],"version-history":[{"count":1,"href":"https:\/\/fcmanrique.org\/fr\/wp-json\/wp\/v2\/fcm_actividad\/14057\/revisions"}],"predecessor-version":[{"id":26053,"href":"https:\/\/fcmanrique.org\/fr\/wp-json\/wp\/v2\/fcm_actividad\/14057\/revisions\/26053"}],"wp:featuredmedia":[{"embeddable":true,"href":"https:\/\/fcmanrique.org\/fr\/wp-json\/wp\/v2\/media\/26052"}],"wp:attachment":[{"href":"https:\/\/fcmanrique.org\/fr\/wp-json\/wp\/v2\/media?parent=14057"}],"wp:term":[{"taxonomy":"actividad_tipo","embeddable":true,"href":"https:\/\/fcmanrique.org\/fr\/wp-json\/wp\/v2\/actividad_tipo?post=14057"},{"taxonomy":"actividad_lugar","embeddable":true,"href":"https:\/\/fcmanrique.org\/fr\/wp-json\/wp\/v2\/actividad_lugar?post=14057"},{"taxonomy":"actividad_departamento","embeddable":true,"href":"https:\/\/fcmanrique.org\/fr\/wp-json\/wp\/v2\/actividad_departamento?post=14057"},{"taxonomy":"actividad_ciclo","embeddable":true,"href":"https:\/\/fcmanrique.org\/fr\/wp-json\/wp\/v2\/actividad_ciclo?post=14057"}],"curies":[{"name":"wp","href":"https:\/\/api.w.org\/{rel}","templated":true}]}}