{"id":17772,"date":"2018-10-30T14:03:54","date_gmt":"2018-10-30T14:03:54","guid":{"rendered":"https:\/\/fcmanrique.org\/?post_type=fcm_actividad&#038;p=17772"},"modified":"2018-10-30T14:11:12","modified_gmt":"2018-10-30T14:11:12","slug":"cesar-manrique-rojo-negro-blanco","status":"publish","type":"fcm_actividad","link":"https:\/\/fcmanrique.org\/fr\/fcm-actividad\/cesar-manrique-rojo-negro-blanco\/","title":{"rendered":"\u201cC\u00e9sar Manrique. Rojo, negro, blanco\u201d"},"content":{"rendered":"<p class=\"qtranxs-available-languages-message qtranxs-available-languages-message-fr\">D\u00e9sol\u00e9, cet article est seulement disponible en <a href=\"https:\/\/fcmanrique.org\/es\/wp-json\/wp\/v2\/fcm_actividad\/17772\" class=\"qtranxs-available-language-link qtranxs-available-language-link-es\" title=\"ES\">ES<\/a>.<\/p><p><\/p>\n<h3 class=\"entry-title\">Espect\u00e1culo de narraci\u00f3n oral, de Cristina Temprano y Ayoze Rodr\u00edguez<\/h3>\n<p>El s\u00e1bado 27 de octubre a las 11:00 h, tuvo lugar en la Sala Jos\u00e9 Saramago de la Fundaci\u00f3n C\u00e9sar Manrique (La Plazuela, Arrecife), la representaci\u00f3n del espect\u00e1culo \u201cC\u00e9sar Manrique. Rojo, negro, blanco\u201d, abierto al p\u00fablico familiar. Se trata de un espect\u00e1culo de narraci\u00f3n con m\u00fasica de piano y clarinete, creado e interpretado por la narradora de historias Cristina Temprano, en cuya puesta en escena participa Ayoze Rodr\u00edguez, creador e int\u00e9rprete de m\u00fasica.<\/p>\n<p><a href=\"https:\/\/fcmanrique.org\/wp-content\/uploads\/fcmanrique-narrac-c-temprano3-1.jpg\"><img loading=\"lazy\" decoding=\"async\" class=\"alignnone size-full wp-image-17771\" src=\"https:\/\/fcmanrique.org\/wp-content\/uploads\/fcmanrique-narrac-c-temprano3-1.jpg\" alt=\"\" width=\"640\" height=\"480\" srcset=\"https:\/\/fcmanrique.org\/wp-content\/uploads\/fcmanrique-narrac-c-temprano3-1.jpg 640w, https:\/\/fcmanrique.org\/wp-content\/uploads\/fcmanrique-narrac-c-temprano3-1-300x225.jpg 300w, https:\/\/fcmanrique.org\/wp-content\/uploads\/fcmanrique-narrac-c-temprano3-1-289x217.jpg 289w\" sizes=\"auto, (max-width: 640px) 100vw, 640px\" \/><\/a><\/p>\n<p>Este espect\u00e1culo, que ha sido encargado y producido por la Fundaci\u00f3n C\u00e9sar Manrique (FCM), intenta acercar a la poblaci\u00f3n escolar de la isla el placer de la creaci\u00f3n art\u00edstica mediante una narraci\u00f3n oral que sigue la pauta de la vida de C\u00e9sar Manrique. Para ello, la actividad se ha desarrollado, adem\u00e1s, a trav\u00e9s de un programa de representaciones para escolares coordinado por el Departamento Pedag\u00f3gico de la FCM, al que se ha invitado a distintos centros de ense\u00f1anza primaria y secundaria de Lanzarote. Se concert\u00f3 un total de 8 sesiones para escolares los d\u00edas 24, 25, 26 y 29 de octubre (dos sesiones cada d\u00eda en horario de ma\u00f1ana), de modo que m\u00e1s de 700 alumnos y profesores disfrutaron de la teatralizaci\u00f3n sobre la vida y las creaciones del artista lanzarote\u00f1o, a trav\u00e9s del proyecto de Cristina Temprano producido por la FCM.<\/p>\n<p><a href=\"https:\/\/fcmanrique.org\/wp-content\/uploads\/fc-manrique-espectaculo-narracion-oral-cristina-temprano.pdf\">M\u00e1s informaci\u00f3n sobre Espect\u00e1culo de narraci\u00f3n oral \u00ab\u00a0C\u00e9sar Manrique. Rojo, negro, blanco\u00a0\u00bb<\/a><\/p>\n<p><a href=\"https:\/\/fcmanrique.org\/wp-content\/uploads\/fc-manrique-espectaculo-cristina-temprano-800x500.jpg\"><img loading=\"lazy\" decoding=\"async\" class=\"alignnone size-full wp-image-17742\" src=\"https:\/\/fcmanrique.org\/wp-content\/uploads\/fc-manrique-espectaculo-cristina-temprano-800x500.jpg\" alt=\"\" width=\"758\" height=\"500\" srcset=\"https:\/\/fcmanrique.org\/wp-content\/uploads\/fc-manrique-espectaculo-cristina-temprano-800x500.jpg 758w, https:\/\/fcmanrique.org\/wp-content\/uploads\/fc-manrique-espectaculo-cristina-temprano-800x500-300x198.jpg 300w, https:\/\/fcmanrique.org\/wp-content\/uploads\/fc-manrique-espectaculo-cristina-temprano-800x500-289x191.jpg 289w\" sizes=\"auto, (max-width: 758px) 100vw, 758px\" \/><\/a><\/p>","protected":false},"featured_media":17773,"parent":0,"template":"","meta":{"_acf_changed":false,"ngg_post_thumbnail":0,"footnotes":""},"actividad_tipo":[37],"actividad_lugar":[49],"actividad_departamento":[],"actividad_ciclo":[],"class_list":["post-17772","fcm_actividad","type-fcm_actividad","status-publish","has-post-thumbnail","hentry","actividad_tipo-otras-actividades","actividad_lugar-lugar-sala-saramago"],"acf":[],"_links":{"self":[{"href":"https:\/\/fcmanrique.org\/fr\/wp-json\/wp\/v2\/fcm_actividad\/17772","targetHints":{"allow":["GET"]}}],"collection":[{"href":"https:\/\/fcmanrique.org\/fr\/wp-json\/wp\/v2\/fcm_actividad"}],"about":[{"href":"https:\/\/fcmanrique.org\/fr\/wp-json\/wp\/v2\/types\/fcm_actividad"}],"version-history":[{"count":3,"href":"https:\/\/fcmanrique.org\/fr\/wp-json\/wp\/v2\/fcm_actividad\/17772\/revisions"}],"predecessor-version":[{"id":17776,"href":"https:\/\/fcmanrique.org\/fr\/wp-json\/wp\/v2\/fcm_actividad\/17772\/revisions\/17776"}],"wp:featuredmedia":[{"embeddable":true,"href":"https:\/\/fcmanrique.org\/fr\/wp-json\/wp\/v2\/media\/17773"}],"wp:attachment":[{"href":"https:\/\/fcmanrique.org\/fr\/wp-json\/wp\/v2\/media?parent=17772"}],"wp:term":[{"taxonomy":"actividad_tipo","embeddable":true,"href":"https:\/\/fcmanrique.org\/fr\/wp-json\/wp\/v2\/actividad_tipo?post=17772"},{"taxonomy":"actividad_lugar","embeddable":true,"href":"https:\/\/fcmanrique.org\/fr\/wp-json\/wp\/v2\/actividad_lugar?post=17772"},{"taxonomy":"actividad_departamento","embeddable":true,"href":"https:\/\/fcmanrique.org\/fr\/wp-json\/wp\/v2\/actividad_departamento?post=17772"},{"taxonomy":"actividad_ciclo","embeddable":true,"href":"https:\/\/fcmanrique.org\/fr\/wp-json\/wp\/v2\/actividad_ciclo?post=17772"}],"curies":[{"name":"wp","href":"https:\/\/api.w.org\/{rel}","templated":true}]}}