{"id":23601,"date":"2023-03-28T08:58:11","date_gmt":"2023-03-28T08:58:11","guid":{"rendered":"https:\/\/fcmanrique.org\/?post_type=fcm_actividad&#038;p=23601"},"modified":"2024-04-04T10:20:10","modified_gmt":"2024-04-04T10:20:10","slug":"la-fcm-publica-el-libro-perspectiva-manrique-un-mosaico-de-aproximaciones-multidisciplinares-firmado-por-31-autores","status":"publish","type":"fcm_actividad","link":"https:\/\/fcmanrique.org\/fr\/fcm-actividad\/la-fcm-publica-el-libro-perspectiva-manrique-un-mosaico-de-aproximaciones-multidisciplinares-firmado-por-31-autores\/","title":{"rendered":"La FCM publica el libro <em>Perspectiva Manrique<\/em>, un mosaico de aproximaciones multidisciplinares firmado por 31 autores"},"content":{"rendered":"<p class=\"qtranxs-available-languages-message qtranxs-available-languages-message-fr\">D\u00e9sol\u00e9, cet article est seulement disponible en <a href=\"https:\/\/fcmanrique.org\/es\/wp-json\/wp\/v2\/fcm_actividad\/23601\" class=\"qtranxs-available-language-link qtranxs-available-language-link-es\" title=\"ES\">ES<\/a>.<\/p><p><\/p>\n<div>La Fundaci\u00f3n C\u00e9sar Manrique (FCM) publica <em><strong><a href=\"https:\/\/fcmanrique.org\/fcm-publicacion\/perspectiva-manrique\/?cpg=1\" target=\"_blank\" rel=\"noopener\">Perspectiva Manriqu<\/a>e<\/strong><\/em>, un libro que recoge las reflexiones de una treintena de profesionales vinculados a diversos \u00e1mbitos de la cultura, que ejercen su actividad en Canarias. El conjunto de lecturas ofrece un mosaico de aproximaciones multidisciplinares a C\u00e9sar Manrique, que ampl\u00edan la compresi\u00f3n e interpretaci\u00f3n de aspectos espec\u00edficos de la subjetividad del artista y de su universo creativo, ya sea la pintura, las obras ambientales o el activismo.<\/div>\n<div>&nbsp;<\/div>\n<div>\n<p>En concreto, el libro consta de <strong>31 textos<\/strong> cuyos autores, entre los que se incluyen profesores universitarios, escritores, artistas, arquitectos y cr\u00edticos, son: Teresa Arozena, Mar\u00eda Laura Benavente, Luna Bengoechea, Adonay Berm\u00fadez, Rafael-Jos\u00e9 D\u00edaz, Carlos D\u00edaz-Bertrana, Jos\u00e9 Mar\u00eda Fern\u00e1ndez-Palacios, Carmela Garc\u00eda, Oswaldo Guerra, Jos\u00e9 Herrera, M\u00edchel Jorge Millares, Moneiba Lemes, Pablo Ley, Alicia Llarena, Jos\u00e9 Manuel Marrero, Fernando Menis, Rosa Mesa, Nilo Palenzuela, Luis Palmero, Yolanda Peralta, Flora Pescador, Antonio Puente, Sara Robayna, Dalia de la Rosa, Fernando Sabat\u00e9, Juan S\u00e1nchez, Andr\u00e9s S\u00e1nchez Robayna, L\u00e1zaro Santana, Ernesto Su\u00e1rez, M\u00f3nica Trujillo y Carmelo Vega de la Rosa.<\/p>\n<\/div>\n<p><\/p>","protected":false},"featured_media":24957,"parent":0,"template":"","meta":{"_acf_changed":false,"ngg_post_thumbnail":0,"footnotes":""},"actividad_tipo":[36],"actividad_lugar":[],"actividad_departamento":[],"actividad_ciclo":[],"class_list":["post-23601","fcm_actividad","type-fcm_actividad","status-publish","has-post-thumbnail","hentry","actividad_tipo-presentacion-libros"],"acf":[],"_links":{"self":[{"href":"https:\/\/fcmanrique.org\/fr\/wp-json\/wp\/v2\/fcm_actividad\/23601","targetHints":{"allow":["GET"]}}],"collection":[{"href":"https:\/\/fcmanrique.org\/fr\/wp-json\/wp\/v2\/fcm_actividad"}],"about":[{"href":"https:\/\/fcmanrique.org\/fr\/wp-json\/wp\/v2\/types\/fcm_actividad"}],"version-history":[{"count":9,"href":"https:\/\/fcmanrique.org\/fr\/wp-json\/wp\/v2\/fcm_actividad\/23601\/revisions"}],"predecessor-version":[{"id":25149,"href":"https:\/\/fcmanrique.org\/fr\/wp-json\/wp\/v2\/fcm_actividad\/23601\/revisions\/25149"}],"wp:featuredmedia":[{"embeddable":true,"href":"https:\/\/fcmanrique.org\/fr\/wp-json\/wp\/v2\/media\/24957"}],"wp:attachment":[{"href":"https:\/\/fcmanrique.org\/fr\/wp-json\/wp\/v2\/media?parent=23601"}],"wp:term":[{"taxonomy":"actividad_tipo","embeddable":true,"href":"https:\/\/fcmanrique.org\/fr\/wp-json\/wp\/v2\/actividad_tipo?post=23601"},{"taxonomy":"actividad_lugar","embeddable":true,"href":"https:\/\/fcmanrique.org\/fr\/wp-json\/wp\/v2\/actividad_lugar?post=23601"},{"taxonomy":"actividad_departamento","embeddable":true,"href":"https:\/\/fcmanrique.org\/fr\/wp-json\/wp\/v2\/actividad_departamento?post=23601"},{"taxonomy":"actividad_ciclo","embeddable":true,"href":"https:\/\/fcmanrique.org\/fr\/wp-json\/wp\/v2\/actividad_ciclo?post=23601"}],"curies":[{"name":"wp","href":"https:\/\/api.w.org\/{rel}","templated":true}]}}