{"id":23778,"date":"2023-05-08T13:30:33","date_gmt":"2023-05-08T13:30:33","guid":{"rendered":"https:\/\/fcmanrique.org\/?post_type=fcm_actividad&#038;p=23778"},"modified":"2023-09-01T10:01:43","modified_gmt":"2023-09-01T10:01:43","slug":"orencio-boix-cesar-es-pionero-a-la-hora-de-utilizar-el-arte-como-un-medio-pedagogico-y-de-toma-de-conciencia","status":"publish","type":"fcm_actividad","link":"https:\/\/fcmanrique.org\/fr\/fcm-actividad\/orencio-boix-cesar-es-pionero-a-la-hora-de-utilizar-el-arte-como-un-medio-pedagogico-y-de-toma-de-conciencia\/","title":{"rendered":"Orencio Boix: \u00abC\u00e9sar es pionero a la hora de utilizar el arte como un medio pedag\u00f3gico y de toma de conciencia\u00bb"},"content":{"rendered":"<p class=\"qtranxs-available-languages-message qtranxs-available-languages-message-fr\">D\u00e9sol\u00e9, cet article est seulement disponible en <a href=\"https:\/\/fcmanrique.org\/es\/wp-json\/wp\/v2\/fcm_actividad\/23778\" class=\"qtranxs-available-language-link qtranxs-available-language-link-es\" title=\"ES\">ES<\/a>.<\/p><p>\u201cEn el volc\u00e1n. Manrique: Jameos del Agua \/ Casa Tah\u00edche\u201d es un videoensayo dirigido por Orencio Boix y coproducido por el Centro de Arte y Naturaleza de Huesca (CDAN) y la Fundaci\u00f3n C\u00e9sar Manrique (FCM) en el marco de la celebraci\u00f3n del centenario del nacimiento del artista. Juan Guardiola, exdirector del CDAN y que actualmente dirige la Fundaci\u00f3n D\u00edaz-Caneja de Palencia, explic\u00f3 que la pel\u00edcula surge del inter\u00e9s de hacer un proyecto en el CDAN sobre los primeros trabajos de C\u00e9sar Manrique, pero \u201cno sab\u00eda por d\u00f3nde empezar\u201d. Despu\u00e9s recibi\u00f3 una invitaci\u00f3n de la FCM para participar en los actos del centenario del artista, durante el cual se ten\u00eda que haber estrenado la pel\u00edcula.<\/p>\n<p><a href=\"https:\/\/fcmanrique.org\/wp-content\/uploads\/fcm03-1.jpg\"><img loading=\"lazy\" decoding=\"async\" class=\"wp-image-23780 size-full\" src=\"https:\/\/fcmanrique.org\/wp-content\/uploads\/fcm03-1.jpg\" alt=\"\" width=\"920\" height=\"658\" srcset=\"https:\/\/fcmanrique.org\/wp-content\/uploads\/fcm03-1.jpg 920w, https:\/\/fcmanrique.org\/wp-content\/uploads\/fcm03-1-300x215.jpg 300w, https:\/\/fcmanrique.org\/wp-content\/uploads\/fcm03-1-768x549.jpg 768w, https:\/\/fcmanrique.org\/wp-content\/uploads\/fcm03-1-289x207.jpg 289w\" sizes=\"auto, (max-width: 920px) 100vw, 920px\" \/><\/a><\/p>\n<p>La realizaci\u00f3n del videoensayo se le encarg\u00f3 a Orencio Boix, que ya hab\u00eda realizado anteriormente pel\u00edculas similares como \u201cNotas de la Aljafer\u00eda\u201d, \u201cLa Casa Ena\u201d y \u201cEstancias\u201d en las que aborda el papel que juega la arquitectura en la construcci\u00f3n de las sociedades. Adem\u00e1s, se daba la casualidad de que a\u00fan siendo de Huesca, conoc\u00eda la existencia de C\u00e9sar Manrique desde su infancia pues era amigo de un nieto de Antonio \u00c1lvarez, el que fuera vicepresidente del Cabildo, y relat\u00f3 como en casa de su amigo se notaba la admiraci\u00f3n que sent\u00edan por Lanzarote y por el artista.<\/p>\n<p>La pel\u00edcula, que tiene una duraci\u00f3n de 32 minutos, est\u00e1 formada por una serie de im\u00e1genes, acompa\u00f1adas por un texto escrito y una pieza musical. El director pens\u00f3 en incluir una voz en off en lengua amazigh, pero coment\u00f3 que tras las pruebas vieron que \u00ab\u00a0no funcionaba\u00a0\u00bb. As\u00ed mismo, Boix se\u00f1al\u00f3 que este trabajo naci\u00f3 para ser proyectado en bucle en una sala del CDAN, no obstante la pieza tambi\u00e9n se ha proyectado en otros espacios y festivales m\u00e1s convencionales.<\/p>\n<p>En la sala Saramago, los asistentes a la presentaci\u00f3n pudieron ver la pel\u00edcula, en primer lugar, y tras ella Boix y Guardiola explicaron estos detalles y conversaron sobre su trabajo. Tambi\u00e9n alabaron ambos la labor de la FCM&nbsp; calific\u00e1ndola como \u201cinaudita\u201d, por admirable, as\u00ed como \u201ccoherente\u201d o \u201cconsecuente\u201d.<\/p>\n<p><a href=\"https:\/\/fcmanrique.org\/wp-content\/uploads\/fcm07-1.jpg\"><img loading=\"lazy\" decoding=\"async\" class=\"alignnone size-full wp-image-23782\" src=\"https:\/\/fcmanrique.org\/wp-content\/uploads\/fcm07-1.jpg\" alt=\"\" width=\"920\" height=\"579\" srcset=\"https:\/\/fcmanrique.org\/wp-content\/uploads\/fcm07-1.jpg 920w, https:\/\/fcmanrique.org\/wp-content\/uploads\/fcm07-1-300x189.jpg 300w, https:\/\/fcmanrique.org\/wp-content\/uploads\/fcm07-1-768x483.jpg 768w, https:\/\/fcmanrique.org\/wp-content\/uploads\/fcm07-1-289x182.jpg 289w\" sizes=\"auto, (max-width: 920px) 100vw, 920px\" \/><\/a><\/p>\n<p>Uno de los temas que aborda la pel\u00edcula es el land art desde un punto de vista que contribuya a romper con la interpretaci\u00f3n m\u00e1s habitual, que es angloc\u00e9ntrica. Cuando surge esta corriente art\u00edstica, que intenta sacar la obra de arte de su contexto y que su relaci\u00f3n con la Naturaleza no fuera solo la de representarla, C\u00e9sar ya hab\u00eda inaugurado la primera fase de Jameos del Agua. A\u00fan no se hab\u00eda acu\u00f1ado el t\u00e9rmino del que despu\u00e9s \u201cse adue\u00f1aron unos pocos\u201d. La primera exposici\u00f3n en la que aparece es en Londres en octubre de 1968. Boix y Guardiola quer\u00edan \u201campliar la genealog\u00eda\u201d de esta corriente a otros discursos y otros autores, a mujeres y a artistas de otras latitudes. \u201cC\u00e9sar hab\u00eda trabajado esto de manera intuitiva, trabaja en el land art desde el medio ambiente y la ecolog\u00eda, y lo hace antes\u201d.<\/p>\n<p>Otro de los asuntos a tratar en la pel\u00edcula tiene que ver con el hecho de que los espacios dedicados al placer est\u00e1n denostados \u201cpor fr\u00edvolos\u201d. Guardiola parti\u00f3 de la idea de C\u00e9sar de hacer \u201cel mejor night club del mundo\u201d en Jameos. Por su parte, Boix se\u00f1al\u00f3 que lugares como bares, cafeter\u00edas, cabarets o discotecas, no solo eran espacios de baile o diversi\u00f3n, sino que de ah\u00ed surgieron movimientos est\u00e9ticos muy disruptivos y tambi\u00e9n movimientos sociales y pol\u00edticos. Son \u201cespacios de creaci\u00f3n y lugares de lucha pol\u00edtica\u201d que germinaron en muchas ciudades del mundo como Londres, Viena, Par\u00eds, Roma o Nueva York. En Espa\u00f1a tenemos solo dos ejemplos: Bocaccio, en Barcelona, y Jameos del Agua, en Lanzarote. \u201cHay muy pocos ejemplos que de manera tan clara transformen la mentalidad de un colectivo social\u201d como el caso de Lanzarote, afirm\u00f3 Guardiola para luego a\u00f1adir: \u201cC\u00e9sar es pionero a la hora de utilizar el arte como un medio pedag\u00f3gico y de toma de conciencia\u201d.<\/p>\n<p><a href=\"https:\/\/fcmanrique.org\/wp-content\/uploads\/fcm02-2.jpg\"><img loading=\"lazy\" decoding=\"async\" class=\"alignnone size-full wp-image-23781\" src=\"https:\/\/fcmanrique.org\/wp-content\/uploads\/fcm02-2.jpg\" alt=\"\" width=\"920\" height=\"591\" srcset=\"https:\/\/fcmanrique.org\/wp-content\/uploads\/fcm02-2.jpg 920w, https:\/\/fcmanrique.org\/wp-content\/uploads\/fcm02-2-300x193.jpg 300w, https:\/\/fcmanrique.org\/wp-content\/uploads\/fcm02-2-768x493.jpg 768w, https:\/\/fcmanrique.org\/wp-content\/uploads\/fcm02-2-289x186.jpg 289w\" sizes=\"auto, (max-width: 920px) 100vw, 920px\" \/><\/a><\/p>\n<p>La casa de Taro de Tah\u00edche conecta, para Boix, con la relaci\u00f3n con los estudios poscoloniales y decoloniales, por su paralelismo con la cultura aborigen de la Isla y las casas hondas de los mahos, enterradas como la que hizo C\u00e9sar, quien incluye iconograf\u00eda aborigen en sus primeros murales. En la casa de Tah\u00edche la arquitectura vern\u00e1cula dialoga con la moderna, adem\u00e1s de con la Naturaleza. \u201cLa casa \u2013seg\u00fan Guardiola\u2013 es un espacio dom\u00e9stico, pero tambi\u00e9n de experimentaci\u00f3n\u201d, un \u201cshowroom\u201d, un \u201clugar de creaci\u00f3n de una identidad que C\u00e9sar vive como espect\u00e1culo\u201d y que ya ensay\u00f3 en los a\u00f1os 50 en Madrid en su casa de la calle Covarrubias. Nace esa casa en un contexto en el que hab\u00edan surgido o surgen otras casas \u201ccomo manifiestos\u201d como las de Frank Lloyd Wright, Mies van der Rohe, Le Corbusier o Gaud\u00ed. Guardiola la compar\u00f3 con la casa se Portlligat de Dal\u00ed y puso como influencias la Casa Pedregal de Luis Barrag\u00e1n en M\u00e9xico o la Casa Sin Fin de Kiesler.<\/p>\n<p>En la pel\u00edcula se dice que hay dos tipos de islas, las que se separan del continente y las que surgen del oc\u00e9ano. Boix a\u00f1adi\u00f3 que hay un tercer tipo, que son las mejanas, islas que nacen en medio de los r\u00edos y lo hacen por sedimentaci\u00f3n. Se\u00f1al\u00f3 que la obra de C\u00e9sar est\u00e1 muy interpretada pero que le gusta pensar que la pel\u00edcula es como ese tercer tipo de isla y que todas las referencias sobre la obra de C\u00e9sar se han depositado en ella formando \u201cuna isla mejana espectral de im\u00e1genes\u201d.<\/p>\n<p><a href=\"https:\/\/fcmanrique.org\/wp-content\/uploads\/plantilla-FCM-simple-2023-orencio-boix.jpg\"><img loading=\"lazy\" decoding=\"async\" class=\"alignnone size-full wp-image-23721\" src=\"https:\/\/fcmanrique.org\/wp-content\/uploads\/plantilla-FCM-simple-2023-orencio-boix.jpg\" alt=\"\" width=\"1200\" height=\"1200\" srcset=\"https:\/\/fcmanrique.org\/wp-content\/uploads\/plantilla-FCM-simple-2023-orencio-boix.jpg 1200w, https:\/\/fcmanrique.org\/wp-content\/uploads\/plantilla-FCM-simple-2023-orencio-boix-300x300.jpg 300w, https:\/\/fcmanrique.org\/wp-content\/uploads\/plantilla-FCM-simple-2023-orencio-boix-1024x1024.jpg 1024w, https:\/\/fcmanrique.org\/wp-content\/uploads\/plantilla-FCM-simple-2023-orencio-boix-150x150.jpg 150w, https:\/\/fcmanrique.org\/wp-content\/uploads\/plantilla-FCM-simple-2023-orencio-boix-768x768.jpg 768w, https:\/\/fcmanrique.org\/wp-content\/uploads\/plantilla-FCM-simple-2023-orencio-boix-246x246.jpg 246w\" sizes=\"auto, (max-width: 1200px) 100vw, 1200px\" \/><\/a><\/p>\n<p><strong>M\u00e1s informaci\u00f3n:<\/strong> <a href=\"https:\/\/fcmanrique.org\/wp-content\/uploads\/np-fcmanrique-en-el-volcan-orencio-boix.pdf\">Nota de prensa<\/a><\/p>","protected":false},"featured_media":23779,"parent":0,"template":"","meta":{"_acf_changed":false,"ngg_post_thumbnail":0,"footnotes":""},"actividad_tipo":[37],"actividad_lugar":[49],"actividad_departamento":[31],"actividad_ciclo":[],"class_list":["post-23778","fcm_actividad","type-fcm_actividad","status-publish","has-post-thumbnail","hentry","actividad_tipo-otras-actividades","actividad_lugar-lugar-sala-saramago","actividad_departamento-departamento-de-programas-culturales"],"acf":[],"_links":{"self":[{"href":"https:\/\/fcmanrique.org\/fr\/wp-json\/wp\/v2\/fcm_actividad\/23778","targetHints":{"allow":["GET"]}}],"collection":[{"href":"https:\/\/fcmanrique.org\/fr\/wp-json\/wp\/v2\/fcm_actividad"}],"about":[{"href":"https:\/\/fcmanrique.org\/fr\/wp-json\/wp\/v2\/types\/fcm_actividad"}],"version-history":[{"count":5,"href":"https:\/\/fcmanrique.org\/fr\/wp-json\/wp\/v2\/fcm_actividad\/23778\/revisions"}],"predecessor-version":[{"id":24040,"href":"https:\/\/fcmanrique.org\/fr\/wp-json\/wp\/v2\/fcm_actividad\/23778\/revisions\/24040"}],"wp:featuredmedia":[{"embeddable":true,"href":"https:\/\/fcmanrique.org\/fr\/wp-json\/wp\/v2\/media\/23779"}],"wp:attachment":[{"href":"https:\/\/fcmanrique.org\/fr\/wp-json\/wp\/v2\/media?parent=23778"}],"wp:term":[{"taxonomy":"actividad_tipo","embeddable":true,"href":"https:\/\/fcmanrique.org\/fr\/wp-json\/wp\/v2\/actividad_tipo?post=23778"},{"taxonomy":"actividad_lugar","embeddable":true,"href":"https:\/\/fcmanrique.org\/fr\/wp-json\/wp\/v2\/actividad_lugar?post=23778"},{"taxonomy":"actividad_departamento","embeddable":true,"href":"https:\/\/fcmanrique.org\/fr\/wp-json\/wp\/v2\/actividad_departamento?post=23778"},{"taxonomy":"actividad_ciclo","embeddable":true,"href":"https:\/\/fcmanrique.org\/fr\/wp-json\/wp\/v2\/actividad_ciclo?post=23778"}],"curies":[{"name":"wp","href":"https:\/\/api.w.org\/{rel}","templated":true}]}}