{"id":27364,"date":"2025-11-11T15:21:18","date_gmt":"2025-11-11T15:21:18","guid":{"rendered":"https:\/\/fcmanrique.org\/?post_type=fcm_actividad&#038;p=27364"},"modified":"2025-11-12T10:26:43","modified_gmt":"2025-11-12T10:26:43","slug":"la-turistificacion-el-estado-del-bienestar-convertido-en-una-falacia","status":"publish","type":"fcm_actividad","link":"https:\/\/fcmanrique.org\/fr\/fcm-actividad\/la-turistificacion-el-estado-del-bienestar-convertido-en-una-falacia\/","title":{"rendered":"\u00abLa turistificaci\u00f3n, el estado del bienestar convertido en una falacia\u00bb"},"content":{"rendered":"<p class=\"qtranxs-available-languages-message qtranxs-available-languages-message-fr\">D\u00e9sol\u00e9, cet article est seulement disponible en <a href=\"https:\/\/fcmanrique.org\/es\/wp-json\/wp\/v2\/fcm_actividad\/27364\" class=\"qtranxs-available-language-link qtranxs-available-language-link-es\" title=\"ES\">ES<\/a>.<\/p><p>La Fundaci\u00f3n C\u00e9sar Manrique (FCM) acogi\u00f3 los d\u00edas 6, 7 y 8 de noviembre la primera edici\u00f3n de la Escuela de Oto\u00f1o Alba Sud en Lanzarote. Se trata de unas jornadas de reflexi\u00f3n y an\u00e1lisis cr\u00edtico sobre los procesos de turistificaci\u00f3n que estuvieron compuestas por cuatro mesas redondas con un total de doce ponentes y una salida de campo el \u00faltimo d\u00eda.<\/p>\n<div id=\"attachment_27365\" class=\"wp-caption alignnone\" style=\"max-width: 1450px;\"><a href=\"https:\/\/fcmanrique.org\/wp-content\/uploads\/fc-manrique-escuela-albasud-turistificacion-m1.jpg\"><img loading=\"lazy\" decoding=\"async\" class=\"wp-image-27365 size-full\" src=\"https:\/\/fcmanrique.org\/wp-content\/uploads\/fc-manrique-escuela-albasud-turistificacion-m1.jpg\" alt=\"\" width=\"1440\" height=\"960\" srcset=\"https:\/\/fcmanrique.org\/wp-content\/uploads\/fc-manrique-escuela-albasud-turistificacion-m1.jpg 1440w, https:\/\/fcmanrique.org\/wp-content\/uploads\/fc-manrique-escuela-albasud-turistificacion-m1-300x200.jpg 300w, https:\/\/fcmanrique.org\/wp-content\/uploads\/fc-manrique-escuela-albasud-turistificacion-m1-1024x683.jpg 1024w, https:\/\/fcmanrique.org\/wp-content\/uploads\/fc-manrique-escuela-albasud-turistificacion-m1-768x512.jpg 768w, https:\/\/fcmanrique.org\/wp-content\/uploads\/fc-manrique-escuela-albasud-turistificacion-m1-289x193.jpg 289w\" sizes=\"auto, (max-width: 1440px) 100vw, 1440px\" \/><\/a><p class=\"wp-caption-text\">Raoul Bianchi, Dulce Cair\u00f3s, Carla Izcara (moderadora) y Ernest Ca\u00f1ada<\/p><\/div>\n<p>La primera mesa redonda \u2014en la que participaron Raoul Bianchi, profesor de Econom\u00eda Pol\u00edtica de la Universidad Metropolitana de Manchester; Dulce Cair\u00f3s, profesora de Derecho de la Universidad de La Laguna y Ernest Ca\u00f1ada, doctor en Geograf\u00eda y coordinador de Alba Sud\u2014 abord\u00f3 las causas de la precariedad laboral en sector tur\u00edstico, poniendo el foco en los procesos de desregulaci\u00f3n y flexibilizaci\u00f3n, con cambios diferentes en los modelos de protecci\u00f3n. \u201cEl Derecho del Trabajo ha respondido a la l\u00ednea neoliberal\u201d con el paso de la regulaci\u00f3n desde las leyes a los convenios o contratos, se\u00f1al\u00f3 Cair\u00f3s. En esta misma direcci\u00f3n se pronunci\u00f3 Bianchi, destacando c\u00f3mo la fragmentaci\u00f3n de la industria tur\u00edstica merma la conciencia de clase para las reivindicaciones laborales y funciona como catalizador de una pol\u00edtica neoliberal. \u201cEl turismo es la manera m\u00e1s f\u00e1cil de blanquear dinero\u201d, sentenci\u00f3.<\/p>\n<p>Tambi\u00e9n se habl\u00f3 sobre las consecuencias del actual modelo tur\u00edstico. Las m\u00e1s claras: la pobreza y la desigualdad, a pesar de que los beneficios empresariales son m\u00e1s altos que nunca. Se advirti\u00f3 de que se sigue pensando en crecer y crecer mientras en los destinos, el turismo afecta a las condiciones materiales de vida de los residentes, lo que a su vez fomenta un populismo de derechas. En este sentido, la turistificaci\u00f3n, seg\u00fan Cair\u00f3s, ha convertido al estado del bienestar en una falacia, provocando un deterioro generalizado de las condiciones de vida y de trabajo, con salarios poco atractivos, imposibilidad de conciliaci\u00f3n, dif\u00edcil acceso a la vivienda y problemas en el transporte. Para Ca\u00f1ada, la desigualdad es la consecuencia m\u00e1s evidente de todas y, a su juicio, donde m\u00e1s se est\u00e1 notando es en la salud de la clase trabajadora, altamente dependiente de psicof\u00e1rmacos y ansiol\u00edticos. \u201cLa actividad tur\u00edstica genera cuerpos rotos\u201d, asegur\u00f3.<\/p>\n<div id=\"attachment_27366\" class=\"wp-caption alignnone\" style=\"max-width: 1450px;\"><a href=\"https:\/\/fcmanrique.org\/wp-content\/uploads\/fc-manrique-escuela-albasud-turistificacion-m2.jpg\"><img loading=\"lazy\" decoding=\"async\" class=\"wp-image-27366 size-full\" src=\"https:\/\/fcmanrique.org\/wp-content\/uploads\/fc-manrique-escuela-albasud-turistificacion-m2.jpg\" alt=\"\" width=\"1440\" height=\"960\" srcset=\"https:\/\/fcmanrique.org\/wp-content\/uploads\/fc-manrique-escuela-albasud-turistificacion-m2.jpg 1440w, https:\/\/fcmanrique.org\/wp-content\/uploads\/fc-manrique-escuela-albasud-turistificacion-m2-300x200.jpg 300w, https:\/\/fcmanrique.org\/wp-content\/uploads\/fc-manrique-escuela-albasud-turistificacion-m2-1024x683.jpg 1024w, https:\/\/fcmanrique.org\/wp-content\/uploads\/fc-manrique-escuela-albasud-turistificacion-m2-768x512.jpg 768w, https:\/\/fcmanrique.org\/wp-content\/uploads\/fc-manrique-escuela-albasud-turistificacion-m2-289x193.jpg 289w\" sizes=\"auto, (max-width: 1440px) 100vw, 1440px\" \/><\/a><p class=\"wp-caption-text\">Valerio del Rosario, Carla Izcara, Gema Mart\u00ednez Gayo (moderadora) y Javier Tejera<\/p><\/div>\n<p>La segunda mesa, sobre transici\u00f3n socioecol\u00f3gica y transformaciones tur\u00edsticas, estuvo formada por Valerio del Rosario, director de la empresa El Card\u00f3n NaturExperience; Carla Izcara, investigadora de Alba Sud y Javier Tejera, director de Ecotouristing. Este \u00faltimo plante\u00f3 que la transici\u00f3n debe girar hacia un modelo menos depredador, que tenga en cuenta los l\u00edmites biof\u00edsicos de los destinos: no se trata de que \u201cvengan pocos y gasten mucho, sino que gasten mejor\u201d y advirti\u00f3 de que el \u201cmejor clima del mundo\u201d puede cambiar y con ello las reglas del juego del turismo que llega a Canarias. Por su parte, Izcara se\u00f1al\u00f3 que el turismo de calidad no genera menos impacto y consider\u00f3 que en los territorios m\u00e1s turistificados se debe poner en el centro a los trabajadores y tomar decisiones valientes como frenar la capacidad hotelera y no ampliar m\u00e1s infraestructuras para, despu\u00e9s, decrecer de manera planificada.<\/p>\n<div id=\"attachment_27367\" class=\"wp-caption alignnone\" style=\"max-width: 1450px;\"><a href=\"https:\/\/fcmanrique.org\/wp-content\/uploads\/fc-manrique-escuela-albasud-turistificacion-m3.jpg\"><img loading=\"lazy\" decoding=\"async\" class=\"wp-image-27367 size-full\" src=\"https:\/\/fcmanrique.org\/wp-content\/uploads\/fc-manrique-escuela-albasud-turistificacion-m3.jpg\" alt=\"\" width=\"1440\" height=\"960\" srcset=\"https:\/\/fcmanrique.org\/wp-content\/uploads\/fc-manrique-escuela-albasud-turistificacion-m3.jpg 1440w, https:\/\/fcmanrique.org\/wp-content\/uploads\/fc-manrique-escuela-albasud-turistificacion-m3-300x200.jpg 300w, https:\/\/fcmanrique.org\/wp-content\/uploads\/fc-manrique-escuela-albasud-turistificacion-m3-1024x683.jpg 1024w, https:\/\/fcmanrique.org\/wp-content\/uploads\/fc-manrique-escuela-albasud-turistificacion-m3-768x512.jpg 768w, https:\/\/fcmanrique.org\/wp-content\/uploads\/fc-manrique-escuela-albasud-turistificacion-m3-289x193.jpg 289w\" sizes=\"auto, (max-width: 1440px) 100vw, 1440px\" \/><\/a><p class=\"wp-caption-text\">Alejandro Armas. Irma Ferrer y Ernest Ca\u00f1ada (moderador)<\/p><\/div>\n<p>Alejandro Armas, profesor de Geograf\u00eda de la Universidad de La Laguna e Irma Ferrer, abogada de las asociaciones Transparencia Urban\u00edstica y Acci\u00f3n C\u00edvica, hablaron sobre las consecuencias de la turistificaci\u00f3n, principalmente respecto a la vivienda y el espacio p\u00fablico, en la tercera mesa de la escuela de oto\u00f1o de Alba Sud. Sobre la vivienda, Armas se\u00f1al\u00f3 seis aspectos: la intensificaci\u00f3n de procesos de desalojo, el aumento de extranjeros que compran vivienda, la aparici\u00f3n de infraviviendas, un gran n\u00famero de viviendas vac\u00edas (en Canarias hay 211.000, la mayor tasa de desocupaci\u00f3n en Espa\u00f1a), una planificaci\u00f3n de vivienda p\u00fablica inexistente y la proliferaci\u00f3n de viviendas en el mercado del alquiler tur\u00edstico. Armas apost\u00f3 por desmercantilizar la vivienda, incentivar la entrada en el mercado de las viviendas vac\u00edas y retirar muchas otras del mercado vacacional, as\u00ed como por una moratoria vacacional urgente \u201cporque si no, no se podr\u00e1n poner en marcha otras medidas\u201d. Por su parte, Ferrer alert\u00f3 sobre los intentos de blanquear la industria tur\u00edstica, a la que calific\u00f3 como \u201ccriminal\u201d y acus\u00f3 de producir esclavos. Se\u00f1al\u00f3 la ausencia absoluta de regulaci\u00f3n de las instituciones del Estado, record\u00f3 el intento de regulaci\u00f3n y contenci\u00f3n del territorio en Lanzarote y la situaci\u00f3n actual con trabajadores del sector tur\u00edstico malviviendo. \u201cNo se puede estar a favor de la industria tur\u00edstica tal y como la conocemos\u201d, concluy\u00f3.<\/p>\n<div id=\"attachment_27368\" class=\"wp-caption alignnone\" style=\"max-width: 1450px;\"><a href=\"https:\/\/fcmanrique.org\/wp-content\/uploads\/fc-manrique-escuela-albasud-turistificacion-m4.jpg\"><img loading=\"lazy\" decoding=\"async\" class=\"wp-image-27368 size-full\" src=\"https:\/\/fcmanrique.org\/wp-content\/uploads\/fc-manrique-escuela-albasud-turistificacion-m4.jpg\" alt=\"\" width=\"1440\" height=\"960\" srcset=\"https:\/\/fcmanrique.org\/wp-content\/uploads\/fc-manrique-escuela-albasud-turistificacion-m4.jpg 1440w, https:\/\/fcmanrique.org\/wp-content\/uploads\/fc-manrique-escuela-albasud-turistificacion-m4-300x200.jpg 300w, https:\/\/fcmanrique.org\/wp-content\/uploads\/fc-manrique-escuela-albasud-turistificacion-m4-1024x683.jpg 1024w, https:\/\/fcmanrique.org\/wp-content\/uploads\/fc-manrique-escuela-albasud-turistificacion-m4-768x512.jpg 768w, https:\/\/fcmanrique.org\/wp-content\/uploads\/fc-manrique-escuela-albasud-turistificacion-m4-289x193.jpg 289w\" sizes=\"auto, (max-width: 1440px) 100vw, 1440px\" \/><\/a><p class=\"wp-caption-text\">Gema mart\u00ednez Gayo, Atteneri Rivero, Anne Striewe, Alejandro Armas (moderador) y Ra\u00fcl Valls<\/p><\/div>\n<p>La \u00faltima mesa redonda gir\u00f3 en torno a los conflictos socioecol\u00f3gicos provocados por el turismo, en ella participaron Gema Mart\u00ednez Gayo, doctora en Sociolog\u00eda; Atteneri Rivero, bi\u00f3loga bot\u00e1nica; Anne Striewe, directora general de la Fundaci\u00f3n Canarina y el fil\u00f3sofo Ra\u00fcl Valls. Para Rivero, los conflictos existentes actualmente, no son conflictos aislados, sino s\u00edntomas de un modelo territorial al l\u00edmite. Explic\u00f3 que ahora los conflictos ya no se ven solo como ecol\u00f3gicos, sino tambi\u00e9n sociales, y esto es consecuencia de la turistificaci\u00f3n. Striewe apunt\u00f3 que el discurso ecologista ha ido calando en una parte de la sociedad que antes era ajena, porque la turistificaci\u00f3n ha superado todos los l\u00edmites y la masificaci\u00f3n ha llegado a todos los espacios. Mart\u00ednez Gayo habl\u00f3, desde un punto de vista global, de los efectos lentos y progresivos que hacen que la sociedad cada vez sea m\u00e1s vulnerable a la turistificaci\u00f3n, generando problemas ecol\u00f3gicos y sociales de todo tipo, y con los turistas compitiendo por los recursos con los residentes. En cuanto a las barreras a las que se enfrentan los movimientos sociales, apunt\u00f3 lo que \u201ccuesta materializar la preocupaci\u00f3n del cambio clim\u00e1tico en medidas concretas en el sector tur\u00edstico\u201d; la escasa efectividad, de momento, en la descarbonizaci\u00f3n, la dificultad para introducir mecanismos redistributivos; y un contexto pol\u00edtico mundial que no parece ahora mismo el m\u00e1s adecuado. Finalmente calific\u00f3 a los movimientos sociales como necesarios, ya que, a su modo de ver, son una forma de dar visibilidad y respuesta, de difundir y fortalecer la democracia y crear \u201cuna sociedad m\u00e1s justa, democr\u00e1tica y sostenible\u201d.<\/p>\n<p><a href=\"https:\/\/fcmanrique.org\/wp-content\/uploads\/fc-manrique-diptico-escuela-albasud-p1.jpg\"><img loading=\"lazy\" decoding=\"async\" class=\"alignnone size-full wp-image-27310\" src=\"https:\/\/fcmanrique.org\/wp-content\/uploads\/fc-manrique-diptico-escuela-albasud-p1.jpg\" alt=\"\" width=\"2480\" height=\"2480\" srcset=\"https:\/\/fcmanrique.org\/wp-content\/uploads\/fc-manrique-diptico-escuela-albasud-p1.jpg 2480w, https:\/\/fcmanrique.org\/wp-content\/uploads\/fc-manrique-diptico-escuela-albasud-p1-300x300.jpg 300w, https:\/\/fcmanrique.org\/wp-content\/uploads\/fc-manrique-diptico-escuela-albasud-p1-1024x1024.jpg 1024w, https:\/\/fcmanrique.org\/wp-content\/uploads\/fc-manrique-diptico-escuela-albasud-p1-150x150.jpg 150w, https:\/\/fcmanrique.org\/wp-content\/uploads\/fc-manrique-diptico-escuela-albasud-p1-768x768.jpg 768w, https:\/\/fcmanrique.org\/wp-content\/uploads\/fc-manrique-diptico-escuela-albasud-p1-246x246.jpg 246w, https:\/\/fcmanrique.org\/wp-content\/uploads\/fc-manrique-diptico-escuela-albasud-p1-1536x1536.jpg 1536w, https:\/\/fcmanrique.org\/wp-content\/uploads\/fc-manrique-diptico-escuela-albasud-p1-2048x2048.jpg 2048w\" sizes=\"auto, (max-width: 2480px) 100vw, 2480px\" \/><\/a><\/p>\n<p><strong>D\u00edptico:<\/strong> <a href=\"https:\/\/fcmanrique.org\/wp-content\/uploads\/fc-manrique-diptico-escuela-albasud-dos.pdf\" target=\"_blank\" rel=\"noopener\">Programa Escuela Alba Sud<\/a><\/p>\n<p><strong>M\u00e1s informaci\u00f3n:<\/strong> <a href=\"https:\/\/fcmanrique.org\/wp-content\/uploads\/fc-manrique-nota-prensa-albasud.pdf\" target=\"_blank\" rel=\"noopener\">Nota de prensa<\/a>&nbsp;<\/p>\n<p>&nbsp;<\/p>","protected":false},"featured_media":27375,"parent":0,"template":"","meta":{"_acf_changed":false,"ngg_post_thumbnail":0,"footnotes":""},"actividad_tipo":[35],"actividad_lugar":[49],"actividad_departamento":[31],"actividad_ciclo":[],"class_list":["post-27364","fcm_actividad","type-fcm_actividad","status-publish","has-post-thumbnail","hentry","actividad_tipo-cursos-y-talleres","actividad_lugar-lugar-sala-saramago","actividad_departamento-departamento-de-programas-culturales"],"acf":[],"_links":{"self":[{"href":"https:\/\/fcmanrique.org\/fr\/wp-json\/wp\/v2\/fcm_actividad\/27364","targetHints":{"allow":["GET"]}}],"collection":[{"href":"https:\/\/fcmanrique.org\/fr\/wp-json\/wp\/v2\/fcm_actividad"}],"about":[{"href":"https:\/\/fcmanrique.org\/fr\/wp-json\/wp\/v2\/types\/fcm_actividad"}],"version-history":[{"count":5,"href":"https:\/\/fcmanrique.org\/fr\/wp-json\/wp\/v2\/fcm_actividad\/27364\/revisions"}],"predecessor-version":[{"id":27376,"href":"https:\/\/fcmanrique.org\/fr\/wp-json\/wp\/v2\/fcm_actividad\/27364\/revisions\/27376"}],"wp:featuredmedia":[{"embeddable":true,"href":"https:\/\/fcmanrique.org\/fr\/wp-json\/wp\/v2\/media\/27375"}],"wp:attachment":[{"href":"https:\/\/fcmanrique.org\/fr\/wp-json\/wp\/v2\/media?parent=27364"}],"wp:term":[{"taxonomy":"actividad_tipo","embeddable":true,"href":"https:\/\/fcmanrique.org\/fr\/wp-json\/wp\/v2\/actividad_tipo?post=27364"},{"taxonomy":"actividad_lugar","embeddable":true,"href":"https:\/\/fcmanrique.org\/fr\/wp-json\/wp\/v2\/actividad_lugar?post=27364"},{"taxonomy":"actividad_departamento","embeddable":true,"href":"https:\/\/fcmanrique.org\/fr\/wp-json\/wp\/v2\/actividad_departamento?post=27364"},{"taxonomy":"actividad_ciclo","embeddable":true,"href":"https:\/\/fcmanrique.org\/fr\/wp-json\/wp\/v2\/actividad_ciclo?post=27364"}],"curies":[{"name":"wp","href":"https:\/\/api.w.org\/{rel}","templated":true}]}}