{"id":19794,"date":"2019-06-22T09:28:18","date_gmt":"2019-06-22T09:28:18","guid":{"rendered":"https:\/\/fcmanrique.org\/?post_type=fcm_c_acti_celebrada&#038;p=19794"},"modified":"2019-10-17T15:11:21","modified_gmt":"2019-10-17T15:11:21","slug":"ignacio-escolar-la-situacion-de-los-medios-en-espana-es-hoy-mejor-que-hace-cinco-anos-porque-se-ha-encontrado-un-modelo-basado-en-la-confianza-del-lector","status":"publish","type":"fcm_c_acti_celebrada","link":"https:\/\/fcmanrique.org\/fr\/fcm-c-acti-celebrada\/ignacio-escolar-la-situacion-de-los-medios-en-espana-es-hoy-mejor-que-hace-cinco-anos-porque-se-ha-encontrado-un-modelo-basado-en-la-confianza-del-lector\/","title":{"rendered":"Ignacio Escolar: \u201cLa situaci\u00f3n de los medios en Espa\u00f1a es hoy mejor que hace cinco a\u00f1os porque se ha encontrado un modelo basado en la confianza del lector\u201d"},"content":{"rendered":"<p class=\"qtranxs-available-languages-message qtranxs-available-languages-message-fr\">D\u00e9sol\u00e9, cet article est seulement disponible en <a href=\"https:\/\/fcmanrique.org\/es\/wp-json\/wp\/v2\/fcm_c_acti_celebrada\/19794\" class=\"qtranxs-available-language-link qtranxs-available-language-link-es\" title=\"ES\">ES<\/a>.<\/p><p>Javier Dur\u00e1n, periodista de <em>La Provincia<\/em>, dio paso a la charla entre Ignacio Escolar y Olga Rodr\u00edguez hablando del laberinto en el que est\u00e1 metida la profesi\u00f3n period\u00edstica, que no sali\u00f3 reforzada de la crisis frente al poder pol\u00edtico. Olga Rodr\u00edguez dijo que no es un <!--more-->buen momento para el periodista pero que se est\u00e1 haciendo periodismo e Ignacio Escolar afirm\u00f3 que la situaci\u00f3n es hoy mejor que hace cinco a\u00f1os porque, por fin, se ha encontrado un modelo period\u00edstico basado en la confianza del lector. \u201cSurgen modelos de sostenibilidad en la prensa, en Europa y Am\u00e9rica, sostenidos en gran parte por sus lectores\u201d, se\u00f1al\u00f3 el director de <a href=\"http:\/\/eldiario.es\">eldiario.es<\/a>, que cree que para mantener la independencia period\u00edstica hay que mantener primero la econ\u00f3mica.<\/p>\n<p><a href=\"https:\/\/fcmanrique.org\/wp-content\/uploads\/fc-manrique-conversaciones-ignacio-escolar-olga-rodriguez7.jpg\"><img loading=\"lazy\" decoding=\"async\" class=\"alignnone size-full wp-image-19802\" src=\"https:\/\/fcmanrique.org\/wp-content\/uploads\/fc-manrique-conversaciones-ignacio-escolar-olga-rodriguez7.jpg\" alt=\"\" width=\"920\" height=\"623\" srcset=\"https:\/\/fcmanrique.org\/wp-content\/uploads\/fc-manrique-conversaciones-ignacio-escolar-olga-rodriguez7.jpg 920w, https:\/\/fcmanrique.org\/wp-content\/uploads\/fc-manrique-conversaciones-ignacio-escolar-olga-rodriguez7-300x203.jpg 300w, https:\/\/fcmanrique.org\/wp-content\/uploads\/fc-manrique-conversaciones-ignacio-escolar-olga-rodriguez7-768x520.jpg 768w, https:\/\/fcmanrique.org\/wp-content\/uploads\/fc-manrique-conversaciones-ignacio-escolar-olga-rodriguez7-289x196.jpg 289w\" sizes=\"auto, (max-width: 920px) 100vw, 920px\" \/><\/a><\/p>\n<p>El otro moderador, el periodista Jazael Ascanio, plante\u00f3 si el p\u00fablico tiene las herramientas para distinguir un medio, o una noticia, fiable de otro que no lo es. Para Olga Rodr\u00edguez, estar bien informado es una militancia porque exige dedicaci\u00f3n. Dio un punto de partida para diferenciarlos apoy\u00e1ndose en Ryszard Kapuscinski, que dec\u00eda que el buen periodismo es el que intenta ayudar a la humanidad frente a otro periodismo que fomenta el odio o la arrogancia. Tambi\u00e9n cit\u00f3 a David Simon, que afirma que hay un antes y un despu\u00e9s en los medios, tras la entrada del poder financiero. Eso lleva consigo la sustituci\u00f3n de periodistas por gerentes, el recorte de plantillas y la eliminaci\u00f3n de corresponsal\u00edas, con el riesgo de que solo queden las dos grandes agencias, lo que fomenta la uniformidad y la equidistancia ya que no se ve la realidad de la que se informa \u201cy una sociedad mal informada es m\u00e1s manipulable\u201d. Tambi\u00e9n habl\u00f3, preguntada por la imparcialidad, de \u201cno obsesionarse con dar la misma visibilidad a todos\u201d.<\/p>\n<p><a href=\"https:\/\/fcmanrique.org\/wp-content\/uploads\/fc-manrique-conversaciones-ignacio-escolar-olga-rodriguez4.jpg\"><img loading=\"lazy\" decoding=\"async\" class=\"alignnone size-full wp-image-19799\" src=\"https:\/\/fcmanrique.org\/wp-content\/uploads\/fc-manrique-conversaciones-ignacio-escolar-olga-rodriguez4.jpg\" alt=\"\" width=\"920\" height=\"598\" srcset=\"https:\/\/fcmanrique.org\/wp-content\/uploads\/fc-manrique-conversaciones-ignacio-escolar-olga-rodriguez4.jpg 920w, https:\/\/fcmanrique.org\/wp-content\/uploads\/fc-manrique-conversaciones-ignacio-escolar-olga-rodriguez4-300x195.jpg 300w, https:\/\/fcmanrique.org\/wp-content\/uploads\/fc-manrique-conversaciones-ignacio-escolar-olga-rodriguez4-768x499.jpg 768w, https:\/\/fcmanrique.org\/wp-content\/uploads\/fc-manrique-conversaciones-ignacio-escolar-olga-rodriguez4-289x188.jpg 289w\" sizes=\"auto, (max-width: 920px) 100vw, 920px\" \/><\/a><em>Olga Rodr\u00edguez<\/em><\/p>\n<p>Escolar se\u00f1al\u00f3 que la manera de acceder a la informaci\u00f3n hace que seamos ahora m\u00e1s vulnerables porque las noticias las elige un algoritmo o las filtra nuestro entorno social \u201cy el men\u00fa no te lo da un periodista\u201d. Asegur\u00f3 que las mentiras en las redes se propagan \u201cporque las personas queremos creer\u201d, pero no solo en las redes, ya que \u201cla mentira m\u00e1s grande jam\u00e1s contada en Espa\u00f1a fue el 11-M\u201d y la propag\u00f3 un peri\u00f3dico. Olga Rodr\u00edguez apunt\u00f3 que la responsabilidad social del periodismo debe de estar por encima de buscar, a toda costa, los contenidos que dan audiencia. Escolar destac\u00f3 que ahora en Espa\u00f1a \u201chemos empezado a hablar de periodismo\u201d y que \u201csi el poder es el due\u00f1o de los medios no puede fiscalizar al poder\u201d. Se pregunt\u00f3, respecto a las llamadas cloacas del Estado y el periodismo c\u00f3mplice, qu\u00e9 hubiera pasado si la utilizaci\u00f3n de esas cloacas por parte del PP hubiera sido por parte de un partido de izquierdas. Frente a esta situaci\u00f3n, preguntado por Dur\u00e1n, apost\u00f3 por la regulaci\u00f3n y no por la autorregulaci\u00f3n porque \u201csi no hay normas, el fuerte gana al d\u00e9bil\u201d.<\/p>\n<p><a href=\"https:\/\/fcmanrique.org\/wp-content\/uploads\/fc-manrique-conversaciones-ignacio-escolar-olga-rodriguez3.jpg\"><img loading=\"lazy\" decoding=\"async\" class=\"alignnone size-full wp-image-19798\" src=\"https:\/\/fcmanrique.org\/wp-content\/uploads\/fc-manrique-conversaciones-ignacio-escolar-olga-rodriguez3.jpg\" alt=\"\" width=\"920\" height=\"657\" srcset=\"https:\/\/fcmanrique.org\/wp-content\/uploads\/fc-manrique-conversaciones-ignacio-escolar-olga-rodriguez3.jpg 920w, https:\/\/fcmanrique.org\/wp-content\/uploads\/fc-manrique-conversaciones-ignacio-escolar-olga-rodriguez3-300x214.jpg 300w, https:\/\/fcmanrique.org\/wp-content\/uploads\/fc-manrique-conversaciones-ignacio-escolar-olga-rodriguez3-768x548.jpg 768w, https:\/\/fcmanrique.org\/wp-content\/uploads\/fc-manrique-conversaciones-ignacio-escolar-olga-rodriguez3-289x206.jpg 289w\" sizes=\"auto, (max-width: 920px) 100vw, 920px\" \/><\/a><em>Ignacio Escolar<\/em><\/p>\n<p>Rodr\u00edguez apunt\u00f3 que Chomsky afirma que ciertas pol\u00edticas han abandonado a la gente y eso genera tambi\u00e9n desafecci\u00f3n, no solo por la pol\u00edtica sino por la prensa. Habl\u00f3 de un periodismo de cloacas que ella llama de tort\u00edcolis porque \u201csolo mira hacia arriba\u201d y frente a \u00e9l apost\u00f3 por hablar de lo que le pasa a la gente: \u201cEl periodismo debe de estar vinculado a los derechos humanos, a la \u00e9tica y la responsabilidad civil\u201d.<\/p>\n<p>Sobre la independencia period\u00edstica, Escolar dio cuatro par\u00e1metros para medir a los medios: qui\u00e9n es el due\u00f1o, si es rentable, c\u00f3mo se financia y si debe dinero. Puso el ejemplo de Burgos, donde hay dos peri\u00f3dicos y los dos pertenecen a dos constructores, uno en la c\u00e1rcel y otro investigado y afirm\u00f3 que la publicidad institucional en <a href=\"http:\/\/eldiario.es\">eldiario.es<\/a> no llega al cinco por ciento de los ingresos. En ese sentido, destac\u00f3 que en Estados Unidos hay grandes medios que ya empiezan a tener la mitad de sus ingresos por las suscripciones de sus lectores y dijo que \u201cel periodismo no debe ser un negocio pero tampoco una ruina, porque entonces se trata de otro negocio\u201d.<\/p>\n<p><a href=\"https:\/\/fcmanrique.org\/wp-content\/uploads\/fc-manrique-conversaciones-ignacio-escolar-olga-rodriguez6.jpg\"><img loading=\"lazy\" decoding=\"async\" class=\"alignnone size-full wp-image-19801\" src=\"https:\/\/fcmanrique.org\/wp-content\/uploads\/fc-manrique-conversaciones-ignacio-escolar-olga-rodriguez6.jpg\" alt=\"\" width=\"920\" height=\"569\" srcset=\"https:\/\/fcmanrique.org\/wp-content\/uploads\/fc-manrique-conversaciones-ignacio-escolar-olga-rodriguez6.jpg 920w, https:\/\/fcmanrique.org\/wp-content\/uploads\/fc-manrique-conversaciones-ignacio-escolar-olga-rodriguez6-300x186.jpg 300w, https:\/\/fcmanrique.org\/wp-content\/uploads\/fc-manrique-conversaciones-ignacio-escolar-olga-rodriguez6-768x475.jpg 768w, https:\/\/fcmanrique.org\/wp-content\/uploads\/fc-manrique-conversaciones-ignacio-escolar-olga-rodriguez6-289x179.jpg 289w, https:\/\/fcmanrique.org\/wp-content\/uploads\/fc-manrique-conversaciones-ignacio-escolar-olga-rodriguez6-825x510.jpg 825w\" sizes=\"auto, (max-width: 920px) 100vw, 920px\" \/><\/a><\/p>\n<p>Olga Rodr\u00edguez, que ha cubierto numerosos acontecimientos internacionales como corresponsal, se\u00f1al\u00f3 que no se est\u00e1 invirtiendo en informaci\u00f3n internacional y dijo que muchos medios no se ocupan de los temas de los que se ocupar\u00eda sobre esta \u00e9poca un historiador honesto del futuro. Apost\u00f3 por el reportaje y el periodismo narrativo porque detr\u00e1s de los datos \u201chay historias que nos pueden ayudar a entender a la gente\u201d.<\/p>\n<p>Para Escolar, la primera pregunta que debe hacerse un medio es cu\u00e1l es su objetivo, si es conseguir m\u00e1s clicks para atraer publicidad o hacer un buen periodismo que atraiga a los lectores. Dijo que el caso del ni\u00f1o de Total\u00e1n fue un drama humano pero tambi\u00e9n un drama period\u00edstico. Apunt\u00f3 que en <a href=\"http:\/\/eldiario.es\">eldiario.es<\/a> hay 34.000 lectores que pagan por leerlo cuando podr\u00edan leerlo gratis. \u201cYa no somos un peri\u00f3dico peque\u00f1o gracias a la gente y por fin se ha encontrado un modelo para la prensa que protege al periodismo\u201d. Tambi\u00e9n asegur\u00f3 que \u201cSupervivientes puede ser el programa m\u00e1s visto pero la gente paga por ver Juego de Tronos\u201d.<\/p>\n<p><a href=\"https:\/\/fcmanrique.org\/wp-content\/uploads\/fc-manrique-conversaciones-ignacio-escolar-olga-rodriguez1.jpg\"><img loading=\"lazy\" decoding=\"async\" class=\"alignnone size-full wp-image-19796\" src=\"https:\/\/fcmanrique.org\/wp-content\/uploads\/fc-manrique-conversaciones-ignacio-escolar-olga-rodriguez1.jpg\" alt=\"\" width=\"920\" height=\"651\" srcset=\"https:\/\/fcmanrique.org\/wp-content\/uploads\/fc-manrique-conversaciones-ignacio-escolar-olga-rodriguez1.jpg 920w, https:\/\/fcmanrique.org\/wp-content\/uploads\/fc-manrique-conversaciones-ignacio-escolar-olga-rodriguez1-300x212.jpg 300w, https:\/\/fcmanrique.org\/wp-content\/uploads\/fc-manrique-conversaciones-ignacio-escolar-olga-rodriguez1-768x543.jpg 768w, https:\/\/fcmanrique.org\/wp-content\/uploads\/fc-manrique-conversaciones-ignacio-escolar-olga-rodriguez1-289x204.jpg 289w\" sizes=\"auto, (max-width: 920px) 100vw, 920px\" \/><\/a><em>Javier Dur\u00e1n<\/em><\/p>\n<p>La conversaci\u00f3n termin\u00f3 tratando el tiempo que se da para investigar una noticia, las redes sociales, las presiones institucionales o las de los lectores y, respecto a la multiplicaci\u00f3n de los medios, Escolar record\u00f3 que Aznar en el 11-M llam\u00f3 en una ma\u00f1ana a todos los grandes medios para dar la versi\u00f3n de que hab\u00eda sido ETA. \u201cHoy tardar\u00eda mucho m\u00e1s de una ma\u00f1ana porque desde 2004 la informaci\u00f3n ha dejado de estar en siete manos, y adem\u00e1s se ha ampliado el margen de lo publicable\u201d.<\/p>\n<p><a href=\"https:\/\/fcmanrique.org\/wp-content\/uploads\/fc-manrique-conversaciones-ignacio-escolar-olga-rodriguez2.jpg\"><img loading=\"lazy\" decoding=\"async\" class=\"alignnone size-full wp-image-19797\" src=\"https:\/\/fcmanrique.org\/wp-content\/uploads\/fc-manrique-conversaciones-ignacio-escolar-olga-rodriguez2.jpg\" alt=\"\" width=\"920\" height=\"616\" srcset=\"https:\/\/fcmanrique.org\/wp-content\/uploads\/fc-manrique-conversaciones-ignacio-escolar-olga-rodriguez2.jpg 920w, https:\/\/fcmanrique.org\/wp-content\/uploads\/fc-manrique-conversaciones-ignacio-escolar-olga-rodriguez2-300x201.jpg 300w, https:\/\/fcmanrique.org\/wp-content\/uploads\/fc-manrique-conversaciones-ignacio-escolar-olga-rodriguez2-768x514.jpg 768w, https:\/\/fcmanrique.org\/wp-content\/uploads\/fc-manrique-conversaciones-ignacio-escolar-olga-rodriguez2-289x194.jpg 289w\" sizes=\"auto, (max-width: 920px) 100vw, 920px\" \/><\/a><em>Jazael Ascanio<\/em><\/p>\n<p><a href=\"https:\/\/fcmanrique.org\/wp-content\/uploads\/fc-manrique-conversaciones-ignacio-escolar-olga-rodriguez5.jpg\"><img loading=\"lazy\" decoding=\"async\" class=\"alignnone size-full wp-image-19800\" src=\"https:\/\/fcmanrique.org\/wp-content\/uploads\/fc-manrique-conversaciones-ignacio-escolar-olga-rodriguez5.jpg\" alt=\"\" width=\"920\" height=\"555\" srcset=\"https:\/\/fcmanrique.org\/wp-content\/uploads\/fc-manrique-conversaciones-ignacio-escolar-olga-rodriguez5.jpg 920w, https:\/\/fcmanrique.org\/wp-content\/uploads\/fc-manrique-conversaciones-ignacio-escolar-olga-rodriguez5-300x181.jpg 300w, https:\/\/fcmanrique.org\/wp-content\/uploads\/fc-manrique-conversaciones-ignacio-escolar-olga-rodriguez5-768x463.jpg 768w, https:\/\/fcmanrique.org\/wp-content\/uploads\/fc-manrique-conversaciones-ignacio-escolar-olga-rodriguez5-289x174.jpg 289w\" sizes=\"auto, (max-width: 920px) 100vw, 920px\" \/><\/a><\/p>\n<p><a href=\"https:\/\/fcmanrique.org\/wp-content\/uploads\/fc-manrique-conversacion-ignacio-escolar-olga-rodriguez-1.pdf\">M\u00e1s informaci\u00f3n sobre la conversaci\u00f3n entre Ignacio Escolar y Olga Rodr\u00edguez<\/a><\/p>\n<p><a href=\"https:\/\/fcmanrique.org\/fcm-video\/conversacion-ignacio-escolar-y-olga-rodriguez-javier-duran-y-jazael-ascanio-21-junio\/?lang=es\">Acceder al v\u00eddeo de la conversaci\u00f3n<\/a><\/p>\n<p><a href=\"https:\/\/fcmanrique.org\/wp-content\/uploads\/mailing-escolar-rguez-01.jpg\"><img loading=\"lazy\" decoding=\"async\" class=\"alignnone size-full wp-image-19739\" src=\"https:\/\/fcmanrique.org\/wp-content\/uploads\/mailing-escolar-rguez-01.jpg\" alt=\"\" width=\"1200\" height=\"1200\" srcset=\"https:\/\/fcmanrique.org\/wp-content\/uploads\/mailing-escolar-rguez-01.jpg 1200w, https:\/\/fcmanrique.org\/wp-content\/uploads\/mailing-escolar-rguez-01-150x150.jpg 150w, https:\/\/fcmanrique.org\/wp-content\/uploads\/mailing-escolar-rguez-01-300x300.jpg 300w, https:\/\/fcmanrique.org\/wp-content\/uploads\/mailing-escolar-rguez-01-768x768.jpg 768w, https:\/\/fcmanrique.org\/wp-content\/uploads\/mailing-escolar-rguez-01-1024x1024.jpg 1024w, https:\/\/fcmanrique.org\/wp-content\/uploads\/mailing-escolar-rguez-01-246x246.jpg 246w\" sizes=\"auto, (max-width: 1200px) 100vw, 1200px\" \/><\/a><\/p>","protected":false},"excerpt":{"rendered":"<p>D\u00e9sol\u00e9, cet article est seulement disponible en ES.Javier Dur\u00e1n, periodista de La Provincia, dio paso a la charla entre Ignacio Escolar y Olga Rodr\u00edguez hablando del laberinto en el que est\u00e1 metida la profesi\u00f3n period\u00edstica, que no sali\u00f3 reforzada de la crisis frente al poder pol\u00edtico. Olga Rodr\u00edguez dijo que no es un<\/p>\n","protected":false},"featured_media":19795,"parent":0,"template":"","meta":{"_acf_changed":false,"ngg_post_thumbnail":0,"footnotes":""},"class_list":["post-19794","fcm_c_acti_celebrada","type-fcm_c_acti_celebrada","status-publish","has-post-thumbnail","hentry","c_acti_celebrada_categoria-dialogo"],"acf":[],"_links":{"self":[{"href":"https:\/\/fcmanrique.org\/fr\/wp-json\/wp\/v2\/fcm_c_acti_celebrada\/19794","targetHints":{"allow":["GET"]}}],"collection":[{"href":"https:\/\/fcmanrique.org\/fr\/wp-json\/wp\/v2\/fcm_c_acti_celebrada"}],"about":[{"href":"https:\/\/fcmanrique.org\/fr\/wp-json\/wp\/v2\/types\/fcm_c_acti_celebrada"}],"version-history":[{"count":4,"href":"https:\/\/fcmanrique.org\/fr\/wp-json\/wp\/v2\/fcm_c_acti_celebrada\/19794\/revisions"}],"predecessor-version":[{"id":20677,"href":"https:\/\/fcmanrique.org\/fr\/wp-json\/wp\/v2\/fcm_c_acti_celebrada\/19794\/revisions\/20677"}],"wp:featuredmedia":[{"embeddable":true,"href":"https:\/\/fcmanrique.org\/fr\/wp-json\/wp\/v2\/media\/19795"}],"wp:attachment":[{"href":"https:\/\/fcmanrique.org\/fr\/wp-json\/wp\/v2\/media?parent=19794"}],"curies":[{"name":"wp","href":"https:\/\/api.w.org\/{rel}","templated":true}]}}