{"id":19885,"date":"2019-06-27T08:42:31","date_gmt":"2019-06-27T08:42:31","guid":{"rendered":"https:\/\/fcmanrique.org\/?post_type=fcm_c_acti_celebrada&#038;p=19885"},"modified":"2020-11-24T11:51:18","modified_gmt":"2020-11-24T11:51:18","slug":"exposicion-cesar-manrique-100-anos-de-vida-en-la-sociedad-democracia-de-arrecife","status":"publish","type":"fcm_c_acti_celebrada","link":"https:\/\/fcmanrique.org\/fr\/fcm-c-acti-celebrada\/exposicion-cesar-manrique-100-anos-de-vida-en-la-sociedad-democracia-de-arrecife\/","title":{"rendered":"La exposici\u00f3n \u00a0\u00bbC\u00e9sar Manrique. 100 a\u00f1os de vida\u00a0\u00bb se muestra en la Sociedad La Democracia"},"content":{"rendered":"<p class=\"qtranxs-available-languages-message qtranxs-available-languages-message-fr\">D\u00e9sol\u00e9, cet article est seulement disponible en <a href=\"https:\/\/fcmanrique.org\/es\/wp-json\/wp\/v2\/fcm_c_acti_celebrada\/19885\" class=\"qtranxs-available-language-link qtranxs-available-language-link-es\" title=\"ES\">ES<\/a>.<\/p><p>La exposici\u00f3n, de car\u00e1cter itinerante, \u201cC\u00e9sar Manrique. 100 a\u00f1os de vida\u201d, producida y organizada por la Fundaci\u00f3n C\u00e9sar Manrique (FCM), \u00a0se exhibe desde el pasado mi\u00e9rcoles 26 de junio en la Sociedad La Democracia de Arrecife. Esta muestra, que est\u00e1 comisariada por Adonay Berm\u00fadez, forma parte de la programaci\u00f3n de actividades conmemorativas del centenario del nacimiento de C\u00e9sar Manrique (Lanzarote, 1919-1992) que desarrolla la Fundaci\u00f3n que lleva su nombre.<\/p>\n<p><a href=\"https:\/\/fcmanrique.org\/wp-content\/uploads\/fc-manrique-exposicion-cesar-manrique-cien-a\u00f1os-de-vida-sociedad-democracia1.jpg\"><img loading=\"lazy\" decoding=\"async\" class=\"alignnone size-full wp-image-19887\" src=\"https:\/\/fcmanrique.org\/wp-content\/uploads\/fc-manrique-exposicion-cesar-manrique-cien-a\u00f1os-de-vida-sociedad-democracia1.jpg\" alt=\"\" width=\"920\" height=\"690\" srcset=\"https:\/\/fcmanrique.org\/wp-content\/uploads\/fc-manrique-exposicion-cesar-manrique-cien-a\u00f1os-de-vida-sociedad-democracia1.jpg 920w, https:\/\/fcmanrique.org\/wp-content\/uploads\/fc-manrique-exposicion-cesar-manrique-cien-a\u00f1os-de-vida-sociedad-democracia1-300x225.jpg 300w, https:\/\/fcmanrique.org\/wp-content\/uploads\/fc-manrique-exposicion-cesar-manrique-cien-a\u00f1os-de-vida-sociedad-democracia1-768x576.jpg 768w, https:\/\/fcmanrique.org\/wp-content\/uploads\/fc-manrique-exposicion-cesar-manrique-cien-a\u00f1os-de-vida-sociedad-democracia1-289x217.jpg 289w\" sizes=\"auto, (max-width: 920px) 100vw, 920px\" \/><\/a><\/p>\n<p>La inauguraci\u00f3n de esta exposici\u00f3n, que ofrece una lectura cronol\u00f3gica y divulgativa de la producci\u00f3n de C\u00e9sar Manrique, con el objetivo de acercar la vida y la obra del artista a todos los p\u00fablicos, tuvo lugar ayer en presencia del presidente de la FCM, Jos\u00e9 Juan Ram\u00edrez; el presidente de la Sociedad La Democracia, Orlando Su\u00e1rez Curbelo; as\u00ed como el comisario de la muestra, Adonay Berm\u00fadez.<\/p>\n<p>La Sociedad La Democracia es el tercer espacio que acoge esta exposici\u00f3n desde que comenzase su itinerancia el pasado 7 de junio en la sede de Correos de Arrecife y se haya mostrado en la Biblioteca Municipal de La Laguna. Est\u00e1 previsto que la muestra pueda verse en La Democracia hasta el pr\u00f3ximo 11 de julio y, luego, contin\u00fae su recorrido por m\u00e1s de 20 espacios de diversa \u00edndole como la terminal\u00a0 de pasajeros de Fred. Olsen Express del Puerto de Arrecife o varios centros escolares de Canarias.<\/p>\n<p><a href=\"https:\/\/fcmanrique.org\/wp-content\/uploads\/fc-manrique-exposicion-cesar-manrique-cien-a\u00f1os-de-vida-sociedad-democracia3.jpg\"><img loading=\"lazy\" decoding=\"async\" class=\"alignnone size-full wp-image-19889\" src=\"https:\/\/fcmanrique.org\/wp-content\/uploads\/fc-manrique-exposicion-cesar-manrique-cien-a\u00f1os-de-vida-sociedad-democracia3.jpg\" alt=\"\" width=\"920\" height=\"690\" srcset=\"https:\/\/fcmanrique.org\/wp-content\/uploads\/fc-manrique-exposicion-cesar-manrique-cien-a\u00f1os-de-vida-sociedad-democracia3.jpg 920w, https:\/\/fcmanrique.org\/wp-content\/uploads\/fc-manrique-exposicion-cesar-manrique-cien-a\u00f1os-de-vida-sociedad-democracia3-300x225.jpg 300w, https:\/\/fcmanrique.org\/wp-content\/uploads\/fc-manrique-exposicion-cesar-manrique-cien-a\u00f1os-de-vida-sociedad-democracia3-768x576.jpg 768w, https:\/\/fcmanrique.org\/wp-content\/uploads\/fc-manrique-exposicion-cesar-manrique-cien-a\u00f1os-de-vida-sociedad-democracia3-289x217.jpg 289w\" sizes=\"auto, (max-width: 920px) 100vw, 920px\" \/><\/a><\/p>\n<p>\u201cC\u00e9sar Manrique. 100 a\u00f1os de vida\u201d est\u00e1 compuesta por una treintena de paneles con im\u00e1genes y textos que incluyen no solo la obra pict\u00f3rica del artista, sino tambi\u00e9n su obra p\u00fablica y escult\u00f3rica. Asimismo, esta muestra resalta su labor de protecci\u00f3n medioambiental y su car\u00e1cter activista a trav\u00e9s de sus propias palabras.<\/p>\n<p><a href=\"https:\/\/fcmanrique.org\/wp-content\/uploads\/fc-manrique-exposicion-cien-anos-de-vida-sociedad-democracia.pdf\">M\u00e1s informaci\u00f3n sobre la inauguraci\u00f3n de la exposici\u00f3n<\/a><\/p>","protected":false},"excerpt":{"rendered":"<p>D\u00e9sol\u00e9, cet article est seulement disponible en ES.La exposici\u00f3n, de car\u00e1cter itinerante, \u201cC\u00e9sar Manrique. 100 a\u00f1os de vida\u201d, producida y organizada por la Fundaci\u00f3n C\u00e9sar Manrique (FCM), \u00a0se exhibe desde el pasado mi\u00e9rcoles 26 de junio en la Sociedad La Democracia de Arrecife. Esta muestra, que est\u00e1 comisariada por Adonay Berm\u00fadez, forma parte de la&#8230; <a href=\"https:\/\/fcmanrique.org\/fr\/fcm-c-acti-celebrada\/exposicion-cesar-manrique-100-anos-de-vida-en-la-sociedad-democracia-de-arrecife\/\" class=\"readmore\">Contin\u00faa leyendo \u2192<\/a><\/p>\n","protected":false},"featured_media":19886,"parent":0,"template":"","meta":{"_acf_changed":false,"ngg_post_thumbnail":0,"footnotes":""},"class_list":["post-19885","fcm_c_acti_celebrada","type-fcm_c_acti_celebrada","status-publish","has-post-thumbnail","hentry","c_acti_celebrada_categoria-inauguracion"],"acf":[],"_links":{"self":[{"href":"https:\/\/fcmanrique.org\/fr\/wp-json\/wp\/v2\/fcm_c_acti_celebrada\/19885","targetHints":{"allow":["GET"]}}],"collection":[{"href":"https:\/\/fcmanrique.org\/fr\/wp-json\/wp\/v2\/fcm_c_acti_celebrada"}],"about":[{"href":"https:\/\/fcmanrique.org\/fr\/wp-json\/wp\/v2\/types\/fcm_c_acti_celebrada"}],"version-history":[{"count":7,"href":"https:\/\/fcmanrique.org\/fr\/wp-json\/wp\/v2\/fcm_c_acti_celebrada\/19885\/revisions"}],"predecessor-version":[{"id":22316,"href":"https:\/\/fcmanrique.org\/fr\/wp-json\/wp\/v2\/fcm_c_acti_celebrada\/19885\/revisions\/22316"}],"wp:featuredmedia":[{"embeddable":true,"href":"https:\/\/fcmanrique.org\/fr\/wp-json\/wp\/v2\/media\/19886"}],"wp:attachment":[{"href":"https:\/\/fcmanrique.org\/fr\/wp-json\/wp\/v2\/media?parent=19885"}],"curies":[{"name":"wp","href":"https:\/\/api.w.org\/{rel}","templated":true}]}}