{"id":19917,"date":"2019-07-01T08:37:18","date_gmt":"2019-07-01T08:37:18","guid":{"rendered":"https:\/\/fcmanrique.org\/?post_type=fcm_c_acti_celebrada&#038;p=19917"},"modified":"2019-11-26T10:48:25","modified_gmt":"2019-11-26T10:48:25","slug":"subversion-y-ternura-para-afrontar-una-declaracion-de-guerra-contra-la-vida","status":"publish","type":"fcm_c_acti_celebrada","link":"https:\/\/fcmanrique.org\/fr\/fcm-c-acti-celebrada\/subversion-y-ternura-para-afrontar-una-declaracion-de-guerra-contra-la-vida\/","title":{"rendered":"Hace falta mezclar subversi\u00f3n y ternura para afrontar el momento actual"},"content":{"rendered":"<p class=\"qtranxs-available-languages-message qtranxs-available-languages-message-fr\">D\u00e9sol\u00e9, cet article est seulement disponible en <a href=\"https:\/\/fcmanrique.org\/es\/wp-json\/wp\/v2\/fcm_c_acti_celebrada\/19917\" class=\"qtranxs-available-language-link qtranxs-available-language-link-es\" title=\"ES\">ES<\/a>.<\/p><p>Cuarta jornada del curso Ante el Antropoceno. Cuando la humanidad desborda los l\u00edmites biof\u00edsicos del Planeta.<\/p>\n<p>La ceguera de un parpadeo. Ese es el periodo y la situaci\u00f3n de los \u00faltimos 250 a\u00f1os de burbuja civilizatoria. As\u00ed lo calific\u00f3 Emilio Santiago Mui\u00f1o, antrop\u00f3logo social, en la \u00faltima jornada del curso. \u201cEl mundo se da entre l\u00edmites pero se instal\u00f3 la ilusi\u00f3n de que pod\u00edamos eliminarlos\u201d. Los combustibles f\u00f3siles han expandido esos l\u00edmites y las consecuencias son claras. En Europa, cada a\u00f1o, muere medio mill\u00f3n de personas de forma prematura por la contaminaci\u00f3n y, precisamente, tras el Acuerdo de Par\u00eds han llegado los dos a\u00f1os con m\u00e1s emisiones de la historia. Se trata de un desastre antropol\u00f3gico.<\/p>\n<p><a href=\"https:\/\/fcmanrique.org\/wp-content\/uploads\/fc-manrique-curso-ante-el-antropoceno-dia4-6.jpg\"><img loading=\"lazy\" decoding=\"async\" class=\"alignnone size-full wp-image-19924\" src=\"https:\/\/fcmanrique.org\/wp-content\/uploads\/fc-manrique-curso-ante-el-antropoceno-dia4-6.jpg\" alt=\"\" width=\"920\" height=\"577\" srcset=\"https:\/\/fcmanrique.org\/wp-content\/uploads\/fc-manrique-curso-ante-el-antropoceno-dia4-6.jpg 920w, https:\/\/fcmanrique.org\/wp-content\/uploads\/fc-manrique-curso-ante-el-antropoceno-dia4-6-300x188.jpg 300w, https:\/\/fcmanrique.org\/wp-content\/uploads\/fc-manrique-curso-ante-el-antropoceno-dia4-6-768x482.jpg 768w, https:\/\/fcmanrique.org\/wp-content\/uploads\/fc-manrique-curso-ante-el-antropoceno-dia4-6-289x181.jpg 289w\" sizes=\"auto, (max-width: 920px) 100vw, 920px\" \/><\/a><\/p>\n<p>Hay una relaci\u00f3n inversamente proporcional entre los responsables y quienes sufren las consecuencias. As\u00ed que no queda otro remedio que reducir el tama\u00f1o de la econom\u00eda aunque \u201cno sepamos c\u00f3mo llevar la necesidad del decrecimiento a la esfera pol\u00edtica mientras la econom\u00eda siga siendo sagrada y la ecolog\u00eda est\u00e9 condenada al marketing verde\u201d. En el momento actual, seg\u00fan Santiago, hay una ultraderecha afinada, que sabe de la escasez estructural, opta por un cerrojo nacional y \u201cest\u00e1n dispuestos a matar para que se empobrezcan otros\u201d. \u00c9l apuesta por una revoluci\u00f3n que sea una especie de acupuntura, aplicada en varios puntos. En primer lugar, llegar a la &lsquo;lujosa pobreza&rsquo;, que significa asumir h\u00e1bitos de vida m\u00e1s austeros, una idea distinta de felicidad que debe ser un cambio deseado. En segundo lugar, la victoria de la igualdad, porque cooperar es mejor que competir. El tercero, la tarea ecofeminista, desfeminizar los cuidados y darles la importancia que tienen, y el \u00faltimo, la abdicaci\u00f3n del hu\u00e9rfano, abdicar de un poder, \u201cnudo a nudo hasta volver a casa\u201d. En resumen, \u201cser capaces de pensar en una noci\u00f3n de lo suficiente\u201d, con dos derechos: el derecho a admirar la realidad y el derecho a declarar nuestras m\u00faltiples dependencias.<\/p>\n<p><a href=\"https:\/\/fcmanrique.org\/wp-content\/uploads\/fc-manrique-curso-ante-el-antropoceno-dia4-2.jpg\"><img loading=\"lazy\" decoding=\"async\" class=\"alignnone size-full wp-image-19920\" src=\"https:\/\/fcmanrique.org\/wp-content\/uploads\/fc-manrique-curso-ante-el-antropoceno-dia4-2.jpg\" alt=\"\" width=\"920\" height=\"633\" srcset=\"https:\/\/fcmanrique.org\/wp-content\/uploads\/fc-manrique-curso-ante-el-antropoceno-dia4-2.jpg 920w, https:\/\/fcmanrique.org\/wp-content\/uploads\/fc-manrique-curso-ante-el-antropoceno-dia4-2-300x206.jpg 300w, https:\/\/fcmanrique.org\/wp-content\/uploads\/fc-manrique-curso-ante-el-antropoceno-dia4-2-768x528.jpg 768w, https:\/\/fcmanrique.org\/wp-content\/uploads\/fc-manrique-curso-ante-el-antropoceno-dia4-2-289x199.jpg 289w\" sizes=\"auto, (max-width: 920px) 100vw, 920px\" \/><\/a><em>Emilio Santiago Mui\u00f1o<\/em><\/p>\n<p>Lolita Ch\u00e1vez tuvo que salir de Guatemala amenazada de muerte. Su pueblo pas\u00f3 hace 500 a\u00f1os el colapso y desde entonces resiste \u201ccon dignidad y esperanza\u201d. \u201cNuestra cosmogon\u00eda tiene vigencia aqu\u00ed y ahora, no se preocupen los cient\u00edficos, porque estamos a la vanguardia de la modernidad\u201d, dijo. \u201cNo vine a buscar l\u00e1stima ni solidaridad caritativa ni como turista ni como folclore, vengo con dignidad para denunciar y exigir justicia general\u201d. Pidi\u00f3 que Espa\u00f1a se replantee su historia y sus acciones neoliberales en Am\u00e9rica y que se hable de responsabilidad \u201cporque muchos de los privilegios que se disfrutan en Espa\u00f1a en la actualidad son por nuestra sangre, y eso la historia lo tiene que reconocer\u201d. Tambi\u00e9n reclam\u00f3 que se asumiese la responsabilidad en el calentamiento global. Para Ch\u00e1vez, C\u00e9sar Manrique habr\u00eda dicho hoy ante la situaci\u00f3n del mundo: \u201cMierda, ya lo dije\u201d.<\/p>\n<p><a href=\"https:\/\/fcmanrique.org\/wp-content\/uploads\/fc-manrique-curso-ante-el-antropoceno-dia4-3.jpg\"><img loading=\"lazy\" decoding=\"async\" class=\"alignnone size-full wp-image-19921\" src=\"https:\/\/fcmanrique.org\/wp-content\/uploads\/fc-manrique-curso-ante-el-antropoceno-dia4-3.jpg\" alt=\"\" width=\"920\" height=\"669\" srcset=\"https:\/\/fcmanrique.org\/wp-content\/uploads\/fc-manrique-curso-ante-el-antropoceno-dia4-3.jpg 920w, https:\/\/fcmanrique.org\/wp-content\/uploads\/fc-manrique-curso-ante-el-antropoceno-dia4-3-300x218.jpg 300w, https:\/\/fcmanrique.org\/wp-content\/uploads\/fc-manrique-curso-ante-el-antropoceno-dia4-3-768x558.jpg 768w, https:\/\/fcmanrique.org\/wp-content\/uploads\/fc-manrique-curso-ante-el-antropoceno-dia4-3-289x210.jpg 289w\" sizes=\"auto, (max-width: 920px) 100vw, 920px\" \/><\/a><em>Lolita Ch\u00e1vez<\/em><\/p>\n<p>Declar\u00f3 que Centroam\u00e9rica est\u00e1 sufriendo las secuelas de la falsa democracia, con la conversi\u00f3n de los estados en narcoestados y que los pueblos originarios, en Guatemala, no son minor\u00eda pero que el pa\u00eds est\u00e1 a la cabeza de los pa\u00edses m\u00e1s desiguales y m\u00e1s pobres. \u201cEstamos cansadas de informes y queremos acciones concretas para que cambie\u201d. Inst\u00f3 al p\u00fablico que se pusiera en su lugar, que es el de una mujer perseguida, atacada, hasta con seis intentos de asesinato, y torturada \u201chasta extremos perversos\u201d y ahora acusada de m\u00faltiples delitos. Su lucha es contra los patriarcados, el de occidente y el de su pueblo: \u201cEsto tambi\u00e9n genera persecuci\u00f3n contra m\u00ed\u201d. Habl\u00f3 de un \u201cracismo profundo\u201d y de que no quiere ser m\u00e1rtir. \u201cQuiero vivir dignamente y tengo un profundo arraigo a mi comunidad\u201d.<\/p>\n<p>Uno de los proyectos a los que se opone ella y su comunidad es la Central Hidroel\u00e9ctrica Renace, la m\u00e1s grande de Centroam\u00e9rica, que lleva a cabo el Grupo ACS en el r\u00edo Carch\u00e1. Para este proyecto no se consult\u00f3 a la comunidad. \u201cAqu\u00ed [en Occidente] lo venden como energ\u00eda limpia y all\u00ed genera muerte y destrucci\u00f3n\u201d, se\u00f1al\u00f3, y se trata de un falso desarrollo porque hay que preguntarse para qu\u00e9 y para qui\u00e9n es esa energ\u00eda. La central no surte de energ\u00eda a las poblaciones, sino que se hace para suministrarla a las empresas mineras. Lolita Ch\u00e1vez tambi\u00e9n se opuso a un tendido el\u00e9ctrico, \u201cque dec\u00edan que era estrat\u00e9gico\u201d. Durante esa oposici\u00f3n muri\u00f3 el alcalde precisamente por el cable de alta tensi\u00f3n y llegaron a acusarla de ser bruja. Hubo desapariciones forzosas, activistas metidos en la c\u00e1rcel y destrucci\u00f3n de ecosistemas. Afirm\u00f3 que en Espa\u00f1a tienen miedo de denunciar a Florentino P\u00e9rez porque los jueces van al palco del Santiago Bernabeu. \u201cEse juego ya lo conocemos\u201d. Tambi\u00e9n habl\u00f3 de otros proyectos y de otras empresas, como el Grupo Cobra o la familia Guti\u00e9rrez Bosch; o como la reforestaci\u00f3n, estimulada por subvenciones p\u00fablicas, que supone un monocultivo forestal y se vende como una lucha contra el cambio clim\u00e1tico; o como el de una empresa minera canadiense responsable de violaciones a mujeres. Frente a esto, cit\u00f3 que han logrado parar 32 licencias mineras en su pueblo y m\u00e1s de 300 en todo el pa\u00eds. \u201cA pesar de todas las violencias estamos vivas y con dignidad\u201d. Termin\u00f3 solicitando a las empresas transnacionales que abandonen Guatemala.<\/p>\n<p><a href=\"https:\/\/fcmanrique.org\/wp-content\/uploads\/fc-manrique-curso-ante-el-antropoceno-dia4-4.jpg\"><img loading=\"lazy\" decoding=\"async\" class=\"alignnone size-full wp-image-19922\" src=\"https:\/\/fcmanrique.org\/wp-content\/uploads\/fc-manrique-curso-ante-el-antropoceno-dia4-4.jpg\" alt=\"\" width=\"920\" height=\"625\" srcset=\"https:\/\/fcmanrique.org\/wp-content\/uploads\/fc-manrique-curso-ante-el-antropoceno-dia4-4.jpg 920w, https:\/\/fcmanrique.org\/wp-content\/uploads\/fc-manrique-curso-ante-el-antropoceno-dia4-4-300x204.jpg 300w, https:\/\/fcmanrique.org\/wp-content\/uploads\/fc-manrique-curso-ante-el-antropoceno-dia4-4-768x522.jpg 768w, https:\/\/fcmanrique.org\/wp-content\/uploads\/fc-manrique-curso-ante-el-antropoceno-dia4-4-289x196.jpg 289w\" sizes=\"auto, (max-width: 920px) 100vw, 920px\" \/><\/a><em>Yayo Herrero<\/em><\/p>\n<p>Yayo Herrero, antrop\u00f3loga, ingeniera y activista ecofeminista cerr\u00f3 el curso. Afirm\u00f3 que hace falta una mezcla de subversi\u00f3n y ternura para afrontar el momento actual, en el cual se ha declarado la guerra contra la vida. Somos seres ecodependientes e interdependientes, porque todo procede de la naturaleza y porque la vida no se sostiene si no hay gente que se ocupa de los cuidados de los cuerpos, pero actuamos en contra de estos principios: tomamos los recursos naturales como si fueran una parte de la econom\u00eda e invisibilizamos las tareas de cuidado porque no forman parte de la econom\u00eda productiva. La econom\u00eda, la cultura y la pol\u00edtica se han organizado de espaldas a esta doble dependencia material. Tambi\u00e9n hay una guerra por los recursos porque hay una din\u00e1mica extractiva, no productiva: \u201cLa verdad del mercado es un fascismo territorial\u201d. Se elevan vallas que no dejan pasar personas pero s\u00ed mercanc\u00edas y as\u00ed, un problema humanitario se convierte en un problema de seguridad que, por otra parte, es una situaci\u00f3n que sigui\u00f3 creciendo durante la crisis. Adem\u00e1s, hay una guerra contra los derechos laborales, una precarizaci\u00f3n del trabajo unida a una dificultad para ejercer los derechos de protesta. A esto se suma que la corrupci\u00f3n es la forma estructural del gobierno porque en esta necropol\u00edtica se usa el poder contra la gente. Y por \u00faltimo est\u00e1 la guerra contra las relaciones entre las personas: la sociedad, en su conjunto, en definitiva, ha declarado la guerra a la vida.<\/p>\n<p><a href=\"https:\/\/fcmanrique.org\/wp-content\/uploads\/fc-manrique-curso-ante-el-antropoceno-dia4-5.jpg\"><img loading=\"lazy\" decoding=\"async\" class=\"alignnone size-full wp-image-19923\" src=\"https:\/\/fcmanrique.org\/wp-content\/uploads\/fc-manrique-curso-ante-el-antropoceno-dia4-5.jpg\" alt=\"\" width=\"920\" height=\"610\" srcset=\"https:\/\/fcmanrique.org\/wp-content\/uploads\/fc-manrique-curso-ante-el-antropoceno-dia4-5.jpg 920w, https:\/\/fcmanrique.org\/wp-content\/uploads\/fc-manrique-curso-ante-el-antropoceno-dia4-5-300x199.jpg 300w, https:\/\/fcmanrique.org\/wp-content\/uploads\/fc-manrique-curso-ante-el-antropoceno-dia4-5-768x509.jpg 768w, https:\/\/fcmanrique.org\/wp-content\/uploads\/fc-manrique-curso-ante-el-antropoceno-dia4-5-289x192.jpg 289w\" sizes=\"auto, (max-width: 920px) 100vw, 920px\" \/><\/a><em>Irma Ferrer<\/em><\/p>\n<p>Esto ha ocurrido porque hist\u00f3ricamente se ha establecido el sujeto pol\u00edtico y la idea de progreso al margen de la ecodependencia. Se ha creado un proyecto cient\u00edfico ligado a una l\u00f3gica mecanicista \u201ccomo si se pudieran controlar todos los factores de la naturaleza\u201d y un capitalismo que no solo desarrolla bienes y servicios, sino que \u201cnos fabrica como personas\u201d y lo reduce todo a lo monetario. \u201cHace que el dinero sea sagrado y alimenta la l\u00f3gica de sacrificio de todo en favor de la econom\u00eda\u201d. Y se ha generado una cultura sin percepci\u00f3n de los l\u00edmites, de espaldas a la muerte y a la vejez, con una explosi\u00f3n del ego y una p\u00e9rdida de la consistencia humana, una gran distancia entre los lugares donde se act\u00faa y en los que se sufren las consecuencias. Un modelo violento que reduce a las personas a la condici\u00f3n de carne.<\/p>\n<p>\u00bfQu\u00e9 hacer? Dar un giro epist\u00e9mico. Cambiar la forma de entender la ciencia, que la vida sea la preocupaci\u00f3n fundamental, cambiar el modelo de educaci\u00f3n, la l\u00f3gica de los derechos y disputar la hegemon\u00eda econ\u00f3mica y pol\u00edtica mundiales. Estamos abocados a un decrecimiento y los cambios han de ser para todo el mundo. \u201cSe acab\u00f3 dar la vida por la causa porque la causa es vivir\u201d.<\/p>\n<p>Irma Ferrer, que moder\u00f3 la mesa redonda final, pidi\u00f3 a los participantes que formularan un deseo ut\u00f3pico y realiz\u00f3 el suyo: juzgar por delitos de lesa humanidad los delitos contra el medio ambiente. Se\u00f1al\u00f3 que la justicia est\u00e1 arrestada por orden de la avaricia y que es necesario empoderar a los ciudadanos para este gran reto que es el cambio clim\u00e1tico.<\/p>\n<p><a href=\"https:\/\/fcmanrique.org\/wp-content\/uploads\/fc-manrique-curso-ante-el-antropoceno-dia4-1.jpg\"><img loading=\"lazy\" decoding=\"async\" class=\"alignnone size-full wp-image-19919\" src=\"https:\/\/fcmanrique.org\/wp-content\/uploads\/fc-manrique-curso-ante-el-antropoceno-dia4-1.jpg\" alt=\"\" width=\"920\" height=\"602\" srcset=\"https:\/\/fcmanrique.org\/wp-content\/uploads\/fc-manrique-curso-ante-el-antropoceno-dia4-1.jpg 920w, https:\/\/fcmanrique.org\/wp-content\/uploads\/fc-manrique-curso-ante-el-antropoceno-dia4-1-300x196.jpg 300w, https:\/\/fcmanrique.org\/wp-content\/uploads\/fc-manrique-curso-ante-el-antropoceno-dia4-1-768x503.jpg 768w, https:\/\/fcmanrique.org\/wp-content\/uploads\/fc-manrique-curso-ante-el-antropoceno-dia4-1-289x189.jpg 289w\" sizes=\"auto, (max-width: 920px) 100vw, 920px\" \/><\/a><\/p>\n<p><a href=\"https:\/\/fcmanrique.org\/wp-content\/uploads\/fc-manrique-programa-antropoceno.pdf\">M\u00e1s informaci\u00f3n sobre el curso Ante el Antropoceno<\/a><\/p>\n<p><a href=\"https:\/\/fcmanrique.org\/fcm-video\/curso-ante-el-antropoceno-cuando-la-humanidad-desborda-los-limites-biofisicos-del-planeta-28-junio\/?lang=es\">Acceder al v\u00eddeo de las conferencias. Parte 1<\/a><\/p>\n<p><a href=\"https:\/\/fcmanrique.org\/fcm-video\/curso-ante-el-antropoceno-cuando-la-humanidad-desborda-los-limites-biofisicos-del-planeta-28-de-junio-parte-2-2\/?lang=es\">Acceder al v\u00eddeo de las conferencias. Parte 2<\/a><\/p>\n<p><a href=\"https:\/\/fcmanrique.org\/wp-content\/uploads\/fc-manrique-diptico-curso-antropoceno.jpg\"><img loading=\"lazy\" decoding=\"async\" class=\"alignnone size-full wp-image-19589\" src=\"https:\/\/fcmanrique.org\/wp-content\/uploads\/fc-manrique-diptico-curso-antropoceno.jpg\" alt=\"\" width=\"2480\" height=\"2480\" srcset=\"https:\/\/fcmanrique.org\/wp-content\/uploads\/fc-manrique-diptico-curso-antropoceno.jpg 2480w, https:\/\/fcmanrique.org\/wp-content\/uploads\/fc-manrique-diptico-curso-antropoceno-150x150.jpg 150w, https:\/\/fcmanrique.org\/wp-content\/uploads\/fc-manrique-diptico-curso-antropoceno-300x300.jpg 300w, https:\/\/fcmanrique.org\/wp-content\/uploads\/fc-manrique-diptico-curso-antropoceno-768x768.jpg 768w, https:\/\/fcmanrique.org\/wp-content\/uploads\/fc-manrique-diptico-curso-antropoceno-1024x1024.jpg 1024w, https:\/\/fcmanrique.org\/wp-content\/uploads\/fc-manrique-diptico-curso-antropoceno-246x246.jpg 246w\" sizes=\"auto, (max-width: 2480px) 100vw, 2480px\" \/><\/a><\/p>","protected":false},"excerpt":{"rendered":"<p>D\u00e9sol\u00e9, cet article est seulement disponible en ES.Cuarta jornada del curso Ante el Antropoceno. Cuando la humanidad desborda los l\u00edmites biof\u00edsicos del Planeta. La ceguera de un parpadeo. Ese es el periodo y la situaci\u00f3n de los \u00faltimos 250 a\u00f1os de burbuja civilizatoria. As\u00ed lo calific\u00f3 Emilio Santiago Mui\u00f1o, antrop\u00f3logo social, en la \u00faltima jornada&#8230; <a href=\"https:\/\/fcmanrique.org\/fr\/fcm-c-acti-celebrada\/subversion-y-ternura-para-afrontar-una-declaracion-de-guerra-contra-la-vida\/\" class=\"readmore\">Contin\u00faa leyendo \u2192<\/a><\/p>\n","protected":false},"featured_media":19918,"parent":0,"template":"","meta":{"_acf_changed":false,"ngg_post_thumbnail":0,"footnotes":""},"class_list":["post-19917","fcm_c_acti_celebrada","type-fcm_c_acti_celebrada","status-publish","has-post-thumbnail","hentry","c_acti_celebrada_categoria-curso"],"acf":[],"_links":{"self":[{"href":"https:\/\/fcmanrique.org\/fr\/wp-json\/wp\/v2\/fcm_c_acti_celebrada\/19917","targetHints":{"allow":["GET"]}}],"collection":[{"href":"https:\/\/fcmanrique.org\/fr\/wp-json\/wp\/v2\/fcm_c_acti_celebrada"}],"about":[{"href":"https:\/\/fcmanrique.org\/fr\/wp-json\/wp\/v2\/types\/fcm_c_acti_celebrada"}],"version-history":[{"count":9,"href":"https:\/\/fcmanrique.org\/fr\/wp-json\/wp\/v2\/fcm_c_acti_celebrada\/19917\/revisions"}],"predecessor-version":[{"id":21227,"href":"https:\/\/fcmanrique.org\/fr\/wp-json\/wp\/v2\/fcm_c_acti_celebrada\/19917\/revisions\/21227"}],"wp:featuredmedia":[{"embeddable":true,"href":"https:\/\/fcmanrique.org\/fr\/wp-json\/wp\/v2\/media\/19918"}],"wp:attachment":[{"href":"https:\/\/fcmanrique.org\/fr\/wp-json\/wp\/v2\/media?parent=19917"}],"curies":[{"name":"wp","href":"https:\/\/api.w.org\/{rel}","templated":true}]}}