{"id":20122,"date":"2019-07-15T08:09:24","date_gmt":"2019-07-15T08:09:24","guid":{"rendered":"https:\/\/fcmanrique.org\/?post_type=fcm_c_acti_celebrada&#038;p=20122"},"modified":"2019-07-15T08:10:22","modified_gmt":"2019-07-15T08:10:22","slug":"gomez-aguilera-reune-en-mi-teguise-las-cronicas-de-la-villa-de-leandro-perdomo-un-juglar-que-escribia","status":"publish","type":"fcm_c_acti_celebrada","link":"https:\/\/fcmanrique.org\/fr\/fcm-c-acti-celebrada\/gomez-aguilera-reune-en-mi-teguise-las-cronicas-de-la-villa-de-leandro-perdomo-un-juglar-que-escribia\/","title":{"rendered":"G\u00f3mez Aguilera re\u00fane en Mi Teguise las cr\u00f3nicas de la Villa de Leandro Perdomo, \u201cun juglar que escrib\u00eda\u201d"},"content":{"rendered":"<p class=\"qtranxs-available-languages-message qtranxs-available-languages-message-fr\">D\u00e9sol\u00e9, cet article est seulement disponible en <a href=\"https:\/\/fcmanrique.org\/es\/wp-json\/wp\/v2\/fcm_c_acti_celebrada\/20122\" class=\"qtranxs-available-language-link qtranxs-available-language-link-es\" title=\"ES\">ES<\/a>.<\/p><p>El presidente de la Fundaci\u00f3n C\u00e9sar Manrique, Jos\u00e9 Juan Ram\u00edrez, abri\u00f3 el acto de presentaci\u00f3n del libro <em>Mi Teguise<\/em>, una recopilaci\u00f3n de cr\u00f3nicas de Leandro Perdomo escritas entre 1971 y 1993. Expres\u00f3 la consideraci\u00f3n de la FCM hacia la figura de este escritor \u201cimprescindible\u201d por su contribuci\u00f3n <!--more-->a la historia del periodismo insular, as\u00ed como para conocer las transformaciones de Lanzarote y el car\u00e1cter de la isla.<\/p>\n<p><a href=\"https:\/\/fcmanrique.org\/wp-content\/uploads\/fc-manrique-presentacion-mi-teguise1.jpg\"><img loading=\"lazy\" decoding=\"async\" class=\"alignnone size-full wp-image-20123\" src=\"https:\/\/fcmanrique.org\/wp-content\/uploads\/fc-manrique-presentacion-mi-teguise1.jpg\" alt=\"\" width=\"920\" height=\"612\" srcset=\"https:\/\/fcmanrique.org\/wp-content\/uploads\/fc-manrique-presentacion-mi-teguise1.jpg 920w, https:\/\/fcmanrique.org\/wp-content\/uploads\/fc-manrique-presentacion-mi-teguise1-300x200.jpg 300w, https:\/\/fcmanrique.org\/wp-content\/uploads\/fc-manrique-presentacion-mi-teguise1-768x511.jpg 768w, https:\/\/fcmanrique.org\/wp-content\/uploads\/fc-manrique-presentacion-mi-teguise1-289x192.jpg 289w\" sizes=\"auto, (max-width: 920px) 100vw, 920px\" \/><\/a><\/p>\n<p>El escritor Emilio Gonz\u00e1lez D\u00e9niz lo calific\u00f3 como un hombre de una sola pieza que siempre quiso ser periodista \u201cy no lo consigui\u00f3 porque era un cronista\u201d, el gran cronista de Lanzarote, el alma \u201cque va a permanecer\u201d de una tierra. Narr\u00f3 una an\u00e9cdota casi inveros\u00edmil. Gonz\u00e1lez D\u00e9niz se dio a conocer como escritor en 1985 gracias a que gan\u00f3 el premio literario \u00c1ngel Guerra, que entregaba la Villa de Teguise, donde vivi\u00f3 sus \u00faltimos veinte a\u00f1os Leandro Perdomo. Pero antes de ganar ese premio tuvo que simultanear sus estudios y un trabajo como vendedor de enciclopedias. Fue a preguntar sobre un examen a uno de sus profesores, Antonio Cabrera Perera, que estaba estudiando la obra de \u00c1ngel Guerra. Cuando le dijo a su profesor que iba a vender enciclopedias a Lanzarote le encarg\u00f3 un trabajo sobre Guerra para subirle la nota un punto. Gonzal\u00e9z D\u00e9niz sab\u00eda que \u00c1ngel Guerra era un seud\u00f3nimo (de Jos\u00e9 Betancort) pero no recordaba bien el nombre.<\/p>\n<p><a href=\"https:\/\/fcmanrique.org\/wp-content\/uploads\/fc-manrique-presentacion-mi-teguise2.jpg\"><img loading=\"lazy\" decoding=\"async\" class=\"alignnone size-full wp-image-20124\" src=\"https:\/\/fcmanrique.org\/wp-content\/uploads\/fc-manrique-presentacion-mi-teguise2.jpg\" alt=\"\" width=\"920\" height=\"640\" srcset=\"https:\/\/fcmanrique.org\/wp-content\/uploads\/fc-manrique-presentacion-mi-teguise2.jpg 920w, https:\/\/fcmanrique.org\/wp-content\/uploads\/fc-manrique-presentacion-mi-teguise2-300x209.jpg 300w, https:\/\/fcmanrique.org\/wp-content\/uploads\/fc-manrique-presentacion-mi-teguise2-768x534.jpg 768w, https:\/\/fcmanrique.org\/wp-content\/uploads\/fc-manrique-presentacion-mi-teguise2-289x201.jpg 289w\" sizes=\"auto, (max-width: 920px) 100vw, 920px\" \/><\/a> <em>Jos\u00e9 Juan Ram\u00edrez<\/em><\/p>\n<p>Tampoco sab\u00eda que Guerra hab\u00eda fallecido en 1950, y era el a\u00f1o 1968. Fue a la Villa y pregunt\u00f3 por el escritor y le dijeron que acaba de volver un escritor, Leandro Perdomo y se fue convencido de que Perdomo era Guerra. Dos d\u00edas antes del examen, un compa\u00f1ero le sac\u00f3 de su error y no present\u00f3 el trabajo, aunque aprob\u00f3 el examen. En 1985 gan\u00f3 el premio literario y en el jurado estaban Antonio Cabrera y Leandro Perdomo, a quien por fin conoci\u00f3 y con quien entabl\u00f3 amistad. Su relaci\u00f3n consisti\u00f3 en escucharlo \u201cporque ten\u00eda la sensaci\u00f3n de que Leandro ya sab\u00eda lo que yo iba a decirle\u201d, dijo Gonz\u00e1lez D\u00e9niz: \u201cAprend\u00ed mucho con \u00e9l\u201d. Dijo que su obra estaba muy dispersa y G\u00f3mez Aguilera \u201cha puesto orden en el desorden natural\u201d. El resultado es una cr\u00f3nica del Lanzarote \u201cque pas\u00f3 del gofio al v\u00eddeo\u201d, un Lanzarote muy cambiado pero que \u201cgracias a personas como Perdomo se puede conservar el p\u00e1lpito\u201d.<\/p>\n<p><a href=\"https:\/\/fcmanrique.org\/wp-content\/uploads\/fc-manrique-presentacion-mi-teguise3.jpg\"><img loading=\"lazy\" decoding=\"async\" class=\"alignnone size-full wp-image-20125\" src=\"https:\/\/fcmanrique.org\/wp-content\/uploads\/fc-manrique-presentacion-mi-teguise3.jpg\" alt=\"\" width=\"920\" height=\"631\" srcset=\"https:\/\/fcmanrique.org\/wp-content\/uploads\/fc-manrique-presentacion-mi-teguise3.jpg 920w, https:\/\/fcmanrique.org\/wp-content\/uploads\/fc-manrique-presentacion-mi-teguise3-300x206.jpg 300w, https:\/\/fcmanrique.org\/wp-content\/uploads\/fc-manrique-presentacion-mi-teguise3-768x527.jpg 768w, https:\/\/fcmanrique.org\/wp-content\/uploads\/fc-manrique-presentacion-mi-teguise3-289x198.jpg 289w\" sizes=\"auto, (max-width: 920px) 100vw, 920px\" \/><\/a> <em>Emilio Gonz\u00e1lez D\u00e9niz<\/em><\/p>\n<p>Fernando G\u00f3mez Aguilera, director de la FCM y responsable de la edici\u00f3n, selecci\u00f3n y pr\u00f3logo de <em>Mi Teguise<\/em>, dijo que no es habitual que se aprecie la obra de Perdomo porque est\u00e1 privado de circulaci\u00f3n literaria a pesar de su valor literario y comunitario. Record\u00f3 a la mujer de Perdomo, Josefina Ram\u00edrez, que tuvo un papel sustantivo en su vida y advirti\u00f3 que el escritor nunca escribi\u00f3 <em>Mi Teguise <\/em>como tal. El libro es una continuaci\u00f3n de la antolog\u00eda de cr\u00f3nicas sobre Arrecife y en \u00e9l no se incluyen todas las cr\u00f3nicas que escribi\u00f3, pero s\u00ed las mejores, que tocan un asunto nodular en su obra, ya que \u201csi su obra es Lanzarote, la almendra es la Villa\u201d, un tema principal para analizar su pensamiento.<\/p>\n<p>Empez\u00f3 por fijar qui\u00e9n fue Leandro Perdomo, con quien G\u00f3mez Aguilera se reun\u00eda todos los lunes por la tarde y cuya amistad es uno de los grandes privilegios de su vida: \u201cPocas huellas como la de Leandro\u201d. \u201cEra un extraordinario conversador\u201d, \u201cun juglar que escrib\u00eda\u201d porque transmit\u00eda la riqueza de la tradici\u00f3n oral de la isla. Era, adem\u00e1s, \u201cun hombre \u00edntegro que nunca se quej\u00f3 de que no le atendieran o que no divulgaran sus textos\u201d. Su caracter\u00edstica m\u00e1s peculiar es que era una persona muy original, \u201cque ven\u00eda de fabrica\u201d. Tambi\u00e9n fue un gran narrador, una persona quijotesca, leal, ajeno a la envidia, con gran desapego por el poder, antiego\u00edsta, solidario, vitalista, con un humor socarr\u00f3n, gran apego al mundo de la cultura, desarreglado en su est\u00e9tica, al que le gustaban los ambientes desgastados y que escribi\u00f3 en la calle \u201chasta que pudo\u201d. Tuvo una vida dif\u00edcil, siempre estuvo del lado de la gente que estaba en los m\u00e1rgenes y detestaba lo burgu\u00e9s. \u201cSiempre se dice que fue bohemio y lo fue\u201d porque si el lema de la bohemia es \u201carte justicia y acci\u00f3n\u201d, las tres encajan con Leandro.<\/p>\n<p><a href=\"https:\/\/fcmanrique.org\/wp-content\/uploads\/fc-manrique-presentacion-mi-teguise4.jpg\"><img loading=\"lazy\" decoding=\"async\" class=\"alignnone size-full wp-image-20126\" src=\"https:\/\/fcmanrique.org\/wp-content\/uploads\/fc-manrique-presentacion-mi-teguise4.jpg\" alt=\"\" width=\"920\" height=\"636\" srcset=\"https:\/\/fcmanrique.org\/wp-content\/uploads\/fc-manrique-presentacion-mi-teguise4.jpg 920w, https:\/\/fcmanrique.org\/wp-content\/uploads\/fc-manrique-presentacion-mi-teguise4-300x207.jpg 300w, https:\/\/fcmanrique.org\/wp-content\/uploads\/fc-manrique-presentacion-mi-teguise4-768x531.jpg 768w, https:\/\/fcmanrique.org\/wp-content\/uploads\/fc-manrique-presentacion-mi-teguise4-289x200.jpg 289w\" sizes=\"auto, (max-width: 920px) 100vw, 920px\" \/><\/a> <em>Fernando G\u00f3mez Aguilera<\/em><\/p>\n<p>Como escritor, lo primero que se puede decir es que no se puede separar su vida y la literatura. \u201cLa materia de su literatura es la sustancia de su vida\u201d. Hizo gran literatura en forma de cr\u00f3nica, \u201cque no es apreciable en la mayor\u00eda de las cr\u00f3nicas de hoy\u201d y aunque no haya mayor ficci\u00f3n que la vida, estaba obsesionado por subrayar que todo lo que contaba era ver\u00eddico. De \u00e9l dijo N\u00e9stor \u00c1lamo que le sacaba el jugo al pic\u00f3n y de sus art\u00edculos afirm\u00f3 Ventura Doreste que ol\u00edan a potaje. En su l\u00e9xico resuena la tradici\u00f3n viva, una tradici\u00f3n propia de la isla \u201cque est\u00e1 desapareciendo\u201d. La suya es una palabra \u00e1spera, deshilachada, con impurezas, pero a la vez vigorosa, directa y llana. Se trata de un lenguaje al que est\u00e1n volviendo su mirada escritores m\u00e1s j\u00f3venes como Alexis Ravelo o Yeray Rodr\u00edguez.<\/p>\n<p>Perdomo era un maestro de la an\u00e9cdota y le interesaba la historia inconsciente. En las p\u00e1ginas de <em>Mi Teguise<\/em> hay cinco hilos. Uno es la inmigraci\u00f3n. Leandro sali\u00f3 de Lanzarote en 1946, primero hacia Las Palmas y despu\u00e9s a B\u00e9lgica, donde trabaj\u00f3 en la mina y fund\u00f3 el peri\u00f3dico <em>Volc\u00e1n<\/em>. En realidad, nunca quiso ir a Europa porque la emigraci\u00f3n que ten\u00eda solera era la de Am\u00e9rica. Volvi\u00f3 desde Bruselas a Lanzarote de forma transitoria en 1968 pero se tuvo que quedar por motivos de salud. En esa \u00e9poca la Villa era el pueblo m\u00e1s maltratado de la Isla, \u201cestaba en un estado de decrepitud\u201d, as\u00ed que Perdomo se acaba encontrando en un \u201cprofundo desarraigo\u201d y se convierte en un exiliado interior durante muchos a\u00f1os, tal y como relata en varias cartas a sus amigos.<\/p>\n<p><a href=\"https:\/\/fcmanrique.org\/wp-content\/uploads\/fc-manrique-presentacion-mi-teguise5.jpg\"><img loading=\"lazy\" decoding=\"async\" class=\"alignnone size-full wp-image-20127\" src=\"https:\/\/fcmanrique.org\/wp-content\/uploads\/fc-manrique-presentacion-mi-teguise5.jpg\" alt=\"\" width=\"920\" height=\"561\" srcset=\"https:\/\/fcmanrique.org\/wp-content\/uploads\/fc-manrique-presentacion-mi-teguise5.jpg 920w, https:\/\/fcmanrique.org\/wp-content\/uploads\/fc-manrique-presentacion-mi-teguise5-300x183.jpg 300w, https:\/\/fcmanrique.org\/wp-content\/uploads\/fc-manrique-presentacion-mi-teguise5-768x468.jpg 768w, https:\/\/fcmanrique.org\/wp-content\/uploads\/fc-manrique-presentacion-mi-teguise5-289x176.jpg 289w\" sizes=\"auto, (max-width: 920px) 100vw, 920px\" \/><\/a><\/p>\n<p>Otro hilo es la casa de los Sp\u00ednola como fuente de historias orales, donde hab\u00eda pasado los veranos de su infancia y a donde volvi\u00f3. Convierte esa casa en una regi\u00f3n literaria, un espacio simb\u00f3lico, como met\u00e1fora de abrigo y de amparo. \u201cEn ella construye una \u00e9pica de lo cotidiano y lo an\u00f3nimo\u201d, seg\u00fan G\u00f3mez Aguilera. Los otros tres hilos son su sensibilidad cultural, la tradici\u00f3n filantr\u00f3pica de su familia y la singularidad del car\u00e1cter de una parte de esa familia centrada en el arte, la creaci\u00f3n y la bohemia.<\/p>\n<p>En su literatura ten\u00eda un ojo en el pasado, en el mito de la isla vinculada a sus antepasados, su memoria y sus valores, y otro en el presente, una realidad tratada de forma hiperb\u00f3lica que significaba una historia sentimental del momento. Pivotaba entre una isla de memoria y la realidad y los personajes que pasan por las cr\u00f3nicas de Perdomo est\u00e1n descritos desde una perspectiva antiher\u00f3ica. Es, finalmente, seg\u00fan G\u00f3mez Aguilera, el gran cronista de la transici\u00f3n del desarrollismo tur\u00edstico de Lanzarote. En esa situaci\u00f3n tuvo un gran desapego por la codicia y critic\u00f3 la sustituci\u00f3n de los valores humanos por los del lucro, demonizando a los nuevos ricos y a la burgues\u00eda.<\/p>\n<p><a href=\"https:\/\/fcmanrique.org\/wp-content\/uploads\/fc-manrique-presentacion-mi-teguise6.jpg\"><img loading=\"lazy\" decoding=\"async\" class=\"alignnone size-full wp-image-20128\" src=\"https:\/\/fcmanrique.org\/wp-content\/uploads\/fc-manrique-presentacion-mi-teguise6.jpg\" alt=\"\" width=\"920\" height=\"582\" srcset=\"https:\/\/fcmanrique.org\/wp-content\/uploads\/fc-manrique-presentacion-mi-teguise6.jpg 920w, https:\/\/fcmanrique.org\/wp-content\/uploads\/fc-manrique-presentacion-mi-teguise6-300x190.jpg 300w, https:\/\/fcmanrique.org\/wp-content\/uploads\/fc-manrique-presentacion-mi-teguise6-768x486.jpg 768w, https:\/\/fcmanrique.org\/wp-content\/uploads\/fc-manrique-presentacion-mi-teguise6-289x183.jpg 289w\" sizes=\"auto, (max-width: 920px) 100vw, 920px\" \/><\/a><\/p>\n<p><a href=\"https:\/\/fcmanrique.org\/wp-content\/uploads\/fc-manrique-presentacion-libro-mi-teguise-leandro-perdomo.pdf\">M\u00e1s informaci\u00f3n sobre la presentaci\u00f3n del libro &lsquo;Mi Teguise&rsquo;<\/a><\/p>\n<p><a href=\"https:\/\/fcmanrique.org\/wp-content\/uploads\/fc-manrique-invitacion-presentacion-libro-mi-teguise-leandro-perdomo.jpg\"><img loading=\"lazy\" decoding=\"async\" class=\"alignnone size-full wp-image-20020\" src=\"https:\/\/fcmanrique.org\/wp-content\/uploads\/fc-manrique-invitacion-presentacion-libro-mi-teguise-leandro-perdomo.jpg\" alt=\"\" width=\"1200\" height=\"1200\" srcset=\"https:\/\/fcmanrique.org\/wp-content\/uploads\/fc-manrique-invitacion-presentacion-libro-mi-teguise-leandro-perdomo.jpg 1200w, https:\/\/fcmanrique.org\/wp-content\/uploads\/fc-manrique-invitacion-presentacion-libro-mi-teguise-leandro-perdomo-150x150.jpg 150w, https:\/\/fcmanrique.org\/wp-content\/uploads\/fc-manrique-invitacion-presentacion-libro-mi-teguise-leandro-perdomo-300x300.jpg 300w, https:\/\/fcmanrique.org\/wp-content\/uploads\/fc-manrique-invitacion-presentacion-libro-mi-teguise-leandro-perdomo-768x768.jpg 768w, https:\/\/fcmanrique.org\/wp-content\/uploads\/fc-manrique-invitacion-presentacion-libro-mi-teguise-leandro-perdomo-1024x1024.jpg 1024w, https:\/\/fcmanrique.org\/wp-content\/uploads\/fc-manrique-invitacion-presentacion-libro-mi-teguise-leandro-perdomo-246x246.jpg 246w\" sizes=\"auto, (max-width: 1200px) 100vw, 1200px\" \/><\/a><\/p>","protected":false},"excerpt":{"rendered":"<p>D\u00e9sol\u00e9, cet article est seulement disponible en ES.El presidente de la Fundaci\u00f3n C\u00e9sar Manrique, Jos\u00e9 Juan Ram\u00edrez, abri\u00f3 el acto de presentaci\u00f3n del libro Mi Teguise, una recopilaci\u00f3n de cr\u00f3nicas de Leandro Perdomo escritas entre 1971 y 1993. Expres\u00f3 la consideraci\u00f3n de la FCM hacia la figura de este escritor \u201cimprescindible\u201d por su contribuci\u00f3n<\/p>\n","protected":false},"featured_media":20129,"parent":0,"template":"","meta":{"_acf_changed":false,"ngg_post_thumbnail":0,"footnotes":""},"class_list":["post-20122","fcm_c_acti_celebrada","type-fcm_c_acti_celebrada","status-publish","has-post-thumbnail","hentry","c_acti_celebrada_categoria-presentacion"],"acf":[],"_links":{"self":[{"href":"https:\/\/fcmanrique.org\/fr\/wp-json\/wp\/v2\/fcm_c_acti_celebrada\/20122","targetHints":{"allow":["GET"]}}],"collection":[{"href":"https:\/\/fcmanrique.org\/fr\/wp-json\/wp\/v2\/fcm_c_acti_celebrada"}],"about":[{"href":"https:\/\/fcmanrique.org\/fr\/wp-json\/wp\/v2\/types\/fcm_c_acti_celebrada"}],"version-history":[{"count":2,"href":"https:\/\/fcmanrique.org\/fr\/wp-json\/wp\/v2\/fcm_c_acti_celebrada\/20122\/revisions"}],"predecessor-version":[{"id":20131,"href":"https:\/\/fcmanrique.org\/fr\/wp-json\/wp\/v2\/fcm_c_acti_celebrada\/20122\/revisions\/20131"}],"wp:featuredmedia":[{"embeddable":true,"href":"https:\/\/fcmanrique.org\/fr\/wp-json\/wp\/v2\/media\/20129"}],"wp:attachment":[{"href":"https:\/\/fcmanrique.org\/fr\/wp-json\/wp\/v2\/media?parent=20122"}],"curies":[{"name":"wp","href":"https:\/\/api.w.org\/{rel}","templated":true}]}}