{"id":20449,"date":"2019-09-19T09:43:24","date_gmt":"2019-09-19T09:43:24","guid":{"rendered":"https:\/\/fcmanrique.org\/?post_type=fcm_c_acti_celebrada&#038;p=20449"},"modified":"2019-10-17T15:23:58","modified_gmt":"2019-10-17T15:23:58","slug":"pepin-y-cesar","status":"publish","type":"fcm_c_acti_celebrada","link":"https:\/\/fcmanrique.org\/fr\/fcm-c-acti-celebrada\/pepin-y-cesar\/","title":{"rendered":"Lanzarote es fruto de la colaboraci\u00f3n entre C\u00e9sar y Pep\u00edn \u00ab\u00a0y su huella perdura\u00a0\u00bb"},"content":{"rendered":"<p class=\"qtranxs-available-languages-message qtranxs-available-languages-message-fr\">D\u00e9sol\u00e9, cet article est seulement disponible en <a href=\"https:\/\/fcmanrique.org\/es\/wp-json\/wp\/v2\/fcm_c_acti_celebrada\/20449\" class=\"qtranxs-available-language-link qtranxs-available-language-link-es\" title=\"ES\">ES<\/a>.<\/p><p>Un trabajo audiovisual de Miguel G. Morales con im\u00e1genes de Pep\u00edn Ram\u00edrez y C\u00e9sar Manrique abri\u00f3 la mesa redonda \u201cJos\u00e9 Ram\u00edrez Cerd\u00e1 y C\u00e9sar Manrique: mito y realidad\u201d, el d\u00eda 18 de septiembre, moderada por los periodistas Manuel Riveiro y Soraya Morales, con la participaci\u00f3n de Luis Fajardo, Sa\u00fal Garc\u00eda, \u00c1lvaro Garc\u00eda Gonz\u00e1lez, Antonio Gonz\u00e1lez Vi\u00e9itez y Enrique P\u00e9rez Parrilla.\u00a0 El aforo de la sala de La Plazuela estaba completo.<\/p>\n<p><a href=\"https:\/\/fcmanrique.org\/wp-content\/uploads\/fc-manrique-mesa-redonda-pepin-ramirez-cesar-manrique7.jpg\"><img loading=\"lazy\" decoding=\"async\" class=\"alignnone size-full wp-image-20456\" src=\"https:\/\/fcmanrique.org\/wp-content\/uploads\/fc-manrique-mesa-redonda-pepin-ramirez-cesar-manrique7.jpg\" alt=\"\" width=\"920\" height=\"608\" srcset=\"https:\/\/fcmanrique.org\/wp-content\/uploads\/fc-manrique-mesa-redonda-pepin-ramirez-cesar-manrique7.jpg 920w, https:\/\/fcmanrique.org\/wp-content\/uploads\/fc-manrique-mesa-redonda-pepin-ramirez-cesar-manrique7-300x198.jpg 300w, https:\/\/fcmanrique.org\/wp-content\/uploads\/fc-manrique-mesa-redonda-pepin-ramirez-cesar-manrique7-768x508.jpg 768w, https:\/\/fcmanrique.org\/wp-content\/uploads\/fc-manrique-mesa-redonda-pepin-ramirez-cesar-manrique7-289x191.jpg 289w\" sizes=\"auto, (max-width: 920px) 100vw, 920px\" \/><\/a><em>Sa\u00fal Garc\u00eda, Antonio Gonz\u00e1lez Vi\u00e9itez, Manuel Riveiro, Soraya Morales, Enrique P\u00e9rez Parrilla, Luis Fajardo y \u00c1lvaro Garc\u00eda Gonz\u00e1lez<\/em><\/p>\n<p>Soraya Morales habl\u00f3 de la memoria compartida de dos nombres y dos hombres \u201cabrazados a la historia de Lanzarote\u201d y a su est\u00e9tica con un proyecto de arte p\u00fablico. Comenz\u00f3 preguntando por el mito. Para Sa\u00fal Garc\u00eda, el mito tiene que ver con una explicaci\u00f3n simplista que dice que C\u00e9sar vino de Nueva York y convenci\u00f3 a Pep\u00edn para hacer los Centros \u201ccomo si las cosas se hicieran en el vac\u00edo\u201d. Para Garc\u00eda, fueron muchas las dificultades tanto en la sociedad como en la Administraci\u00f3n y hubo que \u201cpicar piedra\u201d en el Cabildo para sacar adelante los Centros de Arte, Cultura y Turismo. Fue complicado \u201cengrasar la maquinaria\u201d y hay constancia de que exist\u00eda una colaboraci\u00f3n entre Manrique y Ram\u00edrez antes de que C\u00e9sar se fuera a Nueva York. \u201cLa realidad es m\u00e1s compleja y m\u00e1s dura\u201d, asegur\u00f3 el primero de los ponentes en intervenir.<\/p>\n<p><a href=\"https:\/\/fcmanrique.org\/wp-content\/uploads\/fc-manrique-mesa-redonda-pepin-ramirez-cesar-manrique2.jpg\"><img loading=\"lazy\" decoding=\"async\" class=\"alignnone size-full wp-image-20451\" src=\"https:\/\/fcmanrique.org\/wp-content\/uploads\/fc-manrique-mesa-redonda-pepin-ramirez-cesar-manrique2.jpg\" alt=\"\" width=\"920\" height=\"614\" srcset=\"https:\/\/fcmanrique.org\/wp-content\/uploads\/fc-manrique-mesa-redonda-pepin-ramirez-cesar-manrique2.jpg 920w, https:\/\/fcmanrique.org\/wp-content\/uploads\/fc-manrique-mesa-redonda-pepin-ramirez-cesar-manrique2-300x200.jpg 300w, https:\/\/fcmanrique.org\/wp-content\/uploads\/fc-manrique-mesa-redonda-pepin-ramirez-cesar-manrique2-768x513.jpg 768w, https:\/\/fcmanrique.org\/wp-content\/uploads\/fc-manrique-mesa-redonda-pepin-ramirez-cesar-manrique2-289x193.jpg 289w\" sizes=\"auto, (max-width: 920px) 100vw, 920px\" \/><\/a><em>Soraya Morales<\/em><\/p>\n<p>Manuel Riveiro dio paso a \u00c1lvaro Garc\u00eda, que trabaj\u00f3 en el \u00e1rea de Hacienda del Cabildo con Pep\u00edn. Garc\u00eda se\u00f1al\u00f3 que el mes de abril de 1919 fue el mes m\u00e1s productivo de la historia de Lanzarote porque nacieron ambos: Ram\u00edrez y Manrique. Habl\u00f3 de la eficacia y la honradez de Jos\u00e9 Ram\u00edrez: \u201cNos hizo creer que no \u00e9ramos funcionarios sino que trabaj\u00e1bamos por el progreso de la Isla\u201d, afirm\u00f3. Y a\u00f1adi\u00f3 que a esa virtud hab\u00eda que sumarle la visi\u00f3n para rodearse de personas trabajadoras y la creaci\u00f3n de \u201cV\u00edas y Obras\u201d (ya que ninguna empresa quer\u00eda venir a\u00a0 Lanzarote a\u00a0 hacer trabajos) que realiza todas las obras p\u00fablicas y tur\u00edsticas.<\/p>\n<p><a href=\"https:\/\/fcmanrique.org\/wp-content\/uploads\/fc-manrique-mesa-redonda-pepin-ramirez-cesar-manrique1.jpg\"><img loading=\"lazy\" decoding=\"async\" class=\"alignnone size-full wp-image-20450\" src=\"https:\/\/fcmanrique.org\/wp-content\/uploads\/fc-manrique-mesa-redonda-pepin-ramirez-cesar-manrique1.jpg\" alt=\"\" width=\"920\" height=\"580\" srcset=\"https:\/\/fcmanrique.org\/wp-content\/uploads\/fc-manrique-mesa-redonda-pepin-ramirez-cesar-manrique1.jpg 920w, https:\/\/fcmanrique.org\/wp-content\/uploads\/fc-manrique-mesa-redonda-pepin-ramirez-cesar-manrique1-300x189.jpg 300w, https:\/\/fcmanrique.org\/wp-content\/uploads\/fc-manrique-mesa-redonda-pepin-ramirez-cesar-manrique1-768x484.jpg 768w, https:\/\/fcmanrique.org\/wp-content\/uploads\/fc-manrique-mesa-redonda-pepin-ramirez-cesar-manrique1-289x182.jpg 289w\" sizes=\"auto, (max-width: 920px) 100vw, 920px\" \/><\/a><em>\u00c1lvaro Garc\u00eda Gonz\u00e1lez<\/em><\/p>\n<p>Antonio Gonz\u00e1lez Vi\u00e9itez destac\u00f3 que las de C\u00e9sar y Pep\u00edn son vidas entrelazadas. Dijo que la dictadura, en sitios alejados, no era la dictadura f\u00e9rrea de los n\u00facleos urbanos obreros y que Pep\u00edn, con visi\u00f3n, comenz\u00f3 a percibir que con el trabajo bien hecho y propuestas razonables y honestas se le comenzaba a tener respeto. Habl\u00f3 sobre el mito que crearon ambos y que ha permanecido en la Isla: \u201cLanzarote es fruto de aquello y su huella perdura, eso son los mitos\u201d.<\/p>\n<p><a href=\"https:\/\/fcmanrique.org\/wp-content\/uploads\/fc-manrique-mesa-redonda-pepin-ramirez-cesar-manrique3.jpg\"><img loading=\"lazy\" decoding=\"async\" class=\"alignnone size-full wp-image-20452\" src=\"https:\/\/fcmanrique.org\/wp-content\/uploads\/fc-manrique-mesa-redonda-pepin-ramirez-cesar-manrique3.jpg\" alt=\"\" width=\"920\" height=\"640\" srcset=\"https:\/\/fcmanrique.org\/wp-content\/uploads\/fc-manrique-mesa-redonda-pepin-ramirez-cesar-manrique3.jpg 920w, https:\/\/fcmanrique.org\/wp-content\/uploads\/fc-manrique-mesa-redonda-pepin-ramirez-cesar-manrique3-300x209.jpg 300w, https:\/\/fcmanrique.org\/wp-content\/uploads\/fc-manrique-mesa-redonda-pepin-ramirez-cesar-manrique3-768x534.jpg 768w, https:\/\/fcmanrique.org\/wp-content\/uploads\/fc-manrique-mesa-redonda-pepin-ramirez-cesar-manrique3-289x201.jpg 289w\" sizes=\"auto, (max-width: 920px) 100vw, 920px\" \/><\/a><em>Enrique P\u00e9rez Parrilla<\/em><\/p>\n<p>Enrique P\u00e9rez Parrilla dijo que Pep\u00edn sufri\u00f3 como presidente por su forma de actuar, por su honradez, \u201cque no se ha dicho\u201d y que lo mismo le pas\u00f3 a C\u00e9sar \u201cy las pas\u00f3 canutas por las cr\u00edticas\u201d. Pero, se consigui\u00f3 \u201cun milagro\u201d gracias a la simbiosis de dos personas, que dan lugar a una tercera cosa \u201cque es m\u00e1s que los dos por separado\u201d. \u201cUn artista y un gran administrador coincidieron en que a esta isla hab\u00eda que darle de comer\u201d para que el pueblo se levantara de aquella pobreza tremenda.<\/p>\n<p><a href=\"https:\/\/fcmanrique.org\/wp-content\/uploads\/fc-manrique-mesa-redonda-pepin-ramirez-cesar-manrique4.jpg\"><img loading=\"lazy\" decoding=\"async\" class=\"alignnone size-full wp-image-20453\" src=\"https:\/\/fcmanrique.org\/wp-content\/uploads\/fc-manrique-mesa-redonda-pepin-ramirez-cesar-manrique4.jpg\" alt=\"\" width=\"920\" height=\"602\" srcset=\"https:\/\/fcmanrique.org\/wp-content\/uploads\/fc-manrique-mesa-redonda-pepin-ramirez-cesar-manrique4.jpg 920w, https:\/\/fcmanrique.org\/wp-content\/uploads\/fc-manrique-mesa-redonda-pepin-ramirez-cesar-manrique4-300x196.jpg 300w, https:\/\/fcmanrique.org\/wp-content\/uploads\/fc-manrique-mesa-redonda-pepin-ramirez-cesar-manrique4-768x503.jpg 768w, https:\/\/fcmanrique.org\/wp-content\/uploads\/fc-manrique-mesa-redonda-pepin-ramirez-cesar-manrique4-289x189.jpg 289w\" sizes=\"auto, (max-width: 920px) 100vw, 920px\" \/><\/a><em>Luis Fajardo<\/em><\/p>\n<p>Soraya Morales record\u00f3 que, como dec\u00eda Antonio L\u00f3pez Su\u00e1rez cuando Pep\u00edn y C\u00e9sar fueron nombrados Hijos predilectos de Lanzarote, deber\u00edan ser \u201cPadres predilectos\u201d, no hijos. Manuel Riveiro puso sobre la mesa una conferencia anunciada de Luis Fajardo, en Arrecife, en plena Transici\u00f3n, que fue censurada, pero que Pep\u00edn Ram\u00edrez s\u00ed le recibi\u00f3 y le dio amparo. Fajardo dijo que eso se produjo en el contexto pol\u00edtico de una dictadura, pero puntualiz\u00f3 que la gesti\u00f3n del Cabildo no fue autoritaria, aunque s\u00ed ejerci\u00f3 la autoridad cuando fue necesario. \u201cPep\u00edn era un hombre de Derecho y tuvo que aplicarlo con dificultad y valent\u00eda desde el principio porque encontr\u00f3 una mala situaci\u00f3n en el Cabildo\u201d, apunt\u00f3. Estaba \u201cdotado de una gran intuici\u00f3n para la selecci\u00f3n de sus objetivos\u201d adem\u00e1s de inteligencia y una perspicacia extraordinaria en la selecci\u00f3n del personal, con criterios \u201cde valor y no de afinidad\u201d. Sane\u00f3 el Cabildo y eso fue fundamental. Tanto Fajardo como \u00c1lvaro Garc\u00eda destacaron la importancia que le dio Pep\u00edn a la educaci\u00f3n y c\u00f3mo tuvo de referente a su t\u00edo Domingo Ram\u00edrez, que fue alcalde de Arrecife durante la Rep\u00fablica y le dio un consejo: \u201cEl mejor alcalde es el que hace m\u00e1s escuelas\u201d.<\/p>\n<p><a href=\"https:\/\/fcmanrique.org\/wp-content\/uploads\/fc-manrique-mesa-redonda-pepin-ramirez-cesar-manrique5.jpg\"><img loading=\"lazy\" decoding=\"async\" class=\"alignnone size-full wp-image-20454\" src=\"https:\/\/fcmanrique.org\/wp-content\/uploads\/fc-manrique-mesa-redonda-pepin-ramirez-cesar-manrique5.jpg\" alt=\"\" width=\"920\" height=\"616\" srcset=\"https:\/\/fcmanrique.org\/wp-content\/uploads\/fc-manrique-mesa-redonda-pepin-ramirez-cesar-manrique5.jpg 920w, https:\/\/fcmanrique.org\/wp-content\/uploads\/fc-manrique-mesa-redonda-pepin-ramirez-cesar-manrique5-300x201.jpg 300w, https:\/\/fcmanrique.org\/wp-content\/uploads\/fc-manrique-mesa-redonda-pepin-ramirez-cesar-manrique5-768x514.jpg 768w, https:\/\/fcmanrique.org\/wp-content\/uploads\/fc-manrique-mesa-redonda-pepin-ramirez-cesar-manrique5-289x194.jpg 289w\" sizes=\"auto, (max-width: 920px) 100vw, 920px\" \/><\/a><em>Manuel Riveiro<\/em><\/p>\n<p>Gonz\u00e1lez Vi\u00e9itez subray\u00f3 un modelo territorial tur\u00edstico insular, pionero, \u201cque dio una marca exterior a Lanzarote\u201d gracias a los m\u00e9ritos art\u00edsticos de C\u00e9sar pero tambi\u00e9n a una impecable gesti\u00f3n administrativa en la que el Cabildo estaba por encima de los ayuntamientos en la gesti\u00f3n del territorio. P\u00e9rez Parrilla dijo que la \u201cizquierda de sal\u00f3n\u201d critica que Pep\u00edn fuera cargo p\u00fablico en tiempos de Franco porque \u201cno se dan cuenta de la situaci\u00f3n que ten\u00eda el pa\u00eds\u201d porque si uno analiza la trayectoria de Pep\u00edn o de C\u00e9sar \u201cse da cuenta de que no fueron hombres de derechas, en absoluto\u201d ya que llevaron a cabo actuaciones anticlasistas y defend\u00edan la iniciativa p\u00fablica. Sa\u00fal Garc\u00eda narr\u00f3 una an\u00e9cdota sobre c\u00f3mo Pep\u00edn deneg\u00f3 una concesi\u00f3n para una empresa propiedad de un exdelegado del Gobierno para explotar el agua de las galer\u00edas de Famara ya que Pep\u00edn apostaba porque el beneficio fuera p\u00fablico y quedase en manos del Cabildo.<\/p>\n<p><a href=\"https:\/\/fcmanrique.org\/wp-content\/uploads\/fc-manrique-mesa-redonda-pepin-ramirez-cesar-manrique6.jpg\"><img loading=\"lazy\" decoding=\"async\" class=\"alignnone size-full wp-image-20455\" src=\"https:\/\/fcmanrique.org\/wp-content\/uploads\/fc-manrique-mesa-redonda-pepin-ramirez-cesar-manrique6.jpg\" alt=\"\" width=\"920\" height=\"564\" srcset=\"https:\/\/fcmanrique.org\/wp-content\/uploads\/fc-manrique-mesa-redonda-pepin-ramirez-cesar-manrique6.jpg 920w, https:\/\/fcmanrique.org\/wp-content\/uploads\/fc-manrique-mesa-redonda-pepin-ramirez-cesar-manrique6-300x184.jpg 300w, https:\/\/fcmanrique.org\/wp-content\/uploads\/fc-manrique-mesa-redonda-pepin-ramirez-cesar-manrique6-768x471.jpg 768w, https:\/\/fcmanrique.org\/wp-content\/uploads\/fc-manrique-mesa-redonda-pepin-ramirez-cesar-manrique6-289x177.jpg 289w\" sizes=\"auto, (max-width: 920px) 100vw, 920px\" \/><\/a><em>Sa\u00fal Garc\u00eda<\/em><\/p>\n<p>\u00c1lvaro Garc\u00eda destac\u00f3 la eficacia porque el presupuesto del Cabildo pas\u00f3 de seis millones de pesetas en 1960, cuando entra a presidirlo Pep\u00edn Ram\u00edrez, a 282 en 1974, cuando Pep\u00edn deja la instituci\u00f3n: \u201cEficacia acreditada\u201d. No cobr\u00f3 nunca por su cargo y no ten\u00eda coche oficial y \u201cen el trato corto era muy convincente\u201d. Para Gonz\u00e1lez Vi\u00e9itez, C\u00e9sar y Pep\u00edn estuvieron en el lugar oportuno y en el momento oportuno y despu\u00e9s los habitantes comenzaron a valorar lo que se estaba haciendo. Habl\u00f3 de la llegada del \u201cturbocapitalismo frente a la simpleza de la vida de Lanzarote\u201d, que convirti\u00f3 todo en mercanc\u00eda. Habl\u00f3 de dos almas en la Isla: una la de los especuladores y los alcaldes que se colocaron de su lado y pusieron los terrenos a disposici\u00f3n del dinero, frente al Cabildo y la mayor\u00eda de los habitantes. \u201cLa capacidad de carga y el mercado no saben de felicidad ni de solidaridad, Lanzarote es una isla arrollada\u201d.<\/p>\n<p><a href=\"https:\/\/fcmanrique.org\/wp-content\/uploads\/fc-manrique-mesa-redonda-pepin-ramirez-cesar-manrique8.jpg\"><img loading=\"lazy\" decoding=\"async\" class=\"alignnone size-full wp-image-20457\" src=\"https:\/\/fcmanrique.org\/wp-content\/uploads\/fc-manrique-mesa-redonda-pepin-ramirez-cesar-manrique8.jpg\" alt=\"\" width=\"920\" height=\"581\" srcset=\"https:\/\/fcmanrique.org\/wp-content\/uploads\/fc-manrique-mesa-redonda-pepin-ramirez-cesar-manrique8.jpg 920w, https:\/\/fcmanrique.org\/wp-content\/uploads\/fc-manrique-mesa-redonda-pepin-ramirez-cesar-manrique8-300x189.jpg 300w, https:\/\/fcmanrique.org\/wp-content\/uploads\/fc-manrique-mesa-redonda-pepin-ramirez-cesar-manrique8-768x485.jpg 768w, https:\/\/fcmanrique.org\/wp-content\/uploads\/fc-manrique-mesa-redonda-pepin-ramirez-cesar-manrique8-289x183.jpg 289w\" sizes=\"auto, (max-width: 920px) 100vw, 920px\" \/><\/a><em>Sa\u00fal Garc\u00eda, Antonio Gonz\u00e1lez Vi\u00e9itez y Manuel Riveiro<\/em><\/p>\n<p>En la mesa se acab\u00f3 hablando del desarrollismo, de c\u00f3mo ponerle freno y de c\u00f3mo C\u00e9sar fue ecologista \u201cantes de que existiera la ecolog\u00eda\u201d. Manuel Riveiro cerr\u00f3 el acto recordando unas palabras de C\u00e9sar en las que manifestaba que ya no se sent\u00eda profeta en su tierra porque no se le hab\u00eda hecho caso, \u201csolo al principio\u201d, con Pep\u00edn en la presidencia, cuando se segu\u00eda una l\u00ednea que condujo al prestigio internacional. \u201cM\u00e1s tarde se impuso la ganancia r\u00e1pida y la especulaci\u00f3n y el negocio particular frente al inter\u00e9s general\u201d. \u201cSon personajes irrepetibles y ser\u00eda un signo de progreso que los actuales responsables pol\u00edticos aprendieran de la historia de estos personajes y de su legado\u201d, finaliz\u00f3 Riveiro.<\/p>\n<p><a href=\"https:\/\/fcmanrique.org\/wp-content\/uploads\/fc-manrique-mesa-redonda-jose-ramirez-cerda-cesar-manrique.pdf\">M\u00e1s informaci\u00f3n sobre la Mesa Redonda \u00ab\u00a0Jos\u00e9 Ram\u00edrez Cerd\u00e1 y C\u00e9sar Manrique: mito y realidad\u00a0\u00bb<\/a><\/p>\n<p><a href=\"https:\/\/fcmanrique.org\/fcm-video\/mesa-redondajose-ramirez-cerda-y-cesar-manrique-mito-y-realidad-18-septiembre\/?lang=es\">Acceder al v\u00eddeo de la mesa redonda<\/a><\/p>\n<p><a href=\"https:\/\/fcmanrique.org\/wp-content\/uploads\/fc-manrique-invitacion-mesa-redonda-pepin-cesar.jpg\"><img loading=\"lazy\" decoding=\"async\" class=\"alignnone size-full wp-image-20377\" src=\"https:\/\/fcmanrique.org\/wp-content\/uploads\/fc-manrique-invitacion-mesa-redonda-pepin-cesar.jpg\" alt=\"\" width=\"1200\" height=\"1200\" srcset=\"https:\/\/fcmanrique.org\/wp-content\/uploads\/fc-manrique-invitacion-mesa-redonda-pepin-cesar.jpg 1200w, https:\/\/fcmanrique.org\/wp-content\/uploads\/fc-manrique-invitacion-mesa-redonda-pepin-cesar-150x150.jpg 150w, https:\/\/fcmanrique.org\/wp-content\/uploads\/fc-manrique-invitacion-mesa-redonda-pepin-cesar-300x300.jpg 300w, https:\/\/fcmanrique.org\/wp-content\/uploads\/fc-manrique-invitacion-mesa-redonda-pepin-cesar-768x768.jpg 768w, https:\/\/fcmanrique.org\/wp-content\/uploads\/fc-manrique-invitacion-mesa-redonda-pepin-cesar-1024x1024.jpg 1024w, https:\/\/fcmanrique.org\/wp-content\/uploads\/fc-manrique-invitacion-mesa-redonda-pepin-cesar-246x246.jpg 246w\" sizes=\"auto, (max-width: 1200px) 100vw, 1200px\" \/><\/a><\/p>","protected":false},"excerpt":{"rendered":"<p>D\u00e9sol\u00e9, cet article est seulement disponible en ES.Un trabajo audiovisual de Miguel G. Morales con im\u00e1genes de Pep\u00edn Ram\u00edrez y C\u00e9sar Manrique abri\u00f3 la mesa redonda \u201cJos\u00e9 Ram\u00edrez Cerd\u00e1 y C\u00e9sar Manrique: mito y realidad\u201d, el d\u00eda 18 de septiembre, moderada por los periodistas Manuel Riveiro y Soraya Morales, con la participaci\u00f3n de Luis Fajardo,&#8230; <a href=\"https:\/\/fcmanrique.org\/fr\/fcm-c-acti-celebrada\/pepin-y-cesar\/\" class=\"readmore\">Contin\u00faa leyendo \u2192<\/a><\/p>\n","protected":false},"featured_media":20458,"parent":0,"template":"","meta":{"_acf_changed":false,"ngg_post_thumbnail":0,"footnotes":""},"class_list":["post-20449","fcm_c_acti_celebrada","type-fcm_c_acti_celebrada","status-publish","has-post-thumbnail","hentry","c_acti_celebrada_categoria-mesa-redonda"],"acf":[],"_links":{"self":[{"href":"https:\/\/fcmanrique.org\/fr\/wp-json\/wp\/v2\/fcm_c_acti_celebrada\/20449","targetHints":{"allow":["GET"]}}],"collection":[{"href":"https:\/\/fcmanrique.org\/fr\/wp-json\/wp\/v2\/fcm_c_acti_celebrada"}],"about":[{"href":"https:\/\/fcmanrique.org\/fr\/wp-json\/wp\/v2\/types\/fcm_c_acti_celebrada"}],"version-history":[{"count":7,"href":"https:\/\/fcmanrique.org\/fr\/wp-json\/wp\/v2\/fcm_c_acti_celebrada\/20449\/revisions"}],"predecessor-version":[{"id":20682,"href":"https:\/\/fcmanrique.org\/fr\/wp-json\/wp\/v2\/fcm_c_acti_celebrada\/20449\/revisions\/20682"}],"wp:featuredmedia":[{"embeddable":true,"href":"https:\/\/fcmanrique.org\/fr\/wp-json\/wp\/v2\/media\/20458"}],"wp:attachment":[{"href":"https:\/\/fcmanrique.org\/fr\/wp-json\/wp\/v2\/media?parent=20449"}],"curies":[{"name":"wp","href":"https:\/\/api.w.org\/{rel}","templated":true}]}}