{"id":20566,"date":"2019-10-07T09:45:16","date_gmt":"2019-10-07T09:45:16","guid":{"rendered":"https:\/\/fcmanrique.org\/?post_type=fcm_c_acti_celebrada&#038;p=20566"},"modified":"2019-10-17T15:28:19","modified_gmt":"2019-10-17T15:28:19","slug":"simon-marchan","status":"publish","type":"fcm_c_acti_celebrada","link":"https:\/\/fcmanrique.org\/fr\/fcm-c-acti-celebrada\/simon-marchan\/","title":{"rendered":"Sim\u00f3n March\u00e1n: \u00ab\u00a0Taro de Tah\u00edche, Jameos y el Mirador del R\u00edo son obras de primer\u00edsimo orden en cualquier lugar\u00a0\u00bb"},"content":{"rendered":"<p class=\"qtranxs-available-languages-message qtranxs-available-languages-message-fr\">D\u00e9sol\u00e9, cet article est seulement disponible en <a href=\"https:\/\/fcmanrique.org\/es\/wp-json\/wp\/v2\/fcm_c_acti_celebrada\/20566\" class=\"qtranxs-available-language-link qtranxs-available-language-link-es\" title=\"ES\">ES<\/a>.<\/p><p>\u201cEsta no es una actividad m\u00e1s\u201d, se\u00f1al\u00f3 Fernando G\u00f3mez Aguilera en la presentaci\u00f3n de la conferencia<i> El embellecimiento de una isla: la obra de arte total en C\u00e9sar Manrique<\/i>, de Sim\u00f3n March\u00e1n, el d\u00eda 3 de octubre. El director de la FCM manifest\u00f3 el afecto de la instituci\u00f3n por el conferenciante y valor\u00f3 su presencia como uno de los expertos \u201cm\u00e1s reconocidos e influyentes en est\u00e9tica, arquitectura y arte\u201d en Espa\u00f1a, un maestro de maestros.<\/p>\n<p>March\u00e1n hizo una larga introducci\u00f3n en la que explic\u00f3 c\u00f3mo conoci\u00f3 a C\u00e9sar Manrique en 1973, en un congreso pionero sobre arte p\u00fablico organizado por el Colegio de arquitectos en Santa Cruz de Tenerife al que C\u00e9sar no estaba invitado pero que \u201calborotaba un poco por all\u00ed\u201d. Cinco a\u00f1os despu\u00e9s, lo conoci\u00f3 m\u00e1s, a \u00e9l y a Pepe D\u00e1maso, y se dio cuenta de que a C\u00e9sar entre los pintores s\u00ed se le aceptaba pero no as\u00ed entre los arquitectos, y que los ambientalistas \u201cni exist\u00edan\u201d. \u201cLos par\u00e1metros culturales no eran los que luego tuvimos, hab\u00eda una escisi\u00f3n entre lo culto y el arte popular\u201d y el debate entre alta y baja cultura a\u00fan no hab\u00eda llegado. A C\u00e9sar en la universidad no se le hac\u00eda mucho caso, se\u00f1al\u00f3 March\u00e1n. \u201cLo que llamaba la atenci\u00f3n de C\u00e9sar es que no era un te\u00f3rico, era una persona intuitiva con gran sensibilidad\u201d, dijo.<\/p>\n<p><a href=\"https:\/\/fcmanrique.org\/wp-content\/uploads\/fc-manrique-conferencia-simon-marchan2.jpg\"><img loading=\"lazy\" decoding=\"async\" class=\"alignnone size-full wp-image-20568\" src=\"https:\/\/fcmanrique.org\/wp-content\/uploads\/fc-manrique-conferencia-simon-marchan2.jpg\" alt=\"\" width=\"920\" height=\"626\" srcset=\"https:\/\/fcmanrique.org\/wp-content\/uploads\/fc-manrique-conferencia-simon-marchan2.jpg 920w, https:\/\/fcmanrique.org\/wp-content\/uploads\/fc-manrique-conferencia-simon-marchan2-300x204.jpg 300w, https:\/\/fcmanrique.org\/wp-content\/uploads\/fc-manrique-conferencia-simon-marchan2-768x523.jpg 768w, https:\/\/fcmanrique.org\/wp-content\/uploads\/fc-manrique-conferencia-simon-marchan2-289x197.jpg 289w\" sizes=\"auto, (max-width: 920px) 100vw, 920px\" \/><\/a><em>Sim\u00f3n March\u00e1n<\/em><\/p>\n<p>El cr\u00edtico de arte bas\u00f3 su exposici\u00f3n en una sucesi\u00f3n de im\u00e1genes comparadas que fue comentando. Comenz\u00f3 por la identificaci\u00f3n con el territorio. Se\u00f1al\u00f3 que Manrique primero quiso ser como Millares, despu\u00e9s tambi\u00e9n como Pollock y luego fue activista \u201caunque no era un revolucionario\u201d. Afirm\u00f3 la \u201ccomplejidad\u201d de la existencia del artista, que no defend\u00eda la idea de conservar el territorio, \u201cque entonces era algo reaccionario en t\u00e9rminos pol\u00edticos\u201d. El arte, para March\u00e1n, contiene elementos que pueden modificar los comportamientos, aunque no afecta al contenido de la conciencia. Y C\u00e9sar en Lanzarote logra modificar el comportamiento. \u201cC\u00e9sar era un intempestivo\u201d. Operaba de forma reformista e intentaba modificar lo que estaba viendo.<\/p>\n<p>Otra de sus facetas es la de espectador, por c\u00f3mo percibe a la Isla. \u201cTodo espectador es un artista potencial\u201d. Y en este sentido, es muy importante el libro de Manrique\u00a0<i>Lanzarote, arquitectura in\u00e9dita<\/i>. March\u00e1n destac\u00f3 a todos los coautores del libro pero especialmente a Juan Ram\u00edrez de Lucas, un \u201cpersonaje por descubrir\u201d<span style=\"color: #33cc00;\">,<\/span> que debi\u00f3 influir mucho en C\u00e9sar en cuanto al descubrimiento de lo popular. Para March\u00e1n, el libro est\u00e1 dirigido a arquitectos y ambientalistas, y enlaza con el ideal krausista sobre el embellecimiento de la tierra y con el expresionismo, sobre la construcci\u00f3n de la tierra. En \u00e9l aparece el inconsciente \u00f3ptico de la Isla, \u201caquello que no vemos pero que est\u00e1 ah\u00ed\u201d.<\/p>\n<p><a href=\"https:\/\/fcmanrique.org\/wp-content\/uploads\/fc-manrique-conferencia-simon-marchan1.jpg\"><img loading=\"lazy\" decoding=\"async\" class=\"alignnone size-full wp-image-20567\" src=\"https:\/\/fcmanrique.org\/wp-content\/uploads\/fc-manrique-conferencia-simon-marchan1.jpg\" alt=\"\" width=\"920\" height=\"612\" srcset=\"https:\/\/fcmanrique.org\/wp-content\/uploads\/fc-manrique-conferencia-simon-marchan1.jpg 920w, https:\/\/fcmanrique.org\/wp-content\/uploads\/fc-manrique-conferencia-simon-marchan1-300x200.jpg 300w, https:\/\/fcmanrique.org\/wp-content\/uploads\/fc-manrique-conferencia-simon-marchan1-768x511.jpg 768w, https:\/\/fcmanrique.org\/wp-content\/uploads\/fc-manrique-conferencia-simon-marchan1-289x192.jpg 289w\" sizes=\"auto, (max-width: 920px) 100vw, 920px\" \/><\/a><\/p>\n<p>March\u00e1n habl\u00f3 sobre el <i>land art <\/i>y las distintas formas que adopta en cada pa\u00eds, y se\u00f1al\u00f3 que C\u00e9sar sit\u00faa su enclave, su descubrimiento de la Isla, en la geolog\u00eda, y as\u00ed enlaza con una tradici\u00f3n, en la que tambi\u00e9n entra Humboldt, Haeckel, Espinosa o Novalis. \u201cC\u00e9sar incluye fotos de las salinas en ese libro porque se da cuenta de que aquello era verdaderamente importante para la isla\u201d. En esa l\u00ednea de la geometr\u00eda del territorio, tambi\u00e9n incluye una foto de los zocos de La Geria en el libro y eso le abre las puertas del \u00e1mbito internacional ya que se puede ver en Nueva York en una exposici\u00f3n sobre &lsquo;arquitectura sin arquitectos&rsquo;, en 1964.<\/p>\n<p><a href=\"https:\/\/fcmanrique.org\/wp-content\/uploads\/fc-manrique-conferencia-simon-marchan4.jpg\"><img loading=\"lazy\" decoding=\"async\" class=\"alignnone size-full wp-image-20570\" src=\"https:\/\/fcmanrique.org\/wp-content\/uploads\/fc-manrique-conferencia-simon-marchan4.jpg\" alt=\"\" width=\"920\" height=\"628\" srcset=\"https:\/\/fcmanrique.org\/wp-content\/uploads\/fc-manrique-conferencia-simon-marchan4.jpg 920w, https:\/\/fcmanrique.org\/wp-content\/uploads\/fc-manrique-conferencia-simon-marchan4-300x205.jpg 300w, https:\/\/fcmanrique.org\/wp-content\/uploads\/fc-manrique-conferencia-simon-marchan4-768x524.jpg 768w, https:\/\/fcmanrique.org\/wp-content\/uploads\/fc-manrique-conferencia-simon-marchan4-289x197.jpg 289w\" sizes=\"auto, (max-width: 920px) 100vw, 920px\" \/><\/a><\/p>\n<p>El cr\u00edtico de arte habl\u00f3 de la arquitectura mediterr\u00e1nea y de la estancia de Raoul Hausmann en Ibiza, que fue el primero en vehicular la arquitectura como algo art\u00edstico. Tambi\u00e9n habl\u00f3 de otros movimientos espa\u00f1oles que influyeron en C\u00e9sar, de quien dijo que tiene elementos sublimes y elementos kitsch. \u201cEs un ecl\u00e9ctico nato\u201d, se\u00f1al\u00f3. Comienza uni\u00e9ndose en los a\u00f1os 50 a la figuraci\u00f3n geometrizante de Zabaleta y acaba pareci\u00e9ndose a Mir\u00f3. Los juguetes del viento, que estaban en la l\u00ednea del arte populista, tambi\u00e9n viran hacia el arte cin\u00e9tico ambiental. \u201cY luego est\u00e1 la vertiente de lo l\u00fadico\u201d, a\u00f1adi\u00f3.<\/p>\n<p>Para March\u00e1n, al arte p\u00fablico no le hace falta ser original, sino \u201cque est\u00e9 en el sitio adecuado\u201d y subray\u00f3 que Taro de Tah\u00edche, Jameos y el Mirador del R\u00edo \u201cson obras de primer\u00edsimo orden en cualquier lugar\u201d. El Mirador, por dentro, es organicismo puro, Jameos es una aut\u00e9ntica catedral de piedra, apunt\u00f3, y\u00a0de Taro de Tah\u00edche le fascina la conexi\u00f3n entre las burbujas volc\u00e1nicas. La de C\u00e9sar es una arquitectura \u201cpor fusi\u00f3n completa con la naturaleza\u201d, se\u00f1al\u00f3.<\/p>\n<p><a href=\"https:\/\/fcmanrique.org\/wp-content\/uploads\/fc-manrique-conferencia-simon-marchan3.jpg\"><img loading=\"lazy\" decoding=\"async\" class=\"alignnone size-full wp-image-20569\" src=\"https:\/\/fcmanrique.org\/wp-content\/uploads\/fc-manrique-conferencia-simon-marchan3.jpg\" alt=\"\" width=\"920\" height=\"617\" srcset=\"https:\/\/fcmanrique.org\/wp-content\/uploads\/fc-manrique-conferencia-simon-marchan3.jpg 920w, https:\/\/fcmanrique.org\/wp-content\/uploads\/fc-manrique-conferencia-simon-marchan3-300x201.jpg 300w, https:\/\/fcmanrique.org\/wp-content\/uploads\/fc-manrique-conferencia-simon-marchan3-768x515.jpg 768w, https:\/\/fcmanrique.org\/wp-content\/uploads\/fc-manrique-conferencia-simon-marchan3-289x194.jpg 289w\" sizes=\"auto, (max-width: 920px) 100vw, 920px\" \/><\/a><\/p>\n<p><a href=\"https:\/\/fcmanrique.org\/wp-content\/uploads\/fc-manrique-conferencia-simon-marchan.pdf\">M\u00e1s informaci\u00f3n sobre la conferencia de Sim\u00f3n March\u00e1n<\/a><\/p>\n<p><a href=\"https:\/\/fcmanrique.org\/fcm-video\/conferencia-de-simon-marchan-el-embellecimiento-de-una-isla-la-obra-de-arte-total-en-cesar-manrique-3-octubre\/?lang=es\">Acceder al v\u00eddeo de la conferencia<\/a><\/p>\n<p><a href=\"https:\/\/fcmanrique.org\/wp-content\/uploads\/fc-manrique-simon-marchan-1.jpg\"><img loading=\"lazy\" decoding=\"async\" class=\"alignnone size-full wp-image-20516\" src=\"https:\/\/fcmanrique.org\/wp-content\/uploads\/fc-manrique-simon-marchan-1.jpg\" alt=\"\" width=\"1200\" height=\"1200\" srcset=\"https:\/\/fcmanrique.org\/wp-content\/uploads\/fc-manrique-simon-marchan-1.jpg 1200w, https:\/\/fcmanrique.org\/wp-content\/uploads\/fc-manrique-simon-marchan-1-150x150.jpg 150w, https:\/\/fcmanrique.org\/wp-content\/uploads\/fc-manrique-simon-marchan-1-300x300.jpg 300w, https:\/\/fcmanrique.org\/wp-content\/uploads\/fc-manrique-simon-marchan-1-768x768.jpg 768w, https:\/\/fcmanrique.org\/wp-content\/uploads\/fc-manrique-simon-marchan-1-1024x1024.jpg 1024w, https:\/\/fcmanrique.org\/wp-content\/uploads\/fc-manrique-simon-marchan-1-246x246.jpg 246w\" sizes=\"auto, (max-width: 1200px) 100vw, 1200px\" \/><\/a><\/p>","protected":false},"excerpt":{"rendered":"<p>D\u00e9sol\u00e9, cet article est seulement disponible en ES.\u201cEsta no es una actividad m\u00e1s\u201d, se\u00f1al\u00f3 Fernando G\u00f3mez Aguilera en la presentaci\u00f3n de la conferencia El embellecimiento de una isla: la obra de arte total en C\u00e9sar Manrique, de Sim\u00f3n March\u00e1n, el d\u00eda 3 de octubre. El director de la FCM manifest\u00f3 el afecto de la instituci\u00f3n&#8230; <a href=\"https:\/\/fcmanrique.org\/fr\/fcm-c-acti-celebrada\/simon-marchan\/\" class=\"readmore\">Contin\u00faa leyendo \u2192<\/a><\/p>\n","protected":false},"featured_media":20571,"parent":0,"template":"","meta":{"_acf_changed":false,"ngg_post_thumbnail":0,"footnotes":""},"class_list":["post-20566","fcm_c_acti_celebrada","type-fcm_c_acti_celebrada","status-publish","has-post-thumbnail","hentry","c_acti_celebrada_categoria-conferencia"],"acf":[],"_links":{"self":[{"href":"https:\/\/fcmanrique.org\/fr\/wp-json\/wp\/v2\/fcm_c_acti_celebrada\/20566","targetHints":{"allow":["GET"]}}],"collection":[{"href":"https:\/\/fcmanrique.org\/fr\/wp-json\/wp\/v2\/fcm_c_acti_celebrada"}],"about":[{"href":"https:\/\/fcmanrique.org\/fr\/wp-json\/wp\/v2\/types\/fcm_c_acti_celebrada"}],"version-history":[{"count":3,"href":"https:\/\/fcmanrique.org\/fr\/wp-json\/wp\/v2\/fcm_c_acti_celebrada\/20566\/revisions"}],"predecessor-version":[{"id":20685,"href":"https:\/\/fcmanrique.org\/fr\/wp-json\/wp\/v2\/fcm_c_acti_celebrada\/20566\/revisions\/20685"}],"wp:featuredmedia":[{"embeddable":true,"href":"https:\/\/fcmanrique.org\/fr\/wp-json\/wp\/v2\/media\/20571"}],"wp:attachment":[{"href":"https:\/\/fcmanrique.org\/fr\/wp-json\/wp\/v2\/media?parent=20566"}],"curies":[{"name":"wp","href":"https:\/\/api.w.org\/{rel}","templated":true}]}}