{"id":22051,"date":"2020-02-22T09:10:03","date_gmt":"2020-02-22T09:10:03","guid":{"rendered":"https:\/\/fcmanrique.org\/?post_type=fcm_c_acti_celebrada&#038;p=22051"},"modified":"2020-11-23T15:15:46","modified_gmt":"2020-11-23T15:15:46","slug":"creadores-en-emergencia-segundo-dia","status":"publish","type":"fcm_c_acti_celebrada","link":"https:\/\/fcmanrique.org\/fr\/fcm-c-acti-celebrada\/creadores-en-emergencia-segundo-dia\/","title":{"rendered":"Creadores en emergencia: memoria, utop\u00eda, identidad, precariedad, asociacionismo y tecnolog\u00eda"},"content":{"rendered":"<p class=\"qtranxs-available-languages-message qtranxs-available-languages-message-fr\">D\u00e9sol\u00e9, cet article est seulement disponible en <a href=\"https:\/\/fcmanrique.org\/es\/wp-json\/wp\/v2\/fcm_c_acti_celebrada\/22051\" class=\"qtranxs-available-language-link qtranxs-available-language-link-es\" title=\"ES\">ES<\/a>.<\/p><p>Actividad desarrollada con una subvenci\u00f3n del Gobierno de Canarias.<br \/>\n<img loading=\"lazy\" decoding=\"async\" class=\"size-full wp-image-22274 alignnone\" src=\"https:\/\/fcmanrique.org\/wp-content\/uploads\/logo-gobierno-canarias.png\" alt=\"\" width=\"181\" height=\"91\"><\/p>\n<p class=\"Textbody\"><b>Memoria, utop\u00eda, identidad, precariedad, asociacionismo y tecnolog\u00eda.<\/b><\/p>\n<p class=\"Textbody\">El trabajo del cineasta <strong>Dailo Barco<\/strong> gira en torno a dos conceptos: memoria y utop\u00eda, tanto en un sentido personal como cultural. Su experiencia como investigador es la que es transversal a todo lo que hace. Expuso sus diferentes trabajos. <i>Viudas blancas<\/i> es un documental en el que dio voz a las mujeres que se quedaron en Canarias cuando sus maridos emigraron a Venezuela: \u201cNo hay nada escrito sobre esto\u201d. Ya se han llevado a cabo unas 200 proyecciones p\u00fablicas de la pel\u00edcula. Barco no sube sus trabajos a Internet porque prefiere la experiencia de las salas de proyecci\u00f3n como \u201clugares de encuentro\u201d. Un hecho que le provoc\u00f3 un gran orgullo es que en Los Llanos de Aridane se cambi\u00f3 el nombre de una calle franquista por el de Viudas Blancas. El proyecto <i>Memorias de contrabando<\/i> tiene que ver con desparecidos de la Guerra civil y sus familiares. Afirm\u00f3 que \u201cel olvido de la represi\u00f3n es la represi\u00f3n misma\u201d. En <i>Archipi\u00e9lago fantasma<\/i> abordaba la figura de Guet\u00f3n, un actor que apareci\u00f3 en <i>El ladr\u00f3n de los guantes blancos<\/i>, la primera pel\u00edcula que se hizo en Canarias, y que fue asesinado por el franquismo. Estos trabajos son \u201cuna manera de resistir al olvido\u201d. Al igual que la pel\u00edcula <i>Las postales de Roberto<\/i>, sobre un empleado de Iberia que rodaba documentales sobre Canarias. Para Barco, el cine es una herramienta para comprender la sociedad. Se\u00f1al\u00f3 que \u00faltimamente transita de la memoria a la utop\u00eda, y finaliz\u00f3 explicando que preside la asociaci\u00f3n de cineastas de Canarias, Microclima, destacando la importancia del asociacionismo.<\/p>\n<p><a href=\"https:\/\/fcmanrique.org\/wp-content\/uploads\/fc-manrique-creadores-en-emergencia-segundo-dia1.jpg\"><img loading=\"lazy\" decoding=\"async\" class=\"size-full wp-image-22053 alignnone\" src=\"https:\/\/fcmanrique.org\/wp-content\/uploads\/fc-manrique-creadores-en-emergencia-segundo-dia1.jpg\" alt=\"\" width=\"920\" height=\"652\" srcset=\"https:\/\/fcmanrique.org\/wp-content\/uploads\/fc-manrique-creadores-en-emergencia-segundo-dia1.jpg 920w, https:\/\/fcmanrique.org\/wp-content\/uploads\/fc-manrique-creadores-en-emergencia-segundo-dia1-300x213.jpg 300w, https:\/\/fcmanrique.org\/wp-content\/uploads\/fc-manrique-creadores-en-emergencia-segundo-dia1-768x544.jpg 768w, https:\/\/fcmanrique.org\/wp-content\/uploads\/fc-manrique-creadores-en-emergencia-segundo-dia1-289x205.jpg 289w\" sizes=\"auto, (max-width: 920px) 100vw, 920px\" \/><\/a><em>Dailo Barco<\/em><\/p>\n<p><strong>Mikel Luis Hern\u00e1ndez<\/strong> es miembro del grupo de rap <em>Material de contrabando<\/em>. Explic\u00f3 que su proceso creativo estuvo guiado por una l\u00f3gica poco coherente con su forma de ver la m\u00fasica. \u201cEst\u00e1bamos siendo poco honestos con nosotros mismos\u201d. Quer\u00edan profundizar en su identidad y les liber\u00f3 entender que solo se puede hacer un lenguaje universal desde lo local. \u201cEmpezamos a preguntarnos la importancia de la identidad en nuestra forma de hacer m\u00fasica, de avanzar en un proyecto con identidad sin perder el atractivo\u201d. Ahora tratan de que la cuesti\u00f3n cultural pueda estar en su propuesta sin que sea tan expl\u00edcita y hacen un mapa de los sonidos con que se sienten identificados. Tambi\u00e9n habl\u00f3 de la \u201ccultura del ya\u201d. Les preocupaba que pasaban semanas hablando de estrategias comerciales y sin componer, y ah\u00ed se activ\u00f3 una alarma. Les preocupa la velocidad, que merma la libertad y la paz y obliga \u201ca acelerar m\u00e1s de la cuenta\u201d. Les llegaron a preguntar si hab\u00edan desaparecido porque no hab\u00edan colgado ning\u00fan tema en un periodo de tres meses. Considera que \u201cvamos a una huida hacia adelante por la dictadura de lo digital\u201d, que es otro desaf\u00edo y que est\u00e1 recortando terreno a los espacios p\u00fablicos \u201cy eso s\u00ed es una emergencia\u201d.<\/p>\n<p><a href=\"https:\/\/fcmanrique.org\/wp-content\/uploads\/fc-manrique-creadores-en-emergencia-segundo-dia2.jpg\"><img loading=\"lazy\" decoding=\"async\" class=\"size-large wp-image-22054 alignnone\" src=\"https:\/\/fcmanrique.org\/wp-content\/uploads\/fc-manrique-creadores-en-emergencia-segundo-dia2.jpg\" alt=\"\" width=\"920\" height=\"641\" srcset=\"https:\/\/fcmanrique.org\/wp-content\/uploads\/fc-manrique-creadores-en-emergencia-segundo-dia2.jpg 920w, https:\/\/fcmanrique.org\/wp-content\/uploads\/fc-manrique-creadores-en-emergencia-segundo-dia2-300x209.jpg 300w, https:\/\/fcmanrique.org\/wp-content\/uploads\/fc-manrique-creadores-en-emergencia-segundo-dia2-768x535.jpg 768w, https:\/\/fcmanrique.org\/wp-content\/uploads\/fc-manrique-creadores-en-emergencia-segundo-dia2-289x201.jpg 289w\" sizes=\"auto, (max-width: 920px) 100vw, 920px\" \/><\/a><em>Mikel Luis Hern\u00e1ndez<\/em><\/p>\n<p class=\"Textbody\"><strong>Carlota Mantec\u00f3n<\/strong>, bailarina, comenz\u00f3 mostrando un mensaje escrito: \u201cNo sucumbir a lo que parece que tiene que ser\u201d. Mostr\u00f3 un fragmento, en v\u00eddeo, de su \u00faltimo espect\u00e1culo <i>Esto no es una prueba de sonido<\/i> y destac\u00f3 la importancia de la experiencia en vivo. Tras vivir en Londres y Barcelona y volver a Tenerife donde ha encontrado la posibilidad de integrarse en su trabajo, se dio cuenta de que \u201cla incertidumbre est\u00e1 en todos lados\u201d. En 2017 empez\u00f3 una mediaci\u00f3n art\u00edstica con mujeres mayores de 65 a\u00f1os, el proyecto <i>Principiantes<\/i>, donde ellas bailan y tienen un espacio desde el que vivir otras experiencias. Destac\u00f3 la asociaci\u00f3n Pie de base como otro de sus proyectos. \u201cAnte la incertidumbre necesitamos asociacionismo\u201d.<\/p>\n<p><a href=\"https:\/\/fcmanrique.org\/wp-content\/uploads\/fc-manrique-creadores-en-emergencia-segundo-dia3.jpg\"><img loading=\"lazy\" decoding=\"async\" class=\"size-large wp-image-22055 alignnone\" src=\"https:\/\/fcmanrique.org\/wp-content\/uploads\/fc-manrique-creadores-en-emergencia-segundo-dia3.jpg\" alt=\"\" width=\"920\" height=\"675\" srcset=\"https:\/\/fcmanrique.org\/wp-content\/uploads\/fc-manrique-creadores-en-emergencia-segundo-dia3.jpg 920w, https:\/\/fcmanrique.org\/wp-content\/uploads\/fc-manrique-creadores-en-emergencia-segundo-dia3-300x220.jpg 300w, https:\/\/fcmanrique.org\/wp-content\/uploads\/fc-manrique-creadores-en-emergencia-segundo-dia3-768x563.jpg 768w, https:\/\/fcmanrique.org\/wp-content\/uploads\/fc-manrique-creadores-en-emergencia-segundo-dia3-289x212.jpg 289w\" sizes=\"auto, (max-width: 920px) 100vw, 920px\" \/><\/a><em>Carlota Mantec\u00f3n<\/em><\/p>\n<p><strong>Paula de Vega<\/strong> es fil\u00f3loga de formaci\u00f3n y m\u00fasica desde ni\u00f1a. Form\u00f3 un grupo con sus compa\u00f1eras y la profesora de guitarra de un colegio de monjas, que con 14 a\u00f1os ya tocaban en antros. Pertenece a a grupos como <em>Not a number<\/em>,<em> My day<\/em> y otros proyectos m\u00e1s personales. Creci\u00f3 en la era de Internet, en el boom de la cultura de la inmediatez. Afirma que si Walter Benjamin levantara la cabeza se volver\u00eda&nbsp; a suicidar porque en Internet \u201cpocas obras conservan su car\u00e1cter singular\u201d, pero sin embargo la tecnolog\u00eda favorece que aparezcan nuevas disciplinas porque fomenta lo underground y la contracultura. Se\u00f1al\u00f3 que no hay que rechazar las herramientas digitales sino saber usarlas y que, como creadora, cede en algunas cosas ante la tecnolog\u00eda, y en otras no. Son la generaci\u00f3n mejor preparada para el trabajo pero tambi\u00e9n la que sufre m\u00e1s paro, m\u00e1s ansiedad y m\u00e1s depresi\u00f3n, adem\u00e1s de m\u00e1s presi\u00f3n para el \u00e9xito y m\u00e1s competitividad. Sus letras hablan de distop\u00eda o de naturaleza, pero no de amor. \u201cNo solo estamos cansados sino que estamos preocupados por la incertidumbre\u201d, con la sensaci\u00f3n de no poder salir del hoyo porque la precariedad se abre paso entre los creadores. \u201cLa esperanza me parece algo muy lejano\u201d.<\/p>\n<p><a href=\"https:\/\/fcmanrique.org\/wp-content\/uploads\/fc-manrique-creadores-en-emergencia-segundo-dia4.jpg\"><img loading=\"lazy\" decoding=\"async\" class=\"size-large wp-image-22056 alignnone\" src=\"https:\/\/fcmanrique.org\/wp-content\/uploads\/fc-manrique-creadores-en-emergencia-segundo-dia4.jpg\" alt=\"\" width=\"920\" height=\"638\" srcset=\"https:\/\/fcmanrique.org\/wp-content\/uploads\/fc-manrique-creadores-en-emergencia-segundo-dia4.jpg 920w, https:\/\/fcmanrique.org\/wp-content\/uploads\/fc-manrique-creadores-en-emergencia-segundo-dia4-300x208.jpg 300w, https:\/\/fcmanrique.org\/wp-content\/uploads\/fc-manrique-creadores-en-emergencia-segundo-dia4-768x533.jpg 768w, https:\/\/fcmanrique.org\/wp-content\/uploads\/fc-manrique-creadores-en-emergencia-segundo-dia4-289x200.jpg 289w\" sizes=\"auto, (max-width: 920px) 100vw, 920px\" \/><\/a><em>Paula de Vega<\/em><\/p>\n<p><a href=\"https:\/\/fcmanrique.org\/wp-content\/uploads\/fc-manrique-creadores-en-emergencia-segundo-dia5.jpg\"><img loading=\"lazy\" decoding=\"async\" class=\"size-large wp-image-22057 alignnone\" src=\"https:\/\/fcmanrique.org\/wp-content\/uploads\/fc-manrique-creadores-en-emergencia-segundo-dia5.jpg\" alt=\"\" width=\"920\" height=\"603\" srcset=\"https:\/\/fcmanrique.org\/wp-content\/uploads\/fc-manrique-creadores-en-emergencia-segundo-dia5.jpg 920w, https:\/\/fcmanrique.org\/wp-content\/uploads\/fc-manrique-creadores-en-emergencia-segundo-dia5-300x197.jpg 300w, https:\/\/fcmanrique.org\/wp-content\/uploads\/fc-manrique-creadores-en-emergencia-segundo-dia5-768x503.jpg 768w, https:\/\/fcmanrique.org\/wp-content\/uploads\/fc-manrique-creadores-en-emergencia-segundo-dia5-289x189.jpg 289w\" sizes=\"auto, (max-width: 920px) 100vw, 920px\" \/><\/a><\/p>\n<p><a href=\"https:\/\/fcmanrique.org\/wp-content\/uploads\/fc-manrique-diptico-jornadas-creadores-en-emergencia1.jpg\"><img loading=\"lazy\" decoding=\"async\" class=\"size-large wp-image-21966 alignnone\" src=\"https:\/\/fcmanrique.org\/wp-content\/uploads\/fc-manrique-diptico-jornadas-creadores-en-emergencia1-1024x1024.jpg\" alt=\"\" width=\"1024\" height=\"1024\" srcset=\"https:\/\/fcmanrique.org\/wp-content\/uploads\/fc-manrique-diptico-jornadas-creadores-en-emergencia1-1024x1024.jpg 1024w, https:\/\/fcmanrique.org\/wp-content\/uploads\/fc-manrique-diptico-jornadas-creadores-en-emergencia1-300x300.jpg 300w, https:\/\/fcmanrique.org\/wp-content\/uploads\/fc-manrique-diptico-jornadas-creadores-en-emergencia1-150x150.jpg 150w, https:\/\/fcmanrique.org\/wp-content\/uploads\/fc-manrique-diptico-jornadas-creadores-en-emergencia1-768x768.jpg 768w, https:\/\/fcmanrique.org\/wp-content\/uploads\/fc-manrique-diptico-jornadas-creadores-en-emergencia1-246x246.jpg 246w, https:\/\/fcmanrique.org\/wp-content\/uploads\/fc-manrique-diptico-jornadas-creadores-en-emergencia1-1536x1536.jpg 1536w, https:\/\/fcmanrique.org\/wp-content\/uploads\/fc-manrique-diptico-jornadas-creadores-en-emergencia1-2048x2048.jpg 2048w\" sizes=\"auto, (max-width: 1024px) 100vw, 1024px\" \/><\/a><\/p>\n<p><a href=\"https:\/\/fcmanrique.org\/wp-content\/uploads\/fc-manrique-diptico-jornadas-creadores-en-emergencia.pdf\">M\u00e1s informaci\u00f3n sobre las Jornadas &#8211; Horarios y ponentes<\/a><\/p>\n<p><a href=\"https:\/\/fcmanrique.org\/wp-content\/uploads\/fc-manrique-jornadas-creadores-emergencia-canarias.pdf\">M\u00e1s informaci\u00f3n Jornadas Creadores en emergencia<\/a><\/p>","protected":false},"excerpt":{"rendered":"<p>D\u00e9sol\u00e9, cet article est seulement disponible en ES.Actividad desarrollada con una subvenci\u00f3n del Gobierno de Canarias. Memoria, utop\u00eda, identidad, precariedad, asociacionismo y tecnolog\u00eda. El trabajo del cineasta Dailo Barco gira en torno a dos conceptos: memoria y utop\u00eda, tanto en un sentido personal como cultural. Su experiencia como investigador es la que es transversal a&#8230; <a href=\"https:\/\/fcmanrique.org\/fr\/fcm-c-acti-celebrada\/creadores-en-emergencia-segundo-dia\/\" class=\"readmore\">Contin\u00faa leyendo \u2192<\/a><\/p>\n","protected":false},"featured_media":22052,"parent":0,"template":"","meta":{"_acf_changed":false,"ngg_post_thumbnail":0,"footnotes":""},"class_list":["post-22051","fcm_c_acti_celebrada","type-fcm_c_acti_celebrada","status-publish","has-post-thumbnail","hentry","c_acti_celebrada_categoria-musica"],"acf":[],"_links":{"self":[{"href":"https:\/\/fcmanrique.org\/fr\/wp-json\/wp\/v2\/fcm_c_acti_celebrada\/22051","targetHints":{"allow":["GET"]}}],"collection":[{"href":"https:\/\/fcmanrique.org\/fr\/wp-json\/wp\/v2\/fcm_c_acti_celebrada"}],"about":[{"href":"https:\/\/fcmanrique.org\/fr\/wp-json\/wp\/v2\/types\/fcm_c_acti_celebrada"}],"version-history":[{"count":8,"href":"https:\/\/fcmanrique.org\/fr\/wp-json\/wp\/v2\/fcm_c_acti_celebrada\/22051\/revisions"}],"predecessor-version":[{"id":22308,"href":"https:\/\/fcmanrique.org\/fr\/wp-json\/wp\/v2\/fcm_c_acti_celebrada\/22051\/revisions\/22308"}],"wp:featuredmedia":[{"embeddable":true,"href":"https:\/\/fcmanrique.org\/fr\/wp-json\/wp\/v2\/media\/22052"}],"wp:attachment":[{"href":"https:\/\/fcmanrique.org\/fr\/wp-json\/wp\/v2\/media?parent=22051"}],"curies":[{"name":"wp","href":"https:\/\/api.w.org\/{rel}","templated":true}]}}