{"id":18439,"date":"2019-04-15T14:38:02","date_gmt":"2019-04-15T14:38:02","guid":{"rendered":"https:\/\/fcmanrique.org\/?post_type=fcm_c_ev_relac&#038;p=18439"},"modified":"2019-04-26T11:55:45","modified_gmt":"2019-04-26T11:55:45","slug":"cesar-manrique-hijo-predilecto-de-arrecife","status":"publish","type":"fcm_c_ev_relac","link":"https:\/\/fcmanrique.org\/fr\/fcm-c-ev-relac\/cesar-manrique-hijo-predilecto-de-arrecife\/","title":{"rendered":"C\u00e9sar Manrique, Hijo Predilecto de Arrecife"},"content":{"rendered":"<p class=\"qtranxs-available-languages-message qtranxs-available-languages-message-fr\">D\u00e9sol\u00e9, cet article est seulement disponible en <a href=\"https:\/\/fcmanrique.org\/es\/wp-json\/wp\/v2\/fcm_c_ev_relac\/18439\" class=\"qtranxs-available-language-link qtranxs-available-language-link-es\" title=\"ES\">ES<\/a>.<\/p><p><\/p>\n<div>\n<div>\n<p>El presidente de la Fundaci\u00f3n C\u00e9sar Manrique (FCM), Jos\u00e9 Juan Ram\u00edrez, y la familia del artista recogieron, el d\u00eda 13 de abril, de manos de la alcaldesa de la ciudad, Eva de Anta, el galard\u00f3n que distingue a C\u00e9sar Manrique Cabrera como Hijo Predilecto de Arrecife, a t\u00edtulo p\u00f3stumo, otorgado por unanimidad por el Pleno del Ayuntamiento el pasado d\u00eda 5 de abril. Entre los asistentes, se encontraban varios patronos de la FCM; Carlos Manrique, hermano del artista; varios sobrinos de C\u00e9sar; y diversos representantes p\u00fablicos.<\/p>\n<p>En su discurso de recepci\u00f3n, las primeras palabras del presidente de la FCM fueron de gratitud: \u201cC\u00e9sar es, por fin, hijo predilecto de la ciudad que le vio nacer en las orillas del Charco de San Gin\u00e9s, en 1919. Han pasado muchos a\u00f1os que no debieron transcurrir en el olvido hasta llegar a este acto de justicia, que hoy adquiere el car\u00e1cter de un gesto de reparaci\u00f3n. Arrecife manifiesta el aprecio, el respeto y la gratitud a su hijo m\u00e1s universal y m\u00e1s generoso con la isla en que naci\u00f3. Le distingue y le honra con el reconocimiento que la actual corporaci\u00f3n le ha tributado a t\u00edtulo p\u00f3stumo un\u00e1nimemente. Haci\u00e9ndolo, el Ayuntamiento de Arrecife honra a C\u00e9sar, que sin duda merec\u00eda esta distinci\u00f3n, pero se honra tambi\u00e9n a s\u00ed mismo y salda una deuda que era ya hist\u00f3rica e inc\u00f3moda\u201d.<\/p>\n<p><a href=\"https:\/\/fcmanrique.org\/wp-content\/uploads\/fc-manrique-predilecto-arrecife-jose-juan-ramirez.pdf\">Leer el discurso de Jos\u00e9 Juan Ram\u00edrez<\/a><\/p>\n<\/div>\n<\/div>\n<p><\/p>","protected":false},"excerpt":{"rendered":"<p>D\u00e9sol\u00e9, cet article est seulement disponible en ES. El presidente de la Fundaci\u00f3n C\u00e9sar Manrique (FCM), Jos\u00e9 Juan Ram\u00edrez, y la familia del artista recogieron, el d\u00eda 13 de abril, de manos de la alcaldesa de la ciudad, Eva de Anta, el galard\u00f3n que distingue a C\u00e9sar Manrique Cabrera como Hijo Predilecto de Arrecife, a&#8230; <a href=\"https:\/\/fcmanrique.org\/fr\/fcm-c-ev-relac\/cesar-manrique-hijo-predilecto-de-arrecife\/\" class=\"readmore\">Contin\u00faa leyendo \u2192<\/a><\/p>\n","protected":false},"featured_media":18578,"parent":0,"template":"","meta":{"_acf_changed":false,"ngg_post_thumbnail":0,"footnotes":""},"class_list":["post-18439","fcm_c_ev_relac","type-fcm_c_ev_relac","status-publish","has-post-thumbnail","hentry","c_ev_relac_categoria-reconocimiento"],"acf":[],"_links":{"self":[{"href":"https:\/\/fcmanrique.org\/fr\/wp-json\/wp\/v2\/fcm_c_ev_relac\/18439","targetHints":{"allow":["GET"]}}],"collection":[{"href":"https:\/\/fcmanrique.org\/fr\/wp-json\/wp\/v2\/fcm_c_ev_relac"}],"about":[{"href":"https:\/\/fcmanrique.org\/fr\/wp-json\/wp\/v2\/types\/fcm_c_ev_relac"}],"version-history":[{"count":11,"href":"https:\/\/fcmanrique.org\/fr\/wp-json\/wp\/v2\/fcm_c_ev_relac\/18439\/revisions"}],"predecessor-version":[{"id":18720,"href":"https:\/\/fcmanrique.org\/fr\/wp-json\/wp\/v2\/fcm_c_ev_relac\/18439\/revisions\/18720"}],"wp:featuredmedia":[{"embeddable":true,"href":"https:\/\/fcmanrique.org\/fr\/wp-json\/wp\/v2\/media\/18578"}],"wp:attachment":[{"href":"https:\/\/fcmanrique.org\/fr\/wp-json\/wp\/v2\/media?parent=18439"}],"curies":[{"name":"wp","href":"https:\/\/api.w.org\/{rel}","templated":true}]}}