{"id":20948,"date":"2019-11-13T20:12:29","date_gmt":"2019-11-13T20:12:29","guid":{"rendered":"https:\/\/fcmanrique.org\/?post_type=fcm_c_ev_relac&#038;p=20948"},"modified":"2019-11-14T11:59:56","modified_gmt":"2019-11-14T11:59:56","slug":"presentacion-jornadas-manriquenas","status":"publish","type":"fcm_c_ev_relac","link":"https:\/\/fcmanrique.org\/fr\/fcm-c-ev-relac\/presentacion-jornadas-manriquenas\/","title":{"rendered":"Jornadas en homenaje a C\u00e9sar Manrique en el municipio de San Bartolom\u00e9"},"content":{"rendered":"<p class=\"qtranxs-available-languages-message qtranxs-available-languages-message-fr\">D\u00e9sol\u00e9, cet article est seulement disponible en <a href=\"https:\/\/fcmanrique.org\/es\/wp-json\/wp\/v2\/fcm_c_ev_relac\/20948\" class=\"qtranxs-available-language-link qtranxs-available-language-link-es\" title=\"ES\">ES<\/a>.<\/p><p>El Ayuntamiento de San Bartolom\u00e9, a trav\u00e9s de la concejal\u00eda de Cultura, y en colaboraci\u00f3n con la Fundaci\u00f3n C\u00e9sar Manrique (FCM), ha dise\u00f1ado una propuesta&nbsp; multidisciplinar que a\u00fana teatro, arte y m\u00fasica, que gira en torno a la figura del artista C\u00e9sar Manrique, en la celebraci\u00f3n del centenario de su nacimiento. Los diferentes actos fueron presentados en la ma\u00f1ana del 13 de noviembre, contando con la presencia del alcalde, Alexis Tejera, el director de la FCM, Fernando G\u00f3mez Aguilera y el concejal de Cultura, Isidro P\u00e9rez.<\/p>\n<p><a href=\"https:\/\/fcmanrique.org\/wp-content\/uploads\/fc-manrique-jornadas-manrique\u00f1as-san-bartolome1.jpg\"><img loading=\"lazy\" decoding=\"async\" class=\"alignnone size-full wp-image-20949\" src=\"https:\/\/fcmanrique.org\/wp-content\/uploads\/fc-manrique-jornadas-manrique\u00f1as-san-bartolome1.jpg\" alt=\"\" width=\"920\" height=\"613\" srcset=\"https:\/\/fcmanrique.org\/wp-content\/uploads\/fc-manrique-jornadas-manrique\u00f1as-san-bartolome1.jpg 920w, https:\/\/fcmanrique.org\/wp-content\/uploads\/fc-manrique-jornadas-manrique\u00f1as-san-bartolome1-300x200.jpg 300w, https:\/\/fcmanrique.org\/wp-content\/uploads\/fc-manrique-jornadas-manrique\u00f1as-san-bartolome1-768x512.jpg 768w, https:\/\/fcmanrique.org\/wp-content\/uploads\/fc-manrique-jornadas-manrique\u00f1as-san-bartolome1-289x193.jpg 289w\" sizes=\"auto, (max-width: 920px) 100vw, 920px\" \/><\/a><em>Fernando G\u00f3mez Aguilera, Alexis Tejera e Isidro P\u00e9rez<\/em><\/p>\n<p>Ser\u00e1n tres jornadas en donde se ha programado arte, teatro y m\u00fasica como homenaje al artista lanzarote\u00f1o.<\/p>\n<p><strong>14 de noviembre<\/strong>. Inauguraci\u00f3n de la exposici\u00f3n C\u00c9SAR MANRIQUE. 100 A\u00d1OS DE VIDA, a las 19.00 horas,&nbsp; en la sala de exposiciones de la Bodeguita de la Casa Cerde\u00f1a.<\/p>\n<p><strong>14 de noviembre<\/strong>. La apuesta teatral LAS MUJERES DE C\u00c9SAR, a cargo de la compa\u00f1\u00eda SomoS, se escenificar\u00e1 a las 21.00 horas, en el Teatro de San Bartolom\u00e9, bajo la direcci\u00f3n de Esther V\u00e1zquez.<\/p>\n<p><strong>15 de noviembre<\/strong>. Concierto de NI\u00d1O DE ELCHE, en el Teatro Municipal, a las 20.00 horas.<\/p>\n<p><strong>16 de noviembre<\/strong>. Espect\u00e1culo de narraci\u00f3n y m\u00fasica tradicional TARO, se celebrar\u00e1 en el Teatro Municipal a las 20.00 horas.<\/p>\n<p><a href=\"https:\/\/fcmanrique.org\/wp-content\/uploads\/san_bartolome_centenario_manrique.pdf\">M\u00e1s informaci\u00f3n del homenaje a Manrique. Ayuntamiento de San Bartolom\u00e9<\/a><\/p>\n<p><a href=\"https:\/\/fcmanrique.org\/wp-content\/uploads\/fc-manrique-jornadas-manrique\u00f1as-san-bartolome2.jpg\"><img loading=\"lazy\" decoding=\"async\" class=\"alignnone size-full wp-image-20950\" src=\"https:\/\/fcmanrique.org\/wp-content\/uploads\/fc-manrique-jornadas-manrique\u00f1as-san-bartolome2.jpg\" alt=\"\" width=\"920\" height=\"613\" srcset=\"https:\/\/fcmanrique.org\/wp-content\/uploads\/fc-manrique-jornadas-manrique\u00f1as-san-bartolome2.jpg 920w, https:\/\/fcmanrique.org\/wp-content\/uploads\/fc-manrique-jornadas-manrique\u00f1as-san-bartolome2-300x200.jpg 300w, https:\/\/fcmanrique.org\/wp-content\/uploads\/fc-manrique-jornadas-manrique\u00f1as-san-bartolome2-768x512.jpg 768w, https:\/\/fcmanrique.org\/wp-content\/uploads\/fc-manrique-jornadas-manrique\u00f1as-san-bartolome2-289x193.jpg 289w\" sizes=\"auto, (max-width: 920px) 100vw, 920px\" \/><\/a><\/p>\n<p><a href=\"https:\/\/fcmanrique.org\/wp-content\/uploads\/Cartel-actos-conmemorativos-Centenario-C\u00e9sar-Manrique-en-el-municipio-de-San-Bartolom\u00e9-nov-2019.jpg\"><img loading=\"lazy\" decoding=\"async\" class=\"alignnone size-full wp-image-20954\" src=\"https:\/\/fcmanrique.org\/wp-content\/uploads\/Cartel-actos-conmemorativos-Centenario-C\u00e9sar-Manrique-en-el-municipio-de-San-Bartolom\u00e9-nov-2019.jpg\" alt=\"\" width=\"550\" height=\"778\" srcset=\"https:\/\/fcmanrique.org\/wp-content\/uploads\/Cartel-actos-conmemorativos-Centenario-C\u00e9sar-Manrique-en-el-municipio-de-San-Bartolom\u00e9-nov-2019.jpg 550w, https:\/\/fcmanrique.org\/wp-content\/uploads\/Cartel-actos-conmemorativos-Centenario-C\u00e9sar-Manrique-en-el-municipio-de-San-Bartolom\u00e9-nov-2019-212x300.jpg 212w, https:\/\/fcmanrique.org\/wp-content\/uploads\/Cartel-actos-conmemorativos-Centenario-C\u00e9sar-Manrique-en-el-municipio-de-San-Bartolom\u00e9-nov-2019-174x246.jpg 174w\" sizes=\"auto, (max-width: 550px) 100vw, 550px\" \/><\/a><\/p>","protected":false},"excerpt":{"rendered":"<p>D\u00e9sol\u00e9, cet article est seulement disponible en ES.El Ayuntamiento de San Bartolom\u00e9, a trav\u00e9s de la concejal\u00eda de Cultura, y en colaboraci\u00f3n con la Fundaci\u00f3n C\u00e9sar Manrique (FCM), ha dise\u00f1ado una propuesta&nbsp; multidisciplinar que a\u00fana teatro, arte y m\u00fasica, que gira en torno a la figura del artista C\u00e9sar Manrique, en la celebraci\u00f3n del centenario&#8230; <a href=\"https:\/\/fcmanrique.org\/fr\/fcm-c-ev-relac\/presentacion-jornadas-manriquenas\/\" class=\"readmore\">Contin\u00faa leyendo \u2192<\/a><\/p>\n","protected":false},"featured_media":20951,"parent":0,"template":"","meta":{"_acf_changed":false,"ngg_post_thumbnail":0,"footnotes":""},"class_list":["post-20948","fcm_c_ev_relac","type-fcm_c_ev_relac","status-publish","has-post-thumbnail","hentry","c_ev_relac_categoria-presentacion"],"acf":[],"_links":{"self":[{"href":"https:\/\/fcmanrique.org\/fr\/wp-json\/wp\/v2\/fcm_c_ev_relac\/20948","targetHints":{"allow":["GET"]}}],"collection":[{"href":"https:\/\/fcmanrique.org\/fr\/wp-json\/wp\/v2\/fcm_c_ev_relac"}],"about":[{"href":"https:\/\/fcmanrique.org\/fr\/wp-json\/wp\/v2\/types\/fcm_c_ev_relac"}],"version-history":[{"count":3,"href":"https:\/\/fcmanrique.org\/fr\/wp-json\/wp\/v2\/fcm_c_ev_relac\/20948\/revisions"}],"predecessor-version":[{"id":20956,"href":"https:\/\/fcmanrique.org\/fr\/wp-json\/wp\/v2\/fcm_c_ev_relac\/20948\/revisions\/20956"}],"wp:featuredmedia":[{"embeddable":true,"href":"https:\/\/fcmanrique.org\/fr\/wp-json\/wp\/v2\/media\/20951"}],"wp:attachment":[{"href":"https:\/\/fcmanrique.org\/fr\/wp-json\/wp\/v2\/media?parent=20948"}],"curies":[{"name":"wp","href":"https:\/\/api.w.org\/{rel}","templated":true}]}}