{"id":21275,"date":"2019-11-27T13:00:42","date_gmt":"2019-11-27T13:00:42","guid":{"rendered":"https:\/\/fcmanrique.org\/?post_type=fcm_c_ev_relac&#038;p=21275"},"modified":"2019-12-11T11:38:07","modified_gmt":"2019-12-11T11:38:07","slug":"la-fundacion-jose-saramago-rinde-homenaje-a-cesar-manrique","status":"publish","type":"fcm_c_ev_relac","link":"https:\/\/fcmanrique.org\/fr\/fcm-c-ev-relac\/la-fundacion-jose-saramago-rinde-homenaje-a-cesar-manrique\/","title":{"rendered":"La Fundaci\u00f3n Jos\u00e9 Saramago, en Lisboa, rinde homenaje a C\u00e9sar Manrique"},"content":{"rendered":"<p class=\"qtranxs-available-languages-message qtranxs-available-languages-message-fr\">D\u00e9sol\u00e9, cet article est seulement disponible en <a href=\"https:\/\/fcmanrique.org\/es\/wp-json\/wp\/v2\/fcm_c_ev_relac\/21275\" class=\"qtranxs-available-language-link qtranxs-available-language-link-es\" title=\"ES\">ES<\/a>.<\/p><p>La Fundaci\u00f3n Jos\u00e9 Saramago rindi\u00f3 homenaje a C\u00e9sar Manrique con motivo del centenario de su nacimiento (Lanzarote, 1919-1992) el 26 de noviembre, con la organizaci\u00f3n de varios actos en su sede de Lisboa. La ministra de Cultura del Gobierno portugu\u00e9s, Gra\u00e7a Fonseca, y la embajadora de Espa\u00f1a en Portugal, Marta Betanzos, estuvieron presentes en la jornada conmemorativa, entre otras personalidades.<\/p>\n<p>El monogr\u00e1fico en torno al artista lanzarote\u00f1o comenz\u00f3 con la inauguraci\u00f3n de una peque\u00f1a exposici\u00f3n sobre la obra pl\u00e1stica y paisaj\u00edstica del artista. La segunda parte de la jornada consisti\u00f3 en la proyecci\u00f3n de un audiovisual sobre C\u00e9sar Manrique, que introdujo la mesa redonda posterior en la que se abord\u00f3 la aportaci\u00f3n del artista al desarrollo y modernizaci\u00f3n de Lanzarote. En la mesa participaron el director de la FCM, Fernando G\u00f3mez Aguilera,\u00a0el economista Ricardo Paes Mamede, y la soci\u00f3loga Lu\u00edsa Schmidt.<\/p>\n<p>A los actos, que se desarrollaron con la colaboraci\u00f3n de la Fundaci\u00f3n C\u00e9sar Manrique (FCM), asistieron la presidenta y el director de la Fundaci\u00f3n Jos\u00e9 Saramago, Pilar del R\u00edo y S\u00e9rgio Machado, respectivamente; as\u00ed como el presidente de la FCM, Jos\u00e9 Juan Ram\u00edrez, y el director de la instituci\u00f3n, Fernando G\u00f3mez Aguilera.<\/p>\n<p><a href=\"https:\/\/fcmanrique.org\/wp-content\/uploads\/fc-manrique-exposicion-itinerante-lisboa.jpg\"><img loading=\"lazy\" decoding=\"async\" class=\"alignnone size-full wp-image-21430\" src=\"https:\/\/fcmanrique.org\/wp-content\/uploads\/fc-manrique-exposicion-itinerante-lisboa.jpg\" alt=\"\" width=\"920\" height=\"690\" srcset=\"https:\/\/fcmanrique.org\/wp-content\/uploads\/fc-manrique-exposicion-itinerante-lisboa.jpg 920w, https:\/\/fcmanrique.org\/wp-content\/uploads\/fc-manrique-exposicion-itinerante-lisboa-300x225.jpg 300w, https:\/\/fcmanrique.org\/wp-content\/uploads\/fc-manrique-exposicion-itinerante-lisboa-768x576.jpg 768w, https:\/\/fcmanrique.org\/wp-content\/uploads\/fc-manrique-exposicion-itinerante-lisboa-289x217.jpg 289w\" sizes=\"auto, (max-width: 920px) 100vw, 920px\" \/><\/a><\/p>\n<p><em>Fernando G\u00f3mez Aguilera, Ricardo Paes Mamede y Lu\u00edsa Schmidt, en la Fundaci\u00f3n Jos\u00e9 Saramago <\/em>(Lisboa)<\/p>","protected":false},"excerpt":{"rendered":"<p>D\u00e9sol\u00e9, cet article est seulement disponible en ES.La Fundaci\u00f3n Jos\u00e9 Saramago rindi\u00f3 homenaje a C\u00e9sar Manrique con motivo del centenario de su nacimiento (Lanzarote, 1919-1992) el 26 de noviembre, con la organizaci\u00f3n de varios actos en su sede de Lisboa. La ministra de Cultura del Gobierno portugu\u00e9s, Gra\u00e7a Fonseca, y la embajadora de Espa\u00f1a en&#8230; <a href=\"https:\/\/fcmanrique.org\/fr\/fcm-c-ev-relac\/la-fundacion-jose-saramago-rinde-homenaje-a-cesar-manrique\/\" class=\"readmore\">Contin\u00faa leyendo \u2192<\/a><\/p>\n","protected":false},"featured_media":21276,"parent":0,"template":"","meta":{"_acf_changed":false,"ngg_post_thumbnail":0,"footnotes":""},"class_list":["post-21275","fcm_c_ev_relac","type-fcm_c_ev_relac","status-publish","has-post-thumbnail","hentry","c_ev_relac_categoria-colaboracion"],"acf":[],"_links":{"self":[{"href":"https:\/\/fcmanrique.org\/fr\/wp-json\/wp\/v2\/fcm_c_ev_relac\/21275","targetHints":{"allow":["GET"]}}],"collection":[{"href":"https:\/\/fcmanrique.org\/fr\/wp-json\/wp\/v2\/fcm_c_ev_relac"}],"about":[{"href":"https:\/\/fcmanrique.org\/fr\/wp-json\/wp\/v2\/types\/fcm_c_ev_relac"}],"version-history":[{"count":4,"href":"https:\/\/fcmanrique.org\/fr\/wp-json\/wp\/v2\/fcm_c_ev_relac\/21275\/revisions"}],"predecessor-version":[{"id":21431,"href":"https:\/\/fcmanrique.org\/fr\/wp-json\/wp\/v2\/fcm_c_ev_relac\/21275\/revisions\/21431"}],"wp:featuredmedia":[{"embeddable":true,"href":"https:\/\/fcmanrique.org\/fr\/wp-json\/wp\/v2\/media\/21276"}],"wp:attachment":[{"href":"https:\/\/fcmanrique.org\/fr\/wp-json\/wp\/v2\/media?parent=21275"}],"curies":[{"name":"wp","href":"https:\/\/api.w.org\/{rel}","templated":true}]}}