{"id":15095,"date":"2018-02-21T11:30:36","date_gmt":"2018-02-21T11:30:36","guid":{"rendered":"https:\/\/fcmanrique.org\/fcm-exposicion\/axel-hutte-terra-incognita\/"},"modified":"2018-06-12T15:51:59","modified_gmt":"2018-06-12T15:51:59","slug":"axel-hutte-terra-incognita","status":"publish","type":"fcm_exposicion","link":"https:\/\/fcmanrique.org\/fr\/fcm-exposicion\/axel-hutte-terra-incognita\/","title":{"rendered":"Axel H\u00fctte. Terra incognita"},"content":{"rendered":"<p class=\"qtranxs-available-languages-message qtranxs-available-languages-message-fr\">D\u00e9sol\u00e9, cet article est seulement disponible en <a href=\"https:\/\/fcmanrique.org\/es\/wp-json\/wp\/v2\/fcm_exposicion\/15095\" class=\"qtranxs-available-language-link qtranxs-available-language-link-es\" title=\"ES\">ES<\/a>.<\/p><p><\/p>\n<p class=\"MsoNormal\" style=\"text-align: justify;\"><span style=\"ofont-family: Arial;\">El 10 de junio de 2004, se inaugur\u00f3 en la sede de la FCM de Taro de Tah\u00edche, la exposici\u00f3n <em>Axel H\u00fctte. Terra incognita,<\/em> contando con la presencia del artista y de la comisaria. La exposici\u00f3n se clausur\u00f3 el 10 de septiembre.<\/span><\/p>\n<p class=\"MsoNormal\" style=\"text-align: justify;\"><span style=\"ofont-family: Arial;\">Axel H\u00fctte es uno de los de los fot\u00f3grafos m\u00e1s reconocidos a nivel internacional. Su obra est\u00e1 basada en la exhibici\u00f3n de la naturaleza en su estado m\u00e1s natural y libre. Sin embargo, ninguno de sus paisajes puede ser considerado natural, ya que forman parte de un elaborado proceso cultural. Su forma especial de definir la belleza, provocando la sensaci\u00f3n de que la imagen no tiene l\u00edmites, unido a una forma muy caracter\u00edstica de situar la l\u00ednea del horizonte son aspectos caracter\u00edsticos de sus obras. Tras una larga y prestigiosa carrera art\u00edstica, su obra ha sido exhibida en numerosas galer\u00edas y museos internacionales, desde el Centro Georges Pompidou de Par\u00eds, el Museo de Arte Moderno de Osaka o el Museo Guggenheim de Nueva York, entre otros.<\/span><\/p>\n<p class=\"MsoNormal\" style=\"text-align: justify;\"><span style=\"ofont-family: Arial;\">En la exposici\u00f3n presentada en la FCM, pudimos contemplar 18 fotograf\u00edas de la naturaleza, en gran formato. De estas obras, 3 fueron un encargo espec\u00edfico de la FCM para esta exposici\u00f3n. Las otras 15 fotograf\u00edas formaron parte de una exposici\u00f3n en el MNCARS.<\/span><\/p>\n<p class=\"MsoNormal\" style=\"text-align: justify;\"><span style=\"ofont-family: Arial;\">Axel H\u00fctte trabaj\u00f3 durante el mes de marzo en Lanzarote, invitado por la FCM dentro de su programa \u201cArte-Naturaleza. Artistas en residencia\u201d. En los 15 d\u00edas de trabajo el artista realiz\u00f3 obras relacionadas con el paisaje insular, principalmente las zonas de Famara, Soo y el norte de la isla.<\/span><\/p>\n<p class=\"MsoNormal\" style=\"text-align: justify;\"><span style=\"ofont-family: Arial;\">Con la exposici\u00f3n de Axel <\/span><span style=\"ofont-family: Arial;\" lang=\"FR\">H\u00fctte, la FCM <\/span><span style=\"ofont-family: Arial;\">dio continuidad a la l\u00ednea central de trabajo de su programa de exposiciones temporales, como es la de Arte-Naturaleza. Asimismo, contribuye al crecimiento de la colecci\u00f3n permanente con la adquisici\u00f3n de obras de Axel H\u00fctte incluidas en la exposici\u00f3n.<\/span><\/p>\n<p class=\"MsoNormal\" style=\"text-align: justify;\"><span style=\"ofont-family: Arial;\">La exposici\u00f3n recibi\u00f3 97.660 visitantes.<\/span><\/p>\n<p><\/p>","protected":false},"featured_media":16805,"parent":0,"template":"","meta":{"_acf_changed":false,"ngg_post_thumbnail":0,"footnotes":""},"exposicion_linea_discursiva":[51],"class_list":["post-15095","fcm_exposicion","type-fcm_exposicion","status-publish","has-post-thumbnail","hentry","exposicion_linea_discursiva-arte-naturaleza"],"acf":[],"_links":{"self":[{"href":"https:\/\/fcmanrique.org\/fr\/wp-json\/wp\/v2\/fcm_exposicion\/15095","targetHints":{"allow":["GET"]}}],"collection":[{"href":"https:\/\/fcmanrique.org\/fr\/wp-json\/wp\/v2\/fcm_exposicion"}],"about":[{"href":"https:\/\/fcmanrique.org\/fr\/wp-json\/wp\/v2\/types\/fcm_exposicion"}],"version-history":[{"count":1,"href":"https:\/\/fcmanrique.org\/fr\/wp-json\/wp\/v2\/fcm_exposicion\/15095\/revisions"}],"predecessor-version":[{"id":16808,"href":"https:\/\/fcmanrique.org\/fr\/wp-json\/wp\/v2\/fcm_exposicion\/15095\/revisions\/16808"}],"wp:featuredmedia":[{"embeddable":true,"href":"https:\/\/fcmanrique.org\/fr\/wp-json\/wp\/v2\/media\/16805"}],"wp:attachment":[{"href":"https:\/\/fcmanrique.org\/fr\/wp-json\/wp\/v2\/media?parent=15095"}],"wp:term":[{"taxonomy":"exposicion_linea_discursiva","embeddable":true,"href":"https:\/\/fcmanrique.org\/fr\/wp-json\/wp\/v2\/exposicion_linea_discursiva?post=15095"}],"curies":[{"name":"wp","href":"https:\/\/api.w.org\/{rel}","templated":true}]}}