{"id":16199,"date":"2000-06-15T00:00:00","date_gmt":"2000-06-15T00:00:00","guid":{"rendered":"https:\/\/fcmanrique.org\/fcm-publicacion\/tejas-lugar-de-dios-obertura\/"},"modified":"2024-04-05T09:30:30","modified_gmt":"2024-04-05T09:30:30","slug":"tejas-lugar-de-dios-obertura","status":"publish","type":"fcm_publicacion","link":"https:\/\/fcmanrique.org\/fr\/fcm-publicacion\/tejas-lugar-de-dios-obertura\/","title":{"rendered":"Tejas: lugar de Dios. Obertura"},"content":{"rendered":"<p class=\"qtranxs-available-languages-message qtranxs-available-languages-message-fr\">D\u00e9sol\u00e9, cet article est seulement disponible en <a href=\"https:\/\/fcmanrique.org\/es\/wp-json\/wp\/v2\/fcm_publicacion\/16199\" class=\"qtranxs-available-language-link qtranxs-available-language-link-es\" title=\"ES\">ES<\/a>.<\/p><p><\/p>\n<p class=\"MsoNormal\" style=\"text-align: justify;\"><span lang=\"ES-TRAD\" style=\"ofont-family: Arial;\"><strong>Francisco Pino<\/strong> (Valladolid, 1910) es uno de los poetas m\u00e1s singulares de la poes\u00eda espa\u00f1ola del siglo XX. Tras sus primeros escritos de los a\u00f1os 20 y sus colaboraciones en las publicaciones vanguardistas de los 30, la guerra civil llev\u00f3 al poeta al silencio y a la soledad. Fruto de tal decisi\u00f3n ha sido una treintena larga de libros de poemas personal\u00edsimos, casi desconocidos la mayor\u00eda de ellos por haber sido editados en peque\u00f1as tiradas, que se desenvuelven entre la tradici\u00f3n y la vanguardia. <\/span><span style=\"ofont-family: Arial;\">A partir de los a\u00f1os 70, su poes\u00eda es reconocida por un n\u00famero cada vez mayor de lectores, gracias a la reedici\u00f3n de algunos de sus t\u00edtulos fundamentales y a la difusi\u00f3n de sus nuevas entregas. <\/span><\/p>\n<p class=\"MsoNormal\" style=\"text-align: justify;\"><span lang=\"ES-TRAD\" style=\"ofont-family: Arial;\">Toda su obra po\u00e9tica qued\u00f3 reunida y revisada en seis vol\u00famenes: <em>Distinto y junto<\/em> (1990) y <em>Siyno Sino<\/em> (1995). Con posterioridad<a name=\"QuickMark\"><\/a>, ha publicado el libro <em>Y por qu\u00e9<\/em> (1992), as\u00ed como las traducciones \u201cinfieles\u201d del<em> C\u00e1ntico de las columnas<\/em>, de Paul Val\u00e9ry, y<em> El cuervo<\/em>, de Edgar Allan Poe.&nbsp; En 1999, public\u00f3<em> Pasaje de la muerte ni\u00f1a<\/em>. Es cofundador de las revistas <em>Meseta Ddooss<\/em> y<em> A la nueva ventura<\/em>. Recibi\u00f3 el Premio Castilla y Le\u00f3n de las Letras en 1989.<\/span><\/p>\n<p><em><span lang=\"ES-TRAD\" style=\"ofont-size: 10pt; ofont-family: Arial;\">Tejas: Lugar de Dios. Obertura <\/span><\/em><span lang=\"ES-TRAD\" style=\"ofont-size: 10pt; ofont-family: Arial;\">es el quinto t\u00edtulo de la colecci\u00f3n de poes\u00eda \u201cP\u00e9\u00f1ola Blanca\u201d. La obra recoge catorce poemas y siete poemas visuales \u2013a los que el autor denomina \u201cpoeturas\u201d\u2013, un conjunto po\u00e9tico a trav\u00e9s del que se plantea un intenso canto de celebraci\u00f3n de la vida y exaltaci\u00f3n de la creaci\u00f3n, en el que los p\u00e1jaros \u2013los gorriones\u2013 se convierten en sujeto po\u00e9tico de indudable capacidad simb\u00f3lica. El libro tiene su complemento dentro de la bibliograf\u00eda del autor con la obra de publicaci\u00f3n paralela <em>Tejas: Lugar de Dios. Poema<\/em> (Valladolid, 2000).<br \/>\n<\/span><\/p>","protected":false},"featured_media":16200,"parent":0,"template":"","meta":{"_acf_changed":false,"ngg_post_thumbnail":0,"footnotes":""},"publicacion_coleccion":[66],"class_list":["post-16199","fcm_publicacion","type-fcm_publicacion","status-publish","has-post-thumbnail","hentry","publicacion_coleccion-penola-blanca"],"acf":[],"_links":{"self":[{"href":"https:\/\/fcmanrique.org\/fr\/wp-json\/wp\/v2\/fcm_publicacion\/16199","targetHints":{"allow":["GET"]}}],"collection":[{"href":"https:\/\/fcmanrique.org\/fr\/wp-json\/wp\/v2\/fcm_publicacion"}],"about":[{"href":"https:\/\/fcmanrique.org\/fr\/wp-json\/wp\/v2\/types\/fcm_publicacion"}],"version-history":[{"count":1,"href":"https:\/\/fcmanrique.org\/fr\/wp-json\/wp\/v2\/fcm_publicacion\/16199\/revisions"}],"predecessor-version":[{"id":25155,"href":"https:\/\/fcmanrique.org\/fr\/wp-json\/wp\/v2\/fcm_publicacion\/16199\/revisions\/25155"}],"wp:featuredmedia":[{"embeddable":true,"href":"https:\/\/fcmanrique.org\/fr\/wp-json\/wp\/v2\/media\/16200"}],"wp:attachment":[{"href":"https:\/\/fcmanrique.org\/fr\/wp-json\/wp\/v2\/media?parent=16199"}],"wp:term":[{"taxonomy":"publicacion_coleccion","embeddable":true,"href":"https:\/\/fcmanrique.org\/fr\/wp-json\/wp\/v2\/publicacion_coleccion?post=16199"}],"curies":[{"name":"wp","href":"https:\/\/api.w.org\/{rel}","templated":true}]}}