{"id":17687,"date":"1998-06-01T00:00:00","date_gmt":"1998-06-01T00:00:00","guid":{"rendered":"https:\/\/fcmanrique.org\/fcm-publicacion\/ciencias-de-la-tierra-y-del-medio-ambiente-material-curricular-para-su-aplicacion-en-el-aula-2\/"},"modified":"2021-12-21T14:06:26","modified_gmt":"2021-12-21T14:06:26","slug":"ciencias-de-la-tierra-y-del-medio-ambiente-material-curricular-para-su-aplicacion-en-el-aula-2","status":"publish","type":"fcm_publicacion","link":"https:\/\/fcmanrique.org\/fr\/fcm-publicacion\/ciencias-de-la-tierra-y-del-medio-ambiente-material-curricular-para-su-aplicacion-en-el-aula-2\/","title":{"rendered":"Ciencias de la Tierra y del Medio Ambiente. Material curricular para su aplicaci\u00f3n en el aula"},"content":{"rendered":"<p class=\"qtranxs-available-languages-message qtranxs-available-languages-message-fr\">D\u00e9sol\u00e9, cet article est seulement disponible en <a href=\"https:\/\/fcmanrique.org\/es\/wp-json\/wp\/v2\/fcm_publicacion\/17687\" class=\"qtranxs-available-language-link qtranxs-available-language-link-es\" title=\"ES\">ES<\/a>.<\/p><p><!-- [if gte mso 9]><xml>\n\nNormal\n0\n21\n\nMicrosoftInternetExplorer4\n\n<\/xml><![endif]--><\/p>\n<style type=\"text\/css\">\n<!-- \/* Style Definitions *\/ p.MsoNormal, li.MsoNormal, div.MsoNormal {mso-style-parent:\"\"; margin:0cm; margin-bottom:.0001pt; font-size:12.0pt;\"Times New Roman\"; mso-fareast-\"Times New Roman\";} @page Section1 {size:612.0pt 792.0pt; margin:70.85pt 3.0cm 70.85pt 3.0cm;} div.Section1 {page:Section1;} --><br \/><\/style>\n<p><!-- [if gte mso 10]>\n\n\n\n<style>\n \/* Style Definitions *\/<br \/> table.MsoNormalTable<br \/>\t{mso-style-name:\"Tabla normal\";<br \/>\tmso-style-parent:\"\";<br \/>\tfont-size:10.0pt;\"Times New Roman\";}<br \/><\/style>\n\n<![endif]--><\/p>\n<p><span style=\"font-size: 10pt;\">El presente volumen es consecuencia del Premio Adicional otorgado, debido a su inter\u00e9s divulgativo, por el Jurado de la XIV convocatoria de los <em>Premios Francisco Giner de los R\u00edos<\/em> del a\u00f1o 1996. Recoge material gr\u00e1fico e impreso para que el profesorado pueda aprovecharlo en la ense\u00f1anza pr\u00e1ctica de las Ciencias de la Tierra y del Medio Ambiente, a causa de a la necesidad<\/span><\/p>\n<p><span style=\"font-size: 10pt;\">Este libro se justifica por la necesidad de incorporar estos temas en la educaci\u00f3n general y ambiental del ciudadano, para la gesti\u00f3n integral sostenible del futuro del planeta y por la necesidad de formaci\u00f3n en la tem\u00e1tica relacionada con los recursos, impactos y riesgos naturales y antr\u00f3picos, as\u00ed como la acertada ordenaci\u00f3n del territorio, etc. 289 p\u00e1ginas<\/span><\/p>","protected":false},"featured_media":17688,"parent":0,"template":"","meta":{"_acf_changed":false,"ngg_post_thumbnail":0,"footnotes":""},"publicacion_coleccion":[56],"class_list":["post-17687","fcm_publicacion","type-fcm_publicacion","status-publish","has-post-thumbnail","hentry","publicacion_coleccion-coediciones"],"acf":[],"_links":{"self":[{"href":"https:\/\/fcmanrique.org\/fr\/wp-json\/wp\/v2\/fcm_publicacion\/17687","targetHints":{"allow":["GET"]}}],"collection":[{"href":"https:\/\/fcmanrique.org\/fr\/wp-json\/wp\/v2\/fcm_publicacion"}],"about":[{"href":"https:\/\/fcmanrique.org\/fr\/wp-json\/wp\/v2\/types\/fcm_publicacion"}],"version-history":[{"count":3,"href":"https:\/\/fcmanrique.org\/fr\/wp-json\/wp\/v2\/fcm_publicacion\/17687\/revisions"}],"predecessor-version":[{"id":22498,"href":"https:\/\/fcmanrique.org\/fr\/wp-json\/wp\/v2\/fcm_publicacion\/17687\/revisions\/22498"}],"wp:featuredmedia":[{"embeddable":true,"href":"https:\/\/fcmanrique.org\/fr\/wp-json\/wp\/v2\/media\/17688"}],"wp:attachment":[{"href":"https:\/\/fcmanrique.org\/fr\/wp-json\/wp\/v2\/media?parent=17687"}],"wp:term":[{"taxonomy":"publicacion_coleccion","embeddable":true,"href":"https:\/\/fcmanrique.org\/fr\/wp-json\/wp\/v2\/publicacion_coleccion?post=17687"}],"curies":[{"name":"wp","href":"https:\/\/api.w.org\/{rel}","templated":true}]}}