{"id":18867,"date":"2019-05-08T22:00:31","date_gmt":"2019-05-08T22:00:31","guid":{"rendered":"https:\/\/fcmanrique.org\/?post_type=fcm_video&#038;p=18867"},"modified":"2023-06-15T18:13:29","modified_gmt":"2023-06-15T18:13:29","slug":"conversacion-inaki-gabilondo-y-sami-nair-8-mayo","status":"publish","type":"fcm_video","link":"https:\/\/fcmanrique.org\/fr\/fcm-video\/conversacion-inaki-gabilondo-y-sami-nair-8-mayo\/","title":{"rendered":"I\u00f1aki Gabilondo y Sami Na\u00efr. \u00abGobernanza siglo XXI. Barbaries y solidaridades\u00bb"},"content":{"rendered":"<p class=\"qtranxs-available-languages-message qtranxs-available-languages-message-fr\">D\u00e9sol\u00e9, cet article est seulement disponible en <a href=\"https:\/\/fcmanrique.org\/es\/wp-json\/wp\/v2\/fcm_video\/18867\" class=\"qtranxs-available-language-link qtranxs-available-language-link-es\" title=\"ES\">ES<\/a>.<\/p><p><strong>Ciclo. Cuatro conversaciones de futuro<\/strong><\/p>\n<p>I\u00f1aki Gabilondo conversar\u00e1 a lo largo del Centenario con pensadores, f\u00edsicos y geoestrategas.<\/p>\n<p><strong>I\u00f1aki Gabilondo<\/strong>&nbsp;es periodista, con una experiencia de m\u00e1s de cuarenta a\u00f1os en el sector audiovisual, y una referencia indiscutible del periodismo de nuestro pa\u00eds, particularmente desde que cre\u00f3 y dirigi\u00f3 durante veinte a\u00f1os el programa \u201cHoy por hoy\u201d de la Cadena SER,&nbsp; convertido en el programa m\u00e1s escuchado de la historia de la radio con m\u00e1s de 3.300.000 oyentes diarios. En 1981 abandon\u00f3 la SER y se pas\u00f3 a RTVE como director de los Servicios Informativos de Televisi\u00f3n Espa\u00f1ola. En esa etapa vivi\u00f3 el intento de golpe de Estado 23-F, una situaci\u00f3n excepcional de la que se deriv\u00f3 su debut como presentador del Telediario de noche.<\/p>\n<p><strong>Sami Na\u00efr<\/strong> es fil\u00f3sofo, polit\u00f3logo y soci\u00f3logo. Es catedr\u00e1tico de Ciencias Pol\u00edticas, ex delegado interministerial franc\u00e9s para las Migraciones Internacionales y el Codesarrollo, y, actualmente, es director del Centro Mediterr\u00e1neo Andalus\u00ed (CMA) de la Universidad Pablo de Olavide de Sevilla.<\/p>\n<p><strong>Leer la cr\u00f3nica de la conversaci\u00f3n:&nbsp;<\/strong><a href=\"https:\/\/fcmanrique.org\/fcm-c-acti-celebrada\/sami-nair-los-movimientos-sociales-son-la-gran-esperanza-para-la-construccion-europea\/?lang=es\">https:\/\/fcmanrique.org\/fcm-c-acti-celebrada\/sami-nair-los-movimientos-sociales-son-la-gran-esperanza-para-la-construccion-europea\/?lang=es<\/a><\/p>\n<p><strong>M\u00e1s informaci\u00f3n:<\/strong>&nbsp;<a href=\"https:\/\/fcmanrique.org\/wp-content\/uploads\/fc-manrique-coloquio-sami-i\u00f1aki.pdf\">Nota de prensa<\/a><\/p>","protected":false},"featured_media":23626,"parent":0,"template":"","meta":{"_acf_changed":false,"ngg_post_thumbnail":0,"footnotes":""},"video_coleccion":[127],"class_list":["post-18867","fcm_video","type-fcm_video","status-publish","has-post-thumbnail","hentry","video_coleccion-conversacion"],"acf":[],"_links":{"self":[{"href":"https:\/\/fcmanrique.org\/fr\/wp-json\/wp\/v2\/fcm_video\/18867","targetHints":{"allow":["GET"]}}],"collection":[{"href":"https:\/\/fcmanrique.org\/fr\/wp-json\/wp\/v2\/fcm_video"}],"about":[{"href":"https:\/\/fcmanrique.org\/fr\/wp-json\/wp\/v2\/types\/fcm_video"}],"version-history":[{"count":19,"href":"https:\/\/fcmanrique.org\/fr\/wp-json\/wp\/v2\/fcm_video\/18867\/revisions"}],"predecessor-version":[{"id":23557,"href":"https:\/\/fcmanrique.org\/fr\/wp-json\/wp\/v2\/fcm_video\/18867\/revisions\/23557"}],"wp:featuredmedia":[{"embeddable":true,"href":"https:\/\/fcmanrique.org\/fr\/wp-json\/wp\/v2\/media\/23626"}],"wp:attachment":[{"href":"https:\/\/fcmanrique.org\/fr\/wp-json\/wp\/v2\/media?parent=18867"}],"wp:term":[{"taxonomy":"video_coleccion","embeddable":true,"href":"https:\/\/fcmanrique.org\/fr\/wp-json\/wp\/v2\/video_coleccion?post=18867"}],"curies":[{"name":"wp","href":"https:\/\/api.w.org\/{rel}","templated":true}]}}