{"id":19810,"date":"2019-06-28T17:00:46","date_gmt":"2019-06-28T17:00:46","guid":{"rendered":"https:\/\/fcmanrique.org\/?post_type=fcm_video&#038;p=19810"},"modified":"2023-06-15T18:09:19","modified_gmt":"2023-06-15T18:09:19","slug":"curso-ante-el-antropoceno-cuando-la-humanidad-desborda-los-limites-biofisicos-del-planeta-28-junio","status":"publish","type":"fcm_video","link":"https:\/\/fcmanrique.org\/fr\/fcm-video\/curso-ante-el-antropoceno-cuando-la-humanidad-desborda-los-limites-biofisicos-del-planeta-28-junio\/","title":{"rendered":"Ante el Antropoceno. \u00abAnte el Antropoceno, \u00bfqu\u00e9 hacer?\u00bb (Parte 1)"},"content":{"rendered":"<p class=\"qtranxs-available-languages-message qtranxs-available-languages-message-fr\">D\u00e9sol\u00e9, cet article est seulement disponible en <a href=\"https:\/\/fcmanrique.org\/es\/wp-json\/wp\/v2\/fcm_video\/19810\" class=\"qtranxs-available-language-link qtranxs-available-language-link-es\" title=\"ES\">ES<\/a>.<\/p><p><strong><em>Ante el Antropoceno. Cuando la humanidad desborda los l\u00edmites biof\u00edsicos del planeta<\/em><\/strong><\/p>\n<p><strong>Viernes, 28: <em>Ante el Antropoceno, \u00bfqu\u00e9 hacer?<\/em> <\/strong>Ponentes: Emilio Santiago Mui\u00f1o, Lolita Ch\u00e1vez, Yayo Herrero. Mesa redonda moderada por Irma Ferrer.<\/p>\n<p><em>\u201cLa transici\u00f3n hacia la sostenibilidad como revoluci\u00f3n antropol\u00f3gica\u201d .<\/em><\/p>\n<p><strong>Emilio Santiago Mui\u00f1o<\/strong> es Doctor en Antropolog\u00eda Social por la Universidad Aut\u00f3noma de Madrid. Forma parte del Grupo de Investigaci\u00f3n Transdisciplinar sobre Transiciones Socioecol\u00f3gicas de la Universidad Aut\u00f3noma de Madrid. Ha sido docente del Departamento de Antropolog\u00eda Social de dicha Universidad y miembro del claustro del Programa de Estudios Independientes del Museo de Arte Contempor\u00e1neo de Barcelona.<\/p>\n<p>Sus publicaciones, tratan el an\u00e1lisis ecosocial o la crisis de civilizaci\u00f3n. Es activista y fundador del Instituto de Transici\u00f3n Rompe el C\u00edrculo (que desarrolla alternativas ante la crisis socio-ecol\u00f3gica que inaugura el pico del petr\u00f3leo), y tambi\u00e9n, es miembro del Grupo Surrealista de Madrid (un colectivo que experimenta la poes\u00eda de una manera alternativa fuera del arte y la literatura). En la legislatura 2015-2019 ocup\u00f3 la responsabilidad de director t\u00e9cnico de Medio Ambiente del Ayuntamiento de M\u00f3stoles, impulsando el plan estrat\u00e9gico \u201cM\u00f3stoles Transita 2030\u201d, sobre sostenibilidad urbana.<\/p>\n<p><em>\u201cExperiencias vitales de una luchadora perseguida por defender sus territorios\u201d.<\/em><\/p>\n<p><strong>Lolita Ch\u00e1vez<\/strong> es maestra, activista de los derechos humanos, especialmente de las mujeres y l\u00edder ind\u00edgena, referente internacional de la lucha por preservar los recursos naturales. Est\u00e1 amenazada de muerte en su pa\u00eds, Guatemala.<\/p>\n<p>Ch\u00e1vez es originaria de los territorios del oeste de Guatemala. Es miembro del Consejo de Pueblos K\u2019iche\u2019s por la Defensa de la Vida, Madre Naturaleza, Tierra y Territorio del pueblo quich\u00e9 para enfrentar los efectos del Tratado de libre comercio entre Am\u00e9rica Central y Estados Unidos.\u200b\u200b Se manifiesta en contra del racismo existente en su pa\u00eds y en contra de las transnacionales que mercantilizan zonas naturales, de forma perversa, con el fin, \u201csupuestamente\u201d, de dar respuesta al cambio clim\u00e1tico.<\/p>\n<p><strong>Leer la cr\u00f3nica del tercer d\u00eda del curso:&nbsp;<\/strong><a href=\"https:\/\/fcmanrique.org\/fcm-c-acti-celebrada\/subversion-y-ternura-para-afrontar-una-declaracion-de-guerra-contra-la-vida\/?lang=es\">https:\/\/fcmanrique.org\/fcm-c-acti-celebrada\/subversion-y-ternura-para-afrontar-una-declaracion-de-guerra-contra-la-vida\/?lang=es<\/a><\/p>\n<p><strong>M\u00e1s informaci\u00f3n:&nbsp;<\/strong><a href=\"https:\/\/fcmanrique.org\/wp-content\/uploads\/fc-manrique-programa-antropoceno.pdf\">Nota de prensa<\/a><\/p>","protected":false},"featured_media":23633,"parent":0,"template":"","meta":{"_acf_changed":false,"ngg_post_thumbnail":0,"footnotes":""},"video_coleccion":[136],"class_list":["post-19810","fcm_video","type-fcm_video","status-publish","has-post-thumbnail","hentry","video_coleccion-curso"],"acf":[],"_links":{"self":[{"href":"https:\/\/fcmanrique.org\/fr\/wp-json\/wp\/v2\/fcm_video\/19810","targetHints":{"allow":["GET"]}}],"collection":[{"href":"https:\/\/fcmanrique.org\/fr\/wp-json\/wp\/v2\/fcm_video"}],"about":[{"href":"https:\/\/fcmanrique.org\/fr\/wp-json\/wp\/v2\/types\/fcm_video"}],"version-history":[{"count":9,"href":"https:\/\/fcmanrique.org\/fr\/wp-json\/wp\/v2\/fcm_video\/19810\/revisions"}],"predecessor-version":[{"id":23641,"href":"https:\/\/fcmanrique.org\/fr\/wp-json\/wp\/v2\/fcm_video\/19810\/revisions\/23641"}],"wp:featuredmedia":[{"embeddable":true,"href":"https:\/\/fcmanrique.org\/fr\/wp-json\/wp\/v2\/media\/23633"}],"wp:attachment":[{"href":"https:\/\/fcmanrique.org\/fr\/wp-json\/wp\/v2\/media?parent=19810"}],"wp:term":[{"taxonomy":"video_coleccion","embeddable":true,"href":"https:\/\/fcmanrique.org\/fr\/wp-json\/wp\/v2\/video_coleccion?post=19810"}],"curies":[{"name":"wp","href":"https:\/\/api.w.org\/{rel}","templated":true}]}}