{"id":21500,"date":"2019-12-11T20:15:15","date_gmt":"2019-12-11T20:15:15","guid":{"rendered":"https:\/\/fcmanrique.org\/?post_type=fcm_video&#038;p=21500"},"modified":"2023-06-15T18:08:36","modified_gmt":"2023-06-15T18:08:36","slug":"curso-saber-de-isla-10-11-y-12-de-diciembre-2-2-2-2-2","status":"publish","type":"fcm_video","link":"https:\/\/fcmanrique.org\/fr\/fcm-video\/curso-saber-de-isla-10-11-y-12-de-diciembre-2-2-2-2-2\/","title":{"rendered":"Saber de isla. Segundo d\u00eda (Parte 3)"},"content":{"rendered":"<p class=\"qtranxs-available-languages-message qtranxs-available-languages-message-fr\">D\u00e9sol\u00e9, cet article est seulement disponible en <a href=\"https:\/\/fcmanrique.org\/es\/wp-json\/wp\/v2\/fcm_video\/21500\" class=\"qtranxs-available-language-link qtranxs-available-language-link-es\" title=\"ES\">ES<\/a>.<\/p><p><strong>Curso. Saber de isla<\/strong><\/p>\n<p>La Fundaci\u00f3n C\u00e9sar Manrique (FCM) organiz\u00f3 los pasados d\u00edas 10, 11 y 12 de diciembre, en la sala Jos\u00e9 Saramago de La Plazuela (Arrecife), el curso \u201cSaber de Isla\u201d. Esta actividad se enmarca dentro del centenario del nacimiento de C\u00e9sar Manrique que la instituci\u00f3n que lleva su nombre celebrar\u00e1 hasta el pr\u00f3ximo 24 de abril de 2020.<\/p>\n<p><em>Saber de Isla<\/em> reuni\u00f3 durante tres tardes a un grupo de investigadores, estudiosos y expertos de distintos \u00e1mbitos de las ciencias y las humanidades con el objetivo de compartir sus conocimientos con el p\u00fablico asistente y exponer sus investigaciones sobre la isla de Lanzarote, dibujando alguno de sus perfiles culturales y cient\u00edficos m\u00e1s significativos.<\/p>\n<p>La segunda de las jornadas, el mi\u00e9rcoles 11 de diciembre, comenz\u00f3 con una conversaci\u00f3n entre Gin\u00e9s D\u00edaz, guarda de medio ambiente en La Graciosa, y los periodistas <strong>Soraya Morales <\/strong>y<strong> Sa\u00fal Garc\u00eda<\/strong>. Posteriormente,<strong> Alfredo Reyes<\/strong>, director del Jard\u00edn de Aclimataci\u00f3n de La Orotava y de la Unidad de Bot\u00e1nica Aplicada del Instituto Canario de Investigaci\u00f3n Agraria, habl\u00f3 sobre la vegetaci\u00f3n insular. Por \u00faltimo, <strong>Domingo Concepci\u00f3n<\/strong>, experto en avifauna, cerr\u00f3 la jornada con un an\u00e1lisis sobre la biodiversidad y las aves como indicadores ecol\u00f3gicos.<\/p>\n<p><strong>Leer la cr\u00f3nica de la conferencia:<\/strong>&nbsp;<a href=\"https:\/\/fcmanrique.org\/fcm-c-acti-celebrada\/saber-de-isla-segundo-dia\/?lang=es\">https:\/\/fcmanrique.org\/fcm-c-acti-celebrada\/saber-de-isla-segundo-dia\/?lang=es<\/a><\/p>\n<p><strong>M\u00e1s informaci\u00f3n:&nbsp;<\/strong><a href=\"https:\/\/fcmanrique.org\/wp-content\/uploads\/fc-manrique-curso-saber-de-isla.pdf\">Nota de prensa<\/a><\/p>","protected":false},"featured_media":23678,"parent":0,"template":"","meta":{"_acf_changed":false,"ngg_post_thumbnail":0,"footnotes":""},"video_coleccion":[136],"class_list":["post-21500","fcm_video","type-fcm_video","status-publish","has-post-thumbnail","hentry","video_coleccion-curso"],"acf":[],"_links":{"self":[{"href":"https:\/\/fcmanrique.org\/fr\/wp-json\/wp\/v2\/fcm_video\/21500","targetHints":{"allow":["GET"]}}],"collection":[{"href":"https:\/\/fcmanrique.org\/fr\/wp-json\/wp\/v2\/fcm_video"}],"about":[{"href":"https:\/\/fcmanrique.org\/fr\/wp-json\/wp\/v2\/types\/fcm_video"}],"version-history":[{"count":5,"href":"https:\/\/fcmanrique.org\/fr\/wp-json\/wp\/v2\/fcm_video\/21500\/revisions"}],"predecessor-version":[{"id":23666,"href":"https:\/\/fcmanrique.org\/fr\/wp-json\/wp\/v2\/fcm_video\/21500\/revisions\/23666"}],"wp:featuredmedia":[{"embeddable":true,"href":"https:\/\/fcmanrique.org\/fr\/wp-json\/wp\/v2\/media\/23678"}],"wp:attachment":[{"href":"https:\/\/fcmanrique.org\/fr\/wp-json\/wp\/v2\/media?parent=21500"}],"wp:term":[{"taxonomy":"video_coleccion","embeddable":true,"href":"https:\/\/fcmanrique.org\/fr\/wp-json\/wp\/v2\/video_coleccion?post=21500"}],"curies":[{"name":"wp","href":"https:\/\/api.w.org\/{rel}","templated":true}]}}