{"id":21535,"date":"2019-12-21T19:00:51","date_gmt":"2019-12-21T19:00:51","guid":{"rendered":"https:\/\/fcmanrique.org\/?post_type=fcm_video&#038;p=21535"},"modified":"2023-06-15T18:08:36","modified_gmt":"2023-06-15T18:08:36","slug":"mesa-redonda-cesar-manrique-en-el-contexto-de-la-cultura-canaria-21-enero","status":"publish","type":"fcm_video","link":"https:\/\/fcmanrique.org\/fr\/fcm-video\/mesa-redonda-cesar-manrique-en-el-contexto-de-la-cultura-canaria-21-enero\/","title":{"rendered":"Mesa redonda. \u00ab\u00a0C\u00e9sar Manrique en el contexto de la cultura canaria\u00a0\u00bb"},"content":{"rendered":"<p class=\"qtranxs-available-languages-message qtranxs-available-languages-message-fr\">D\u00e9sol\u00e9, cet article est seulement disponible en <a href=\"https:\/\/fcmanrique.org\/es\/wp-json\/wp\/v2\/fcm_video\/21535\" class=\"qtranxs-available-language-link qtranxs-available-language-link-es\" title=\"ES\">ES<\/a>.<\/p><p><strong>Ciclo. C\u00e9sar Manrique. Memoria compartida<\/strong><\/p>\n<p>La Fundaci\u00f3n C\u00e9sar Manrique (FCM) acogi\u00f3 el pasado martes, 21 de enero, en la sala Jos\u00e9 Saramago de La Plazuela (Arrecife), la mesa redonda titulada \u201cC\u00e9sar Manrique en el contexto de la cultura canaria\u201d, en la que participaron Elena Acosta, Orlando Britto, Fernando G\u00f3mez Aguilera y Wolfredo Wildpret. El encuentro, que se enmarca dentro de la programaci\u00f3n del centenario del nacimiento del artista que la instituci\u00f3n que lleva su nombre continuar\u00e1 celebrando hasta el 24 de abril de 2020, estuvo moderado por los periodistas Carlos Sosa y Victoriano Su\u00e1rez.<\/p>\n<p>Los ponentes de esta mesa redonda, que es la cuarta y \u00faltima que se celebra dentro del ciclo \u201cC\u00e9sar Manrique. Memoria compartida\u201d, expusieron y analizaron el papel que, a juicio de cada uno de ellos, desempe\u00f1a la obra y la figura de C\u00e9sar Manrique hoy en d\u00eda en el \u00e1mbito de la cultura de Canarias.<\/p>\n<p><strong>Leer la cr\u00f3nica de la mesa redonda:<\/strong> <a href=\"https:\/\/fcmanrique.org\/fcm-c-acti-celebrada\/mesa-redonda-cultura-canaria\/?lang=es\">https:\/\/fcmanrique.org\/fcm-c-acti-celebrada\/mesa-redonda-cultura-canaria\/?lang=es<\/a><\/p>\n<p><strong>M\u00e1s informaci\u00f3n: <\/strong><a href=\"https:\/\/fcmanrique.org\/wp-content\/uploads\/fc_manrique_contexto_cultura-_canaria.pdf\">M\u00e1s informaci\u00f3n sobre la mesa redonda <em>C\u00e9sar Manrique en el contexto de cultura canaria<\/em><\/a><\/p>","protected":false},"featured_media":23671,"parent":0,"template":"","meta":{"_acf_changed":false,"ngg_post_thumbnail":0,"footnotes":""},"video_coleccion":[105],"class_list":["post-21535","fcm_video","type-fcm_video","status-publish","has-post-thumbnail","hentry","video_coleccion-mesa-redonda"],"acf":[],"_links":{"self":[{"href":"https:\/\/fcmanrique.org\/fr\/wp-json\/wp\/v2\/fcm_video\/21535","targetHints":{"allow":["GET"]}}],"collection":[{"href":"https:\/\/fcmanrique.org\/fr\/wp-json\/wp\/v2\/fcm_video"}],"about":[{"href":"https:\/\/fcmanrique.org\/fr\/wp-json\/wp\/v2\/types\/fcm_video"}],"version-history":[{"count":14,"href":"https:\/\/fcmanrique.org\/fr\/wp-json\/wp\/v2\/fcm_video\/21535\/revisions"}],"predecessor-version":[{"id":23590,"href":"https:\/\/fcmanrique.org\/fr\/wp-json\/wp\/v2\/fcm_video\/21535\/revisions\/23590"}],"wp:featuredmedia":[{"embeddable":true,"href":"https:\/\/fcmanrique.org\/fr\/wp-json\/wp\/v2\/media\/23671"}],"wp:attachment":[{"href":"https:\/\/fcmanrique.org\/fr\/wp-json\/wp\/v2\/media?parent=21535"}],"wp:term":[{"taxonomy":"video_coleccion","embeddable":true,"href":"https:\/\/fcmanrique.org\/fr\/wp-json\/wp\/v2\/video_coleccion?post=21535"}],"curies":[{"name":"wp","href":"https:\/\/api.w.org\/{rel}","templated":true}]}}