{"id":27671,"date":"2026-04-22T07:30:57","date_gmt":"2026-04-22T07:30:57","guid":{"rendered":"https:\/\/fcmanrique.org\/?post_type=fcm_video&#038;p=27671"},"modified":"2026-04-27T09:39:54","modified_gmt":"2026-04-27T09:39:54","slug":"yayo-aznar","status":"publish","type":"fcm_video","link":"https:\/\/fcmanrique.org\/fr\/fcm-video\/yayo-aznar\/","title":{"rendered":"Yayo Aznar: \u00ab(Des)velar la melancol\u00eda: arte, memoria y gesti\u00f3n pol\u00edtica\u00bb"},"content":{"rendered":"<p class=\"qtranxs-available-languages-message qtranxs-available-languages-message-fr\">D\u00e9sol\u00e9, cet article est seulement disponible en <a href=\"https:\/\/fcmanrique.org\/es\/wp-json\/wp\/v2\/fcm_video\/27671\" class=\"qtranxs-available-language-link qtranxs-available-language-link-es\" title=\"ES\">ES<\/a>.<\/p><p><strong>Miradas divergentes<\/strong><\/p>\n<p>FECHA: <strong>30 DE ABRIL<\/strong><\/p>\n<p>HORA: <strong>19:30 horas<\/strong><\/p>\n<p>LUGR DE CELEBRACI\u00d3N: <strong>Sala Jos\u00e9 Saramago (La Plazuela-Arrecife)<\/strong><\/p>\n<p>INTERVIENE: <strong>Yayo Aznar<\/strong><\/p>\n<p>La Fundaci\u00f3n C\u00e9sar Manrique (FCM) acoger\u00e1 el pr\u00f3ximo jueves 30 de abril, a las 19:30 horas, la conferencia titulada \u201c(Des)velar la melancol\u00eda: arte, memoria y gesti\u00f3n pol\u00edtica\u201d, que ser\u00e1 impartida por Yayo Aznar, catedr\u00e1tica de Historia del Arte de la UNED. El acto tendr\u00e1 lugar en la Sala Jos\u00e9 Saramago (La Plazuela, Arrecife) y ser\u00e1 transmitido en directo a trav\u00e9s de la web y el canal de Youtube de la FCM.<br \/>\nDurante su ponencia, Aznar analizar\u00e1 algunas de las principales estrategias pl\u00e1sticas en relaci\u00f3n a la visibilizaci\u00f3n de las memorias recuperadas, atendiendo tanto a las propuestas de determinados artistas considerados fundamentales en este sentido, como la cuesti\u00f3n \u2014muy debatida\u2014 del monumento p\u00fablico. Sobre los memoriales, la historiadora se detendr\u00e1 en aspectos como el de la conservaci\u00f3n, as\u00ed como en el de su nueva construcci\u00f3n. La intenci\u00f3n final, sugiere, es la de reflexionar sobre una gesti\u00f3n p\u00fablica de la memoria que, con la v\u00edctima en el centro del debate y, en muchos casos, de la producci\u00f3n art\u00edstica y monumental, no parece capaz de llegar a los objetivos que se supon\u00edan esperados.<\/p>\n<p><strong>M\u00e1s informaci\u00f3n:<\/strong>&nbsp;<a href=\"https:\/\/fcmanrique.org\/wp-content\/uploads\/fcmanrique-nota-prensa-yayo-aznar.pdf\" target=\"_blank\" rel=\"noopener\">Nota de prensa<\/a><\/p>\n<p><strong>Entrada libre. Aforo limitado<\/strong><\/p>","protected":false},"featured_media":27674,"parent":0,"template":"","meta":{"_acf_changed":false,"ngg_post_thumbnail":0,"footnotes":""},"video_coleccion":[97],"class_list":["post-27671","fcm_video","type-fcm_video","status-publish","has-post-thumbnail","hentry","video_coleccion-conferencia"],"acf":[],"_links":{"self":[{"href":"https:\/\/fcmanrique.org\/fr\/wp-json\/wp\/v2\/fcm_video\/27671","targetHints":{"allow":["GET"]}}],"collection":[{"href":"https:\/\/fcmanrique.org\/fr\/wp-json\/wp\/v2\/fcm_video"}],"about":[{"href":"https:\/\/fcmanrique.org\/fr\/wp-json\/wp\/v2\/types\/fcm_video"}],"version-history":[{"count":10,"href":"https:\/\/fcmanrique.org\/fr\/wp-json\/wp\/v2\/fcm_video\/27671\/revisions"}],"predecessor-version":[{"id":27706,"href":"https:\/\/fcmanrique.org\/fr\/wp-json\/wp\/v2\/fcm_video\/27671\/revisions\/27706"}],"wp:featuredmedia":[{"embeddable":true,"href":"https:\/\/fcmanrique.org\/fr\/wp-json\/wp\/v2\/media\/27674"}],"wp:attachment":[{"href":"https:\/\/fcmanrique.org\/fr\/wp-json\/wp\/v2\/media?parent=27671"}],"wp:term":[{"taxonomy":"video_coleccion","embeddable":true,"href":"https:\/\/fcmanrique.org\/fr\/wp-json\/wp\/v2\/video_coleccion?post=27671"}],"curies":[{"name":"wp","href":"https:\/\/api.w.org\/{rel}","templated":true}]}}