{"id":41,"date":"2015-06-04T13:43:25","date_gmt":"2015-06-04T13:43:25","guid":{"rendered":"https:\/\/fcmanrique.org\/w2015\/?page_id=41"},"modified":"2022-10-03T10:06:12","modified_gmt":"2022-10-03T10:06:12","slug":"biografia","status":"publish","type":"page","link":"https:\/\/fcmanrique.org\/fr\/cesar-manrique\/biografia\/","title":{"rendered":"Biographie"},"content":{"rendered":"<p><\/p>\n<div class=\"seccion-dividida-principal\">\n<h1>Biographie<\/h1>\n<p>C\u00e9sar Manrique (1919-1992) est n\u00e9 \u00e0 Arrecife, une \u00eele de Lanzarote qui est marqu\u00e9e \u00e0 jamais par sa trajectoire artistique.<\/p>\n<p>Apr\u00e8s avoir termin\u00e9 ses \u00e9tudes \u00e0 l&rsquo;Acad\u00e9mie des Beaux-Arts de San Fernando \u00e0 Madrid (o\u00f9 il r\u00e9sida de 1945 \u00e0 1964), il expose fr\u00e9quemment ses \u0153uvres aussi bien en Espagne qu&rsquo;\u00e0 l&rsquo;\u00e9tranger. Dans la premi\u00e8re moiti\u00e9 des ann\u00e9es cinquante, il se consacre \u00e0 l&rsquo;art non figuratif et fait des recherches sur les qualit\u00e9s de la mati\u00e8re jusqu&rsquo;\u00e0 en faire la figure essentielle de ses compositions. Il se lie ainsi au mouvement informaliste espagnol de cette \u00e9poque.<\/p>\n<p>Malgr\u00e9 son extraction mat\u00e9rielle et abstraite, l&rsquo;imaginaire plastique de sa production picturale est issu des impressions du paysage volcanique de Lanzarote que l&rsquo;artiste transmue en une esp\u00e8ce de naturalisme non r\u00e9aliste qui ne d\u00e9coule pas de la copie du naturel, mais de sa compr\u00e9hension \u00e9motionnelle : \u00ab J&rsquo;essaie d&rsquo;\u00eatre la main libre qui forme la g\u00e9ologie \u00bb, \u00e9crira-t-il.<\/p>\n<p>En 1964, il s&rsquo;installe \u00e0 New York o\u00f9 il expose \u00e0 trois occasions, \u00e0 titre individuel, \u00e0 la galerie Catherine Viviano. La connaissance directe de l&rsquo;expressionnisme am\u00e9ricain, du pop art, de la nouvelle sculpture et de l&rsquo;art cin\u00e9tique lui apporte une culture visuelle fondamentale pour son parcours cr\u00e9atif post\u00e9rieur.<\/p>\n<p>Au milieu des ann\u00e9es soixante, \u00e9poque \u00e0 laquelle il s&rsquo;installe \u00e0 Lanzarote, C\u00e9sar Manrique promeut sur l&rsquo;\u00eele une s\u00e9rie de projets artistiques de nature spatiale et paysag\u00e8re, in\u00e9dits \u00e0 l&rsquo;\u00e9poque, dans lesquels il mat\u00e9rialise sa pens\u00e9e plastique et \u00e9thique. Il s&rsquo;agit d&rsquo;un ensemble d&rsquo;actions et d&rsquo;interventions visant \u00e0 mettre en valeur le paysage et les atouts naturels de l&rsquo;\u00eele, qui configureront son nouveau visage et sa projection internationale et qui font partie de la transformation paysag\u00e8re et de l&rsquo;adaptation de Lanzarote \u00e0 l&rsquo;\u00e9conomie du tourisme.<\/p>\n<p>C&rsquo;est ainsi qu&rsquo;il \u00e9labore un nouvel ensemble d&rsquo;id\u00e9es esth\u00e9tiques qu&rsquo;il nomme art-nature\/nature-art, dans lequel il int\u00e8gre diff\u00e9rentes manifestations artistiques, qu&rsquo;il mat\u00e9rialise dans ses \u0153uvres paysag\u00e8res, lesquelles constituent un exemple singulier d&rsquo;art public en Espagne : Jameos del Agua, Mirador del R\u00edo, Jard\u00edn de Cactus, Timanfaya, etc. Ce sont fondamentalement des interventions li\u00e9es \u00e0 l&rsquo;industrie touristique auxquelles Manrique imprime un fonctionnalisme \u00e9conomique et social in\u00e9dit dans la culture artistique espagnole. Il ex\u00e9cute \u00e9galement des \u0153uvres de cette nature sur d&rsquo;autres \u00eeles et hors de l&rsquo;archipel canarien &#8211; miradors, jardins, am\u00e9nagement d&rsquo;espaces d\u00e9grad\u00e9s, transformation du littoral&#8230; &#8211; dans lesquelles il maintient ses principes fondamentaux : un dialogue respectueux avec le milieu naturel et entre les valeurs architecturales de la tradition locale et des conceptions modernes.<\/p>\n<\/div>\n<div class=\"seccion-dividida-secundaria\">\n<div class='submenu-secundario'><li><a href='https:\/\/fcmanrique.org\/fr\/cesar-manrique\/obra\/' class='boton inactive'>\u0152uvre<\/a><\/li><li><a href='https:\/\/fcmanrique.org\/fr\/cesar-manrique\/activismo\/' class='boton inactive'>Activisme<\/a><\/li><li><a href='https:\/\/fcmanrique.org\/fr\/cesar-manrique\/bibliografia\/' class='boton inactive'>Bibliographie<\/a><\/li><li><a href='\/centenario\/' class='boton'>Centenario<\/a><\/li><\/div>\nngg_shortcode_4_placeholder\n<\/div>\n<p><\/p>","protected":false},"excerpt":{"rendered":"<p>Biographie C\u00e9sar Manrique (1919-1992) est n\u00e9 \u00e0 Arrecife, une \u00eele de Lanzarote qui est marqu\u00e9e \u00e0 jamais par sa trajectoire artistique. Apr\u00e8s avoir termin\u00e9 ses \u00e9tudes \u00e0 l&rsquo;Acad\u00e9mie des Beaux-Arts de San Fernando \u00e0 Madrid (o\u00f9 il r\u00e9sida de 1945 \u00e0 1964), il expose fr\u00e9quemment ses \u0153uvres aussi bien en Espagne qu&rsquo;\u00e0 l&rsquo;\u00e9tranger. Dans la&#8230; <a href=\"https:\/\/fcmanrique.org\/fr\/cesar-manrique\/biografia\/\" class=\"readmore\">Contin\u00faa leyendo \u2192<\/a><\/p>\n","protected":false},"author":1,"featured_media":0,"parent":18,"menu_order":0,"comment_status":"closed","ping_status":"open","template":"","meta":{"_acf_changed":false,"ngg_post_thumbnail":0,"footnotes":""},"class_list":["post-41","page","type-page","status-publish","hentry"],"acf":[],"_links":{"self":[{"href":"https:\/\/fcmanrique.org\/fr\/wp-json\/wp\/v2\/pages\/41","targetHints":{"allow":["GET"]}}],"collection":[{"href":"https:\/\/fcmanrique.org\/fr\/wp-json\/wp\/v2\/pages"}],"about":[{"href":"https:\/\/fcmanrique.org\/fr\/wp-json\/wp\/v2\/types\/page"}],"author":[{"embeddable":true,"href":"https:\/\/fcmanrique.org\/fr\/wp-json\/wp\/v2\/users\/1"}],"replies":[{"embeddable":true,"href":"https:\/\/fcmanrique.org\/fr\/wp-json\/wp\/v2\/comments?post=41"}],"version-history":[{"count":30,"href":"https:\/\/fcmanrique.org\/fr\/wp-json\/wp\/v2\/pages\/41\/revisions"}],"predecessor-version":[{"id":23109,"href":"https:\/\/fcmanrique.org\/fr\/wp-json\/wp\/v2\/pages\/41\/revisions\/23109"}],"up":[{"embeddable":true,"href":"https:\/\/fcmanrique.org\/fr\/wp-json\/wp\/v2\/pages\/18"}],"wp:attachment":[{"href":"https:\/\/fcmanrique.org\/fr\/wp-json\/wp\/v2\/media?parent=41"}],"curies":[{"name":"wp","href":"https:\/\/api.w.org\/{rel}","templated":true}]}}