{"id":14276,"date":"2010-04-08T00:00:00","date_gmt":"2010-04-08T00:00:00","guid":{"rendered":"https:\/\/fcmanrique.org\/fcm-actividad\/jose-molina-y-gabriel-fernandez-se\/"},"modified":"2023-12-13T14:57:18","modified_gmt":"2023-12-13T14:57:18","slug":"jose-molina-y-gabriel-fernandez-se","status":"publish","type":"fcm_actividad","link":"https:\/\/fcmanrique.org\/it\/fcm-actividad\/jose-molina-y-gabriel-fernandez-se\/","title":{"rendered":"<em>Jos\u00e9 Molina Orosa<\/em> y <em>Gabriel Fern\u00e1ndez Mart\u00edn<\/em> se incorporan a la Colecci\u00f3n Islas de memoria"},"content":{"rendered":"<p class=\"qtranxs-available-languages-message qtranxs-available-languages-message-it\">Ci spiace, ma questo articolo \u00e8 disponibile soltanto in <a href=\"https:\/\/fcmanrique.org\/es\/wp-json\/wp\/v2\/fcm_actividad\/14276\" class=\"qtranxs-available-language-link qtranxs-available-language-link-es\" title=\"ES\">ES<\/a>.<\/p><p><span style=\"ofont-size: 10pt;\">Lleno absoluto en la Sala Jos\u00e9 Saramago de La Plazuela para asistir a la presentaci\u00f3n de los libros \u2018Gabriel Fern\u00e1ndez Mart\u00edn\u2019 y \u2018Jos\u00e9 Molina Orosa. Luz en tiniebla\u2019, de F\u00e9lix Delgado y Gregorio Cabrera, respectivamente. Unas doscientas personas, el pasado 8 de abril, escucharon las explicaciones de los autores del tercer y cuarto volumen de la colecci\u00f3n \u2018Islas de memoria\u2019. El director de la FCM, Fernando G\u00f3mez Aguilera, record\u00f3 la doble finalidad de la colecci\u00f3n: rescatar del olvido a personajes relevantes de Lanzarote y formar una biblioteca b\u00e1sica insular que d\u00e9 pie a \u201cuna historia de las mentalidades de la Isla\u201d, y, por otro lado, dar la oportunidad editorial a j\u00f3venes investigadores locales.<\/span><\/p>\n<div><strong><span style=\"ofont-size: 10pt;\">Jos\u00e9 Molina Orosa<\/span><\/strong><\/div>\n<div>&nbsp;<\/div>\n<p><span style=\"ofont-size: 10pt;\">El \u201ccontador de historias\u201d, seg\u00fan su propia definici\u00f3n, y periodista de <em>La Provincia,<\/em> <strong>Gregorio Cabrera<\/strong>, explic\u00f3 su proceso de acercamiento al m\u00e9dico Jos\u00e9 Molina Orosa (1883-1966), \u201cuna buena persona que rehu\u00eda las medallas\u201d. A Molina, con cincuenta a\u00f1os, le dedicaron una calle en Arrecife y mont\u00f3 en c\u00f3lera. Ese rastro de la personalidad del m\u00e9dico marc\u00f3 el enfoque de la investigaci\u00f3n. \u201cNo quer\u00eda que se pudiera enfadar conmigo por escribir un libro sobre \u00e9l\u201d, se\u00f1al\u00f3 Cabrera, que decidi\u00f3 poner en el mismo plano de protagonismo al m\u00e9dico y a sus enfermos, principalmente a los m\u00e1s desfavorecidos de la Isla.<\/span><\/p>\n<p><span style=\"ofont-size: 10pt;\">Molina Orosa fue la luz en la tiniebla del Lanzarote de la primera mitad del siglo XX. \u201cUn lugar terror\u00edfico con una mortalidad africana \u2014seg\u00fan se\u00f1al\u00f3 Cabrera\u2014 que sonaba a tos, a llanto y a entierritos\u201d. \u201cLo peor \u2014adem\u00e1s\u2014 era que a las autoridades les daba igual\u201d. En ese contexto irrumpe Jos\u00e9 Molina. \u201cNadie que toc\u00f3 a su puerta se qued\u00f3 sin ser atendido\u201d, dijo Cabrera. El doctor no s\u00f3lo logra cambiar, seg\u00fan su bi\u00f3grafo, la oscuridad, sino tambi\u00e9n los sonidos de Arrecife ya que lleva \u201cuna melod\u00eda de esperanza\u201d a los pobres, convertida en met\u00e1fora por el ruido de su bast\u00f3n (con tres a\u00f1os sufri\u00f3 la polio), sus pasos en la escalera para abrir la puerta a los enfermos o el run run del motor de su <em>fotingo<\/em> cuando acud\u00eda a una consulta.<\/span><\/p>\n<p><span style=\"ofont-size: 10pt;\">Jos\u00e9 Molina dedic\u00f3 m\u00e1s de la mitad de su vida a poner en marcha el Hospital Insular. Empez\u00f3 con ese af\u00e1n en 1910 y finalmente se abri\u00f3 en 1950. Por supuesto, no acudi\u00f3 a la inauguraci\u00f3n. Molina estuvo a&nbsp;punto de ser el primer presidente del Cabildo en 1913. Perdi\u00f3 por un voto y dimiti\u00f3 en 1915, convirti\u00e9ndose, seg\u00fan Cabrera, en uno de los pocos pol\u00edticos que ha presentado su dimisi\u00f3n en Espa\u00f1a en el \u00faltimo siglo. Como m\u00e9dico, \u201cno s\u00f3lo destac\u00f3 por su humanidad, por tratar a todos los pacientes como seres humanos\u201d, sino tambi\u00e9n por su ojo cl\u00ednico, en una \u00e9poca y lugar donde era muy dif\u00edcil acceder a pruebas diagn\u00f3sticas. El doctor tambi\u00e9n tuvo una faceta art\u00edstica. Como poeta, aunque modesto, public\u00f3 ocasionalmente en la revista madrile\u00f1a <em>La Latina<\/em>, junto a&nbsp;escritores de la talla de Rub\u00e9n Dar\u00edo o Unamuno.<\/span><\/p>\n<p><span style=\"ofont-size: 10pt;\">\u201cLos protagonistas de <em>Islas de memoria<\/em> \u2014se\u00f1al\u00f3 Cabrera\u2014 nos deben servir de lecci\u00f3n para el futuro\u201d. El periodista lanzarote\u00f1o apost\u00f3 por que su obra pueda hacer que la llama de Jos\u00e9 Molina siga viva. <\/span><\/p>\n<div><strong><span style=\"ofont-size: 10pt;\">Gabriel Fern\u00e1ndez Mart\u00edn<\/span><\/strong><\/div>\n<div>&nbsp;<\/div>\n<p><span style=\"ofont-size: 10pt;\">El historiador <strong>F\u00e9lix Delgado<\/strong>, autor del libro \u2018Gabriel Fern\u00e1ndez Mart\u00edn\u2019 comenz\u00f3 su intervenci\u00f3n con el deseo de que la colecci\u00f3n sirva como plataforma para que los historiadores se retroalimenten. El fot\u00f3grafo Gabriel Fern\u00e1ndez (1920-1985) fue el promotor de la profesionalizaci\u00f3n de la fotograf\u00eda en la Isla. Naci\u00f3 en Arrecife en una \u00e9poca donde las inquietudes culturales apenas pod\u00edan desarrollarse. No tuvo una formaci\u00f3n reglada pero&nbsp;\u201cfue muy activo culturalmente y se lanz\u00f3 a conocer Lanzarote con su kodak al hombro\u201d, se\u00f1al\u00f3 Delgado. Su bi\u00f3grafo sit\u00faa a Fern\u00e1ndez en la gran \u00e9poca de la fotograf\u00eda en Canarias, con exposiciones y concursos en las dos capitales e incluso en Lanzarote. <\/span><\/p>\n<p><span style=\"ofont-size: 10pt;\">\u201cFern\u00e1ndez dignific\u00f3 la actividad como fot\u00f3grafo\u201d. La profesionaliz\u00f3, se arriesg\u00f3 y abri\u00f3 varios establecimientos que le permitieron, adem\u00e1s, dedicarse a otras facetas de la fotograf\u00eda que Delgado fue desgranando, exponiendo a su vez a la sala alguna de sus obras. En el aspecto art\u00edstico particip\u00f3 en varias exposiciones, destacando la de la Sala Nebl\u00ed, en Madrid, en 1959, comisariada por C\u00e9sar Manrique. Tambi\u00e9n fue un \u201cretratista meritorio\u201d que pretend\u00eda dar a conocer la psicolog\u00eda de la persona a la que retrataba. Como fotoperiodista colabor\u00f3, ente otros con los periodistas Guillermo Topham y Agust\u00edn de la Hoz y, a pesar de la censura, intentaba reflejar los atrasos y problemas de la Isla como denuncia. Public\u00f3 en <em>El Eco de Canarias, Antema, Falange, La Provincia<\/em> o <em>Diario de Las Palmas<\/em>, adem\u00e1s de en agencias nacionales. <\/span><\/p>\n<p><span style=\"ofont-size: 10pt;\">La \u00faltima faceta en la que se detuvo F\u00e9lix Delgado fue en la de Gabriel como creador de la imagen tur\u00edstica de Lanzarote, con la elaboraci\u00f3n de gu\u00edas, postales, revistas e incluso con los programas de fiestas de San Gin\u00e9s. \u201cIntent\u00f3 captar las grandes excelencias de Lanzarote\u201d, se\u00f1al\u00f3 Delgado, tanto del campo, del paisaje, la arquitectura, etc. \u201cEs uno de los mejores fot\u00f3grafos que ha tenido Lanzarote y un buen fot\u00f3grafo en el \u00e1mbito de Canarias\u201d. \u201cForm\u00f3 parte \u2014concluy\u00f3 Delgado\u2014 de la pen\u00faltima hornada de personas que am\u00f3 Lanzarote\u201d. El historiador termin\u00f3 su intervenci\u00f3n con una frase del fot\u00f3grafo: \u201cPalmo a palmo recorro muchas veces la Isla, pero siempre descubro nuevas maravillas\u201d.<\/span><\/p>\n<p><strong>M\u00e1s informaci\u00f3n:&nbsp;<\/strong><a href=\"https:\/\/fcmanrique.org\/fcm-publicacion\/jose-molina-orosa-luz-en-tiniebla\/?cpg=2\" target=\"_blank\" rel=\"noopener\">Jos\u00e9 Molina Orosa<\/a>&nbsp;y <a href=\"https:\/\/fcmanrique.org\/fcm-publicacion\/gabriel-fernandez-martin\/?cpg=2\" target=\"_blank\" rel=\"noopener\">Gabriel Fern\u00e1ndez Mart\u00edn<\/a><\/p>","protected":false},"featured_media":24738,"parent":0,"template":"","meta":{"_acf_changed":false,"ngg_post_thumbnail":0,"footnotes":""},"actividad_tipo":[36],"actividad_lugar":[49],"actividad_departamento":[31],"actividad_ciclo":[],"class_list":["post-14276","fcm_actividad","type-fcm_actividad","status-publish","has-post-thumbnail","hentry","actividad_tipo-presentacion-libros","actividad_lugar-lugar-sala-saramago","actividad_departamento-departamento-de-programas-culturales"],"acf":[],"_links":{"self":[{"href":"https:\/\/fcmanrique.org\/it\/wp-json\/wp\/v2\/fcm_actividad\/14276","targetHints":{"allow":["GET"]}}],"collection":[{"href":"https:\/\/fcmanrique.org\/it\/wp-json\/wp\/v2\/fcm_actividad"}],"about":[{"href":"https:\/\/fcmanrique.org\/it\/wp-json\/wp\/v2\/types\/fcm_actividad"}],"version-history":[{"count":2,"href":"https:\/\/fcmanrique.org\/it\/wp-json\/wp\/v2\/fcm_actividad\/14276\/revisions"}],"predecessor-version":[{"id":24846,"href":"https:\/\/fcmanrique.org\/it\/wp-json\/wp\/v2\/fcm_actividad\/14276\/revisions\/24846"}],"wp:featuredmedia":[{"embeddable":true,"href":"https:\/\/fcmanrique.org\/it\/wp-json\/wp\/v2\/media\/24738"}],"wp:attachment":[{"href":"https:\/\/fcmanrique.org\/it\/wp-json\/wp\/v2\/media?parent=14276"}],"wp:term":[{"taxonomy":"actividad_tipo","embeddable":true,"href":"https:\/\/fcmanrique.org\/it\/wp-json\/wp\/v2\/actividad_tipo?post=14276"},{"taxonomy":"actividad_lugar","embeddable":true,"href":"https:\/\/fcmanrique.org\/it\/wp-json\/wp\/v2\/actividad_lugar?post=14276"},{"taxonomy":"actividad_departamento","embeddable":true,"href":"https:\/\/fcmanrique.org\/it\/wp-json\/wp\/v2\/actividad_departamento?post=14276"},{"taxonomy":"actividad_ciclo","embeddable":true,"href":"https:\/\/fcmanrique.org\/it\/wp-json\/wp\/v2\/actividad_ciclo?post=14276"}],"curies":[{"name":"wp","href":"https:\/\/api.w.org\/{rel}","templated":true}]}}