{"id":18102,"date":"2019-03-25T15:30:16","date_gmt":"2019-03-25T15:30:16","guid":{"rendered":"https:\/\/fcmanrique.org\/?post_type=fcm_actividad&#038;p=18102"},"modified":"2022-04-07T09:11:26","modified_gmt":"2022-04-07T09:11:26","slug":"la-fcm-presenta-la-programacion-del-centenario-de-cesar-manrique","status":"publish","type":"fcm_actividad","link":"https:\/\/fcmanrique.org\/it\/fcm-actividad\/la-fcm-presenta-la-programacion-del-centenario-de-cesar-manrique\/","title":{"rendered":"La FCM presenta la programaci\u00f3n del centenario de C\u00e9sar Manrique"},"content":{"rendered":"<p class=\"qtranxs-available-languages-message qtranxs-available-languages-message-it\">Ci spiace, ma questo articolo \u00e8 disponibile soltanto in <a href=\"https:\/\/fcmanrique.org\/es\/wp-json\/wp\/v2\/fcm_actividad\/18102\" class=\"qtranxs-available-language-link qtranxs-available-language-link-es\" title=\"ES\">ES<\/a>.<\/p><p><strong>La FCM presenta la programaci\u00f3n del centenario de C\u00e9sar Manrique: el cometido m\u00e1s importante en sus 27 a\u00f1os de historia<\/strong><\/p>\n<p>La Fundaci\u00f3n C\u00e9sar Manrique (FCM) present\u00f3 en la sala Jos\u00e9 Saramago el programa de actos que ha organizado para el centenario del artista. Es una programaci\u00f3n extensa, variada e in\u00e9dita que va desde los actos m\u00e1s habituales, como mesas redondas, conferencias o presentaciones de libros y talleres, hasta conciertos, pel\u00edculas, v\u00eddeos o concursos, que se desarrollar\u00e1n en todos en los \u00e1mbitos, desde el local hasta el internacional. El centenario comenzar\u00e1 el pr\u00f3ximo 24 de abril con una fiesta en Taro de Tah\u00edche y terminar\u00e1 el 24 de abril de 2020 con una declaraci\u00f3n institucional sobre el presente y el futuro de la Isla.<\/p>\n<p><a href=\"https:\/\/fcmanrique.org\/wp-content\/uploads\/fc-manrique-presentacion-programacion-1.jpg\"><img loading=\"lazy\" decoding=\"async\" class=\"alignnone size-full wp-image-18143\" src=\"https:\/\/fcmanrique.org\/wp-content\/uploads\/fc-manrique-presentacion-programacion-1.jpg\" alt=\"\" width=\"800\" height=\"534\" srcset=\"https:\/\/fcmanrique.org\/wp-content\/uploads\/fc-manrique-presentacion-programacion-1.jpg 800w, https:\/\/fcmanrique.org\/wp-content\/uploads\/fc-manrique-presentacion-programacion-1-300x200.jpg 300w, https:\/\/fcmanrique.org\/wp-content\/uploads\/fc-manrique-presentacion-programacion-1-768x513.jpg 768w, https:\/\/fcmanrique.org\/wp-content\/uploads\/fc-manrique-presentacion-programacion-1-289x193.jpg 289w\" sizes=\"auto, (max-width: 800px) 100vw, 800px\" \/><\/a><\/p>\n<p>El presidente de la FCM, Jos\u00e9 Juan Ram\u00edrez, se\u00f1al\u00f3 que la FCM tiene la \u201cfortuna y la responsabilidad\u201d de gestionar el legado del artista porque representa, por su \u201cdeseo inequ\u00edvoco\u201d, su voluntad. \u201cLa FCM no ha permitido ni va a permitir -dijo- la instrumentalizaci\u00f3n pol\u00edtica ni la falsificaci\u00f3n o deformaci\u00f3n de su legado creativo, ecol\u00f3gico, ambiental, tur\u00edstico, social y \u00e9tico\u201d, ni va a borrar la memoria de lo que fue C\u00e9sar \u201cporque resulte inc\u00f3modo e incompatible con determinadas visiones de la realidad y ambiciones pol\u00edticas\u201d.<\/p>\n<p>Afirm\u00f3 que C\u00e9sar representa, \u201cguste o no\u201d, una manera de entender y amar Lanzarote, alejada de la masificaci\u00f3n, banalizaci\u00f3n y de la corrupci\u00f3n\u201d. Dijo que quien pretenda falsear o devaluar su figura encontrar\u00e1 siempre \u201calerta y en posici\u00f3n antagonista, con toda la capacidad de influencia que pueda desplegar, a su Fundaci\u00f3n\u201d que tiene como norma de conducta dialogar y respetar pero que ni se casa con el poder ni necesita de los poderes p\u00fablicos para ejercer su labor de vigilancia cr\u00edtica.<\/p>\n<p><a href=\"https:\/\/fcmanrique.org\/wp-content\/uploads\/fc-manrique-presentacion-programacion-2.jpg\"><img loading=\"lazy\" decoding=\"async\" class=\"alignnone size-full wp-image-18144\" src=\"https:\/\/fcmanrique.org\/wp-content\/uploads\/fc-manrique-presentacion-programacion-2.jpg\" alt=\"\" width=\"800\" height=\"534\" srcset=\"https:\/\/fcmanrique.org\/wp-content\/uploads\/fc-manrique-presentacion-programacion-2.jpg 800w, https:\/\/fcmanrique.org\/wp-content\/uploads\/fc-manrique-presentacion-programacion-2-300x200.jpg 300w, https:\/\/fcmanrique.org\/wp-content\/uploads\/fc-manrique-presentacion-programacion-2-768x513.jpg 768w, https:\/\/fcmanrique.org\/wp-content\/uploads\/fc-manrique-presentacion-programacion-2-289x193.jpg 289w\" sizes=\"auto, (max-width: 800px) 100vw, 800px\" \/><\/a><\/p>\n<p>Record\u00f3 que la FCM primero pidi\u00f3 consenso a las administraciones p\u00fablicas para el centenario y despu\u00e9s exigi\u00f3 respeto, ante el periodo preelectoral para afrontar los actos conmemorativos \u201cpara evitar la politizaci\u00f3n y la instrumentalizaci\u00f3n de su figura que se ver\u00eda sometida a tensiones indeseables, como lamentablemente est\u00e1 sucediendo\u201d y se\u00f1al\u00f3 que ese consenso debi\u00f3 comenzar con la propia Fundaci\u00f3n, \u201cpues es el camino mas l\u00f3gico\u201d para ampliarlo despu\u00e9s a otros \u00e1mbitos. \u201cSin ese acuerdo inicial, poco camino posterior pod\u00eda recorrerse y eso es lo que ha sucedido\u201d.<\/p>\n<p>Ram\u00edrez a\u00f1adi\u00f3 que hay representantes p\u00fablicos que lo han entendido y otros que han respondido \u201chuyendo hacia adelante\u201d como el grupo de gobierno del Cabildo con el respaldo del Gobierno de Canarias \u201ccon irresponsabilidad y falta de respeto\u201d y apunt\u00f3 que esas actitudes cierran el paso a cualquier entendimiento o colaboraci\u00f3n. \u201cLamentamos el indeseable pero inevitable desencuentro que una vez m\u00e1s provoca que en Lanzarote no hayamos sabido estar a la altura de las circunstancias\u201d pero record\u00f3 que no es nuevo porque a C\u00e9sar, el Cabildo le neg\u00f3 por dos veces la declaraci\u00f3n como Hijo predilecto y se tuvo que aprobar tres a\u00f1os despu\u00e9s de su muerte.<\/p>\n<p>\u201c<b>C\u00e9sar estar\u00eda orgulloso\u201d<\/b><\/p>\n<p>Tras estas \u201caclaraciones\u201d, se\u00f1al\u00f3 que los actos del centenario son el cometido m\u00e1s importante abordado por la FCM en sus 27 a\u00f1os de historia, una propuesta de actividades en calidad y cantidad calidad \u201ccomo pocas veces se ha visto en Canarias\u201d. \u201cNo nos cabe ninguna duda de que C\u00e9sar estar\u00eda orgulloso\u201d, dijo, por estos contenidos con el prop\u00f3sito de recordar su legado, \u201cel m\u00e1s amable y el m\u00e1s inc\u00f3modo\u201d y con la \u00fanica idea de homenajear a C\u00e9sar \u201ccon fidelidad a su obra y a su actitud, vinculando su figura a Lanzarote, \u201cporque no se puede entender la Isla sin C\u00e9sar ni a C\u00e9sar sin la Isla\u201d.<\/p>\n<p>Por su parte, el director de la FCM, Fernando G\u00f3mez Aguilera se\u00f1al\u00f3 que el paraguas bajo el que se han preparado estos actos es \u201cel desaf\u00edo inmediato del presente, una humanidad contempor\u00e1nea del futuro\u201d, en referencia a una frase que dijo C\u00e9sar en 1970: \u201cYo soy un contempor\u00e1neo del futuro\u201d. Dijo que la idea b\u00e1sica es que Lanzarote sea una fiesta de la cultura, del arte y la naturaleza y que se convierta en el polo cultural del pa\u00eds y de Canarias.<\/p>\n<p><a href=\"https:\/\/fcmanrique.org\/wp-content\/uploads\/fc-manrique-presentacion-programacion-3.jpg\"><img loading=\"lazy\" decoding=\"async\" class=\"alignnone size-full wp-image-18145\" src=\"https:\/\/fcmanrique.org\/wp-content\/uploads\/fc-manrique-presentacion-programacion-3.jpg\" alt=\"\" width=\"800\" height=\"534\" srcset=\"https:\/\/fcmanrique.org\/wp-content\/uploads\/fc-manrique-presentacion-programacion-3.jpg 800w, https:\/\/fcmanrique.org\/wp-content\/uploads\/fc-manrique-presentacion-programacion-3-300x200.jpg 300w, https:\/\/fcmanrique.org\/wp-content\/uploads\/fc-manrique-presentacion-programacion-3-768x513.jpg 768w, https:\/\/fcmanrique.org\/wp-content\/uploads\/fc-manrique-presentacion-programacion-3-289x193.jpg 289w\" sizes=\"auto, (max-width: 800px) 100vw, 800px\" \/><\/a><\/p>\n<p>Los actos estar\u00e1n dirigios a p\u00fablicos muy distintos y se desarrollar\u00e1n tanto en los espacios de la FCM como en los municipios o en el resto de islas. Se sustentan en C\u00e9sar Manrique pero con una lectura contempor\u00e1nea con materias que son motores de la sociedad, como la ciencia, el arte, la naturaleza, la gobernanza o la sostenibilidad. Asegur\u00f3 que del legado de C\u00e9sar pesa tanto la obra material como la conciencia y que el programa es \u201cun di\u00e1logo con nuestro tiempo desde un mirada no acomodada\u201d. \u201cC\u00e9sar debe estar al margen de las ambiciones y fuerzas de poder\u201d, se\u00f1al\u00f3.<\/p>\n<p><b>La programaci\u00f3n<\/b><\/p>\n<p>Los actos comenzar\u00e1n habitualmente a las 19:00 horas. Todas las actividades est\u00e1n confirmadas y son gratuitas. Para el centenario se ha dise\u00f1ado una nueva identidad corporativa, realizada por Alberto Coraz\u00f3n, m\u00e1s un logo musical, mensajes para radios y televisi\u00f3n con palabras de C\u00e9sar y un minisite en la web de la FCM donde se retransmitir\u00e1n las actividades en streaming. La FCM, \u201cpor fin\u201d, se incorpora a las redes sociales y ha elaborado cien contenidos espec\u00edficos. En los dos muesos de la FCM habr\u00e1 dos audiogu\u00edas gratuitas en cinco idiomas.<\/p>\n<p>Se han firmado varios convenios con medios de comunicaci\u00f3n. En el \u00e1mbito local, con Radio Lanzarote para un concurso de microrrelatos y con Biosfera TV para un concurso, \u201cSaber de C\u00e9sar\u201d. En otro \u00e1mbito, con TVE para cubrir los eventos y para estrenar una pel\u00edcula sobre C\u00e9sar realizada por Miguel G. Morales. Tambi\u00e9n se han elaborado nuevos productos conmemorativos (treinta nuevos con cien modelos) y cinco cer\u00e1micas in\u00e9ditas.<\/p>\n<p>El director de la FCM, Fernando G\u00f3mez Aguilera mencion\u00f3 las entidades colaboradoras, entre las que se encuentran Cabrera Medina, Binter, Canary Fly, Fred Olsen, Naviera Armas, Hiperdino, Ironman, Correos (que edita un sello y un matasellos conmemorativo), Renault Juan Toledo, Tirma, Deiland, Costa Marti\u00e1nez, Grupo Sp\u00ednola y entidades culturales como el CAAM, el CDAN de Huesca, la Universidad de La Laguna o el Instituto Cervantes, que har\u00e1 un homenaje en Madrid y en varias sedes de Alemania, la Fundaci\u00f3n Jos\u00e9 Saramago y la Escuela de arte Pancho Lasso, cuyos alumnos reproducir\u00e1n dos murales.<\/p>\n<p>Otra de las entidades colaboradoras es Aena. G\u00f3mez Aguilera dio las gracias al presidente del Gobierno, Pedro S\u00e1nchez, por la celeridad en el cambio de nombre del aeropuerto, y revel\u00f3 que se ha solicitado al Ayuntamiento de Teguise el cambio de nombre de la calle donde se encuentra la FCM para que pase a llamarse Taro de Tah\u00edche.<\/p>\n<p><b>Escolares<\/b><\/p>\n<p>En el apartado educativo, la FCM espera recibir la visita de unos 3.000 escolares con el taller sobre la serie de la Fauna Atl\u00e1ntica. Habr\u00e1 actividades l\u00fadicas en los municipios, como talleres o cine y un concurso en todas las islas: \u201cOcho dibujos para Cesar\u201d, as\u00ed como otro para fot\u00f3grafos profesionales.<\/p>\n<p>Se desarrollar\u00e1n seis conferencias de reflexi\u00f3n sobre el artista, otras seis con el lema \u201cPensar sobre los l\u00edmites de nuestro tiempo\u201d y el ciclo \u201cSaber de isla\u201d, con investigadores locales. Tambi\u00e9n intervendr\u00e1n los escritores Manuel Vicent y Manuel Rivas y habr\u00e1 encuentros con creadores emergentes en Canarias. Otro de los cursos abordar\u00e1 los costes econ\u00f3micos de la corrupci\u00f3n y la calidad de la democracia. Estar\u00e1 dirigido por Fernando Jim\u00e9nez e intervendr\u00e1n, entre otros, la fiscal anticorrupci\u00f3n Concepci\u00f3n Sabadell y los magistrados Antonio del Moral o Pablo Ruz.<\/p>\n<p><a href=\"https:\/\/fcmanrique.org\/wp-content\/uploads\/fc-manrique-presentacion-programacion-4.jpg\"><img loading=\"lazy\" decoding=\"async\" class=\"alignnone size-full wp-image-18146\" src=\"https:\/\/fcmanrique.org\/wp-content\/uploads\/fc-manrique-presentacion-programacion-4.jpg\" alt=\"\" width=\"800\" height=\"534\" srcset=\"https:\/\/fcmanrique.org\/wp-content\/uploads\/fc-manrique-presentacion-programacion-4.jpg 800w, https:\/\/fcmanrique.org\/wp-content\/uploads\/fc-manrique-presentacion-programacion-4-300x200.jpg 300w, https:\/\/fcmanrique.org\/wp-content\/uploads\/fc-manrique-presentacion-programacion-4-768x513.jpg 768w, https:\/\/fcmanrique.org\/wp-content\/uploads\/fc-manrique-presentacion-programacion-4-289x193.jpg 289w\" sizes=\"auto, (max-width: 800px) 100vw, 800px\" \/><\/a><\/p>\n<p>Se celebrar\u00e1n cursos sobre inteligencia artificial y sobre el antropoceno, dirigido por Fernando Prats y un ciclo de conversaciones dirigidas por I\u00f1aki Gabilondo, con invitados como Sami Nair o Victoria Camps, as\u00ed como otro sobre periodismo con Ignacio Escolar, Jes\u00fas Mara\u00f1a, Josep Ramoneda u Olga Rodr\u00edguez, adem\u00e1s de una conversaci\u00f3n ente Juan Cruz y la directora de El Pa\u00eds, Soledad Gallego-D\u00edaz.<\/p>\n<p><b>Jos\u00e9 Ram\u00edrez Cerd\u00e1<\/b><\/p>\n<p>Los actos se completan con cinco mesas redondas: sobre el territorio, sobre c\u00f3mo se trabajaba con C\u00e9sar, \u201cel C\u00e9sar que conocimos\u201d, \u201cC\u00e9sar en el contexto de la cultura canaria\u201d y otra sobre su relaci\u00f3n con Jos\u00e9 Ram\u00edrez Cerd\u00e1, de qui\u00e9n tambi\u00e9n se editar\u00e1 una pieza audiovisual y un libro. En los actos del centenario hay varios dedicados a la figura del que fue presidente del Cabildo de Lanzarote, Jos\u00e9 Ram\u00edrez Cerd\u00e1, cuyo centenario se cumple el pr\u00f3ximo 15 de abril. G\u00f3mez Aguilera lanz\u00f3 un reproche porque \u201cno se ha o\u00eddo ni una palabra\u201d sobre ese centenario \u201cy no ser\u00e1 por falta de m\u00e9ritos\u201d. Se\u00f1al\u00f3 que es una figura que genera unanimidad, que es una \u201cnegligencia inexplicable\u201d y que el autoconocimiento hist\u00f3rico debe ser una exigencia. Dijo que quiz\u00e1 sea porque \u201crecordarlo no proporciona tanto r\u00e9dito pol\u00edtico como hacerse fotos con la figura de C\u00e9sar Manrique sin importar que se vea expuesto a tensiones inmerecidas\u201d.<\/p>\n<p>Tambi\u00e9n habr\u00e1 talleres sobre cine y paisaje, sobre literatura con Alexis Ravelo, de creaci\u00f3n de objetos en 3D y actividades con formatos singulares como una performance literario-filos\u00f3fica con el d\u00fao Fern\u00e1ndez y Fern\u00e1ndez, adem\u00e1s de una actividad de danza y percusi\u00f3n en la playa de Famara como homenaje a C\u00e9sar.<\/p>\n<p>La FCM ha preparado varias exposiciones: \u201cC\u00e9sar Manrique Lanzarote\u201d se inaugurar\u00e1 el 8 de mayo y en ella se recupera un mural del aeropuerto que hace cincuenta a\u00f1os que no se ve, adem\u00e1s de una muestra sobre sus ideas llamada \u201cC\u00e9sar Manrique, palabra y compromiso; al poder se le incomoda\u201d, una instalaci\u00f3n del artista Filip Custic, una exposici\u00f3n itinerante, otra llamada \u201cC\u00e9sar, un icono popular del Siglo XX\u201d y otra de fotograf\u00eda digital on line.<\/p>\n<p><b>M\u00fasica y libros<\/b><\/p>\n<p>En el apartado de m\u00fasica habr\u00e1 tres di\u00e1logos musicales con Benito Cabrera, un concierto de El Ni\u00f1o de Elche, un encuentro entre el rapero Arkano y el verseador Yeray Rodr\u00edguez, el d\u00fao Fet\u00e9n Fet\u00e9n, un encuentro de repentistas latinoamericanos, otro de m\u00fasica popular con Acatife, Los Toledo y Los Campesinos, un disco de To\u00f1\u00edn Corujo Quartet producido por la FCM, \u201cEl genio\u201d, tres conciertos de m\u00fasica cl\u00e1sica y otro de Germ\u00e1n D\u00edaz y Benxam\u00edn Otero.<\/p>\n<p>Se va a editar una decena de publicaciones. Entre ellas, \u201cMuseopat\u00edas\u201d, de Fernando Est\u00e9vez, \u201cMi Teguise\u201d de Leandro Perdomo, \u201cC\u00e9sar &amp; Manrique, palabra en la calle\u201d, que recopila la voz del artista \u201cfrente a intentos por vaciar sus ideas\u201d, la novela negra \u201cLa ceguera del cangrejo\u201d, de Alexis Ravelo, que transcurre en Lanzarote, \u201cPep\u00edn Ram\u00edrez, el hombre que convirti\u00f3 a Manrique en C\u00e9sar\u201d, de Sa\u00fal Garc\u00eda, y dos manifiestos escritos por C\u00e9sar Manrique: \u201cSalvemos la isla de Lanzarote\u201d y \u201cEl arte tambi\u00e9n vive\u201d. Por \u00faltimo, se proyectar\u00e1 el documental \u201cEl naufragio, treinta a\u00f1os de memoria sumergida\u201d, de Nicol\u00e1s Castellano, habr\u00e1 un ciclo de cine medioambiental y uno de cine m\u00f3vil ecol\u00f3gico y hasta un musical, un espect\u00e1culo de calle, la creaci\u00f3n para ni\u00f1os \u201cC\u00e9sar Manrique. Rojo, negro, blanco\u201d, doce piezas audiovisuales de entrevistas y una pel\u00edcula del cineasta Jos\u00e9 Luis Guer\u00edn.<\/p>\n<p><a href=\"https:\/\/fcmanrique.org\/wp-content\/uploads\/fc-manrique-presentacion-programacion-100vidar.jpg\"><img loading=\"lazy\" decoding=\"async\" class=\"alignnone size-full wp-image-18147\" src=\"https:\/\/fcmanrique.org\/wp-content\/uploads\/fc-manrique-presentacion-programacion-100vidar.jpg\" alt=\"\" width=\"800\" height=\"800\" srcset=\"https:\/\/fcmanrique.org\/wp-content\/uploads\/fc-manrique-presentacion-programacion-100vidar.jpg 800w, https:\/\/fcmanrique.org\/wp-content\/uploads\/fc-manrique-presentacion-programacion-100vidar-150x150.jpg 150w, https:\/\/fcmanrique.org\/wp-content\/uploads\/fc-manrique-presentacion-programacion-100vidar-300x300.jpg 300w, https:\/\/fcmanrique.org\/wp-content\/uploads\/fc-manrique-presentacion-programacion-100vidar-768x768.jpg 768w, https:\/\/fcmanrique.org\/wp-content\/uploads\/fc-manrique-presentacion-programacion-100vidar-246x246.jpg 246w\" sizes=\"auto, (max-width: 800px) 100vw, 800px\" \/><\/a><\/p>","protected":false},"featured_media":22584,"parent":0,"template":"","meta":{"_acf_changed":false,"ngg_post_thumbnail":0,"footnotes":""},"actividad_tipo":[37],"actividad_lugar":[49],"actividad_departamento":[31],"actividad_ciclo":[],"class_list":["post-18102","fcm_actividad","type-fcm_actividad","status-publish","has-post-thumbnail","hentry","actividad_tipo-otras-actividades","actividad_lugar-lugar-sala-saramago","actividad_departamento-departamento-de-programas-culturales"],"acf":[],"_links":{"self":[{"href":"https:\/\/fcmanrique.org\/it\/wp-json\/wp\/v2\/fcm_actividad\/18102","targetHints":{"allow":["GET"]}}],"collection":[{"href":"https:\/\/fcmanrique.org\/it\/wp-json\/wp\/v2\/fcm_actividad"}],"about":[{"href":"https:\/\/fcmanrique.org\/it\/wp-json\/wp\/v2\/types\/fcm_actividad"}],"version-history":[{"count":3,"href":"https:\/\/fcmanrique.org\/it\/wp-json\/wp\/v2\/fcm_actividad\/18102\/revisions"}],"predecessor-version":[{"id":22585,"href":"https:\/\/fcmanrique.org\/it\/wp-json\/wp\/v2\/fcm_actividad\/18102\/revisions\/22585"}],"wp:featuredmedia":[{"embeddable":true,"href":"https:\/\/fcmanrique.org\/it\/wp-json\/wp\/v2\/media\/22584"}],"wp:attachment":[{"href":"https:\/\/fcmanrique.org\/it\/wp-json\/wp\/v2\/media?parent=18102"}],"wp:term":[{"taxonomy":"actividad_tipo","embeddable":true,"href":"https:\/\/fcmanrique.org\/it\/wp-json\/wp\/v2\/actividad_tipo?post=18102"},{"taxonomy":"actividad_lugar","embeddable":true,"href":"https:\/\/fcmanrique.org\/it\/wp-json\/wp\/v2\/actividad_lugar?post=18102"},{"taxonomy":"actividad_departamento","embeddable":true,"href":"https:\/\/fcmanrique.org\/it\/wp-json\/wp\/v2\/actividad_departamento?post=18102"},{"taxonomy":"actividad_ciclo","embeddable":true,"href":"https:\/\/fcmanrique.org\/it\/wp-json\/wp\/v2\/actividad_ciclo?post=18102"}],"curies":[{"name":"wp","href":"https:\/\/api.w.org\/{rel}","templated":true}]}}