{"id":25626,"date":"2024-06-07T11:14:02","date_gmt":"2024-06-07T11:14:02","guid":{"rendered":"https:\/\/fcmanrique.org\/?post_type=fcm_actividad&#038;p=25626"},"modified":"2024-10-22T10:22:05","modified_gmt":"2024-10-22T10:22:05","slug":"miriam-garcia","status":"publish","type":"fcm_actividad","link":"https:\/\/fcmanrique.org\/it\/fcm-actividad\/miriam-garcia\/","title":{"rendered":"Miriam Garc\u00eda: \u00abEn lugar de protegernos y redise\u00f1ar la orilla, hay que reinventarla\u00bb"},"content":{"rendered":"<p class=\"qtranxs-available-languages-message qtranxs-available-languages-message-it\">Ci spiace, ma questo articolo \u00e8 disponibile soltanto in <a href=\"https:\/\/fcmanrique.org\/es\/wp-json\/wp\/v2\/fcm_actividad\/25626\" class=\"qtranxs-available-language-link qtranxs-available-language-link-es\" title=\"ES\">ES<\/a>.<\/p><p>La arquitecta y paisajista Miriam Garc\u00eda intervino el d\u00eda 6 de junio en la sala Jos\u00e9 Saramago para contar una historia que anime a imaginar \u201cescenarios m\u00e1s resilientes ante el cambio clim\u00e1tico\u201d. Durante su intervenci\u00f3n hizo un recorrido por el camino que hay entre el <em>deseo de la orilla<\/em> y la reinvenci\u00f3n de la costa, los dos t\u00e9rminos del t\u00edtulo de su conferencia.<\/p>\n<p>\u201cLas costas son el resultado de una invenci\u00f3n\u201d que comienza a mediados del siglo XVIII, cuando la burgues\u00eda busca escenarios de deleite y, posteriormente, se hace extensible poco a poco a la clase trabajadora. \u201cEl derecho a las vacaciones pagadas transforma la costa en el deseo de la orilla\u201d, pero tambi\u00e9n transforma f\u00edsicamente la costa. En Espa\u00f1a, el turismo se convierte en el gran \u201cinvento\u201d en el momento de transici\u00f3n hacia la democracia.<\/p>\n<p>Esa transformaci\u00f3n no solo produce efectos f\u00edsicos sino que tambi\u00e9n provoca otros grandes cambios. Se origina un \u201ctsunami demogr\u00e1fico\u201d con el traslado masivo de la poblaci\u00f3n a la costa \u201cdonde hab\u00eda dinero y trabajo\u201d. Tambi\u00e9n un \u201ctsunami especulativo\u201d que transforma la orilla construyendo a lo largo de toda la costa y, por tanto, un \u201ctsunami f\u00edsico\u201d ya que entre 1997 y 2006 se construyen 5,5 millones de viviendas. Hay que sumar un \u201ctsunami biogeof\u00edsico\u201d porque se altera el ciclo metab\u00f3lico del suelo y del agua y, por ende, \u201clo que comemos y lo que bebemos\u201d. Todo est\u00e1 al servicio del lema \u201ctodo bajo el sol\u201d.<\/p>\n<p><a href=\"https:\/\/fcmanrique.org\/wp-content\/uploads\/fc-manrique-conferencia-miriam-garcia1.jpg\"><img loading=\"lazy\" decoding=\"async\" class=\"alignnone size-full wp-image-25629\" src=\"https:\/\/fcmanrique.org\/wp-content\/uploads\/fc-manrique-conferencia-miriam-garcia1.jpg\" alt=\"\" width=\"920\" height=\"613\" srcset=\"https:\/\/fcmanrique.org\/wp-content\/uploads\/fc-manrique-conferencia-miriam-garcia1.jpg 920w, https:\/\/fcmanrique.org\/wp-content\/uploads\/fc-manrique-conferencia-miriam-garcia1-300x200.jpg 300w, https:\/\/fcmanrique.org\/wp-content\/uploads\/fc-manrique-conferencia-miriam-garcia1-768x512.jpg 768w, https:\/\/fcmanrique.org\/wp-content\/uploads\/fc-manrique-conferencia-miriam-garcia1-289x193.jpg 289w\" sizes=\"auto, (max-width: 920px) 100vw, 920px\" \/><\/a><\/p>\n<p>La Ley de Costas de 1988 supone un peque\u00f1o esfuerzo por frenar estos tsunamis pero se dibuja con la idea de que todas las costas son iguales. \u201cLa costa se pens\u00f3 como una l\u00ednea y no como un sistema\u201d, se\u00f1al\u00f3 Garc\u00eda. Y entonces \u201cllega otro tsunami, que es el del cambio clim\u00e1tico y sus efectos cada vez mayores\u201d.<\/p>\n<p>As\u00ed que desde el deseo de la orilla llegamos a la reinvenci\u00f3n de la costa, a un momento en el que hay que poner la atenci\u00f3n en entender el paisaje como una infraestructura de vida y como un espacio p\u00fablico en el que la gente se comunique. \u201cHemos alterado todo y las costas son m\u00e1s vulnerables\u201d. De hecho, los tramos de costa m\u00e1s vulnerables son los que m\u00e1s disfrutamos: las playas. El reto reside en c\u00f3mo redise\u00f1ar la costa para hacerla menos vulnerable y adaptarnos a los efectos del cambio clim\u00e1tico, como inundaciones, erosi\u00f3n o la intrusi\u00f3n salina, unas consecuencias que las sufren todas las costas del mundo, con mayor o menor intensidad.<\/p>\n<p>Durante la investigaci\u00f3n para su tesis doctoral, Miriam Garc\u00eda gener\u00f3 una taxonom\u00eda de medidas de adaptaci\u00f3n basadas en entender la naturaleza. En el transcurso de su conferencia, expuso algunos ejemplos de este tipo de intervenciones, como la creaci\u00f3n de islas intermareales en el Delta del Misisipi, el llamado \u201cmotor de arena\u201d en La Haya o los sistemas de drenaje en Nueva Orleans. En su tesis est\u00e1n recogidas todas las posibles metamorfosis de la costa.<\/p>\n<p>La arquitecta mostr\u00f3 tres de sus \u00faltimos trabajos. El primero es el Plan de Adaptaci\u00f3n de la Costa de del \u00c1rea Metropolitana de Lima, junto a WWF y el Instituto de Hidr\u00e1ulica Ambiental de la Universidad de Cantabria<em>.<\/em> Localizaron las zonas que acumulaban m\u00e1s riesgos para los ecosistemas y la poblaci\u00f3n y propusieron medidas para que fueran consideradas por los agentes implicados. \u201cNo todas las costas tienen la misma vulnerabilidad ni son susceptibles de que se restablezca la resiliencia con las mismas medidas, se\u00f1al\u00f3, hay que conocer los procesos de la naturaleza para decidir cu\u00e1les podr\u00edan implementarse de manera m\u00e1s efectiva\u201d.<\/p>\n<p>Hay varias opciones diferentes de actuaci\u00f3n en la costa. Una es no hacer nada, \u201cque es lo que estamos haciendo\u201d puntualiz\u00f3. Otra es retroceder para que se regenere y, tambi\u00e9n se puede avanzar, con o sin infraestructuras, acomodarse o protegerse. Existen distintas medidas y estrategias, pero hay que hacer un an\u00e1lisis cient\u00edfico y hacer \u201caterrizar a la ciencia\u201d para favorecer la toma de decisiones de la poblaci\u00f3n. \u201cHace falta mucha inversi\u00f3n y hay que intentar multiplicar sus efectos, procurando mejorar la vida de humanos y no humanos y convirtiendo las obras de ingenier\u00eda en lugares, en paisajes, en escenarios para la vida\u201d.<\/p>\n<p><a href=\"https:\/\/fcmanrique.org\/wp-content\/uploads\/fc-manrique-conferencia-miriam-garcia.jpg\"><img loading=\"lazy\" decoding=\"async\" class=\"alignnone size-full wp-image-25628\" src=\"https:\/\/fcmanrique.org\/wp-content\/uploads\/fc-manrique-conferencia-miriam-garcia.jpg\" alt=\"\" width=\"920\" height=\"613\" srcset=\"https:\/\/fcmanrique.org\/wp-content\/uploads\/fc-manrique-conferencia-miriam-garcia.jpg 920w, https:\/\/fcmanrique.org\/wp-content\/uploads\/fc-manrique-conferencia-miriam-garcia-300x200.jpg 300w, https:\/\/fcmanrique.org\/wp-content\/uploads\/fc-manrique-conferencia-miriam-garcia-768x512.jpg 768w, https:\/\/fcmanrique.org\/wp-content\/uploads\/fc-manrique-conferencia-miriam-garcia-289x193.jpg 289w\" sizes=\"auto, (max-width: 920px) 100vw, 920px\" \/><\/a><\/p>\n<p>En Barcelona, todas las playas est\u00e1n en regresi\u00f3n. En el a\u00f1o 2100 habr\u00e1n retrocedido 40 metros, no habr\u00e1 playas \u201ca no ser que se las alimente con arena, aunque no tenemos tanta\u201d. Una de las ideas es hacerlas m\u00e1s resilientes y transformar los espacios de mediaci\u00f3n en la costa, con bordes en terraza, parques o arbolado. Uno de esos proyectos ya est\u00e1 en licitaci\u00f3n. Tambi\u00e9n trabaja en un anteproyecto en la playa de la Pineda, en Tarragona, que igualmente est\u00e1 en regresi\u00f3n y tiene como horizonte y amenaza el puerto. Ah\u00ed est\u00e1 proponiendo la creaci\u00f3n de lagunas.<\/p>\n<p>Finaliz\u00f3 se\u00f1alando que el planeta y el mar, aunque detuvi\u00e9ramos hoy las emisiones a la atm\u00f3sfera, se van a seguir calentando, y los temporales se van a intensificar en magnitud y en frecuencia. De manera que, se deber\u00eda trabajar en medidas basadas en la naturaleza, en entender sus procesos, y en procurar \u201cque la naturaleza trabaje para nosotros, humanizando los espacios de costa\u201d. \u201cEn lugar de protegernos y redise\u00f1ar la orilla hay que reinventarla\u201d, asegur\u00f3.<\/p>\n<p>Por \u00faltimo, se\u00f1al\u00f3 durante el turno de preguntas del p\u00fablico, que las administraciones, en Espa\u00f1a, son poco receptivas a esta visi\u00f3n y a estos proyectos, entre otras cosas porque \u201chay una atomizaci\u00f3n competencial que lleva a la miop\u00eda\u201d, y solicit\u00f3 que \u201cen los concursos p\u00fablicos, por lo menos, no se siguieran sacando licitaciones que est\u00e1n abocadas al fracaso. Y no emplear el dinero para volver a poner la playa en el mismo sitio\u201d.<\/p>\n<p><a href=\"https:\/\/fcmanrique.org\/wp-content\/uploads\/fc-manrique-fronteras-direcciones-miriam-garcia-invitacion2.jpg\"><img loading=\"lazy\" decoding=\"async\" class=\"alignnone size-full wp-image-25498\" src=\"https:\/\/fcmanrique.org\/wp-content\/uploads\/fc-manrique-fronteras-direcciones-miriam-garcia-invitacion2.jpg\" alt=\"\" width=\"1200\" height=\"1200\" srcset=\"https:\/\/fcmanrique.org\/wp-content\/uploads\/fc-manrique-fronteras-direcciones-miriam-garcia-invitacion2.jpg 1200w, https:\/\/fcmanrique.org\/wp-content\/uploads\/fc-manrique-fronteras-direcciones-miriam-garcia-invitacion2-300x300.jpg 300w, https:\/\/fcmanrique.org\/wp-content\/uploads\/fc-manrique-fronteras-direcciones-miriam-garcia-invitacion2-1024x1024.jpg 1024w, https:\/\/fcmanrique.org\/wp-content\/uploads\/fc-manrique-fronteras-direcciones-miriam-garcia-invitacion2-150x150.jpg 150w, https:\/\/fcmanrique.org\/wp-content\/uploads\/fc-manrique-fronteras-direcciones-miriam-garcia-invitacion2-768x768.jpg 768w, https:\/\/fcmanrique.org\/wp-content\/uploads\/fc-manrique-fronteras-direcciones-miriam-garcia-invitacion2-246x246.jpg 246w\" sizes=\"auto, (max-width: 1200px) 100vw, 1200px\" \/><\/a><\/p>\n<p><strong>M\u00e1s informaci\u00f3n: <\/strong><a href=\"https:\/\/fcmanrique.org\/wp-content\/uploads\/fc-manrique-conferencia-miriam-garcia-landlab.pdf\" target=\"_blank\" rel=\"noopener\">Nota de prensa<\/a><\/p>\n<p><strong>Grabaci\u00f3n de la conferencia:<\/strong> <a href=\"https:\/\/fcmanrique.org\/fcm-video\/mirian-garcia-borrador\/\">Grabaci\u00f3n<\/a><\/p>","protected":false},"featured_media":25627,"parent":0,"template":"","meta":{"_acf_changed":false,"ngg_post_thumbnail":0,"footnotes":""},"actividad_tipo":[34],"actividad_lugar":[49],"actividad_departamento":[],"actividad_ciclo":[75],"class_list":["post-25626","fcm_actividad","type-fcm_actividad","status-publish","has-post-thumbnail","hentry","actividad_tipo-conferencias","actividad_lugar-lugar-sala-saramago","actividad_ciclo-conferencias-inaugurales"],"acf":[],"_links":{"self":[{"href":"https:\/\/fcmanrique.org\/it\/wp-json\/wp\/v2\/fcm_actividad\/25626","targetHints":{"allow":["GET"]}}],"collection":[{"href":"https:\/\/fcmanrique.org\/it\/wp-json\/wp\/v2\/fcm_actividad"}],"about":[{"href":"https:\/\/fcmanrique.org\/it\/wp-json\/wp\/v2\/types\/fcm_actividad"}],"version-history":[{"count":10,"href":"https:\/\/fcmanrique.org\/it\/wp-json\/wp\/v2\/fcm_actividad\/25626\/revisions"}],"predecessor-version":[{"id":26191,"href":"https:\/\/fcmanrique.org\/it\/wp-json\/wp\/v2\/fcm_actividad\/25626\/revisions\/26191"}],"wp:featuredmedia":[{"embeddable":true,"href":"https:\/\/fcmanrique.org\/it\/wp-json\/wp\/v2\/media\/25627"}],"wp:attachment":[{"href":"https:\/\/fcmanrique.org\/it\/wp-json\/wp\/v2\/media?parent=25626"}],"wp:term":[{"taxonomy":"actividad_tipo","embeddable":true,"href":"https:\/\/fcmanrique.org\/it\/wp-json\/wp\/v2\/actividad_tipo?post=25626"},{"taxonomy":"actividad_lugar","embeddable":true,"href":"https:\/\/fcmanrique.org\/it\/wp-json\/wp\/v2\/actividad_lugar?post=25626"},{"taxonomy":"actividad_departamento","embeddable":true,"href":"https:\/\/fcmanrique.org\/it\/wp-json\/wp\/v2\/actividad_departamento?post=25626"},{"taxonomy":"actividad_ciclo","embeddable":true,"href":"https:\/\/fcmanrique.org\/it\/wp-json\/wp\/v2\/actividad_ciclo?post=25626"}],"curies":[{"name":"wp","href":"https:\/\/api.w.org\/{rel}","templated":true}]}}