{"id":26587,"date":"2025-03-28T12:53:43","date_gmt":"2025-03-28T12:53:43","guid":{"rendered":"https:\/\/fcmanrique.org\/?post_type=fcm_actividad&#038;p=26587"},"modified":"2025-06-26T13:06:00","modified_gmt":"2025-06-26T13:06:00","slug":"eva-ruiz-parece-un-libro-sobre-escritores-pero-es-sobre-la-amistad","status":"publish","type":"fcm_actividad","link":"https:\/\/fcmanrique.org\/it\/fcm-actividad\/eva-ruiz-parece-un-libro-sobre-escritores-pero-es-sobre-la-amistad\/","title":{"rendered":"Eva Cruz: \u00abParece un libro sobre escritores, pero es sobre la amistad\u00bb"},"content":{"rendered":"<p class=\"qtranxs-available-languages-message qtranxs-available-languages-message-it\">Ci spiace, ma questo articolo \u00e8 disponibile soltanto in <a href=\"https:\/\/fcmanrique.org\/es\/wp-json\/wp\/v2\/fcm_actividad\/26587\" class=\"qtranxs-available-language-link qtranxs-available-language-link-es\" title=\"ES\">ES<\/a>.<\/p><p>Eva Cruz, hija de Juan Cruz, confes\u00f3 el 27 de marzo de 2025, durante la presentaci\u00f3n del libro <em>Secreto y pasi\u00f3n de la literatura<\/em>. <em>Los escritores en primera persona, de Borges a Almudena Grandes<\/em>, que era la primera vez que presentaba un libro de su padre, a quien defini\u00f3 como una persona entusiasta y sensible. \u201cEste libro parece un libro sobre escritores, pero es sobre la amistad\u201d, se\u00f1al\u00f3 Eva. Ambos, conversaron en la Sala Jos\u00e9 Saramago de la FCM sobre la \u00faltima obra literaria del escritor tinerfe\u00f1o: un libro, editado por Tusquets, en el que relata sus relaciones y encuentros con una larga serie de autores imprescindibles de la narrativa hispanoamericana de las \u00faltimas d\u00e9cadas.<\/p>\n<p><a href=\"https:\/\/fcmanrique.org\/wp-content\/uploads\/DSC4949.jpg\"><img loading=\"lazy\" decoding=\"async\" class=\"alignnone size-full wp-image-26596\" src=\"https:\/\/fcmanrique.org\/wp-content\/uploads\/DSC4949.jpg\" alt=\"\" width=\"1500\" height=\"1000\" srcset=\"https:\/\/fcmanrique.org\/wp-content\/uploads\/DSC4949.jpg 1500w, https:\/\/fcmanrique.org\/wp-content\/uploads\/DSC4949-300x200.jpg 300w, https:\/\/fcmanrique.org\/wp-content\/uploads\/DSC4949-1024x683.jpg 1024w, https:\/\/fcmanrique.org\/wp-content\/uploads\/DSC4949-768x512.jpg 768w, https:\/\/fcmanrique.org\/wp-content\/uploads\/DSC4949-289x193.jpg 289w\" sizes=\"auto, (max-width: 1500px) 100vw, 1500px\" \/><\/a><\/p>\n<p>Comenzaron hablando de Rafael Azcona a quien Juan Cruz deseaba conocer pese a considerarlo inaccesible. Fernando Trueba le anim\u00f3 a que lo telefoneara, y ese mismo d\u00eda se vieron. Llam\u00f3 entusiasmado a su hija \u2014que resid\u00eda en Londres en aquel momento\u2014 para comunic\u00e1rselo. \u201cEsa tarde nos emborrachamos Azcona y yo\u201d, revel\u00f3 Juan Cruz, y as\u00ed fue como empezaron a cimentar una amistad. \u201cAzcona ten\u00eda una vitalidad extraordinaria\u201d. Cruz lo llamaba por tel\u00e9fono todos los s\u00e1bados \u201cporque la gente est\u00e1 muy sola\u201d, afirm\u00f3 al respecto. Una vez le dijo Manuel Vicent que por qu\u00e9 llamaba a Azcona y a \u00e9l no, y desde entonces llama a Vicent todos los domingos.<\/p>\n<p>Eva coment\u00f3 que, aunque se trata de un libro alegre, hay muchas despedidas en \u00e9l y tambi\u00e9n se dibujan amistades entre escritores. Los escritores que figuran en el libro son, principalmente, autores de la editorial Tusquets como Jorge Luis Borges, Guillermo Cabrera Infante, Gabriel Garc\u00eda M\u00e1rquez, Mario Vargas Llosa, Almudena Grandes, Fernando Aramburu o Cristina Fern\u00e1ndez Cubas, entre muchos otros perfiles.<\/p>\n<p>Sobre los a\u00f1os de la Transici\u00f3n, dijo Cruz: \u201ceran por la noche y eran muy amistosos\u201d. \u201cEl d\u00eda eran los hechos y la noche los sue\u00f1os\u201d, se\u00f1al\u00f3. \u201cFueron a\u00f1os en los que ten\u00edamos la alegr\u00eda de haber descubierto la posibilidad de decir no y est\u00e1bamos estrenando el traje de la libertad\u201d, explic\u00f3. En aquel tiempo, conoci\u00f3 a editores como Herralde, Beatriz de Moura o Carlos Barral, \u201cque invent\u00f3 un modo distinto de relacionarse con el extranjero, hizo del extranjero una parte de Espa\u00f1a\u201d. Cont\u00f3 c\u00f3mo conoci\u00f3 a De Moura en Tenerife junto a Domingo P\u00e9rez Minik, al que se le hab\u00eda encargado el libro sobre la revoluci\u00f3n surrealista en Tenerife, e hizo un inciso para hablar de C\u00e9sar Manrique \u201cque invent\u00f3 un territorio sin tocarlo\u201d. \u201cNo rompi\u00f3 nada, solo puso el foco sobre lo irrompible, aunque despu\u00e9s algo se ha roto\u201d, a\u00f1adi\u00f3.&nbsp;<\/p>\n<p><a href=\"https:\/\/fcmanrique.org\/wp-content\/uploads\/DSC_4878.jpg\"><img loading=\"lazy\" decoding=\"async\" class=\"alignnone size-full wp-image-26595\" src=\"https:\/\/fcmanrique.org\/wp-content\/uploads\/DSC_4878.jpg\" alt=\"\" width=\"1500\" height=\"1000\" srcset=\"https:\/\/fcmanrique.org\/wp-content\/uploads\/DSC_4878.jpg 1500w, https:\/\/fcmanrique.org\/wp-content\/uploads\/DSC_4878-300x200.jpg 300w, https:\/\/fcmanrique.org\/wp-content\/uploads\/DSC_4878-1024x683.jpg 1024w, https:\/\/fcmanrique.org\/wp-content\/uploads\/DSC_4878-768x512.jpg 768w, https:\/\/fcmanrique.org\/wp-content\/uploads\/DSC_4878-289x193.jpg 289w\" sizes=\"auto, (max-width: 1500px) 100vw, 1500px\" \/><\/a><\/p>\n<p>Durante la conversaci\u00f3n, Cruz fue contando breves an\u00e9cdotas vividas con varios escritores. Desde su amistad con Almudena Grandes \u2014record\u00f3 como en un viaje en coche a Madrid le confes\u00f3 que estaba enamorada de un chico que result\u00f3 ser Luis Garc\u00eda Montero. Dijo sobre Grandes que era la persona m\u00e1s generosa que hab\u00eda conocido\u2014, hasta su relaci\u00f3n con Juan Mars\u00e9. Tambi\u00e9n relat\u00f3 como en una entrevista que hizo a G\u00fcnter Grass en 2015, un mes antes de morir, el autor alem\u00e1n describi\u00f3 casi con exactitud la situaci\u00f3n geopol\u00edtica actual, el peligro de alejarse de Rusia y lo que podr\u00eda pasar si ganaban los republicanos en Estados Unidos. \u201cLo sorprendente es que no ve\u00edamos lo evidente\u201d, dijo Cruz, que aclar\u00f3 que Grass dec\u00eda lo que dec\u00eda porque vivi\u00f3 la Guerra Mundial \u201cy lo que est\u00e1 pasando ahora no es muy distinto por completo a aquello que vivi\u00f3 \u00e9l\u201d.<\/p>\n<p>Con respecto a la persona m\u00e1s importante de su vida literaria, su madre, seg\u00fan el mismo manifest\u00f3, dijo encontrarse actualmente escribiendo un libro sobre ella. Explic\u00f3 que sab\u00eda leer y escribir, algo que no era muy com\u00fan entonces, y le\u00eda el peri\u00f3dico. \u201cYo le dec\u00eda muchas veces: madre, as\u00ed no se dice\u201d. Y ella respond\u00eda: \u201cyo s\u00e9 decir hilo e hilacha y mierda pa\u2019quien me tacha\u201d.<\/p>\n<p><a href=\"https:\/\/fcmanrique.org\/wp-content\/uploads\/DSC4977.jpg\"><img loading=\"lazy\" decoding=\"async\" class=\"alignnone size-full wp-image-26597\" src=\"https:\/\/fcmanrique.org\/wp-content\/uploads\/DSC4977.jpg\" alt=\"\" width=\"1500\" height=\"1000\" srcset=\"https:\/\/fcmanrique.org\/wp-content\/uploads\/DSC4977.jpg 1500w, https:\/\/fcmanrique.org\/wp-content\/uploads\/DSC4977-300x200.jpg 300w, https:\/\/fcmanrique.org\/wp-content\/uploads\/DSC4977-1024x683.jpg 1024w, https:\/\/fcmanrique.org\/wp-content\/uploads\/DSC4977-768x512.jpg 768w, https:\/\/fcmanrique.org\/wp-content\/uploads\/DSC4977-289x193.jpg 289w\" sizes=\"auto, (max-width: 1500px) 100vw, 1500px\" \/><\/a><\/p>\n<p>Garc\u00eda M\u00e1rquez y Vargas Llosa, fueron los \u00faltimos escritores sobre los que padre e hija conversaron, repasando sus encuentros y desencuentros y de c\u00f3mo se magnific\u00f3 un pu\u00f1etazo. Ellos ten\u00edan \u201crelaciones laterales\u201d a trav\u00e9s de Carmen Balcells y de \u00e9l mismo: \u201cMe llam\u00f3 Gabo para que le dijera a Vargas Llosa que <em>La Fiesta del Chivo<\/em> era un libro extraordinario y yo se lo dije\u201d. De la misma manera, Vargas Llosa estaba en Oxford cuando se enter\u00f3 de que estaban operando al escritor colombiano y le escribi\u00f3 un telegrama. \u201cNo eran amigos, pero ten\u00edan una relaci\u00f3n de respeto y nunca se zahirieron despu\u00e9s, nunca se dieron otro pu\u00f1etazo\u201d, asegur\u00f3. Cruz alab\u00f3 a Vargas Llosa, de quien dijo que tiene una leyenda, una fama, por una \u201craz\u00f3n mezquina, porque es de derechas\u201d. No obstante, matiz\u00f3 que ha defendido al pueblo palestino y es un adalid de la libertad. \u201cEs una imagen injusta porque es una buena persona\u201d.<\/p>\n<p>Se pregunt\u00f3 Eva Cruz si hay poca generosidad entre escritores, pero su padre cont\u00f3 el encuentro entre Javier Cercas y Vargas Llosa, en una cena el 11 de septiembre de 2001. Cruz ley\u00f3 <em>Soldados de Salamina<\/em> y se lo envi\u00f3 a Vargas Llosa, quien entusiasmado con lo que hab\u00eda le\u00eddo, escribi\u00f3 un art\u00edculo laudatorio sobre la obra, que acab\u00f3 encumbrando a Cercas: \u201cAntes, si un escritor importante escrib\u00eda sobre una obra, se hac\u00eda un <em>bestseller<\/em>, ahora da igual porque los escritores escriben para que los lea Internet\u201d.<\/p>\n<p>Eva Cruz cerr\u00f3 el acto, antes de la firma de ejemplares, calificando <em>Secreto y pasi\u00f3n de la literatura<\/em> como un libro \u201cgeneroso y melanc\u00f3lico, pero lleno de alegr\u00eda\u201d.<\/p>\n<p><a href=\"https:\/\/fcmanrique.org\/wp-content\/uploads\/fcmanrique_-presentacion-libro_juan-cruz_invitacion.jpg\"><img loading=\"lazy\" decoding=\"async\" class=\"alignnone size-full wp-image-26402\" src=\"https:\/\/fcmanrique.org\/wp-content\/uploads\/fcmanrique_-presentacion-libro_juan-cruz_invitacion.jpg\" alt=\"\" width=\"1200\" height=\"1200\" srcset=\"https:\/\/fcmanrique.org\/wp-content\/uploads\/fcmanrique_-presentacion-libro_juan-cruz_invitacion.jpg 1200w, https:\/\/fcmanrique.org\/wp-content\/uploads\/fcmanrique_-presentacion-libro_juan-cruz_invitacion-300x300.jpg 300w, https:\/\/fcmanrique.org\/wp-content\/uploads\/fcmanrique_-presentacion-libro_juan-cruz_invitacion-1024x1024.jpg 1024w, https:\/\/fcmanrique.org\/wp-content\/uploads\/fcmanrique_-presentacion-libro_juan-cruz_invitacion-150x150.jpg 150w, https:\/\/fcmanrique.org\/wp-content\/uploads\/fcmanrique_-presentacion-libro_juan-cruz_invitacion-768x768.jpg 768w, https:\/\/fcmanrique.org\/wp-content\/uploads\/fcmanrique_-presentacion-libro_juan-cruz_invitacion-246x246.jpg 246w\" sizes=\"auto, (max-width: 1200px) 100vw, 1200px\" \/><\/a><\/p>\n<p><strong>M\u00e1s informaci\u00f3n:<\/strong> <a href=\"https:\/\/fcmanrique.org\/wp-content\/uploads\/fcmanrique-nota-de-prensa-presentacion-nuevo-libro-juan-cruz.pdf\" target=\"_blank\" rel=\"noopener\">Nota de prensa<\/a><\/p>\n<p><strong>Grabaci\u00f3n de la conferencia:<\/strong>&nbsp;<a href=\"https:\/\/fcmanrique.org\/fcm-video\/secreto-y-pasion-de-la-literatura\/\" target=\"_blank\" rel=\"noopener\">Grabaci\u00f3n<\/a><\/p>","protected":false},"featured_media":26599,"parent":0,"template":"","meta":{"_acf_changed":false,"ngg_post_thumbnail":0,"footnotes":""},"actividad_tipo":[36],"actividad_lugar":[],"actividad_departamento":[],"actividad_ciclo":[],"class_list":["post-26587","fcm_actividad","type-fcm_actividad","status-publish","has-post-thumbnail","hentry","actividad_tipo-presentacion-libros"],"acf":[],"_links":{"self":[{"href":"https:\/\/fcmanrique.org\/it\/wp-json\/wp\/v2\/fcm_actividad\/26587","targetHints":{"allow":["GET"]}}],"collection":[{"href":"https:\/\/fcmanrique.org\/it\/wp-json\/wp\/v2\/fcm_actividad"}],"about":[{"href":"https:\/\/fcmanrique.org\/it\/wp-json\/wp\/v2\/types\/fcm_actividad"}],"version-history":[{"count":10,"href":"https:\/\/fcmanrique.org\/it\/wp-json\/wp\/v2\/fcm_actividad\/26587\/revisions"}],"predecessor-version":[{"id":26947,"href":"https:\/\/fcmanrique.org\/it\/wp-json\/wp\/v2\/fcm_actividad\/26587\/revisions\/26947"}],"wp:featuredmedia":[{"embeddable":true,"href":"https:\/\/fcmanrique.org\/it\/wp-json\/wp\/v2\/media\/26599"}],"wp:attachment":[{"href":"https:\/\/fcmanrique.org\/it\/wp-json\/wp\/v2\/media?parent=26587"}],"wp:term":[{"taxonomy":"actividad_tipo","embeddable":true,"href":"https:\/\/fcmanrique.org\/it\/wp-json\/wp\/v2\/actividad_tipo?post=26587"},{"taxonomy":"actividad_lugar","embeddable":true,"href":"https:\/\/fcmanrique.org\/it\/wp-json\/wp\/v2\/actividad_lugar?post=26587"},{"taxonomy":"actividad_departamento","embeddable":true,"href":"https:\/\/fcmanrique.org\/it\/wp-json\/wp\/v2\/actividad_departamento?post=26587"},{"taxonomy":"actividad_ciclo","embeddable":true,"href":"https:\/\/fcmanrique.org\/it\/wp-json\/wp\/v2\/actividad_ciclo?post=26587"}],"curies":[{"name":"wp","href":"https:\/\/api.w.org\/{rel}","templated":true}]}}