{"id":27035,"date":"2025-09-24T07:33:46","date_gmt":"2025-09-24T07:33:46","guid":{"rendered":"https:\/\/fcmanrique.org\/?post_type=fcm_actividad&#038;p=27035"},"modified":"2025-10-17T14:11:06","modified_gmt":"2025-10-17T14:11:06","slug":"antonio-valero-estamos-esclavizando-a-la-naturaleza-porque-se-deja-pero-hay-que-gestionarla","status":"publish","type":"fcm_actividad","link":"https:\/\/fcmanrique.org\/it\/fcm-actividad\/antonio-valero-estamos-esclavizando-a-la-naturaleza-porque-se-deja-pero-hay-que-gestionarla\/","title":{"rendered":"Antonio Valero: \u00abEstamos esclavizando a la naturaleza porque se deja, pero hay que gestionarla\u00bb"},"content":{"rendered":"<p class=\"qtranxs-available-languages-message qtranxs-available-languages-message-it\">Ci spiace, ma questo articolo \u00e8 disponibile soltanto in <a href=\"https:\/\/fcmanrique.org\/es\/wp-json\/wp\/v2\/fcm_actividad\/27035\" class=\"qtranxs-available-language-link qtranxs-available-language-link-es\" title=\"ES\">ES<\/a>.<\/p><p>En 1987, Antonio Valero, catedr\u00e1tico em\u00e9rito de Ingenier\u00eda Mec\u00e1nica de la Universidad de Zaragoza, viaj\u00f3 a Estados Unidos a visitar a Nicol\u00e1s Georgescu-Roegen, \u201cel mejor economista ecol\u00f3gico que ha existido\u201d, seg\u00fan sus palabras. Pionero en integrar la termodin\u00e1mica en la econom\u00eda, Georgescu defend\u00eda que la escasez de los recursos establece el l\u00edmite a la supervivencia de la humanidad, ya que el reciclaje nunca puede ser completo pues todos los recursos naturales se degradan irreversiblemente y, por lo tanto, acabar\u00e1n agot\u00e1ndose en alg\u00fan momento. Con esta premisa, Antonio Valero dio comienzo a su conferencia titulada: \u201cLa irreversibilidad como valor natural de las materias primas. En busca de la sombra f\u00edsica de la econom\u00eda\u201d, impartida en la sala Jos\u00e9 Saramago el jueves 18 de septiembre de 2025.<\/p>\n<p>Partiendo del concepto de que la econom\u00eda se basa en la escasez, Valero pronostic\u00f3: \u201cLa Naturaleza se va a poner cara\u201d. A su juicio, nos encaminamos a un futuro colapso inevitable. La cuesti\u00f3n es saber cu\u00e1ndo. Un paso para conocerlo ser\u00eda \u201ccombinar la termodin\u00e1mica con la econom\u00eda\u201d. El ingeniero explic\u00f3 c\u00f3mo aunque la energ\u00eda no se cree ni se destruya, s\u00ed que cambia de calidad, es decir, se degrada. Igual que nosotros nos mantenemos gracias a que consumimos recursos, pero vamos a morir, al planeta le pasa lo mismo, que se degrada poco a poco y \u201cestamos acelerando esa degradaci\u00f3n\u201d.<\/p>\n<p><a href=\"https:\/\/fcmanrique.org\/wp-content\/uploads\/fcmanrique-conferencia-antonio-valero.jpg\"><img loading=\"lazy\" decoding=\"async\" class=\"alignnone size-full wp-image-27042\" src=\"https:\/\/fcmanrique.org\/wp-content\/uploads\/fcmanrique-conferencia-antonio-valero.jpg\" alt=\"\" width=\"1440\" height=\"960\" srcset=\"https:\/\/fcmanrique.org\/wp-content\/uploads\/fcmanrique-conferencia-antonio-valero.jpg 1440w, https:\/\/fcmanrique.org\/wp-content\/uploads\/fcmanrique-conferencia-antonio-valero-300x200.jpg 300w, https:\/\/fcmanrique.org\/wp-content\/uploads\/fcmanrique-conferencia-antonio-valero-1024x683.jpg 1024w, https:\/\/fcmanrique.org\/wp-content\/uploads\/fcmanrique-conferencia-antonio-valero-768x512.jpg 768w, https:\/\/fcmanrique.org\/wp-content\/uploads\/fcmanrique-conferencia-antonio-valero-289x193.jpg 289w\" sizes=\"auto, (max-width: 1440px) 100vw, 1440px\" \/><\/a><\/p>\n<p>Para contener esa inevitable degradaci\u00f3n, lo que se puede hacer, a juicio del ponente, es gestionar los recursos biol\u00f3gicos y geol\u00f3gicos del planeta. Aqu\u00ed entrar\u00eda en juego la termodin\u00e1mica, matiz\u00f3, ya que cuantificar\u00eda la escasez, que se puede medir por parte de la F\u00edsica, no por parte de la Econom\u00eda. La primera idea para relacionar lo f\u00edsico con lo econ\u00f3mico es la exerg\u00eda; la energ\u00eda m\u00e1xima de un sistema que se puede transformar en trabajo \u00fatil. La energ\u00eda el\u00e9ctrica, por ejemplo, tiene mucha exerg\u00eda. Una mina, un r\u00edo, un glaciar, tambi\u00e9n\u2026 Es una herramienta que nos permite valorar f\u00edsicamente las cosas, no solo econ\u00f3micamente. La degradaci\u00f3n de la energ\u00eda la podemos llamar irreversibilidad as\u00ed que, si medimos la exerg\u00eda, estaremos midiendo la irreversibilidad de las cosas. Se convierte en algo cuantificable y se mide en kilovatios hora. Lo que es positivo para la econom\u00eda es negativo para la f\u00edsica, matiz\u00f3.<\/p>\n<p>En este sentido, Valero habl\u00f3 de un trabajo que public\u00f3 en 1986 sobre la idea del coste energ\u00e9tico en cuanto a la cantidad de energ\u00eda que necesitamos para hacer cualquier cosa. Esa herramienta de coste tiene sentido con respecto a la econom\u00eda, indic\u00f3. \u00bfCu\u00e1nta cantidad de energ\u00eda o de exerg\u00eda necesitamos para obtener recursos o materias primas? \u00bfQu\u00e9 impacto generamos sobre el planeta? Si lo cuantificamos, tendr\u00edamos el coste para cada materia prima y sabr\u00edamos el coste para la naturaleza expresado en kWh. Es decir, lograr\u00edamos conocer el impacto integral sobre la naturaleza. \u00bfQu\u00e9 podr\u00edamos hacer con estos costes f\u00edsicos? Podr\u00edamos eliminar irreversibilidades o retrasar la degradaci\u00f3n, se\u00f1al\u00f3 el catedr\u00e1tico em\u00e9rito.<\/p>\n<p>Valero considera que la sociedad valora m\u00e1s la eficacia \u2014acabar algo en tiempo corto\u2014, que la eficiencia \u2014aprovechar al m\u00e1ximo los recursos utilizados\u2014, y plantea reevaluar lo que consideramos progreso. A su juicio, habr\u00eda que vivir m\u00e1s tranquilo, sin gastar tantos recursos y puso el siguiente ejemplo pr\u00e1ctico: solamente duplicando la vida \u00fatil de los ordenadores y de los m\u00f3viles que hay en Espa\u00f1a, habr\u00eda electricidad para diez a\u00f1os en los hogares de la ciudad de Zaragoza.<\/p>\n<p><a href=\"https:\/\/fcmanrique.org\/wp-content\/uploads\/fcmanrique-conferencia-antonio-valero1.jpg\"><img loading=\"lazy\" decoding=\"async\" class=\"alignnone size-full wp-image-27043\" src=\"https:\/\/fcmanrique.org\/wp-content\/uploads\/fcmanrique-conferencia-antonio-valero1.jpg\" alt=\"\" width=\"1035\" height=\"690\" srcset=\"https:\/\/fcmanrique.org\/wp-content\/uploads\/fcmanrique-conferencia-antonio-valero1.jpg 1035w, https:\/\/fcmanrique.org\/wp-content\/uploads\/fcmanrique-conferencia-antonio-valero1-300x200.jpg 300w, https:\/\/fcmanrique.org\/wp-content\/uploads\/fcmanrique-conferencia-antonio-valero1-1024x683.jpg 1024w, https:\/\/fcmanrique.org\/wp-content\/uploads\/fcmanrique-conferencia-antonio-valero1-768x512.jpg 768w, https:\/\/fcmanrique.org\/wp-content\/uploads\/fcmanrique-conferencia-antonio-valero1-289x193.jpg 289w\" sizes=\"auto, (max-width: 1035px) 100vw, 1035px\" \/><\/a><\/p>\n<p>Junto a Jos\u00e9 Manuel Naredo, Valero acu\u00f1\u00f3 el t\u00e9rmino \u201cla regla del notario\u201d. En este sentido, explic\u00f3 que, desde el punto de vista econ\u00f3mico, el notario obtiene un gran beneficio de la construcci\u00f3n de una casa sin hacer apenas esfuerzo. Sin embargo, el coste de los materiales y de los recursos es mucho mayor para el planeta, mientras que en econom\u00eda es la parte m\u00e1s barata en t\u00e9rminos unitarios. Respecto a los minerales, cuantos m\u00e1s sacamos, m\u00e1s energ\u00eda necesitamos para extraerlos. Ahora los minerales son m\u00e1s baratos, pero cuanto m\u00e1s avancemos en su extracci\u00f3n, se ir\u00e1n encareciendo. \u201cTodas las materias primas del planeta van a subir de precio\u201d, afirm\u00f3, y los recursos que primero se van a gastar en el planeta son los suelos f\u00e9rtiles, ya que los estamos degradando.<\/p>\n<p>En una f\u00e1brica, una parte del beneficio va destinado a amortizar la maquinaria, pero \u00bfqui\u00e9n amortiza la naturaleza?, \u00bfcu\u00e1ndo consideraremos el fin de la esclavitud de la naturaleza?, se pregunt\u00f3. Las renovables, por otra parte, son mejores que las energ\u00edas f\u00f3siles, pero \u201cno son tan renovables\u201d porque tambi\u00e9n producen CO<sub>2<\/sub>. Adem\u00e1s, los tel\u00e9fonos m\u00f3viles tienen 31 elementos qu\u00edmicos y duran tres a\u00f1os. Son imposibles de reciclar. Y los coches el\u00e9ctricos tienen 55. \u201cSomos una sociedad de usar y tirar\u201d, sentenci\u00f3.<\/p>\n<p><a href=\"https:\/\/fcmanrique.org\/wp-content\/uploads\/fcmanrique-conferencia-antonio-valero2.jpg\"><img loading=\"lazy\" decoding=\"async\" class=\"alignnone size-full wp-image-27044\" src=\"https:\/\/fcmanrique.org\/wp-content\/uploads\/fcmanrique-conferencia-antonio-valero2.jpg\" alt=\"\" width=\"1440\" height=\"960\" srcset=\"https:\/\/fcmanrique.org\/wp-content\/uploads\/fcmanrique-conferencia-antonio-valero2.jpg 1440w, https:\/\/fcmanrique.org\/wp-content\/uploads\/fcmanrique-conferencia-antonio-valero2-300x200.jpg 300w, https:\/\/fcmanrique.org\/wp-content\/uploads\/fcmanrique-conferencia-antonio-valero2-1024x683.jpg 1024w, https:\/\/fcmanrique.org\/wp-content\/uploads\/fcmanrique-conferencia-antonio-valero2-768x512.jpg 768w, https:\/\/fcmanrique.org\/wp-content\/uploads\/fcmanrique-conferencia-antonio-valero2-289x193.jpg 289w\" sizes=\"auto, (max-width: 1440px) 100vw, 1440px\" \/><\/a><\/p>\n<p>La deuda de las personas del planeta es de 300 billones de euros, \u201clo que nos debemos unos a otros\u201d. \u00bfY d\u00f3nde est\u00e1 ah\u00ed la naturaleza? No hay di\u00e1logo entre la naturaleza y el ser humano. \u201cEstamos esclavizando a la naturaleza porque se deja, pero hay que gestionarla\u201d. \u00bfCu\u00e1nta naturaleza nos hemos hipotecado de esos 300 billones? Por todo ello, Valero considera que hay que vincular la \u00e9tica a la econom\u00eda, porque el PIB no distingue entre procesos beneficiosos o perjudiciales para la naturaleza.<\/p>\n<p>El ponente concluy\u00f3 su conferencia explicando c\u00f3mo, junto a un grupo internacional de investigadores, est\u00e1 elaborando una metodolog\u00eda del c\u00e1lculo de las \u201cmochilas de irreversibilidad\u201d de todas las materias primas. Esto ser\u00eda \u00fatil para dar a la econom\u00eda una alternativa a trav\u00e9s de la termodin\u00e1mica ya que, en su opini\u00f3n, \u201cno podemos seguir as\u00ed o, al menos, debemos saber lo que le ha costado generarlo a la naturaleza\u201d. En \u00faltimo t\u00e9rmino, Antonio Valero inform\u00f3 sobre la creaci\u00f3n de un comit\u00e9 internacional con el objetivo de cambiar la manera de ver la termodin\u00e1mica e intentar influir en una pol\u00edtica que no fomente \u00fanicamente el crecimiento econ\u00f3mico.<\/p>\n<p><a href=\"https:\/\/fcmanrique.org\/wp-content\/uploads\/Nueva-plantilla_-fronteras-y-direcciones_antonio-valero.jpg\"><img loading=\"lazy\" decoding=\"async\" class=\"alignnone size-full wp-image-26980\" src=\"https:\/\/fcmanrique.org\/wp-content\/uploads\/Nueva-plantilla_-fronteras-y-direcciones_antonio-valero.jpg\" alt=\"\" width=\"1200\" height=\"1200\" srcset=\"https:\/\/fcmanrique.org\/wp-content\/uploads\/Nueva-plantilla_-fronteras-y-direcciones_antonio-valero.jpg 1200w, https:\/\/fcmanrique.org\/wp-content\/uploads\/Nueva-plantilla_-fronteras-y-direcciones_antonio-valero-300x300.jpg 300w, https:\/\/fcmanrique.org\/wp-content\/uploads\/Nueva-plantilla_-fronteras-y-direcciones_antonio-valero-1024x1024.jpg 1024w, https:\/\/fcmanrique.org\/wp-content\/uploads\/Nueva-plantilla_-fronteras-y-direcciones_antonio-valero-150x150.jpg 150w, https:\/\/fcmanrique.org\/wp-content\/uploads\/Nueva-plantilla_-fronteras-y-direcciones_antonio-valero-768x768.jpg 768w, https:\/\/fcmanrique.org\/wp-content\/uploads\/Nueva-plantilla_-fronteras-y-direcciones_antonio-valero-246x246.jpg 246w\" sizes=\"auto, (max-width: 1200px) 100vw, 1200px\" \/><\/a><\/p>\n<p><strong>M\u00e1s informaci\u00f3n:&nbsp;<\/strong><a href=\"https:\/\/fcmanrique.org\/wp-content\/uploads\/np-09.25.-Conferencia-Antonio-Valero.pdf\" target=\"_blank\" rel=\"noopener\">Nota de prensa<\/a><\/p>\n<p><strong>Grabaci\u00f3n de la conferencia<\/strong>:&nbsp;<a href=\"https:\/\/fcmanrique.org\/fcm-video\/conferencia-antonio-valero\/\" target=\"_blank\" rel=\"noopener\">Grabaci\u00f3n<\/a><\/p>","protected":false},"featured_media":27039,"parent":0,"template":"","meta":{"_acf_changed":false,"ngg_post_thumbnail":0,"footnotes":""},"actividad_tipo":[34],"actividad_lugar":[49],"actividad_departamento":[],"actividad_ciclo":[72],"class_list":["post-27035","fcm_actividad","type-fcm_actividad","status-publish","has-post-thumbnail","hentry","actividad_tipo-conferencias","actividad_lugar-lugar-sala-saramago","actividad_ciclo-fronteras-y-direcciones-de-progreso"],"acf":[],"_links":{"self":[{"href":"https:\/\/fcmanrique.org\/it\/wp-json\/wp\/v2\/fcm_actividad\/27035","targetHints":{"allow":["GET"]}}],"collection":[{"href":"https:\/\/fcmanrique.org\/it\/wp-json\/wp\/v2\/fcm_actividad"}],"about":[{"href":"https:\/\/fcmanrique.org\/it\/wp-json\/wp\/v2\/types\/fcm_actividad"}],"version-history":[{"count":8,"href":"https:\/\/fcmanrique.org\/it\/wp-json\/wp\/v2\/fcm_actividad\/27035\/revisions"}],"predecessor-version":[{"id":27305,"href":"https:\/\/fcmanrique.org\/it\/wp-json\/wp\/v2\/fcm_actividad\/27035\/revisions\/27305"}],"wp:featuredmedia":[{"embeddable":true,"href":"https:\/\/fcmanrique.org\/it\/wp-json\/wp\/v2\/media\/27039"}],"wp:attachment":[{"href":"https:\/\/fcmanrique.org\/it\/wp-json\/wp\/v2\/media?parent=27035"}],"wp:term":[{"taxonomy":"actividad_tipo","embeddable":true,"href":"https:\/\/fcmanrique.org\/it\/wp-json\/wp\/v2\/actividad_tipo?post=27035"},{"taxonomy":"actividad_lugar","embeddable":true,"href":"https:\/\/fcmanrique.org\/it\/wp-json\/wp\/v2\/actividad_lugar?post=27035"},{"taxonomy":"actividad_departamento","embeddable":true,"href":"https:\/\/fcmanrique.org\/it\/wp-json\/wp\/v2\/actividad_departamento?post=27035"},{"taxonomy":"actividad_ciclo","embeddable":true,"href":"https:\/\/fcmanrique.org\/it\/wp-json\/wp\/v2\/actividad_ciclo?post=27035"}],"curies":[{"name":"wp","href":"https:\/\/api.w.org\/{rel}","templated":true}]}}