{"id":27171,"date":"2025-10-03T17:09:29","date_gmt":"2025-10-03T17:09:29","guid":{"rendered":"https:\/\/fcmanrique.org\/?post_type=fcm_actividad&#038;p=27171"},"modified":"2025-11-18T13:02:14","modified_gmt":"2025-11-18T13:02:14","slug":"jose-maria-fernandez-palacios-los-bosques-termofilos-son-el-aspecto-mediterraneo-del-archipielago-canario","status":"publish","type":"fcm_actividad","link":"https:\/\/fcmanrique.org\/it\/fcm-actividad\/jose-maria-fernandez-palacios-los-bosques-termofilos-son-el-aspecto-mediterraneo-del-archipielago-canario\/","title":{"rendered":"Jos\u00e9 M\u00aa Fern\u00e1ndez-Palacios: \u00abLos bosques term\u00f3filos son el aspecto mediterr\u00e1neo de Canarias\u00bb"},"content":{"rendered":"<p class=\"qtranxs-available-languages-message qtranxs-available-languages-message-it\">Ci spiace, ma questo articolo \u00e8 disponibile soltanto in <a href=\"https:\/\/fcmanrique.org\/es\/wp-json\/wp\/v2\/fcm_actividad\/27171\" class=\"qtranxs-available-language-link qtranxs-available-language-link-es\" title=\"ES\">ES<\/a>.<\/p><p><em>Los bosques term\u00f3filos. Canarias, Madeira y Cabo Verde<\/em> (Macaronesia Editorial) es un libro coral en el que participan doce profesores e investigadores de diferentes universidades, y ha sido coordinado por el catedr\u00e1tico de Ecolog\u00eda de la Universidad de La Laguna, Jos\u00e9 Mar\u00eda Fern\u00e1ndez-Palacios. El estudio \u2014que consta de 280 p\u00e1ginas, 70 fotograf\u00edas, 60 mapas, 32 tablas, 25 cuadros y 25 fichas, y est\u00e1 formado por 7 cap\u00edtulos y una clave final para poder distinguir y determinar las especies de \u00e1rboles y arbustos si di\u00e9semos un paseo por los bosques term\u00f3filos\u2014 se present\u00f3 el jueves 2 de octubre en la sala Jos\u00e9 Saramago de la Fundaci\u00f3n C\u00e9sar Manrique.<\/p>\n<p><a href=\"https:\/\/fcmanrique.org\/wp-content\/uploads\/fc-manrique-jose-maria-fernandez-palacios-actividad-1.jpg\"><img loading=\"lazy\" decoding=\"async\" class=\"alignnone size-full wp-image-27173\" src=\"https:\/\/fcmanrique.org\/wp-content\/uploads\/fc-manrique-jose-maria-fernandez-palacios-actividad-1.jpg\" alt=\"\" width=\"1440\" height=\"960\" srcset=\"https:\/\/fcmanrique.org\/wp-content\/uploads\/fc-manrique-jose-maria-fernandez-palacios-actividad-1.jpg 1440w, https:\/\/fcmanrique.org\/wp-content\/uploads\/fc-manrique-jose-maria-fernandez-palacios-actividad-1-300x200.jpg 300w, https:\/\/fcmanrique.org\/wp-content\/uploads\/fc-manrique-jose-maria-fernandez-palacios-actividad-1-1024x683.jpg 1024w, https:\/\/fcmanrique.org\/wp-content\/uploads\/fc-manrique-jose-maria-fernandez-palacios-actividad-1-768x512.jpg 768w, https:\/\/fcmanrique.org\/wp-content\/uploads\/fc-manrique-jose-maria-fernandez-palacios-actividad-1-289x193.jpg 289w\" sizes=\"auto, (max-width: 1440px) 100vw, 1440px\" \/><\/a><\/p>\n<p>Fern\u00e1ndez-Palacios comenz\u00f3 por explicar a qu\u00e9 llamamos Macaronesia, un t\u00e9rmino con el significado de \u201cislas felices\u201d, acu\u00f1ado por el bot\u00e1nico y naturalista ingl\u00e9s Philip Barker Webb en el siglo XIX y que comprende a los archipi\u00e9lagos del este del Atl\u00e1ntico: Azores, Madeira, Salvajes, Canarias y Cabo Verde. Hay varios elementos, o paleoelementos, que vertebran a estos archipi\u00e9lagos: por un lado, los restos de la geoflora paleotropical del mar de Tetis, anterior al Mediterr\u00e1neo y, por otro, la <em>rand<\/em> <em>flora<\/em> africana \u2014que ha quedado en los bordes de dicho continente\u2014, que tambi\u00e9n constituye la base de los bosques term\u00f3filos. El tercer elemento son los endemismos. Seg\u00fan Fern\u00e1ndez-Palacios, cuando los bot\u00e1nicos europeos viajan a Canarias y visitan ciertos paisajes, hacen un viaje en el tiempo, porque ven \u201cc\u00f3mo era su continente hace veinte o treinta millones de a\u00f1os\u201d.<\/p>\n<p>El libro revisa la percepci\u00f3n que han tenido los distintos autores a lo largo de la historia sobre los bosques term\u00f3filos, desde Leopold Von Buch en 1819 hasta Del Arco y Rodr\u00edguez Delgado en 2018. Algunos, describieron estos bosques con una identidad propia; otros no los identificaron como tales. Se habla, en cualquier caso, de bosques term\u00f3filos canarios, en plural, y no del bosque term\u00f3filo canario, en singular. En su estructura tienen especies como palmeras, dragos, lentiscos, acebuches, sabinas, alm\u00e1cigos, etc., cuyas ilustraciones han sido incorporadas a los escudos de muchos ayuntamientos de Canarias como Arona, La Oliva, Alajer\u00f3 o Antigua. \u201cLos bosques term\u00f3filos son el aspecto mediterr\u00e1neo del archipi\u00e9lago canario\u201d, asegur\u00f3.<\/p>\n<p><a href=\"https:\/\/fcmanrique.org\/wp-content\/uploads\/fc-manrique-jose-maria-fernandez-palacios-actividad-2.jpg\"><img loading=\"lazy\" decoding=\"async\" class=\"alignnone size-full wp-image-27174\" src=\"https:\/\/fcmanrique.org\/wp-content\/uploads\/fc-manrique-jose-maria-fernandez-palacios-actividad-2.jpg\" alt=\"\" width=\"1440\" height=\"960\" srcset=\"https:\/\/fcmanrique.org\/wp-content\/uploads\/fc-manrique-jose-maria-fernandez-palacios-actividad-2.jpg 1440w, https:\/\/fcmanrique.org\/wp-content\/uploads\/fc-manrique-jose-maria-fernandez-palacios-actividad-2-300x200.jpg 300w, https:\/\/fcmanrique.org\/wp-content\/uploads\/fc-manrique-jose-maria-fernandez-palacios-actividad-2-1024x683.jpg 1024w, https:\/\/fcmanrique.org\/wp-content\/uploads\/fc-manrique-jose-maria-fernandez-palacios-actividad-2-768x512.jpg 768w, https:\/\/fcmanrique.org\/wp-content\/uploads\/fc-manrique-jose-maria-fernandez-palacios-actividad-2-289x193.jpg 289w\" sizes=\"auto, (max-width: 1440px) 100vw, 1440px\" \/><\/a><\/p>\n<p>En los bosques term\u00f3filos hay unas 49.600 especies y comprende a 320 millones de habitantes, distribuidos entre la cuenca mediterr\u00e1nea, California, Chile, Sud\u00e1frica y Australia, en todos los lugares donde se cultivan vi\u00f1as, aunque tambi\u00e9n hay higueras y olivos como elementos comunes. Entre Canarias y Madeira hay especies exclusivas, vicariantes y compartidas, muchos elementos comunes. En cuanto a bosques term\u00f3filos, \u201cMadeira se comporta como una isla canaria m\u00e1s\u201d. En Azores, sin embargo, no hay bosque term\u00f3filo, pero s\u00ed en Cabo Verde.<\/p>\n<p>El clima mediterr\u00e1neo (veranos calurosos e inviernos lluviosos), por otra parte, no tiene un an\u00e1logo en el pasado, es bastante reciente. El autor explic\u00f3 c\u00f3mo durante la crisis salina del Messiniense se evapor\u00f3 el Mediterr\u00e1neo tras el cierre del estrecho de Gibraltar y c\u00f3mo despu\u00e9s cambi\u00f3 el clima del planeta por el cierre del Canal de Panam\u00e1, y acab\u00f3 dando lugar al clima mediterr\u00e1neo. Antes de eso, Canarias ocupaba una superficie mucho mayor. Las comunidades o especies que conforman el bioma mediterr\u00e1neo, como sabinares, acebuchales, palmerales, dragonales o lentiscales, est\u00e1n incluidas en los puntos calientes de biodiversidad del Planeta. Es una naturaleza privilegiada, pero est\u00e1 amenazada. El h\u00e1bitat de los bosques term\u00f3filos es con el que m\u00e1s especies contribuye a la lista roja.<\/p>\n<p><a href=\"https:\/\/fcmanrique.org\/wp-content\/uploads\/fc-manrique-jose-maria-fernandez-palacios-actividad-3.jpg\"><img loading=\"lazy\" decoding=\"async\" class=\"alignnone size-full wp-image-27175\" src=\"https:\/\/fcmanrique.org\/wp-content\/uploads\/fc-manrique-jose-maria-fernandez-palacios-actividad-3.jpg\" alt=\"\" width=\"1440\" height=\"960\" srcset=\"https:\/\/fcmanrique.org\/wp-content\/uploads\/fc-manrique-jose-maria-fernandez-palacios-actividad-3.jpg 1440w, https:\/\/fcmanrique.org\/wp-content\/uploads\/fc-manrique-jose-maria-fernandez-palacios-actividad-3-300x200.jpg 300w, https:\/\/fcmanrique.org\/wp-content\/uploads\/fc-manrique-jose-maria-fernandez-palacios-actividad-3-1024x683.jpg 1024w, https:\/\/fcmanrique.org\/wp-content\/uploads\/fc-manrique-jose-maria-fernandez-palacios-actividad-3-768x512.jpg 768w, https:\/\/fcmanrique.org\/wp-content\/uploads\/fc-manrique-jose-maria-fernandez-palacios-actividad-3-289x193.jpg 289w\" sizes=\"auto, (max-width: 1440px) 100vw, 1440px\" \/><\/a><\/p>\n<p>Con el poblamiento de Canarias, se deteriora mucho el bosque term\u00f3filo, porque es el h\u00e1bitat que se usa para cultivos y pastos por sus caracter\u00edsticas de humedad, terreno y lejan\u00eda de la costa. En Lanzarote tan solo quedan tres o cuatro manchas en el Risco de Famara, solamente en los puntos m\u00e1s altos, un 0,17 por ciento de lo que hubo, mientras que en otras islas queda a\u00fan un poco m\u00e1s, como en La Gomera, donde se acerca al treinta por ciento de lo que en su d\u00eda existi\u00f3. En Canarias, en general queda poco m\u00e1s de un diez por ciento. \u201cEs una mala noticia, se han perdido muchas especies\u201d.<\/p>\n<p>El coordinador del libro termin\u00f3 explicando que Macaronesia Editorial es una \u201ceditorial familiar\u201d, creada con el objetivo de realizar libros con un dise\u00f1o muy cuidado y de alta divulgaci\u00f3n acerca de la naturaleza macaron\u00e9sica. Despu\u00e9s de <em>La Laurisilva. Canarias, Madeira y Azores<\/em>, este es el segundo t\u00edtulo que se completar\u00e1 con un tercer libro sobre el pinar.<\/p>\n<p><a href=\"https:\/\/fcmanrique.org\/wp-content\/uploads\/11.25-fcmanrique_-presentacion_libro_jm_palacios_invitacion.jpg\"><img loading=\"lazy\" decoding=\"async\" class=\"alignnone size-full wp-image-27054\" src=\"https:\/\/fcmanrique.org\/wp-content\/uploads\/11.25-fcmanrique_-presentacion_libro_jm_palacios_invitacion.jpg\" alt=\"\" width=\"1200\" height=\"1200\" srcset=\"https:\/\/fcmanrique.org\/wp-content\/uploads\/11.25-fcmanrique_-presentacion_libro_jm_palacios_invitacion.jpg 1200w, https:\/\/fcmanrique.org\/wp-content\/uploads\/11.25-fcmanrique_-presentacion_libro_jm_palacios_invitacion-300x300.jpg 300w, https:\/\/fcmanrique.org\/wp-content\/uploads\/11.25-fcmanrique_-presentacion_libro_jm_palacios_invitacion-1024x1024.jpg 1024w, https:\/\/fcmanrique.org\/wp-content\/uploads\/11.25-fcmanrique_-presentacion_libro_jm_palacios_invitacion-150x150.jpg 150w, https:\/\/fcmanrique.org\/wp-content\/uploads\/11.25-fcmanrique_-presentacion_libro_jm_palacios_invitacion-768x768.jpg 768w, https:\/\/fcmanrique.org\/wp-content\/uploads\/11.25-fcmanrique_-presentacion_libro_jm_palacios_invitacion-246x246.jpg 246w\" sizes=\"auto, (max-width: 1200px) 100vw, 1200px\" \/><\/a><\/p>\n<p><strong>M\u00e1s informaci\u00f3n: <\/strong><a href=\"https:\/\/fcmanrique.org\/wp-content\/uploads\/np-11.25.-Presentacion-libro-Los-bosques-termofilos.pdf\" target=\"_blank\" rel=\"noopener\">Nota de prensa<\/a><\/p>\n<p><strong>Grabaci\u00f3n de la conferencia<\/strong>:&nbsp;<a href=\"https:\/\/fcmanrique.org\/fcm-video\/presentacion-libro-jose-maria-palacio\/\" target=\"_blank\" rel=\"noopener\">Acceso a la grabaci\u00f3n<\/a><\/p>","protected":false},"featured_media":27172,"parent":0,"template":"","meta":{"_acf_changed":false,"ngg_post_thumbnail":0,"footnotes":""},"actividad_tipo":[36],"actividad_lugar":[49],"actividad_departamento":[],"actividad_ciclo":[],"class_list":["post-27171","fcm_actividad","type-fcm_actividad","status-publish","has-post-thumbnail","hentry","actividad_tipo-presentacion-libros","actividad_lugar-lugar-sala-saramago"],"acf":[],"_links":{"self":[{"href":"https:\/\/fcmanrique.org\/it\/wp-json\/wp\/v2\/fcm_actividad\/27171","targetHints":{"allow":["GET"]}}],"collection":[{"href":"https:\/\/fcmanrique.org\/it\/wp-json\/wp\/v2\/fcm_actividad"}],"about":[{"href":"https:\/\/fcmanrique.org\/it\/wp-json\/wp\/v2\/types\/fcm_actividad"}],"version-history":[{"count":7,"href":"https:\/\/fcmanrique.org\/it\/wp-json\/wp\/v2\/fcm_actividad\/27171\/revisions"}],"predecessor-version":[{"id":27396,"href":"https:\/\/fcmanrique.org\/it\/wp-json\/wp\/v2\/fcm_actividad\/27171\/revisions\/27396"}],"wp:featuredmedia":[{"embeddable":true,"href":"https:\/\/fcmanrique.org\/it\/wp-json\/wp\/v2\/media\/27172"}],"wp:attachment":[{"href":"https:\/\/fcmanrique.org\/it\/wp-json\/wp\/v2\/media?parent=27171"}],"wp:term":[{"taxonomy":"actividad_tipo","embeddable":true,"href":"https:\/\/fcmanrique.org\/it\/wp-json\/wp\/v2\/actividad_tipo?post=27171"},{"taxonomy":"actividad_lugar","embeddable":true,"href":"https:\/\/fcmanrique.org\/it\/wp-json\/wp\/v2\/actividad_lugar?post=27171"},{"taxonomy":"actividad_departamento","embeddable":true,"href":"https:\/\/fcmanrique.org\/it\/wp-json\/wp\/v2\/actividad_departamento?post=27171"},{"taxonomy":"actividad_ciclo","embeddable":true,"href":"https:\/\/fcmanrique.org\/it\/wp-json\/wp\/v2\/actividad_ciclo?post=27171"}],"curies":[{"name":"wp","href":"https:\/\/api.w.org\/{rel}","templated":true}]}}