{"id":27472,"date":"2025-12-11T11:18:57","date_gmt":"2025-12-11T11:18:57","guid":{"rendered":"https:\/\/fcmanrique.org\/?post_type=fcm_actividad&#038;p=27472"},"modified":"2026-02-03T14:26:33","modified_gmt":"2026-02-03T14:26:33","slug":"la-fcm-publica-un-nuevo-titulo-en-su-coleccion-de-poesia-penola-blanca-en-la-hondura-del-tiempo-de-la-poeta-mexicana-coral-bracho","status":"publish","type":"fcm_actividad","link":"https:\/\/fcmanrique.org\/it\/fcm-actividad\/la-fcm-publica-un-nuevo-titulo-en-su-coleccion-de-poesia-penola-blanca-en-la-hondura-del-tiempo-de-la-poeta-mexicana-coral-bracho\/","title":{"rendered":"La FCM publica un nuevo t\u00edtulo en su colecci\u00f3n de poes\u00eda P\u00e9\u00f1ola Blanca: &#8220;En la hondura del tiempo&#8221;, de la poeta mexicana Coral Bracho"},"content":{"rendered":"<p class=\"qtranxs-available-languages-message qtranxs-available-languages-message-it\">Ci spiace, ma questo articolo \u00e8 disponibile soltanto in <a href=\"https:\/\/fcmanrique.org\/es\/wp-json\/wp\/v2\/fcm_actividad\/27472\" class=\"qtranxs-available-language-link qtranxs-available-language-link-es\" title=\"ES\">ES<\/a>.<\/p><p>La Fundaci\u00f3n C\u00e9sar Manrique (FCM) publica un nuevo t\u00edtulo dentro de su colecci\u00f3n de poes\u00eda P\u00e9\u00f1ola Blanca, que inici\u00f3 su andadura hace 30 a\u00f1os, en 1995: <em>En la hondura del tiempo<\/em>, de Coral Bracho (Ciudad de M\u00e9xico, 1951). Se trata de la decimosexta entrega dentro de esta colecci\u00f3n de libros in\u00e9ditos, de tipo bibli\u00f3filo, cuya cuidada edici\u00f3n fue dise\u00f1ada originalmente por Alberto Coraz\u00f3n. <em>En la hondura del tiempo<\/em> re\u00fane 37 poemas. La tirada es de 400 ejemplares, numerados, los cien primeros firmados por la autora.<\/p>\n<p>En palabras de Coral Bracho, \u201cla poes\u00eda es una forma \u00fanica de abrir caminos a la sensibilidad y de adentrarse en los deslumbrantes territorios del lenguaje para acercarnos al mundo que nos rodea, e incidir sobre \u00e9l\u201d. La autora mexicana, que mereci\u00f3 el Premio FIL de Literatura en Lenguas Romances 2023 \u201cpor su continua indagaci\u00f3n en la politicidad de la poes\u00eda y el peso de la palabra escrita\u201d afirma, al abordar las claves de su escritura, que \u201cla libertad de expresi\u00f3n po\u00e9tica ha sido y sigue siendo para m\u00ed una necesidad, pero siempre he sentido tambi\u00e9n que aun los poemas m\u00e1s libres est\u00e1n sujetos a exigencias r\u00edtmicas y sonoras, aunque \u00e9stas sean mucho menos perceptibles para los lectores\u201d.<\/p>\n<p>En la \u201cBreve po\u00e9tica\u201d que acompa\u00f1a a los poemas incluidos en su nuevo libro, Coral Bracho escribe, entre otras reflexiones, lo siguiente: \u201cCuando comenc\u00e9 a escribir poes\u00eda todav\u00eda conviv\u00edan el verso libre y el verso medido, y formas m\u00e1s coloquiales con otras m\u00e1s complejas que se describieron como \u00abneobarrocas\u00bb en Latinoam\u00e9rica. Yo siempre he disfrutado la lectura de todo tipo de poes\u00eda, y nunca he sentido que haya formas po\u00e9ticas que sean mejores que otras\u201d.<\/p>\n<p><strong>M\u00e1s informaci\u00f3n:<\/strong> <a href=\"https:\/\/fcmanrique.org\/wp-content\/uploads\/fcmanrique-nuevo-libro-coral-bracho.pdf\" target=\"_blank\" rel=\"noopener\">Nota de prensa<\/a><\/p>\n<p><strong>M\u00e1s informaci\u00f3n<\/strong>:&nbsp;<a href=\"https:\/\/fcmanrique.org\/fcm-publicacion\/en-la-hondura-del-tiempo\/?cpg=1\" target=\"_blank\" rel=\"noopener\">Acceso a la publicaci\u00f3n<\/a><\/p>","protected":false},"featured_media":27474,"parent":0,"template":"","meta":{"_acf_changed":false,"ngg_post_thumbnail":0,"footnotes":""},"actividad_tipo":[36],"actividad_lugar":[],"actividad_departamento":[],"actividad_ciclo":[],"class_list":["post-27472","fcm_actividad","type-fcm_actividad","status-publish","has-post-thumbnail","hentry","actividad_tipo-presentacion-libros"],"acf":[],"_links":{"self":[{"href":"https:\/\/fcmanrique.org\/it\/wp-json\/wp\/v2\/fcm_actividad\/27472","targetHints":{"allow":["GET"]}}],"collection":[{"href":"https:\/\/fcmanrique.org\/it\/wp-json\/wp\/v2\/fcm_actividad"}],"about":[{"href":"https:\/\/fcmanrique.org\/it\/wp-json\/wp\/v2\/types\/fcm_actividad"}],"version-history":[{"count":3,"href":"https:\/\/fcmanrique.org\/it\/wp-json\/wp\/v2\/fcm_actividad\/27472\/revisions"}],"predecessor-version":[{"id":27555,"href":"https:\/\/fcmanrique.org\/it\/wp-json\/wp\/v2\/fcm_actividad\/27472\/revisions\/27555"}],"wp:featuredmedia":[{"embeddable":true,"href":"https:\/\/fcmanrique.org\/it\/wp-json\/wp\/v2\/media\/27474"}],"wp:attachment":[{"href":"https:\/\/fcmanrique.org\/it\/wp-json\/wp\/v2\/media?parent=27472"}],"wp:term":[{"taxonomy":"actividad_tipo","embeddable":true,"href":"https:\/\/fcmanrique.org\/it\/wp-json\/wp\/v2\/actividad_tipo?post=27472"},{"taxonomy":"actividad_lugar","embeddable":true,"href":"https:\/\/fcmanrique.org\/it\/wp-json\/wp\/v2\/actividad_lugar?post=27472"},{"taxonomy":"actividad_departamento","embeddable":true,"href":"https:\/\/fcmanrique.org\/it\/wp-json\/wp\/v2\/actividad_departamento?post=27472"},{"taxonomy":"actividad_ciclo","embeddable":true,"href":"https:\/\/fcmanrique.org\/it\/wp-json\/wp\/v2\/actividad_ciclo?post=27472"}],"curies":[{"name":"wp","href":"https:\/\/api.w.org\/{rel}","templated":true}]}}