{"id":4492,"date":"2017-04-24T11:39:23","date_gmt":"2017-04-24T11:39:23","guid":{"rendered":"https:\/\/fcmanrique.org\/?p=4492"},"modified":"2023-11-29T15:34:35","modified_gmt":"2023-11-29T15:34:35","slug":"el-taller-de-cine-y-audiovisual-de-usuario-facilita-las-herramientas-para-hablar-este-lenguaje","status":"publish","type":"fcm_actividad","link":"https:\/\/fcmanrique.org\/it\/fcm-actividad\/el-taller-de-cine-y-audiovisual-de-usuario-facilita-las-herramientas-para-hablar-este-lenguaje\/","title":{"rendered":"El taller de Cine y audiovisual de usuario facilita las herramientas para &#8220;hablar&#8221; este lenguaje"},"content":{"rendered":"<p><\/p>\n<p class=\"gmail-m-322370397744291726gmail-m-3855535906610376238gmail-standard\"><span style=\"ofont-size: 10.0pt; ofont-family: Arial;\">Alejandro Krawietz es socio fundador del Aula<span class=\"gmail-m-322370397744291726gmail-apple-converted-space\">&nbsp;de Creaci\u00f3n Audiovisual AUcrea, director del Festival de documentales MiradasDoc, asesor del Festival de cine medioambiental de Canarias, agente cultural y poeta. \u201c<\/span>Un gran conocedor de las claves de la cultura en Canarias, tanto p\u00fablica como privada\u201d, seg\u00fan se\u00f1al\u00f3 el director de la Fundaci\u00f3n C\u00e9sar Manrique, Fernando G\u00f3mez Aguilera, durante la presentaci\u00f3n del taller<span class=\"gmail-m-322370397744291726gmail-apple-converted-space\">&nbsp;<\/span><i><span style=\"background-size: initial; background-origin: initial; background-clip: initial;\">Cine y audiovisual de usuario<span class=\"gmail-m-322370397744291726gmail-apple-converted-space\">&nbsp;<\/span><\/span><\/i>que Krawietz imparti\u00f3 en la Sala Jos\u00e9 Saramago los d\u00edas 18 y 19 de abril de 2017.<\/span><\/p>\n<p class=\"gmail-m-322370397744291726gmail-m-3855535906610376238gmail-standard\" style=\"background-size: initial; background-origin: initial; background-clip: initial;\"><span style=\"ofont-size: 10.0pt; ofont-family: Arial;\"><img loading=\"lazy\" decoding=\"async\" class=\"wp-image-4494 alignleft\" src=\"https:\/\/fcmanrique.org\/wp-content\/uploads\/fcm-taller-cine-usuario-krawietz-1.jpg\" alt=\"\" width=\"451\" height=\"308\" srcset=\"https:\/\/fcmanrique.org\/wp-content\/uploads\/fcm-taller-cine-usuario-krawietz-1.jpg 2126w, https:\/\/fcmanrique.org\/wp-content\/uploads\/fcm-taller-cine-usuario-krawietz-1-300x205.jpg 300w, https:\/\/fcmanrique.org\/wp-content\/uploads\/fcm-taller-cine-usuario-krawietz-1-768x525.jpg 768w, https:\/\/fcmanrique.org\/wp-content\/uploads\/fcm-taller-cine-usuario-krawietz-1-1024x700.jpg 1024w\" sizes=\"auto, (max-width: 451px) 100vw, 451px\" \/><\/span><\/p>\n<p class=\"gmail-m-322370397744291726gmail-m-3855535906610376238gmail-standard\" style=\"background-size: initial; background-origin: initial; background-clip: initial;\"><span style=\"ofont-size: 10.0pt; ofont-family: Arial;\">G\u00f3mez Aguilera avanz\u00f3 que la FCM pretende abordar esta materia en sucesivas ocasiones porque se trata de una herramienta de comunicaci\u00f3n y un lenguaje que se impone, \u201cofrece muchas posibilidades\u201d y \u201ctiene sus propios c\u00f3digos\u201d a pesar de su cotidianeidad. El lenguaje audiovisual tambi\u00e9n puede ayudar, seg\u00fan el director de la FCM, a elaborar y distribuir contenidos tanto desde el asociacionismo como ejerciendo simplemente el papel de ciudadano.<\/span><\/p>\n<p class=\"gmail-m-322370397744291726gmail-m-3855535906610376238gmail-standard\" style=\"background-size: initial; background-origin: initial; background-clip: initial;\"><span style=\"ofont-size: 10.0pt; ofont-family: Arial;\">El director del taller explic\u00f3 que su contenido supone una iniciaci\u00f3n, un encuentro &#8220;con un lenguaje que hay que empezar a hablar ya&#8221;, tal y como pas\u00f3 con la inform\u00e1tica de usuario. Afirm\u00f3 que la posibilidad de comprender este lenguaje, incluso en su versi\u00f3n &#8220;m\u00e1s audaz&#8221;, ya est\u00e1 &#8220;en nuestros genes&#8221;. &#8220;Pero no basta con comprender sino que hay que empezar a hablarlo&#8221;, dijo Krawietz, que asegur\u00f3 que hace s\u00f3lo diez a\u00f1os el taller hubiera sido imposible porque los costes no permit\u00edan su desarrollo dom\u00e9stico. Sin embargo, desde hace unos a\u00f1os, tanto en la producci\u00f3n como en la distribuci\u00f3n, en Internet y las redes sociales,&nbsp;&#8220;el mundo audiovisual se est\u00e1 democratizando&#8221;.<\/span><\/p>\n<p class=\"gmail-m-322370397744291726gmail-m-3855535906610376238gmail-standard\" style=\"background-size: initial; background-origin: initial; background-clip: initial;\"><span style=\"ofont-size: 10.0pt; ofont-family: Arial;\">En el taller participaron veinte personas, algunas familiarizadas ya con el lenguaje audiovisual, antes y despu\u00e9s de la era digital, y otras animadas por la curiosidad. Las dos sesiones tuvieron un car\u00e1cter pr\u00e1ctico, aunque el primer d\u00eda comenz\u00f3, tras el visionado de varios fragmentos de piezas documentales, con&nbsp;algunas nociones te\u00f3ricas sobre las partes que componen el lenguaje audiovisual o los tipos de planos.<\/span><\/p>\n<p class=\"gmail-m-322370397744291726gmail-m-3855535906610376238gmail-standard\" style=\"background-size: initial; background-origin: initial; background-clip: initial;\"><span style=\"ofont-size: 10.0pt; ofont-family: Arial;\"><a href=\"https:\/\/fcmanrique.org\/wp-content\/uploads\/fcm-taller-cine-usuario-krawietz-2.jpg\"><img loading=\"lazy\" decoding=\"async\" class=\"wp-image-4495 aligncenter\" src=\"https:\/\/fcmanrique.org\/wp-content\/uploads\/fcm-taller-cine-usuario-krawietz-2.jpg\" alt=\"\" width=\"418\" height=\"268\" srcset=\"https:\/\/fcmanrique.org\/wp-content\/uploads\/fcm-taller-cine-usuario-krawietz-2.jpg 2126w, https:\/\/fcmanrique.org\/wp-content\/uploads\/fcm-taller-cine-usuario-krawietz-2-300x192.jpg 300w, https:\/\/fcmanrique.org\/wp-content\/uploads\/fcm-taller-cine-usuario-krawietz-2-768x493.jpg 768w, https:\/\/fcmanrique.org\/wp-content\/uploads\/fcm-taller-cine-usuario-krawietz-2-1024x657.jpg 1024w\" sizes=\"auto, (max-width: 418px) 100vw, 418px\" \/><\/a>El m\u00e9todo para introducir a los alumnos en el lenguaje audiovisual se basa en la creaci\u00f3n de una pieza breve. Krawietz destac\u00f3 que, como en el caso de la literatura, donde la mayor parte de las creaciones se decantan por la novela frente a la poes\u00eda o el ensayo, en el lenguaje audiovisual tambi\u00e9n, a pesar de las numerosas posibilidades, la mayor\u00eda se decanta por la ficci\u00f3n. Sin embargo, considera que el documental es m\u00e1s asequible, y que &#8220;genera ensue\u00f1o\u201d, porque \u201cdan ganas de hacer uno cuando se ven documentales&#8221;. Su coste tambi\u00e9n es mucho menor: una media de entre 30.000 y 120.000 euros frente a los seis millones, de media, que cuesta una producci\u00f3n de ficci\u00f3n en Espa\u00f1a.<\/span><\/p>\n<p class=\"gmail-m-322370397744291726gmail-m-3855535906610376238gmail-standard\" style=\"background-size: initial; background-origin: initial; background-clip: initial;\"><span style=\"ofont-size: 10.0pt; ofont-family: Arial;\">La segunda jornada del taller comenz\u00f3 con la exposici\u00f3n a los alumnos de las diferentes herramientas con las que pueden trabajar, desde c\u00e1maras digitales, diversos micr\u00f3fonos, focos y equipos de iluminaci\u00f3n, tr\u00edpodes, etc., y las t\u00e9cnicas de rodaje. \u201cHacer cine es grabar conversaciones y transiciones hacia otras conversaciones\u201d, explic\u00f3 Krawietz.<\/span><\/p>\n<p class=\"gmail-m-322370397744291726gmail-m-3855535906610376238gmail-standard\" style=\"background-size: initial; background-origin: initial; background-clip: initial;\"><span style=\"ofont-size: 10.0pt; ofont-family: Arial;\"><a href=\"https:\/\/fcmanrique.org\/wp-content\/uploads\/fcm-taller-cine-usuario-krawietz-3.jpg\"><img loading=\"lazy\" decoding=\"async\" class=\"wp-image-4496 alignright\" src=\"https:\/\/fcmanrique.org\/wp-content\/uploads\/fcm-taller-cine-usuario-krawietz-3.jpg\" alt=\"\" width=\"459\" height=\"291\" srcset=\"https:\/\/fcmanrique.org\/wp-content\/uploads\/fcm-taller-cine-usuario-krawietz-3.jpg 2126w, https:\/\/fcmanrique.org\/wp-content\/uploads\/fcm-taller-cine-usuario-krawietz-3-300x190.jpg 300w, https:\/\/fcmanrique.org\/wp-content\/uploads\/fcm-taller-cine-usuario-krawietz-3-768x487.jpg 768w, https:\/\/fcmanrique.org\/wp-content\/uploads\/fcm-taller-cine-usuario-krawietz-3-1024x649.jpg 1024w\" sizes=\"auto, (max-width: 459px) 100vw, 459px\" \/><\/a>Despu\u00e9s, los alumnos se repartieron los papeles necesarios para el trabajo. De esta forma, apareci\u00f3 un director, un ayudante de direcci\u00f3n, productores, iluminadores, sonidistas, operadores de c\u00e1mara, script, encargado de la claqueta, etc&#8230; El objetivo era la creaci\u00f3n de una breve pieza audiovisual: una entrevista para el programa ficticio&nbsp;<i>Diario de actualidad<\/i>&nbsp;a&nbsp;una imaginaria Mar\u00eda \u00c1lvarez, psic\u00f3loga y soci\u00f3loga, sobre la violencia en el deporte.<\/span><\/p>\n<p class=\"gmail-m-322370397744291726gmail-m-3855535906610376238gmail-standard\" style=\"background-size: initial; background-origin: initial; background-clip: initial;\"><span style=\"ofont-size: 10.0pt; ofont-family: Arial;\">Mientras unos alumnos preparaban el gui\u00f3n de la entrevista, el resto preparaba el set de rodaje y aprend\u00edan, mediante el debate, a decidir d\u00f3nde colocar la c\u00e1mara, cu\u00e1ntos planos se ruedan y de qu\u00e9 tipo, si abiertos o cerrados, o d\u00f3nde colocar los focos.&nbsp;Tras el rodaje lleg\u00f3 el turno del visionado, la edici\u00f3n o postproducci\u00f3n de la pieza con el programa imovie y el fin del taller.&nbsp;<\/span><\/p>\n<p class=\"gmail-m-322370397744291726gmail-m-3855535906610376238gmail-standard\" style=\"background-size: initial; background-origin: initial; background-clip: initial;\">Nota de prensa taller Cine y audiovisual de usuario en la FCM:<\/p>\n<p class=\"gmail-m-322370397744291726gmail-m-3855535906610376238gmail-standard\" style=\"background-size: initial; background-origin: initial; background-clip: initial;\"><a href=\"https:\/\/fcmanrique.org\/wp-content\/uploads\/np-fcm-taller-cine.pdf\">np-fcm-taller-cine<\/a><\/p>\n<p class=\"gmail-m-322370397744291726gmail-m-3855535906610376238gmail-standard\" style=\"background-size: initial; background-origin: initial; background-clip: initial;\">Programa del taller:<\/p>\n<p class=\"gmail-m-322370397744291726gmail-m-3855535906610376238gmail-standard\" style=\"background-size: initial; background-origin: initial; background-clip: initial;\"><a href=\"https:\/\/fcmanrique.org\/wp-content\/uploads\/fcm-info-taller-cine.pdf\">fcm-info-taller-cine<\/a><\/p>\n<p class=\"gmail-m-322370397744291726gmail-m-3855535906610376238gmail-standard\" style=\"background-size: initial; background-origin: initial; background-clip: initial;\"><a href=\"https:\/\/fcmanrique.org\/wp-content\/uploads\/fcm-folleto-t-cine.jpg\"><img loading=\"lazy\" decoding=\"async\" class=\"alignnone size-full wp-image-4483\" src=\"https:\/\/fcmanrique.org\/wp-content\/uploads\/fcm-folleto-t-cine.jpg\" alt=\"\" width=\"850\" height=\"850\" srcset=\"https:\/\/fcmanrique.org\/wp-content\/uploads\/fcm-folleto-t-cine.jpg 850w, https:\/\/fcmanrique.org\/wp-content\/uploads\/fcm-folleto-t-cine-150x150.jpg 150w, https:\/\/fcmanrique.org\/wp-content\/uploads\/fcm-folleto-t-cine-300x300.jpg 300w, https:\/\/fcmanrique.org\/wp-content\/uploads\/fcm-folleto-t-cine-768x768.jpg 768w\" sizes=\"auto, (max-width: 850px) 100vw, 850px\" \/><\/a><\/p>\n<p><\/p>","protected":false},"featured_media":4496,"parent":0,"template":"","meta":{"_acf_changed":false,"ngg_post_thumbnail":0,"footnotes":""},"actividad_tipo":[35],"actividad_lugar":[],"actividad_departamento":[],"actividad_ciclo":[],"class_list":["post-4492","fcm_actividad","type-fcm_actividad","status-publish","has-post-thumbnail","hentry","actividad_tipo-cursos-y-talleres"],"acf":[],"_links":{"self":[{"href":"https:\/\/fcmanrique.org\/it\/wp-json\/wp\/v2\/fcm_actividad\/4492","targetHints":{"allow":["GET"]}}],"collection":[{"href":"https:\/\/fcmanrique.org\/it\/wp-json\/wp\/v2\/fcm_actividad"}],"about":[{"href":"https:\/\/fcmanrique.org\/it\/wp-json\/wp\/v2\/types\/fcm_actividad"}],"version-history":[{"count":4,"href":"https:\/\/fcmanrique.org\/it\/wp-json\/wp\/v2\/fcm_actividad\/4492\/revisions"}],"predecessor-version":[{"id":24777,"href":"https:\/\/fcmanrique.org\/it\/wp-json\/wp\/v2\/fcm_actividad\/4492\/revisions\/24777"}],"wp:featuredmedia":[{"embeddable":true,"href":"https:\/\/fcmanrique.org\/it\/wp-json\/wp\/v2\/media\/4496"}],"wp:attachment":[{"href":"https:\/\/fcmanrique.org\/it\/wp-json\/wp\/v2\/media?parent=4492"}],"wp:term":[{"taxonomy":"actividad_tipo","embeddable":true,"href":"https:\/\/fcmanrique.org\/it\/wp-json\/wp\/v2\/actividad_tipo?post=4492"},{"taxonomy":"actividad_lugar","embeddable":true,"href":"https:\/\/fcmanrique.org\/it\/wp-json\/wp\/v2\/actividad_lugar?post=4492"},{"taxonomy":"actividad_departamento","embeddable":true,"href":"https:\/\/fcmanrique.org\/it\/wp-json\/wp\/v2\/actividad_departamento?post=4492"},{"taxonomy":"actividad_ciclo","embeddable":true,"href":"https:\/\/fcmanrique.org\/it\/wp-json\/wp\/v2\/actividad_ciclo?post=4492"}],"curies":[{"name":"wp","href":"https:\/\/api.w.org\/{rel}","templated":true}]}}