{"id":19639,"date":"2019-06-17T08:39:54","date_gmt":"2019-06-17T08:39:54","guid":{"rendered":"https:\/\/fcmanrique.org\/?post_type=fcm_c_acti_celebrada&#038;p=19639"},"modified":"2019-07-04T08:09:51","modified_gmt":"2019-07-04T08:09:51","slug":"mesa-redonda-proyectos-junto-a-cesar","status":"publish","type":"fcm_c_acti_celebrada","link":"https:\/\/fcmanrique.org\/it\/fcm-c-acti-celebrada\/mesa-redonda-proyectos-junto-a-cesar\/","title":{"rendered":"\u201cC\u00e9sar Manrique ten\u00eda un respeto absoluto por las opiniones de los dem\u00e1s, se debat\u00eda, pero jam\u00e1s impuso una idea\u201d"},"content":{"rendered":"<p class=\"qtranxs-available-languages-message qtranxs-available-languages-message-it\">Ci spiace, ma questo articolo \u00e8 disponibile soltanto in <a href=\"https:\/\/fcmanrique.org\/es\/wp-json\/wp\/v2\/fcm_c_acti_celebrada\/19639\" class=\"qtranxs-available-language-link qtranxs-available-language-link-es\" title=\"ES\">ES<\/a>.<\/p><p>\u201c<strong>C\u00e9sar Manrique ten\u00eda un respeto absoluto por las opiniones de los dem\u00e1s, se debat\u00eda, pero jam\u00e1s impuso una idea\u201d<\/strong><\/p>\n<p>La mesa redonda titulada <em>Proyectos junto a C\u00e9sar: as\u00ed se trabajaba<\/em> es la primera de cuatro mesas que se celebrar\u00e1n durante el a\u00f1o del centenario de C\u00e9sar Manrique sobre los m\u00e9todos de trabajo del artista y sus colaboradores. Jos\u00e9 Alfredo Amig\u00f3, Jos\u00e9 Luis Olcina y Esteban Armas, dos ingenieros y un arquitecto t\u00e9cnico, fueron tres personas en las que C\u00e9sar \u201cdeposit\u00f3 su confianza\u201d, como record\u00f3 el director de la FCM, Fernando G\u00f3mez Aguilera. Trabajaron junto a \u00e9l en Tenerife, Ceuta o Lanzarote y son patronos de la Fundaci\u00f3n desde su creaci\u00f3n, nombrados por C\u00e9sar Manrique \u201ccomo ratificaci\u00f3n del aprecio y la confianza\u201d.<\/p>\n<p><a href=\"https:\/\/fcmanrique.org\/wp-content\/uploads\/fc-manrique-mesa-redonda-proyectos-junto-a-cesar1.jpg\"><img loading=\"lazy\" decoding=\"async\" class=\"alignnone size-full wp-image-19641\" src=\"https:\/\/fcmanrique.org\/wp-content\/uploads\/fc-manrique-mesa-redonda-proyectos-junto-a-cesar1.jpg\" alt=\"\" width=\"920\" height=\"613\" srcset=\"https:\/\/fcmanrique.org\/wp-content\/uploads\/fc-manrique-mesa-redonda-proyectos-junto-a-cesar1.jpg 920w, https:\/\/fcmanrique.org\/wp-content\/uploads\/fc-manrique-mesa-redonda-proyectos-junto-a-cesar1-300x200.jpg 300w, https:\/\/fcmanrique.org\/wp-content\/uploads\/fc-manrique-mesa-redonda-proyectos-junto-a-cesar1-768x512.jpg 768w, https:\/\/fcmanrique.org\/wp-content\/uploads\/fc-manrique-mesa-redonda-proyectos-junto-a-cesar1-289x193.jpg 289w\" sizes=\"auto, (max-width: 920px) 100vw, 920px\" \/><\/a><\/p>\n<p>Antes del inicio de la conversaci\u00f3n, moderada por los periodistas Isabel Lusarreta y Jaime Puig, se pasaron dos audiovisuales realizados por Miguel G. Morales, el primero de ellos extra\u00eddo de la pel\u00edcula <em>Taro, El eco de Manrique<\/em> y el segundo con im\u00e1genes sobre la construcci\u00f3n del Lago Marti\u00e1nez.<\/p>\n<p>Amig\u00f3 comenz\u00f3 explicando su primer contacto con C\u00e9sar, por iniciativa del hotelero C\u00e1ndido Garc\u00eda San Juan, que quer\u00eda ampliar la explanada junto a su hotel en Puerto de la Cruz y propuso que hablaran, Olcina y \u00e9l, con C\u00e9sar. Tras esa intervenci\u00f3n en el Paseo de Col\u00f3n, el Ayuntamiento propone hacer unas piscinas y ellos piden que las haga C\u00e9sar. \u201c\u00c9ramos d\u00f3ciles como ingenieros &#8211; se\u00f1al\u00f3 Amig\u00f3 &#8211; pero con C\u00e9sar era muy f\u00e1cil trabajar\u201d.<\/p>\n<p><a href=\"https:\/\/fcmanrique.org\/wp-content\/uploads\/fc-manrique-mesa-redonda-proyectos-junto-a-cesar5.jpg\"><img loading=\"lazy\" decoding=\"async\" class=\"alignnone wp-image-19643 size-full\" src=\"https:\/\/fcmanrique.org\/wp-content\/uploads\/fc-manrique-mesa-redonda-proyectos-junto-a-cesar5.jpg\" alt=\"\" width=\"920\" height=\"600\" srcset=\"https:\/\/fcmanrique.org\/wp-content\/uploads\/fc-manrique-mesa-redonda-proyectos-junto-a-cesar5.jpg 920w, https:\/\/fcmanrique.org\/wp-content\/uploads\/fc-manrique-mesa-redonda-proyectos-junto-a-cesar5-300x196.jpg 300w, https:\/\/fcmanrique.org\/wp-content\/uploads\/fc-manrique-mesa-redonda-proyectos-junto-a-cesar5-768x501.jpg 768w, https:\/\/fcmanrique.org\/wp-content\/uploads\/fc-manrique-mesa-redonda-proyectos-junto-a-cesar5-289x188.jpg 289w\" sizes=\"auto, (max-width: 920px) 100vw, 920px\" \/><\/a><em>Juan Alfredo Amig\u00f3<\/em><\/p>\n<p>Lo primero que hizo C\u00e9sar con el plano de la piscina dise\u00f1ada por ambos fue cambiar las l\u00edneas rectas, \u201cque eran un desastre\u201d, por l\u00edneas curvas, y los ingenieros despu\u00e9s dieron una soluci\u00f3n t\u00e9cnica. C\u00e9sar dibuj\u00f3 el proyecto en una servilleta \u201cque se ha hecho famosa\u201d, pero fue un punto de partida. Seis meses despu\u00e9s, \u201ccon la servilleta, sus comentarios y el cocimiento que ten\u00edamos ya sobre c\u00f3mo trabajaba C\u00e9sar, conseguimos elaborar un proyecto\u201d. Luis D\u00edaz de Losada reuni\u00f3 \u201ca las fuerzas vivas\u201d del Puerto de la Cuz \u201cy tuvieron que decir que s\u00ed\u201d. A la semana siguiente, en el a\u00f1o 1971, se le present\u00f3 el proyecto al ministro S\u00e1nchez Bella, y lo aprob\u00f3 por Real Decreto. El d\u00eda que termin\u00f3 la obra, subieron a la azotea del Hotel Tenerife Playa y C\u00e9sar dijo: \u201cEs exactamente a como yo me lo hab\u00eda imaginado\u201d. En la fiesta de inauguraci\u00f3n del Lago, los hoteleros reconocieron que sus hoteles val\u00edan entre un quince y un veinte por ciento m\u00e1s que el d\u00eda anterior.<\/p>\n<p>Esteban Armas mostr\u00f3 varios de esos dibujos improvisados de C\u00e9sar, que hac\u00eda a pie de obra. \u201cCog\u00eda lo primero que ten\u00eda a mano y hac\u00eda bocetos\u201d, se\u00f1al\u00f3. Tambi\u00e9n afirm\u00f3 que le gustaba poner fechas de entrega \u201cpara que no se eternizaran las cosas\u201d. Armas asegur\u00f3 que \u201cera muy minucioso en cada cosa, ve\u00eda cada unidad de obra y siempre dec\u00eda algo, normalmente para felicitar a la gente, y eso gustaba mucho\u201d.<\/p>\n<p><a href=\"https:\/\/fcmanrique.org\/wp-content\/uploads\/fc-manrique-mesa-redonda-proyectos-junto-a-cesar6.jpg\"><img loading=\"lazy\" decoding=\"async\" class=\"alignnone wp-image-19644 size-full\" src=\"https:\/\/fcmanrique.org\/wp-content\/uploads\/fc-manrique-mesa-redonda-proyectos-junto-a-cesar6.jpg\" alt=\"\" width=\"920\" height=\"645\" srcset=\"https:\/\/fcmanrique.org\/wp-content\/uploads\/fc-manrique-mesa-redonda-proyectos-junto-a-cesar6.jpg 920w, https:\/\/fcmanrique.org\/wp-content\/uploads\/fc-manrique-mesa-redonda-proyectos-junto-a-cesar6-300x210.jpg 300w, https:\/\/fcmanrique.org\/wp-content\/uploads\/fc-manrique-mesa-redonda-proyectos-junto-a-cesar6-768x538.jpg 768w, https:\/\/fcmanrique.org\/wp-content\/uploads\/fc-manrique-mesa-redonda-proyectos-junto-a-cesar6-289x203.jpg 289w\" sizes=\"auto, (max-width: 920px) 100vw, 920px\" \/><\/a><em>Esteban Armas<\/em><\/p>\n<p>Deb\u00eda haber un equilibrio entre la propuesta y la posibilidad t\u00e9cnica. En Marti\u00e1nez tuvieron que renunciar a hacer unas cristaleras desde la sala de fiestas submarina porque no exist\u00edan los materiales que hay hoy. \u201cClaudic\u00f3 ante la t\u00e9cnica porque era muy peligroso\u201d, se\u00f1al\u00f3 Olcina. Sin embargo, para el llenado de las piscinas se le ocurri\u00f3 convertir esa necesidad en un espect\u00e1culo, con un volc\u00e1n de agua. \u201cEs una idea genial porque todos los d\u00edas hab\u00eda espect\u00e1culo\u201d, dijo.<\/p>\n<p>Cuando C\u00e9sar iba a Puerto de la Cruz, pasaba cuatro o cinco d\u00edas, desde la ma\u00f1ana hasta \u00faltima hora de la noche \u201cy ten\u00eda la capacidad de atraer a la gente y que disfrutaran de la obra\u201d. Los trabajadores estaban orgullosos de participar en las obras. A C\u00e9sar, en Tenerife, se\u00f1al\u00f3 Amig\u00f3, iba a tomar un caf\u00e9 y no le cobraban, o cog\u00eda un taxi y tampoco le cobraban. Seg\u00fan Amig\u00f3, C\u00e9sar \u201cten\u00eda un respeto absoluto por las opiniones de los dem\u00e1s, se debat\u00eda, pero jam\u00e1s impuso una idea\u201d.<\/p>\n<p><a href=\"https:\/\/fcmanrique.org\/wp-content\/uploads\/fc-manrique-mesa-redonda-proyectos-junto-a-cesar4.jpg\"><img loading=\"lazy\" decoding=\"async\" class=\"alignnone wp-image-19642 size-full\" src=\"https:\/\/fcmanrique.org\/wp-content\/uploads\/fc-manrique-mesa-redonda-proyectos-junto-a-cesar4.jpg\" alt=\"\" width=\"920\" height=\"601\" srcset=\"https:\/\/fcmanrique.org\/wp-content\/uploads\/fc-manrique-mesa-redonda-proyectos-junto-a-cesar4.jpg 920w, https:\/\/fcmanrique.org\/wp-content\/uploads\/fc-manrique-mesa-redonda-proyectos-junto-a-cesar4-300x196.jpg 300w, https:\/\/fcmanrique.org\/wp-content\/uploads\/fc-manrique-mesa-redonda-proyectos-junto-a-cesar4-768x502.jpg 768w, https:\/\/fcmanrique.org\/wp-content\/uploads\/fc-manrique-mesa-redonda-proyectos-junto-a-cesar4-289x189.jpg 289w\" sizes=\"auto, (max-width: 920px) 100vw, 920px\" \/><\/a><em>Jos\u00e9 Luis Olcina<\/em><\/p>\n<p>Los colaboradores hablaron sobre su relaci\u00f3n con la Administraci\u00f3n. Cuando se iba hacer Lago Marti\u00e1nez, uno de los concejales, en una reuni\u00f3n, dijo que por qu\u00e9 no se hac\u00edan siete piscinas con la forma de las islas canarias. \u201cC\u00e9sar dijo que eso era una cursilada y una catetada y nosotros est\u00e1bamos d\u00e1ndole patadas para que se callara porque el concejal era el que ten\u00eda que aprobar el presupuesto\u201d. Para Amig\u00f3, la relaci\u00f3n de C\u00e9sar con la Administraci\u00f3n era de \u201csinceridad absoluta, era un ser libre, al alcalde o al ministro le dec\u00eda lo que pensaba\u201d. \u201cAl ministro S\u00e1nchez Bella lo sent\u00f3 en una jardinera en Puerto de la Cruz y le dijo: mira la porquer\u00eda esa que est\u00e1s permitiendo\u201d.<\/p>\n<p><a href=\"https:\/\/fcmanrique.org\/wp-content\/uploads\/fc-manrique-mesa-redonda-proyectos-junto-a-cesar3.jpg\"><img loading=\"lazy\" decoding=\"async\" class=\"alignnone wp-image-19646 size-full\" src=\"https:\/\/fcmanrique.org\/wp-content\/uploads\/fc-manrique-mesa-redonda-proyectos-junto-a-cesar3.jpg\" alt=\"\" width=\"920\" height=\"603\" srcset=\"https:\/\/fcmanrique.org\/wp-content\/uploads\/fc-manrique-mesa-redonda-proyectos-junto-a-cesar3.jpg 920w, https:\/\/fcmanrique.org\/wp-content\/uploads\/fc-manrique-mesa-redonda-proyectos-junto-a-cesar3-300x197.jpg 300w, https:\/\/fcmanrique.org\/wp-content\/uploads\/fc-manrique-mesa-redonda-proyectos-junto-a-cesar3-768x503.jpg 768w, https:\/\/fcmanrique.org\/wp-content\/uploads\/fc-manrique-mesa-redonda-proyectos-junto-a-cesar3-289x189.jpg 289w\" sizes=\"auto, (max-width: 920px) 100vw, 920px\" \/><\/a><em>Isabel Lusarreta<\/em><\/p>\n<p><a href=\"https:\/\/fcmanrique.org\/wp-content\/uploads\/fc-manrique-mesa-redonda-proyectos-junto-a-cesar2.jpg\"><img loading=\"lazy\" decoding=\"async\" class=\"alignnone wp-image-19645 size-full\" src=\"https:\/\/fcmanrique.org\/wp-content\/uploads\/fc-manrique-mesa-redonda-proyectos-junto-a-cesar2.jpg\" alt=\"\" width=\"920\" height=\"620\" srcset=\"https:\/\/fcmanrique.org\/wp-content\/uploads\/fc-manrique-mesa-redonda-proyectos-junto-a-cesar2.jpg 920w, https:\/\/fcmanrique.org\/wp-content\/uploads\/fc-manrique-mesa-redonda-proyectos-junto-a-cesar2-300x202.jpg 300w, https:\/\/fcmanrique.org\/wp-content\/uploads\/fc-manrique-mesa-redonda-proyectos-junto-a-cesar2-768x518.jpg 768w, https:\/\/fcmanrique.org\/wp-content\/uploads\/fc-manrique-mesa-redonda-proyectos-junto-a-cesar2-289x195.jpg 289w\" sizes=\"auto, (max-width: 920px) 100vw, 920px\" \/><\/a><em>Jaime Puig<\/em><\/p>\n<p>En Ceuta, seg\u00fan relat\u00f3 Olcina, le dijo a una concejala que dejara de fumar \u201ccuando est\u00e1bamos negociando para el proyecto\u201d y, en p\u00fablico delante de las autoridades, que eran \u201cen un noventa por ciento militares\u201d, dijo que iba a cambiar la ciudad porque \u201cparec\u00eda un medio cuartel\u201d. En Lanzarote, sin embargo, era distinto, como cont\u00f3 Esteban Armas, porque las obras las hac\u00eda el Cabildo con la colaboraci\u00f3n de Pep\u00edn Ram\u00edrez, y despu\u00e9s del resto de presidentes porque \u201ctodos quer\u00edan dejar tambi\u00e9n su huella\u201d.<\/p>\n<p>Durante la mesa redonda se habl\u00f3 tambi\u00e9n de la importancia de la naturaleza en sus obras, de la poca importancia que le daba a los honorarios, de su maestr\u00eda para ense\u00f1ar a ver, a educar la mirada, y de proyectos que no salieron adelante. Armas record\u00f3, sobre el mirador de El Golfo, el d\u00eda que le dijo al entonces alcalde, Honorio Garc\u00eda Bravo, que no lo quer\u00eda hacer. Y Amig\u00f3 y Olcina recordaron un proyecto en El Confital que no fragu\u00f3 \u201cpor un tema pol\u00edtico\u201d y un proyecto de un hotel en Do\u00f1ana que no fue posible por su cercan\u00eda al Parque Nacional.<\/p>\n<p><a href=\"https:\/\/fcmanrique.org\/wp-content\/uploads\/fc-manrique-mesa-redonda-proyectos-junto-a-cesar.pdf\">M\u00e1s informaci\u00f3n sobre la mesa redonda Proyectos junto a C\u00e9sar. As\u00ed se trabajaba<\/a><\/p>\n<p><a href=\"https:\/\/fcmanrique.org\/fcm-video\/mesa-redonda-proyectos-junto-a-cesar-asi-se-trabajaba-14-de-junio\/?lang=es\">Acceder al v\u00eddeo de la conferencia<\/a><\/p>\n<p><a href=\"https:\/\/fcmanrique.org\/wp-content\/uploads\/mailing-MESA-T\u00c9CNICOS-5.jpg\"><img loading=\"lazy\" decoding=\"async\" class=\"alignnone size-full wp-image-19541\" src=\"https:\/\/fcmanrique.org\/wp-content\/uploads\/mailing-MESA-T\u00c9CNICOS-5.jpg\" alt=\"\" width=\"1200\" height=\"1200\" srcset=\"https:\/\/fcmanrique.org\/wp-content\/uploads\/mailing-MESA-T\u00c9CNICOS-5.jpg 1200w, https:\/\/fcmanrique.org\/wp-content\/uploads\/mailing-MESA-T\u00c9CNICOS-5-150x150.jpg 150w, https:\/\/fcmanrique.org\/wp-content\/uploads\/mailing-MESA-T\u00c9CNICOS-5-300x300.jpg 300w, https:\/\/fcmanrique.org\/wp-content\/uploads\/mailing-MESA-T\u00c9CNICOS-5-768x768.jpg 768w, https:\/\/fcmanrique.org\/wp-content\/uploads\/mailing-MESA-T\u00c9CNICOS-5-1024x1024.jpg 1024w, https:\/\/fcmanrique.org\/wp-content\/uploads\/mailing-MESA-T\u00c9CNICOS-5-246x246.jpg 246w\" sizes=\"auto, (max-width: 1200px) 100vw, 1200px\" \/><\/a><\/p>","protected":false},"excerpt":{"rendered":"<p>Ci spiace, ma questo articolo \u00e8 disponibile soltanto in ES.\u201cC\u00e9sar Manrique ten\u00eda un respeto absoluto por las opiniones de los dem\u00e1s, se debat\u00eda, pero jam\u00e1s impuso una idea\u201d La mesa redonda titulada Proyectos junto a C\u00e9sar: as\u00ed se trabajaba es la primera de cuatro mesas que se celebrar\u00e1n durante el a\u00f1o del centenario de C\u00e9sar&#8230; <a href=\"https:\/\/fcmanrique.org\/it\/fcm-c-acti-celebrada\/mesa-redonda-proyectos-junto-a-cesar\/\" class=\"readmore\">Contin\u00faa leyendo \u2192<\/a><\/p>\n","protected":false},"featured_media":19640,"parent":0,"template":"","meta":{"_acf_changed":false,"ngg_post_thumbnail":0,"footnotes":""},"class_list":["post-19639","fcm_c_acti_celebrada","type-fcm_c_acti_celebrada","status-publish","has-post-thumbnail","hentry","c_acti_celebrada_categoria-mesa-redonda"],"acf":[],"_links":{"self":[{"href":"https:\/\/fcmanrique.org\/it\/wp-json\/wp\/v2\/fcm_c_acti_celebrada\/19639","targetHints":{"allow":["GET"]}}],"collection":[{"href":"https:\/\/fcmanrique.org\/it\/wp-json\/wp\/v2\/fcm_c_acti_celebrada"}],"about":[{"href":"https:\/\/fcmanrique.org\/it\/wp-json\/wp\/v2\/types\/fcm_c_acti_celebrada"}],"version-history":[{"count":9,"href":"https:\/\/fcmanrique.org\/it\/wp-json\/wp\/v2\/fcm_c_acti_celebrada\/19639\/revisions"}],"predecessor-version":[{"id":22277,"href":"https:\/\/fcmanrique.org\/it\/wp-json\/wp\/v2\/fcm_c_acti_celebrada\/19639\/revisions\/22277"}],"wp:featuredmedia":[{"embeddable":true,"href":"https:\/\/fcmanrique.org\/it\/wp-json\/wp\/v2\/media\/19640"}],"wp:attachment":[{"href":"https:\/\/fcmanrique.org\/it\/wp-json\/wp\/v2\/media?parent=19639"}],"curies":[{"name":"wp","href":"https:\/\/api.w.org\/{rel}","templated":true}]}}