{"id":20800,"date":"2019-11-08T09:13:27","date_gmt":"2019-11-08T09:13:27","guid":{"rendered":"https:\/\/fcmanrique.org\/?post_type=fcm_c_acti_celebrada&#038;p=20800"},"modified":"2019-11-26T10:52:38","modified_gmt":"2019-11-26T10:52:38","slug":"cristina-almeida","status":"publish","type":"fcm_c_acti_celebrada","link":"https:\/\/fcmanrique.org\/it\/fcm-c-acti-celebrada\/cristina-almeida\/","title":{"rendered":"Cristina Almeida: &#8220;La igualdad jur\u00eddica siempre est\u00e1 amenazada por la igualdad real&#8221;"},"content":{"rendered":"<p class=\"qtranxs-available-languages-message qtranxs-available-languages-message-it\">Ci spiace, ma questo articolo \u00e8 disponibile soltanto in <a href=\"https:\/\/fcmanrique.org\/es\/wp-json\/wp\/v2\/fcm_c_acti_celebrada\/20800\" class=\"qtranxs-available-language-link qtranxs-available-language-link-es\" title=\"ES\">ES<\/a>.<\/p><p>Cristina Almeida comenz\u00f3 su intervenci\u00f3n el d\u00eda 7 de noviembre, ante una sala abarrotada, acord\u00e1ndose de la \u00faltima tragedia de una patera llegada a las costas de la Isla: \u201cLa insolidaridad no puede ser un avance de las naciones, y menos en este pa\u00eds\u201d, dijo. Tambi\u00e9n cont\u00f3 su relaci\u00f3n con C\u00e9sar Manrique, a quien conoci\u00f3 a causa del centro comercial La Vaguada, cuando ella era la concejal de distrito de Fuencarral, donde se construy\u00f3 dicho centro.<\/p>\n<p>Almeida habl\u00f3 sobre la evoluci\u00f3n de la mujer espa\u00f1ola en los a\u00f1os de democracia. Compar\u00f3 esa evoluci\u00f3n con una carrera. Es la misma distancia para hombres y mujeres, pero para los hombres son cien metros lisos, y para las mujeres cien metros vallas. Se remont\u00f3 primero a la II Rep\u00fablica, que tuvo las leyes m\u00e1s progresistas, y que no se recuperaron hasta los a\u00f1os ochenta. \u201cSi se hubieran mantenido, a lo mejor ahora ser\u00edamos de los pa\u00edses m\u00e1s avanzados de Europa\u201d, se\u00f1al\u00f3. Habl\u00f3 de las olas feministas y de que de cada ola queda algo positivo: de la lucha por la ciudadan\u00eda, la lucha por el derecho al voto, los a\u00f1os sesenta y la ola actual, que ser\u00eda la cuarta ola feminista.<\/p>\n<p><a href=\"https:\/\/fcmanrique.org\/wp-content\/uploads\/fc-manrique-conferencia-cristina-almeida2.jpg\"><img loading=\"lazy\" decoding=\"async\" class=\"alignnone size-full wp-image-20804\" src=\"https:\/\/fcmanrique.org\/wp-content\/uploads\/fc-manrique-conferencia-cristina-almeida2.jpg\" alt=\"\" width=\"920\" height=\"600\" srcset=\"https:\/\/fcmanrique.org\/wp-content\/uploads\/fc-manrique-conferencia-cristina-almeida2.jpg 920w, https:\/\/fcmanrique.org\/wp-content\/uploads\/fc-manrique-conferencia-cristina-almeida2-300x196.jpg 300w, https:\/\/fcmanrique.org\/wp-content\/uploads\/fc-manrique-conferencia-cristina-almeida2-768x501.jpg 768w, https:\/\/fcmanrique.org\/wp-content\/uploads\/fc-manrique-conferencia-cristina-almeida2-289x188.jpg 289w\" sizes=\"auto, (max-width: 920px) 100vw, 920px\" \/><\/a><\/p>\n<p>Record\u00f3 que su madre se empe\u00f1\u00f3 en que sus hijas tuvieran estudios universitarios. \u201cMi madre me dec\u00eda: hija, s\u00e9 muy lista pero que no te lo noten los hombres, que a ellos les gustan tontas\u201d. Estudi\u00f3 Derecho y, cuando termin\u00f3 la carrera comenz\u00f3 a defender a presos pol\u00edticos y trabajadores, pero no se percat\u00f3 de la discriminaci\u00f3n a la mujer hasta que quiso denunciar al director de la c\u00e1rcel de Ja\u00e9n por negarle la entrada. Era reci\u00e9n casada, y en la comisar\u00eda le dijeron que deb\u00eda tener el permiso de su marido para denunciar porque en 1968 a\u00fan era su representante legal. \u201cPara marido lo he probado y me vale, pero de representante legal no\u201d, dijo, entre las risas del p\u00fablico. \u201cT\u00fa le das tu amor y \u00e9l se queda con tus derechos\u201d. El franquismo derog\u00f3 la licencia marital en 1975, en el A\u00f1o internacional de la mujer.<\/p>\n<p><a href=\"https:\/\/fcmanrique.org\/wp-content\/uploads\/fc-manrique-conferencia-cristina-almeida3.jpg\"><img loading=\"lazy\" decoding=\"async\" class=\"alignnone size-full wp-image-20805\" src=\"https:\/\/fcmanrique.org\/wp-content\/uploads\/fc-manrique-conferencia-cristina-almeida3.jpg\" alt=\"\" width=\"920\" height=\"676\" srcset=\"https:\/\/fcmanrique.org\/wp-content\/uploads\/fc-manrique-conferencia-cristina-almeida3.jpg 920w, https:\/\/fcmanrique.org\/wp-content\/uploads\/fc-manrique-conferencia-cristina-almeida3-300x220.jpg 300w, https:\/\/fcmanrique.org\/wp-content\/uploads\/fc-manrique-conferencia-cristina-almeida3-768x564.jpg 768w, https:\/\/fcmanrique.org\/wp-content\/uploads\/fc-manrique-conferencia-cristina-almeida3-289x212.jpg 289w\" sizes=\"auto, (max-width: 920px) 100vw, 920px\" \/><\/a><\/p>\n<p>Lo que llaman discriminaci\u00f3n positiva, para ella son \u201cacciones positivas\u201d. \u201cTenemos obst\u00e1culos que otros se los saltan por derecho\u201d, se\u00f1al\u00f3. En 1978 se despenalizan los anticonceptivos, el adulterio y el amancebamiento. Es el mismo a\u00f1o en que se aprob\u00f3 la Constituci\u00f3n, \u201cque tuvo muchos padres aunque, al parecer, ninguna madre\u201d. \u201cPero la discriminaci\u00f3n no desaparece porque lo ponga la Constituci\u00f3n\u201d. Hasta 1977, el domicilio conyugal se llamaba &#8220;la casa del marido&#8221;. En 1981 lleg\u00f3 la Ley del divorcio y despu\u00e9s se crea el Instituto de la Mujer, cuya primera presidenta fue Carlota Bustelo, y entonces se empieza a saber la realidad de los problemas de las mujeres y surgen los t\u00e9rminos como brecha salarial, distinci\u00f3n entre paro femenino y el paro masculino, o la violencia \u201cporque se feminizan las estad\u00edsticas\u201d. \u201cPara luchar contra los problemas hay que conocerlos\u201d. Los malos tratos y la violaci\u00f3n no entran en el C\u00f3digo penal hasta 1989.<\/p>\n<p>\u201cLa igualdad no se consigue solo con las leyes\u201d, as\u00ed que hay que luchar en varios frentes. Para Almeida, es un problema de perspectiva y no se trata s\u00f3lo de dar facilidades, porque la igualad jur\u00eddica siempre est\u00e1 amenazada por la igualdad real. \u201cHay que luchar por lo evidente, por conseguir no solo el derecho sino la oportunidad\u201d, e implicar a los hombres en este proceso.<\/p>\n<p><a href=\"https:\/\/fcmanrique.org\/wp-content\/uploads\/fc-manrique-conferencia-cristina-almeida4.jpg\"><img loading=\"lazy\" decoding=\"async\" class=\"alignnone size-full wp-image-20806\" src=\"https:\/\/fcmanrique.org\/wp-content\/uploads\/fc-manrique-conferencia-cristina-almeida4.jpg\" alt=\"\" width=\"920\" height=\"617\" srcset=\"https:\/\/fcmanrique.org\/wp-content\/uploads\/fc-manrique-conferencia-cristina-almeida4.jpg 920w, https:\/\/fcmanrique.org\/wp-content\/uploads\/fc-manrique-conferencia-cristina-almeida4-300x201.jpg 300w, https:\/\/fcmanrique.org\/wp-content\/uploads\/fc-manrique-conferencia-cristina-almeida4-768x515.jpg 768w, https:\/\/fcmanrique.org\/wp-content\/uploads\/fc-manrique-conferencia-cristina-almeida4-289x194.jpg 289w\" sizes=\"auto, (max-width: 920px) 100vw, 920px\" \/><\/a><\/p>\n<p>Habl\u00f3 de las consecuencias de una sociedad cerrada, influida por la Iglesia y la Secci\u00f3n Femenina, en un contexto en el que muchos obreros consideraban que lo \u00fanico que ten\u00edan de su propiedad era su mujer, y por eso esas influencias son m\u00e1s dif\u00edciles de cambiar que las leyes. \u201cPor eso mismo pedimos cambios en la educaci\u00f3n, que es como se logran cambiar las cosas\u201d, porque los modelos se aprenden educando y porque hay que plantear otro modo de vida m\u00e1s acorde con la igualdad a trav\u00e9s de la educaci\u00f3n. Entre los problemas con la educaci\u00f3n, por ejemplo, est\u00e1 la educaci\u00f3n sexual, porque ahora los j\u00f3venes se educan a trav\u00e9s de la pornograf\u00eda. Puso sobre la mesa el dato de que Espa\u00f1a es el pa\u00eds que m\u00e1s prostituci\u00f3n consume de Europa. En el debate sobre el abolicionismo, del que ella es partidaria, o la regulaci\u00f3n, se\u00f1al\u00f3 que el noventa por ciento de las mujeres que ejercen la prostituci\u00f3n son v\u00edctimas de trata, \u201cpero los hombres siempre conocen a <i>pretty woman,<\/i> o a la mujer que se prostituye por propia convicci\u00f3n\u201d. La prostituci\u00f3n es un asunto que le preocupa mucho y no cree que sea un buen provenir el de legalizar y profesionalizar. Relat\u00f3 ejemplos en otros pa\u00edses europeos como Francia, Holanda o Alemania. Ir\u00f3nicamente se\u00f1al\u00f3 que porqu\u00e9 la Formaci\u00f3n Profesional no la inclu\u00eda en sus programas y opciones: \u201cHijas, apuntaros a estudiar el griego, el franc\u00e9s\u201d, propuso de forma sarc\u00e1stica. Y puntualiz\u00f3: \u201cEl sexo no es un trabajo, es un placer\u201d.<\/p>\n<p>As\u00ed que \u201ccambiar la sociedad es mas dif\u00edcil que cambiar las leyes\u201d. Habl\u00f3 de la nueva ultraderecha y su ofensiva por la violencia de g\u00e9nero, de las cuotas, de las listas cremallera&#8230; Dijo que ahora no es tan importante pedir leyes de igualdad como la propia igualdad y que las luchas ya no son solo las luchas de las mujeres sino de toda la sociedad. \u201cLa lucha feminista es una lucha que absorbe muchas otras, porque todas las luchas son nuestras\u201d.<\/p>\n<p><a href=\"https:\/\/fcmanrique.org\/wp-content\/uploads\/fc-manrique-conferencia-cristina-almeida1.jpg\"><img loading=\"lazy\" decoding=\"async\" class=\"alignnone size-full wp-image-20803\" src=\"https:\/\/fcmanrique.org\/wp-content\/uploads\/fc-manrique-conferencia-cristina-almeida1.jpg\" alt=\"\" width=\"920\" height=\"614\" srcset=\"https:\/\/fcmanrique.org\/wp-content\/uploads\/fc-manrique-conferencia-cristina-almeida1.jpg 920w, https:\/\/fcmanrique.org\/wp-content\/uploads\/fc-manrique-conferencia-cristina-almeida1-300x200.jpg 300w, https:\/\/fcmanrique.org\/wp-content\/uploads\/fc-manrique-conferencia-cristina-almeida1-768x513.jpg 768w, https:\/\/fcmanrique.org\/wp-content\/uploads\/fc-manrique-conferencia-cristina-almeida1-289x193.jpg 289w\" sizes=\"auto, (max-width: 920px) 100vw, 920px\" \/><\/a><\/p>\n<p>Acab\u00f3 hablando del relevo en la lucha feminista, que las j\u00f3venes son la garant\u00eda de que la lucha de las mujeres no va a decaer, y no debe hacerlo, adem\u00e1s, porque los derechos no se consiguen para siempre, porque en \u00e9pocas de crisis \u201clo primero que se cuestiona son los derechos de la mujer\u201d. Adem\u00e1s, hay que tener presente el sacrificio de muchas mujeres, y aunque vengan relevos hay que seguir estando en la lucha. \u201cPorque no solo se trata de derechos sino de felicidad, de cambiar la sociedad para hacer un mundo mejor, con mejores relaciones para todos: hombres y mujeres\u201d.<\/p>\n<p><a href=\"https:\/\/fcmanrique.org\/wp-content\/uploads\/fc-manrique-conferencia-cristina-almeida.pdf\">M\u00e1s informaci\u00f3n sobre la conferencia de Cristina Almeida<\/a><\/p>\n<p><a href=\"https:\/\/fcmanrique.org\/fcm-video\/conferencia-cristina-almeida-la-evolucion-de-la-mujer-espanola-en-los-anos-de-democracia-7-de-noviembre\/?lang=es\">Acceder al v\u00eddeo de la conferencia<\/a><\/p>\n<p><a href=\"https:\/\/fcmanrique.org\/wp-content\/uploads\/fc-manrique-cristina-almeida-1.jpg\"><img loading=\"lazy\" decoding=\"async\" class=\"alignnone size-full wp-image-20713\" src=\"https:\/\/fcmanrique.org\/wp-content\/uploads\/fc-manrique-cristina-almeida-1.jpg\" alt=\"\" width=\"1200\" height=\"1200\" srcset=\"https:\/\/fcmanrique.org\/wp-content\/uploads\/fc-manrique-cristina-almeida-1.jpg 1200w, https:\/\/fcmanrique.org\/wp-content\/uploads\/fc-manrique-cristina-almeida-1-150x150.jpg 150w, https:\/\/fcmanrique.org\/wp-content\/uploads\/fc-manrique-cristina-almeida-1-300x300.jpg 300w, https:\/\/fcmanrique.org\/wp-content\/uploads\/fc-manrique-cristina-almeida-1-768x768.jpg 768w, https:\/\/fcmanrique.org\/wp-content\/uploads\/fc-manrique-cristina-almeida-1-1024x1024.jpg 1024w, https:\/\/fcmanrique.org\/wp-content\/uploads\/fc-manrique-cristina-almeida-1-246x246.jpg 246w\" sizes=\"auto, (max-width: 1200px) 100vw, 1200px\" \/><\/a><\/p>","protected":false},"excerpt":{"rendered":"<p>Ci spiace, ma questo articolo \u00e8 disponibile soltanto in ES.Cristina Almeida comenz\u00f3 su intervenci\u00f3n el d\u00eda 7 de noviembre, ante una sala abarrotada, acord\u00e1ndose de la \u00faltima tragedia de una patera llegada a las costas de la Isla: \u201cLa insolidaridad no puede ser un avance de las naciones, y menos en este pa\u00eds\u201d, dijo. Tambi\u00e9n&#8230; <a href=\"https:\/\/fcmanrique.org\/it\/fcm-c-acti-celebrada\/cristina-almeida\/\" class=\"readmore\">Contin\u00faa leyendo \u2192<\/a><\/p>\n","protected":false},"featured_media":20802,"parent":0,"template":"","meta":{"_acf_changed":false,"ngg_post_thumbnail":0,"footnotes":""},"class_list":["post-20800","fcm_c_acti_celebrada","type-fcm_c_acti_celebrada","status-publish","has-post-thumbnail","hentry","c_acti_celebrada_categoria-conferencia"],"acf":[],"_links":{"self":[{"href":"https:\/\/fcmanrique.org\/it\/wp-json\/wp\/v2\/fcm_c_acti_celebrada\/20800","targetHints":{"allow":["GET"]}}],"collection":[{"href":"https:\/\/fcmanrique.org\/it\/wp-json\/wp\/v2\/fcm_c_acti_celebrada"}],"about":[{"href":"https:\/\/fcmanrique.org\/it\/wp-json\/wp\/v2\/types\/fcm_c_acti_celebrada"}],"version-history":[{"count":6,"href":"https:\/\/fcmanrique.org\/it\/wp-json\/wp\/v2\/fcm_c_acti_celebrada\/20800\/revisions"}],"predecessor-version":[{"id":21229,"href":"https:\/\/fcmanrique.org\/it\/wp-json\/wp\/v2\/fcm_c_acti_celebrada\/20800\/revisions\/21229"}],"wp:featuredmedia":[{"embeddable":true,"href":"https:\/\/fcmanrique.org\/it\/wp-json\/wp\/v2\/media\/20802"}],"wp:attachment":[{"href":"https:\/\/fcmanrique.org\/it\/wp-json\/wp\/v2\/media?parent=20800"}],"curies":[{"name":"wp","href":"https:\/\/api.w.org\/{rel}","templated":true}]}}