{"id":21019,"date":"2019-11-20T09:46:11","date_gmt":"2019-11-20T09:46:11","guid":{"rendered":"https:\/\/fcmanrique.org\/?post_type=fcm_c_acti_celebrada&#038;p=21019"},"modified":"2019-11-26T10:55:09","modified_gmt":"2019-11-26T10:55:09","slug":"afterpop-fernandezfernandez","status":"publish","type":"fcm_c_acti_celebrada","link":"https:\/\/fcmanrique.org\/it\/fcm-c-acti-celebrada\/afterpop-fernandezfernandez\/","title":{"rendered":"Afterpop Fern\u00e1ndez&#038;Fern\u00e1ndez"},"content":{"rendered":"<p class=\"qtranxs-available-languages-message qtranxs-available-languages-message-it\">Ci spiace, ma questo articolo \u00e8 disponibile soltanto in <a href=\"https:\/\/fcmanrique.org\/es\/wp-json\/wp\/v2\/fcm_c_acti_celebrada\/21019\" class=\"qtranxs-available-language-link qtranxs-available-language-link-es\" title=\"ES\">ES<\/a>.<\/p><p>La Fundaci\u00f3n C\u00e9sar Manrique (FCM) acogi\u00f3 el martes, 19 de noviembre en la sala Jos\u00e9 Saramago de La Plazuela (Arrecife), un espect\u00e1culo en formato <em>spoken word<\/em> ofrecido por el d\u00fao \u201cAfterpop Fern\u00e1ndez &amp; Fern\u00e1ndez\u201d, integrado por los escritores Agust\u00edn Fern\u00e1ndez Mallo y Eloy Fern\u00e1ndez Porta.<\/p>\n<p><a href=\"https:\/\/fcmanrique.org\/wp-content\/uploads\/fc-manrique-fernadez-y-fernandez4.jpg\"><img loading=\"lazy\" decoding=\"async\" class=\"alignnone size-full wp-image-21024\" src=\"https:\/\/fcmanrique.org\/wp-content\/uploads\/fc-manrique-fernadez-y-fernandez4.jpg\" alt=\"\" width=\"920\" height=\"624\" srcset=\"https:\/\/fcmanrique.org\/wp-content\/uploads\/fc-manrique-fernadez-y-fernandez4.jpg 920w, https:\/\/fcmanrique.org\/wp-content\/uploads\/fc-manrique-fernadez-y-fernandez4-300x203.jpg 300w, https:\/\/fcmanrique.org\/wp-content\/uploads\/fc-manrique-fernadez-y-fernandez4-768x521.jpg 768w, https:\/\/fcmanrique.org\/wp-content\/uploads\/fc-manrique-fernadez-y-fernandez4-289x196.jpg 289w\" sizes=\"auto, (max-width: 920px) 100vw, 920px\" \/><\/a><em>Eloy Fern\u00e1ndez Porta y Agust\u00edn Fern\u00e1ndez Mallo<\/em><\/p>\n<p>Bajo el t\u00edtulo \u201cLa emisora primordial\u201d, el d\u00fao combin\u00f3 durante su actuaci\u00f3n im\u00e1genes<b>, <\/b>m\u00fasica y texto. El primero de los textos utilizados fue extra\u00eddo del libro &#8220;La palabra encendida&#8221;, publicado por la Universidad de Le\u00f3n, que recoge textos fragmentarios de C\u00e9sar Manrique seleccionados por Fernando G\u00f3mez Aguilera, director de Actividades de la FCM.<\/p>\n<p><a href=\"https:\/\/fcmanrique.org\/wp-content\/uploads\/fc-manrique-fernadez-y-fernandez2.jpg\"><img loading=\"lazy\" decoding=\"async\" class=\"alignnone size-full wp-image-21022\" src=\"https:\/\/fcmanrique.org\/wp-content\/uploads\/fc-manrique-fernadez-y-fernandez2.jpg\" alt=\"\" width=\"920\" height=\"607\" srcset=\"https:\/\/fcmanrique.org\/wp-content\/uploads\/fc-manrique-fernadez-y-fernandez2.jpg 920w, https:\/\/fcmanrique.org\/wp-content\/uploads\/fc-manrique-fernadez-y-fernandez2-300x198.jpg 300w, https:\/\/fcmanrique.org\/wp-content\/uploads\/fc-manrique-fernadez-y-fernandez2-768x507.jpg 768w, https:\/\/fcmanrique.org\/wp-content\/uploads\/fc-manrique-fernadez-y-fernandez2-289x191.jpg 289w\" sizes=\"auto, (max-width: 920px) 100vw, 920px\" \/><\/a><em>Eloy Fern\u00e1ndez Porta (en primer plano) y Agust\u00edn Fern\u00e1ndez Mallo, en la Fundaci\u00f3n C\u00e9sar Manrique<\/em><\/p>\n<p>El d\u00fao de escritores considera que este es su \u201cespect\u00e1culo m\u00e1s rotundo hasta la fecha\u201d ya que se trata de \u201ccincuenta intensos minutos de literatura <em>live<\/em>, llenos de ecos c\u00f3smicos y repletos de humor terrenal, como una radio emitiendo desde la noche de los tiempos\u201d.<\/p>\n<p><a href=\"https:\/\/fcmanrique.org\/wp-content\/uploads\/fc-manrique-fernadez-y-fernandez3.jpg\"><img loading=\"lazy\" decoding=\"async\" class=\"alignnone size-full wp-image-21023\" src=\"https:\/\/fcmanrique.org\/wp-content\/uploads\/fc-manrique-fernadez-y-fernandez3.jpg\" alt=\"\" width=\"920\" height=\"629\" srcset=\"https:\/\/fcmanrique.org\/wp-content\/uploads\/fc-manrique-fernadez-y-fernandez3.jpg 920w, https:\/\/fcmanrique.org\/wp-content\/uploads\/fc-manrique-fernadez-y-fernandez3-300x205.jpg 300w, https:\/\/fcmanrique.org\/wp-content\/uploads\/fc-manrique-fernadez-y-fernandez3-768x525.jpg 768w, https:\/\/fcmanrique.org\/wp-content\/uploads\/fc-manrique-fernadez-y-fernandez3-289x198.jpg 289w\" sizes=\"auto, (max-width: 920px) 100vw, 920px\" \/><\/a><em>Eloy Fern\u00e1ndez Porta y Agust\u00edn Fern\u00e1ndez Mallo en la Fundaci\u00f3n C\u00e9sar Manrique<\/em><\/p>\n<p><a href=\"https:\/\/fcmanrique.org\/wp-content\/uploads\/fc-manrique-fernadez-y-fernandez1.jpg\"><img loading=\"lazy\" decoding=\"async\" class=\"alignnone size-full wp-image-21021\" src=\"https:\/\/fcmanrique.org\/wp-content\/uploads\/fc-manrique-fernadez-y-fernandez1.jpg\" alt=\"\" width=\"920\" height=\"592\" srcset=\"https:\/\/fcmanrique.org\/wp-content\/uploads\/fc-manrique-fernadez-y-fernandez1.jpg 920w, https:\/\/fcmanrique.org\/wp-content\/uploads\/fc-manrique-fernadez-y-fernandez1-300x193.jpg 300w, https:\/\/fcmanrique.org\/wp-content\/uploads\/fc-manrique-fernadez-y-fernandez1-768x494.jpg 768w, https:\/\/fcmanrique.org\/wp-content\/uploads\/fc-manrique-fernadez-y-fernandez1-289x186.jpg 289w\" sizes=\"auto, (max-width: 920px) 100vw, 920px\" \/><\/a><\/p>\n<p><a href=\"https:\/\/fcmanrique.org\/wp-content\/uploads\/fc-manrique-spoken-word.pdf\">M\u00e1s informaci\u00f3n sobre Afterpop. Fern\u00e1ndez&amp;Fern\u00e1ndez<\/a><\/p>\n<p><a href=\"https:\/\/fcmanrique.org\/fcm-video\/conferencia-afterpop-fernandez-fernandez-19-noviembre\/?lang=es\">Acceder al v\u00eddeo de la actuaci\u00f3n<\/a><\/p>\n<p><a href=\"https:\/\/fcmanrique.org\/wp-content\/uploads\/fc-manrique-invitacion-fernandez-y-fernandez.jpg\"><img loading=\"lazy\" decoding=\"async\" class=\"alignnone size-full wp-image-21025\" src=\"https:\/\/fcmanrique.org\/wp-content\/uploads\/fc-manrique-invitacion-fernandez-y-fernandez.jpg\" alt=\"\" width=\"1200\" height=\"1200\" srcset=\"https:\/\/fcmanrique.org\/wp-content\/uploads\/fc-manrique-invitacion-fernandez-y-fernandez.jpg 1200w, https:\/\/fcmanrique.org\/wp-content\/uploads\/fc-manrique-invitacion-fernandez-y-fernandez-150x150.jpg 150w, https:\/\/fcmanrique.org\/wp-content\/uploads\/fc-manrique-invitacion-fernandez-y-fernandez-300x300.jpg 300w, https:\/\/fcmanrique.org\/wp-content\/uploads\/fc-manrique-invitacion-fernandez-y-fernandez-768x768.jpg 768w, https:\/\/fcmanrique.org\/wp-content\/uploads\/fc-manrique-invitacion-fernandez-y-fernandez-1024x1024.jpg 1024w, https:\/\/fcmanrique.org\/wp-content\/uploads\/fc-manrique-invitacion-fernandez-y-fernandez-246x246.jpg 246w\" sizes=\"auto, (max-width: 1200px) 100vw, 1200px\" \/><\/a><\/p>","protected":false},"excerpt":{"rendered":"<p>Ci spiace, ma questo articolo \u00e8 disponibile soltanto in ES.La Fundaci\u00f3n C\u00e9sar Manrique (FCM) acogi\u00f3 el martes, 19 de noviembre en la sala Jos\u00e9 Saramago de La Plazuela (Arrecife), un espect\u00e1culo en formato spoken word ofrecido por el d\u00fao \u201cAfterpop Fern\u00e1ndez &amp; Fern\u00e1ndez\u201d, integrado por los escritores Agust\u00edn Fern\u00e1ndez Mallo y Eloy Fern\u00e1ndez Porta. Eloy&#8230; <a href=\"https:\/\/fcmanrique.org\/it\/fcm-c-acti-celebrada\/afterpop-fernandezfernandez\/\" class=\"readmore\">Contin\u00faa leyendo \u2192<\/a><\/p>\n","protected":false},"featured_media":21020,"parent":0,"template":"","meta":{"_acf_changed":false,"ngg_post_thumbnail":0,"footnotes":""},"class_list":["post-21019","fcm_c_acti_celebrada","type-fcm_c_acti_celebrada","status-publish","has-post-thumbnail","hentry","c_acti_celebrada_categoria-conferencia"],"acf":[],"_links":{"self":[{"href":"https:\/\/fcmanrique.org\/it\/wp-json\/wp\/v2\/fcm_c_acti_celebrada\/21019","targetHints":{"allow":["GET"]}}],"collection":[{"href":"https:\/\/fcmanrique.org\/it\/wp-json\/wp\/v2\/fcm_c_acti_celebrada"}],"about":[{"href":"https:\/\/fcmanrique.org\/it\/wp-json\/wp\/v2\/types\/fcm_c_acti_celebrada"}],"version-history":[{"count":4,"href":"https:\/\/fcmanrique.org\/it\/wp-json\/wp\/v2\/fcm_c_acti_celebrada\/21019\/revisions"}],"predecessor-version":[{"id":21231,"href":"https:\/\/fcmanrique.org\/it\/wp-json\/wp\/v2\/fcm_c_acti_celebrada\/21019\/revisions\/21231"}],"wp:featuredmedia":[{"embeddable":true,"href":"https:\/\/fcmanrique.org\/it\/wp-json\/wp\/v2\/media\/21020"}],"wp:attachment":[{"href":"https:\/\/fcmanrique.org\/it\/wp-json\/wp\/v2\/media?parent=21019"}],"curies":[{"name":"wp","href":"https:\/\/api.w.org\/{rel}","templated":true}]}}