{"id":21055,"date":"2019-11-20T20:10:15","date_gmt":"2019-11-20T20:10:15","guid":{"rendered":"https:\/\/fcmanrique.org\/?post_type=fcm_c_acti_celebrada&#038;p=21055"},"modified":"2019-11-25T09:54:16","modified_gmt":"2019-11-25T09:54:16","slug":"las-empresas-mas-eficientes-o-con-mas-rentabilidad-son-las-empresas-mas-corruptas","status":"publish","type":"fcm_c_acti_celebrada","link":"https:\/\/fcmanrique.org\/it\/fcm-c-acti-celebrada\/las-empresas-mas-eficientes-o-con-mas-rentabilidad-son-las-empresas-mas-corruptas\/","title":{"rendered":"\u201cLas empresas m\u00e1s eficientes o con m\u00e1s rentabilidad son las empresas m\u00e1s corruptas\u201d"},"content":{"rendered":"<p class=\"qtranxs-available-languages-message qtranxs-available-languages-message-it\">Ci spiace, ma questo articolo \u00e8 disponibile soltanto in <a href=\"https:\/\/fcmanrique.org\/es\/wp-json\/wp\/v2\/fcm_c_acti_celebrada\/21055\" class=\"qtranxs-available-language-link qtranxs-available-language-link-es\" title=\"ES\">ES<\/a>.<\/p><p>Francico Alcal\u00e1 y Fernando Jim\u00e9nez, el d\u00eda 20 de noviembre inauguraron las Jornadas<i> Calidad de las instituciones democr\u00e1ticas y efectos de la corrupci\u00f3n. Costes econ\u00f3micos e impacto sociopol\u00edtico<\/i>, presentando las conclusiones de su trabajo: <i>Los costes econ\u00f3micos del d\u00e9ficit de calidad institucional y la corrupci\u00f3n en Espa\u00f1a<\/i>. Previamente, el director de la Fundaci\u00f3n C\u00e9sar Manrique, Fernando G\u00f3mez Aguilera, en la presentaci\u00f3n de las Jornadas, hab\u00eda recordado c\u00f3mo la corrupci\u00f3n afecta al funcionamiento de la democracia y de la econom\u00eda, as\u00ed como a la igualdad y a las pol\u00edticas p\u00fablicas de servicios sociales, deteriorando adem\u00e1s la confianza social y pol\u00edtica. G\u00f3mez Aguilera se\u00f1al\u00f3 con datos estad\u00edsticos que el coste social de la corrupci\u00f3n en Canarias es el mayor de Espa\u00f1a. El coste de la corrupci\u00f3n en Espa\u00f1a, seg\u00fan Redescan, es de unos 30.000 millones de euros al a\u00f1o, esto es el noventa por ciento del presupuesto de sanidad o el doble que el de educaci\u00f3n. Repas\u00f3 brevemente los casos de corrupci\u00f3n en Lanzarote, \u201cque se ha consolidado, por desgracia, como un laboratorio de corrupci\u00f3n\u201d, con unas ra\u00edces caciquiles no resueltas y con una sociedad acostumbrada a mirar para otro lado; aunque tambi\u00e9n la isla se proyecta como un centro de inter\u00e9s en la lucha contra la corrupci\u00f3n con jueces y fiscales admirables.<\/p>\n<p>Alcal\u00e1 se\u00f1al\u00f3 que entre los costes de la corrupci\u00f3n est\u00e1 el descenso de la productividad, que a su vez se traduce en peores salarios o bajos niveles de empleo y bienestar. A su vez, conduce a una escasa inversi\u00f3n porque el porcentaje de las comisiones se calcula sobre la facturaci\u00f3n y no sobre los beneficios; distorsiona el gasto p\u00fablico porque se acaba invirtiendo m\u00e1s en sectores como las infraestructuras o el gasto militar, m\u00e1s susceptibles de comisiones; reduce la inversi\u00f3n extranjera y produce un d\u00e9ficit de calidad institucional. \u201cNo se podr\u00eda imaginar tanta corrupci\u00f3n con m\u00e1s transparencia, ni con medios de comunicaci\u00f3n m\u00e1s fuertes\u201d.<\/p>\n<p><a href=\"https:\/\/fcmanrique.org\/wp-content\/uploads\/fc-manrique-jornadas-calidad-instituciones-primer-dia7.jpg\"><img loading=\"lazy\" decoding=\"async\" class=\"alignnone size-full wp-image-21062\" src=\"https:\/\/fcmanrique.org\/wp-content\/uploads\/fc-manrique-jornadas-calidad-instituciones-primer-dia7.jpg\" alt=\"\" width=\"920\" height=\"646\" srcset=\"https:\/\/fcmanrique.org\/wp-content\/uploads\/fc-manrique-jornadas-calidad-instituciones-primer-dia7.jpg 920w, https:\/\/fcmanrique.org\/wp-content\/uploads\/fc-manrique-jornadas-calidad-instituciones-primer-dia7-300x211.jpg 300w, https:\/\/fcmanrique.org\/wp-content\/uploads\/fc-manrique-jornadas-calidad-instituciones-primer-dia7-768x539.jpg 768w, https:\/\/fcmanrique.org\/wp-content\/uploads\/fc-manrique-jornadas-calidad-instituciones-primer-dia7-289x203.jpg 289w\" sizes=\"auto, (max-width: 920px) 100vw, 920px\" \/><\/a><em>Francisco Alcal\u00e1 y Fernando Jim\u00e9nez<\/em><\/p>\n<p>En este trabajo, Alcal\u00e1 y Jim\u00e9nez comparan la calidad de las instituciones en Espa\u00f1a con las de otros pa\u00edses, cuantifican el coste y proponen mejoras. Lo hacen en base a seis indicadores: democracia y libertades p\u00fablicas, estabilidad pol\u00edtica y ausencia de violencia, efectividad gubernamental, calidad regulatoria, respeto a la ley y los contratos y control de la corrupci\u00f3n. En democracia y efectividad, Espa\u00f1a no est\u00e1 muy mal, pero est\u00e1 mucho peor en calidad regulatoria y control de la corrupci\u00f3n. Espa\u00f1a deber\u00eda aspirar a una calidad de sus instituciones similar a la de pa\u00edses del mismo nivel de desarrollo. En productividad estamos en un 85 (mejor que el 85 por ciento de los pa\u00edses) y en calidad institucional en un 81. \u201cSi lleg\u00e1ramos al 85, el PIB aumentar\u00eda en un 16 por ciento\u201d, unos 200.000 millones de euros. \u201cEl principal freno al desarrollo econ\u00f3mico es la baja calidad institucional\u201d. La productividad, por otra parte, puede ser una manera de sostenibilidad, ya que se puede producir lo mismo utilizando menos recursos.<\/p>\n<p>Fernando Jim\u00e9nez dijo que Lanzarote es un laboratorio de corrupci\u00f3n pero tambi\u00e9n, \u201cla parte m\u00e1s interesante\u201d, de la lucha contra ella. Afirm\u00f3 que la sentencia de los ERE resume un problema generalizado \u201cde nuestro sistema pol\u00edtico\u201d, que se dedica a tomar decisiones que facilitan despu\u00e9s la toma de decisiones. En este caso, ante un problema, en lugar de mejorar el procedimiento habitual se busc\u00f3 un atajo y se eliminaron los controles. La pr\u00e1ctica pol\u00edtica ha consistido en debilitar los controles y debilitar los contrapoderes, adem\u00e1s de la b\u00fasqueda de intereses a corto plazo (qu\u00e9 hacer para ganar las pr\u00f3ximas elecciones). El despilfarro se calcula en el veinte por ciento del Producto Interior Bruto. El trabajo plantea ocho propuestas en tres ejes: reforzar los controles y contrapesos del poder, mejorar la independencia, calidad y transparencia de la administraci\u00f3n y mejorar la efectividad de las elecciones como mecanismo de control.<\/p>\n<p><b>Perspectivas econ\u00f3micas<\/b><\/p>\n<p>La segunda pare de la jornada cont\u00f3 con tres intervenciones con perspectiva econ\u00f3mica y ecol\u00f3gica. Carlos Sebasti\u00e1n comenz\u00f3 su intervenci\u00f3n se\u00f1alando que la mala calidad institucional conduce a la desigualdad que, junto con el cambio clim\u00e1tico, son los dos grandes problemas del mundo hoy, y el incumplimiento de las normas es una de las caracter\u00edsticas de esta baja calidad institucional. La desigualdad es un problema moral pero tambi\u00e9n es un problema econ\u00f3mico. La mala distribuci\u00f3n de la riqueza tiende a perpetuarse y los grupos con m\u00e1s renta introducen sesgos en la legislaci\u00f3n a su favor. Tambi\u00e9n se producen distorsiones: por un lado la retribuci\u00f3n de los directivos y por otro, el mantra de que las empresas deben maximizar su valor, que significa que deben hacerlo en Bolsa a corto plazo. Las regulaciones cada vez son menos estrictas y \u201cse ha demostrado que se cobran comisiones tremendas \u00fanicamente por mover el dinero de manos\u201d. Al mismo tiempo, cuando m\u00e1s necesarias son las pol\u00edticas redistributivas eficaces, se agrava la p\u00e9rdida de derechos laborales y hay una captura de los poderes p\u00fablicos por parte de unos pocos.<\/p>\n<p><a href=\"https:\/\/fcmanrique.org\/wp-content\/uploads\/fc-manrique-jornadas-calidad-instituciones-primer-dia3.jpg\"><img loading=\"lazy\" decoding=\"async\" class=\"alignnone size-full wp-image-21058\" src=\"https:\/\/fcmanrique.org\/wp-content\/uploads\/fc-manrique-jornadas-calidad-instituciones-primer-dia3.jpg\" alt=\"\" width=\"920\" height=\"616\" srcset=\"https:\/\/fcmanrique.org\/wp-content\/uploads\/fc-manrique-jornadas-calidad-instituciones-primer-dia3.jpg 920w, https:\/\/fcmanrique.org\/wp-content\/uploads\/fc-manrique-jornadas-calidad-instituciones-primer-dia3-300x201.jpg 300w, https:\/\/fcmanrique.org\/wp-content\/uploads\/fc-manrique-jornadas-calidad-instituciones-primer-dia3-768x514.jpg 768w, https:\/\/fcmanrique.org\/wp-content\/uploads\/fc-manrique-jornadas-calidad-instituciones-primer-dia3-289x194.jpg 289w\" sizes=\"auto, (max-width: 920px) 100vw, 920px\" \/><\/a><em>Carlos Sebasti\u00e1n<\/em><\/p>\n<p>Para Jos\u00e9 Manuel Naredo, el enfoque econ\u00f3mico ordinario no sirve para profundizar en esta cuesti\u00f3n y por eso ha elaborado, en su \u00faltimo libro, una taxonom\u00eda del lucro, partiendo de la paradoja de que la econom\u00eda, como ciencia del lucro, no clasifica sus formas. La clasificaci\u00f3n es en funci\u00f3n de la naturaleza de las actividades que generan el lucro, con contrapartida asociada a bienes y servicios o sin contrapartida, o tambi\u00e9n en funci\u00f3n de la personalidad de sus beneficiarios. Fue en el siglo XVIII cuando la econom\u00eda se independiz\u00f3 de la moral. El concepto de producci\u00f3n tambi\u00e9n ha variado, ya que ha acabado siendo \u201crevender con beneficio\u201d. \u201cEl tradicional caciquismo agrario ha derivado en un neocaciquismo clientelar inmobiliario y financiero\u201d que trata de dominar en lugar de gobernar, y de expoliar en lugar de administrar. La corrupci\u00f3n, seg\u00fan Naredo, puede ser legal, tiene un gran peso en la econom\u00eda, un car\u00e1cter sist\u00e9mico y alcanza a todos. \u201cLas empresas m\u00e1s eficientes o con m\u00e1s rentabilidad son las empresas m\u00e1s corruptas\u201d.<\/p>\n<p><a href=\"https:\/\/fcmanrique.org\/wp-content\/uploads\/fc-manrique-jornadas-calidad-instituciones-primer-dia5.jpg\"><img loading=\"lazy\" decoding=\"async\" class=\"alignnone size-full wp-image-21060\" src=\"https:\/\/fcmanrique.org\/wp-content\/uploads\/fc-manrique-jornadas-calidad-instituciones-primer-dia5.jpg\" alt=\"\" width=\"920\" height=\"644\" srcset=\"https:\/\/fcmanrique.org\/wp-content\/uploads\/fc-manrique-jornadas-calidad-instituciones-primer-dia5.jpg 920w, https:\/\/fcmanrique.org\/wp-content\/uploads\/fc-manrique-jornadas-calidad-instituciones-primer-dia5-300x210.jpg 300w, https:\/\/fcmanrique.org\/wp-content\/uploads\/fc-manrique-jornadas-calidad-instituciones-primer-dia5-768x538.jpg 768w, https:\/\/fcmanrique.org\/wp-content\/uploads\/fc-manrique-jornadas-calidad-instituciones-primer-dia5-289x202.jpg 289w\" sizes=\"auto, (max-width: 920px) 100vw, 920px\" \/><\/a> <em>Jos\u00e9 Manuel Naredo<\/em><\/p>\n<p>Por \u00faltimo, Federico Aguilera Klink dijo que la corrupci\u00f3n es una traici\u00f3n a la comunidad y un secuestro democr\u00e1tico. Cuestion\u00f3 la clasificaci\u00f3n Transparencia Internacional sobre corrupci\u00f3n porque cree que en pa\u00edses como Gran Breta\u00f1a, en realidad la corrupci\u00f3n est\u00e1 institucionalizada. De hecho, Roberto Saviano afirma que es el pa\u00eds m\u00e1s corrupto del mundo porque ah\u00ed se lava todo el dinero. Por tanto, hay que redefinir la corrupci\u00f3n y mirar hacia los pa\u00edses del Norte. A Aguilera le interesa la corrupci\u00f3n legal. Por ejemplo, el tratado de Maastricht, que obliga a los pa\u00edses a endeudarse de una forma concreta para favorecer a la banca. \u201cNo vemos esa legislaci\u00f3n como intr\u00ednsecamente corrupta\u201d. O el rescate a la banca, \u201cque es una estafa\u201d, o las tarifas el\u00e9ctricas, que son un \u201crobo legal\u201d. Igual que los contratos, \u201cque se configuran de manera corrupta\u201d, o el hecho de que la gran banca apenas pague impuestos. \u201cUn capitalismo de amiguetes\u201d. Seg\u00fan el Premio Nobel Joseph Stiglitz, \u201clos grupos de presi\u00f3n impiden que haya pol\u00edticas racionales\u201d. Para Aguilera Klink, el FMI es un organismo criminal, como lo fue Europa con Grecia hace unos a\u00f1os. Acab\u00f3 citando al puerto de Granadilla, donde se investiga si hubo comisiones del tres por ciento. \u201cA m\u00ed me interesa m\u00e1s saber porqu\u00e9 hubo tanto apoyo al otro 97 por ciento de unas obras que no sirven para nada\u201d.<\/p>\n<p><a href=\"https:\/\/fcmanrique.org\/wp-content\/uploads\/fc-manrique-jornadas-calidad-instituciones-primer-dia4.jpg\"><img loading=\"lazy\" decoding=\"async\" class=\"alignnone size-full wp-image-21059\" src=\"https:\/\/fcmanrique.org\/wp-content\/uploads\/fc-manrique-jornadas-calidad-instituciones-primer-dia4.jpg\" alt=\"\" width=\"920\" height=\"607\" srcset=\"https:\/\/fcmanrique.org\/wp-content\/uploads\/fc-manrique-jornadas-calidad-instituciones-primer-dia4.jpg 920w, https:\/\/fcmanrique.org\/wp-content\/uploads\/fc-manrique-jornadas-calidad-instituciones-primer-dia4-300x198.jpg 300w, https:\/\/fcmanrique.org\/wp-content\/uploads\/fc-manrique-jornadas-calidad-instituciones-primer-dia4-768x507.jpg 768w, https:\/\/fcmanrique.org\/wp-content\/uploads\/fc-manrique-jornadas-calidad-instituciones-primer-dia4-289x191.jpg 289w\" sizes=\"auto, (max-width: 920px) 100vw, 920px\" \/><\/a><em>Federico Aguilera Klink<\/em><\/p>\n<p><a href=\"https:\/\/fcmanrique.org\/wp-content\/uploads\/fc-manrique-jornadas-calidad-instituciones-primer-dia8.jpg\"><img loading=\"lazy\" decoding=\"async\" class=\"alignnone size-full wp-image-21063\" src=\"https:\/\/fcmanrique.org\/wp-content\/uploads\/fc-manrique-jornadas-calidad-instituciones-primer-dia8.jpg\" alt=\"\" width=\"920\" height=\"646\" srcset=\"https:\/\/fcmanrique.org\/wp-content\/uploads\/fc-manrique-jornadas-calidad-instituciones-primer-dia8.jpg 920w, https:\/\/fcmanrique.org\/wp-content\/uploads\/fc-manrique-jornadas-calidad-instituciones-primer-dia8-300x211.jpg 300w, https:\/\/fcmanrique.org\/wp-content\/uploads\/fc-manrique-jornadas-calidad-instituciones-primer-dia8-768x539.jpg 768w, https:\/\/fcmanrique.org\/wp-content\/uploads\/fc-manrique-jornadas-calidad-instituciones-primer-dia8-289x203.jpg 289w\" sizes=\"auto, (max-width: 920px) 100vw, 920px\" \/><\/a><\/p>\n<p><a href=\"https:\/\/fcmanrique.org\/wp-content\/uploads\/fc-manrique-diptico-jornadas-calidad-instituciones1.jpg\"><img loading=\"lazy\" decoding=\"async\" class=\"alignnone size-full wp-image-20925\" src=\"https:\/\/fcmanrique.org\/wp-content\/uploads\/fc-manrique-diptico-jornadas-calidad-instituciones1.jpg\" alt=\"\" width=\"1240\" height=\"1240\" srcset=\"https:\/\/fcmanrique.org\/wp-content\/uploads\/fc-manrique-diptico-jornadas-calidad-instituciones1.jpg 1240w, https:\/\/fcmanrique.org\/wp-content\/uploads\/fc-manrique-diptico-jornadas-calidad-instituciones1-150x150.jpg 150w, https:\/\/fcmanrique.org\/wp-content\/uploads\/fc-manrique-diptico-jornadas-calidad-instituciones1-300x300.jpg 300w, https:\/\/fcmanrique.org\/wp-content\/uploads\/fc-manrique-diptico-jornadas-calidad-instituciones1-768x768.jpg 768w, https:\/\/fcmanrique.org\/wp-content\/uploads\/fc-manrique-diptico-jornadas-calidad-instituciones1-1024x1024.jpg 1024w, https:\/\/fcmanrique.org\/wp-content\/uploads\/fc-manrique-diptico-jornadas-calidad-instituciones1-246x246.jpg 246w\" sizes=\"auto, (max-width: 1240px) 100vw, 1240px\" \/><\/a><\/p>","protected":false},"excerpt":{"rendered":"<p>Ci spiace, ma questo articolo \u00e8 disponibile soltanto in ES.Francico Alcal\u00e1 y Fernando Jim\u00e9nez, el d\u00eda 20 de noviembre inauguraron las Jornadas Calidad de las instituciones democr\u00e1ticas y efectos de la corrupci\u00f3n. Costes econ\u00f3micos e impacto sociopol\u00edtico, presentando las conclusiones de su trabajo: Los costes econ\u00f3micos del d\u00e9ficit de calidad institucional y la corrupci\u00f3n en&#8230; <a href=\"https:\/\/fcmanrique.org\/it\/fcm-c-acti-celebrada\/las-empresas-mas-eficientes-o-con-mas-rentabilidad-son-las-empresas-mas-corruptas\/\" class=\"readmore\">Contin\u00faa leyendo \u2192<\/a><\/p>\n","protected":false},"featured_media":21064,"parent":0,"template":"","meta":{"_acf_changed":false,"ngg_post_thumbnail":0,"footnotes":""},"class_list":["post-21055","fcm_c_acti_celebrada","type-fcm_c_acti_celebrada","status-publish","has-post-thumbnail","hentry","c_acti_celebrada_categoria-jornadas"],"acf":[],"_links":{"self":[{"href":"https:\/\/fcmanrique.org\/it\/wp-json\/wp\/v2\/fcm_c_acti_celebrada\/21055","targetHints":{"allow":["GET"]}}],"collection":[{"href":"https:\/\/fcmanrique.org\/it\/wp-json\/wp\/v2\/fcm_c_acti_celebrada"}],"about":[{"href":"https:\/\/fcmanrique.org\/it\/wp-json\/wp\/v2\/types\/fcm_c_acti_celebrada"}],"version-history":[{"count":7,"href":"https:\/\/fcmanrique.org\/it\/wp-json\/wp\/v2\/fcm_c_acti_celebrada\/21055\/revisions"}],"predecessor-version":[{"id":21162,"href":"https:\/\/fcmanrique.org\/it\/wp-json\/wp\/v2\/fcm_c_acti_celebrada\/21055\/revisions\/21162"}],"wp:featuredmedia":[{"embeddable":true,"href":"https:\/\/fcmanrique.org\/it\/wp-json\/wp\/v2\/media\/21064"}],"wp:attachment":[{"href":"https:\/\/fcmanrique.org\/it\/wp-json\/wp\/v2\/media?parent=21055"}],"curies":[{"name":"wp","href":"https:\/\/api.w.org\/{rel}","templated":true}]}}