{"id":21152,"date":"2019-11-25T09:40:09","date_gmt":"2019-11-25T09:40:09","guid":{"rendered":"https:\/\/fcmanrique.org\/?post_type=fcm_c_acti_celebrada&#038;p=21152"},"modified":"2019-11-25T10:12:35","modified_gmt":"2019-11-25T10:12:35","slug":"presentacion-de-el-genio-nuevo-disco-de-tonin-corujo-quartet","status":"publish","type":"fcm_c_acti_celebrada","link":"https:\/\/fcmanrique.org\/it\/fcm-c-acti-celebrada\/presentacion-de-el-genio-nuevo-disco-de-tonin-corujo-quartet\/","title":{"rendered":"Presentaci\u00f3n de &#8220;El genio&#8221;, nuevo disco de To\u00f1\u00edn Corujo Quartet en homenaje a C\u00e9sar Manrique"},"content":{"rendered":"<p class=\"qtranxs-available-languages-message qtranxs-available-languages-message-it\">Ci spiace, ma questo articolo \u00e8 disponibile soltanto in <a href=\"https:\/\/fcmanrique.org\/es\/wp-json\/wp\/v2\/fcm_c_acti_celebrada\/21152\" class=\"qtranxs-available-language-link qtranxs-available-language-link-es\" title=\"ES\">ES<\/a>.<\/p><p>To\u00f1\u00edn Corujo Quartet y la Fundaci\u00f3n C\u00e9sar Manrique (FCM) presentan \u201cEl genio\u201d, un disco dedicado \u00edntegramente a C\u00e9sar Manrique con motivo del centenario de su nacimiento. El concierto de presentaci\u00f3n tuvo lugar el pasado viernes, 22 de noviembre, a las 20:30 horas, en el Auditorio Jameos del Agua. Este acto se desarrolla con la colaboraci\u00f3n de los Centros de Arte, Cultura y Turismo, y la Consejer\u00eda de Cultura del Cabildo de Lanzarote.<\/p>\n<p><a href=\"https:\/\/fcmanrique.org\/wp-content\/uploads\/fc-manrique-concierto-tonin-corujo-quartet1.jpg\"><img loading=\"lazy\" decoding=\"async\" class=\"alignnone size-full wp-image-21153\" src=\"https:\/\/fcmanrique.org\/wp-content\/uploads\/fc-manrique-concierto-tonin-corujo-quartet1.jpg\" alt=\"\" width=\"920\" height=\"596\" srcset=\"https:\/\/fcmanrique.org\/wp-content\/uploads\/fc-manrique-concierto-tonin-corujo-quartet1.jpg 920w, https:\/\/fcmanrique.org\/wp-content\/uploads\/fc-manrique-concierto-tonin-corujo-quartet1-300x194.jpg 300w, https:\/\/fcmanrique.org\/wp-content\/uploads\/fc-manrique-concierto-tonin-corujo-quartet1-768x498.jpg 768w, https:\/\/fcmanrique.org\/wp-content\/uploads\/fc-manrique-concierto-tonin-corujo-quartet1-289x187.jpg 289w\" sizes=\"auto, (max-width: 920px) 100vw, 920px\" \/><\/a><\/p>\n<p>Para la creaci\u00f3n del disco, To\u00f1\u00edn Corujo y los miembros de su Quartet se han inspirado en la figura y la obra de C\u00e9sar Manrique. Seg\u00fan han explicado, en las melod\u00edas del disco \u201csubyacen rasgos de la m\u00fasica popular insular que las hace reconocibles al p\u00fablico aut\u00f3ctono, pero con un tratamiento arm\u00f3nico que las hace universales\u201d.<\/p>\n<p><a href=\"https:\/\/fcmanrique.org\/wp-content\/uploads\/fc-manrique-concierto-tonin-corujo-quartet2.jpg\"><img loading=\"lazy\" decoding=\"async\" class=\"alignnone size-full wp-image-21154\" src=\"https:\/\/fcmanrique.org\/wp-content\/uploads\/fc-manrique-concierto-tonin-corujo-quartet2.jpg\" alt=\"\" width=\"920\" height=\"597\" srcset=\"https:\/\/fcmanrique.org\/wp-content\/uploads\/fc-manrique-concierto-tonin-corujo-quartet2.jpg 920w, https:\/\/fcmanrique.org\/wp-content\/uploads\/fc-manrique-concierto-tonin-corujo-quartet2-300x195.jpg 300w, https:\/\/fcmanrique.org\/wp-content\/uploads\/fc-manrique-concierto-tonin-corujo-quartet2-768x498.jpg 768w, https:\/\/fcmanrique.org\/wp-content\/uploads\/fc-manrique-concierto-tonin-corujo-quartet2-289x188.jpg 289w\" sizes=\"auto, (max-width: 920px) 100vw, 920px\" \/><\/a><\/p>\n<p>\u201cEl genio\u201d, producido por la FCM, contiene 11 canciones, entre las que destacan t\u00edtulos como \u201cJuguete de viento\u201d, tema giratorio que se recrea en la contemplaci\u00f3n del movimiento; \u201cEl Almac\u00e9n\u201d, obra que se sit\u00faa en febrero y narra desde la ilusi\u00f3n que provoca la creaci\u00f3n del disfraz hasta la fiesta que se prolonga hasta las primeras luces del alba, pasando por el baile de m\u00e1scaras; o \u201cCamino del fuego\u201d, inspirada en el Parque Nacional de Timanfaya.<\/p>\n<p><a href=\"https:\/\/fcmanrique.org\/wp-content\/uploads\/fc-manrique-concierto-tonin-corujo-quartet3.jpg\"><img loading=\"lazy\" decoding=\"async\" class=\"alignnone size-full wp-image-21155\" src=\"https:\/\/fcmanrique.org\/wp-content\/uploads\/fc-manrique-concierto-tonin-corujo-quartet3.jpg\" alt=\"\" width=\"920\" height=\"644\" srcset=\"https:\/\/fcmanrique.org\/wp-content\/uploads\/fc-manrique-concierto-tonin-corujo-quartet3.jpg 920w, https:\/\/fcmanrique.org\/wp-content\/uploads\/fc-manrique-concierto-tonin-corujo-quartet3-300x210.jpg 300w, https:\/\/fcmanrique.org\/wp-content\/uploads\/fc-manrique-concierto-tonin-corujo-quartet3-768x538.jpg 768w, https:\/\/fcmanrique.org\/wp-content\/uploads\/fc-manrique-concierto-tonin-corujo-quartet3-289x202.jpg 289w\" sizes=\"auto, (max-width: 920px) 100vw, 920px\" \/><\/a><\/p>\n<p>As\u00ed mismo, el disco homenaje al artista lanzarote\u00f1o recoge otros temas como \u201cT\u00fanel de la Atl\u00e1ntida\u201d, que narra el paseo subterr\u00e1neo desde Jameos del Agua hasta la profundidad del mar; \u201cAlegranza\u201d, que define la contemplaci\u00f3n de los islotes del Archipi\u00e9lago Chinijo desde el Mirador del R\u00edo; \u201cEl Genio\u201d, una pieza homenaje al artista a modo de ep\u00edstola; o \u201cNueva York\u201d, en la que se recuerda la ciudad desde donde Manrique tuvo la visi\u00f3n de la nueva realidad de su isla y decidi\u00f3 dedicar su vida a cambiarla.<\/p>\n<p><a href=\"https:\/\/fcmanrique.org\/wp-content\/uploads\/fc-manrique-concierto-tonin-corujo-quartet4.jpg\"><img loading=\"lazy\" decoding=\"async\" class=\"alignnone size-full wp-image-21156\" src=\"https:\/\/fcmanrique.org\/wp-content\/uploads\/fc-manrique-concierto-tonin-corujo-quartet4.jpg\" alt=\"\" width=\"920\" height=\"585\" srcset=\"https:\/\/fcmanrique.org\/wp-content\/uploads\/fc-manrique-concierto-tonin-corujo-quartet4.jpg 920w, https:\/\/fcmanrique.org\/wp-content\/uploads\/fc-manrique-concierto-tonin-corujo-quartet4-300x191.jpg 300w, https:\/\/fcmanrique.org\/wp-content\/uploads\/fc-manrique-concierto-tonin-corujo-quartet4-768x488.jpg 768w, https:\/\/fcmanrique.org\/wp-content\/uploads\/fc-manrique-concierto-tonin-corujo-quartet4-289x184.jpg 289w\" sizes=\"auto, (max-width: 920px) 100vw, 920px\" \/><\/a><\/p>\n<p>En este disco homenaje participan: To\u00f1\u00edn Corujo (timples), Carlos P\u00e9rez (saxos), Israel Curbelo (pianos, teclados y voces), Yarel Hern\u00e1ndez (guitarras y bajos) y Michael Olivera (bater\u00edas, percusiones y efectos de voz). La producci\u00f3n art\u00edstica ha corrido a cargo de Yarel Hern\u00e1ndez, mientras que Mar\u00eda Valido se ha encargado de la producci\u00f3n ejecutiva.<\/p>\n<p><a href=\"https:\/\/fcmanrique.org\/wp-content\/uploads\/fc-manrique-concierto-tonin-corujo-quartet5.jpg\"><img loading=\"lazy\" decoding=\"async\" class=\"alignnone size-full wp-image-21157\" src=\"https:\/\/fcmanrique.org\/wp-content\/uploads\/fc-manrique-concierto-tonin-corujo-quartet5.jpg\" alt=\"\" width=\"920\" height=\"603\" srcset=\"https:\/\/fcmanrique.org\/wp-content\/uploads\/fc-manrique-concierto-tonin-corujo-quartet5.jpg 920w, https:\/\/fcmanrique.org\/wp-content\/uploads\/fc-manrique-concierto-tonin-corujo-quartet5-300x197.jpg 300w, https:\/\/fcmanrique.org\/wp-content\/uploads\/fc-manrique-concierto-tonin-corujo-quartet5-768x503.jpg 768w, https:\/\/fcmanrique.org\/wp-content\/uploads\/fc-manrique-concierto-tonin-corujo-quartet5-289x189.jpg 289w\" sizes=\"auto, (max-width: 920px) 100vw, 920px\" \/><\/a><\/p>\n<p><a href=\"https:\/\/fcmanrique.org\/wp-content\/uploads\/fc-manrique-invitacion-tonin-corujo-quartet.jpg\"><img loading=\"lazy\" decoding=\"async\" class=\"alignnone size-full wp-image-21160\" src=\"https:\/\/fcmanrique.org\/wp-content\/uploads\/fc-manrique-invitacion-tonin-corujo-quartet.jpg\" alt=\"\" width=\"1200\" height=\"1200\" srcset=\"https:\/\/fcmanrique.org\/wp-content\/uploads\/fc-manrique-invitacion-tonin-corujo-quartet.jpg 1200w, https:\/\/fcmanrique.org\/wp-content\/uploads\/fc-manrique-invitacion-tonin-corujo-quartet-150x150.jpg 150w, https:\/\/fcmanrique.org\/wp-content\/uploads\/fc-manrique-invitacion-tonin-corujo-quartet-300x300.jpg 300w, https:\/\/fcmanrique.org\/wp-content\/uploads\/fc-manrique-invitacion-tonin-corujo-quartet-768x768.jpg 768w, https:\/\/fcmanrique.org\/wp-content\/uploads\/fc-manrique-invitacion-tonin-corujo-quartet-1024x1024.jpg 1024w, https:\/\/fcmanrique.org\/wp-content\/uploads\/fc-manrique-invitacion-tonin-corujo-quartet-246x246.jpg 246w\" sizes=\"auto, (max-width: 1200px) 100vw, 1200px\" \/><\/a><\/p>\n<p><a href=\"https:\/\/fcmanrique.org\/wp-content\/uploads\/fc-manrique-presentacion-disco-el-genio-tonin-corujo-quartet.pdf\">M\u00e1s informaci\u00f3n sobre la presentaci\u00f3n del disco &#8220;El Genio&#8221;, de To\u00f1\u00edn Corujo Quartet<\/a><\/p>","protected":false},"excerpt":{"rendered":"<p>Ci spiace, ma questo articolo \u00e8 disponibile soltanto in ES.To\u00f1\u00edn Corujo Quartet y la Fundaci\u00f3n C\u00e9sar Manrique (FCM) presentan \u201cEl genio\u201d, un disco dedicado \u00edntegramente a C\u00e9sar Manrique con motivo del centenario de su nacimiento. El concierto de presentaci\u00f3n tuvo lugar el pasado viernes, 22 de noviembre, a las 20:30 horas, en el Auditorio Jameos&#8230; <a href=\"https:\/\/fcmanrique.org\/it\/fcm-c-acti-celebrada\/presentacion-de-el-genio-nuevo-disco-de-tonin-corujo-quartet\/\" class=\"readmore\">Contin\u00faa leyendo \u2192<\/a><\/p>\n","protected":false},"featured_media":21158,"parent":0,"template":"","meta":{"_acf_changed":false,"ngg_post_thumbnail":0,"footnotes":""},"class_list":["post-21152","fcm_c_acti_celebrada","type-fcm_c_acti_celebrada","status-publish","has-post-thumbnail","hentry","c_acti_celebrada_categoria-musica"],"acf":[],"_links":{"self":[{"href":"https:\/\/fcmanrique.org\/it\/wp-json\/wp\/v2\/fcm_c_acti_celebrada\/21152","targetHints":{"allow":["GET"]}}],"collection":[{"href":"https:\/\/fcmanrique.org\/it\/wp-json\/wp\/v2\/fcm_c_acti_celebrada"}],"about":[{"href":"https:\/\/fcmanrique.org\/it\/wp-json\/wp\/v2\/types\/fcm_c_acti_celebrada"}],"version-history":[{"count":4,"href":"https:\/\/fcmanrique.org\/it\/wp-json\/wp\/v2\/fcm_c_acti_celebrada\/21152\/revisions"}],"predecessor-version":[{"id":21164,"href":"https:\/\/fcmanrique.org\/it\/wp-json\/wp\/v2\/fcm_c_acti_celebrada\/21152\/revisions\/21164"}],"wp:featuredmedia":[{"embeddable":true,"href":"https:\/\/fcmanrique.org\/it\/wp-json\/wp\/v2\/media\/21158"}],"wp:attachment":[{"href":"https:\/\/fcmanrique.org\/it\/wp-json\/wp\/v2\/media?parent=21152"}],"curies":[{"name":"wp","href":"https:\/\/api.w.org\/{rel}","templated":true}]}}