{"id":21449,"date":"2019-12-13T10:48:03","date_gmt":"2019-12-13T10:48:03","guid":{"rendered":"https:\/\/fcmanrique.org\/?post_type=fcm_c_acti_celebrada&#038;p=21449"},"modified":"2019-12-17T10:09:19","modified_gmt":"2019-12-17T10:09:19","slug":"saber-de-isla-segundo-dia","status":"publish","type":"fcm_c_acti_celebrada","link":"https:\/\/fcmanrique.org\/it\/fcm-c-acti-celebrada\/saber-de-isla-segundo-dia\/","title":{"rendered":"Saber de Isla (II): La Graciosa, &#8220;El Guincho&#8221;, especies vegetales y aves"},"content":{"rendered":"<p class=\"qtranxs-available-languages-message qtranxs-available-languages-message-it\">Ci spiace, ma questo articolo \u00e8 disponibile soltanto in <a href=\"https:\/\/fcmanrique.org\/es\/wp-json\/wp\/v2\/fcm_c_acti_celebrada\/21449\" class=\"qtranxs-available-language-link qtranxs-available-language-link-es\" title=\"ES\">ES<\/a>.<\/p><p><\/p>\n<p class=\"Textbody\">\u201cLa Graciosa, para m\u00ed, es una circunstancia\u201d. As\u00ed empez\u00f3, el d\u00eda 11 de diciembre, Gin\u00e9s D\u00edaz Pallar\u00e9s la charla con los periodistas Sa\u00fal Garc\u00eda y Soraya Morales en la segunda jornada del curso <i>Saber de isla<\/i>. D\u00edaz vive desde hace a\u00f1os en Caleta del Sebo a pesar de que su \u00fanica ley autoimpuesta dec\u00eda que jam\u00e1s vivir\u00eda en un pueblo peque\u00f1o. \u201cEs un misterio, una isla m\u00e1gica, c\u00f3mo ha escapado de planes urban\u00edsticos terror\u00edficos o de las primeras factor\u00edas de pesca&#8230;\u201d. \u201cHasta para C\u00e9sar fue un mundo extra\u00f1o\u201d. D\u00edaz cree que los gracioseros son irreductibles. \u201cSiento adoraci\u00f3n por ellos y el resto del tiempo me estoy peleando con ellos\u201d.<\/p>\n<p class=\"Textbody\">Considera que a La Graciosa habr\u00eda que compararla con La Ti\u00f1osa, Playa Blanca o Corralejo, que se han transformado mucho m\u00e1s. Destac\u00f3 el emporio pesquero \u201cinaudito\u201d que ten\u00edan, que se vino abajo y que fueron capaces de no venderse. Habl\u00f3 del mundo de los pescadores y de c\u00f3mo ese mundo cre\u00f3 un ambiente de mujeres muy poderosas donde pasaban cosas extraordinarias. \u201cDespu\u00e9s no les qued\u00f3 otra que reconvertirse al turismo y les jodieron la vida\u201d.<\/p>\n<p><a href=\"https:\/\/fcmanrique.org\/wp-content\/uploads\/fc-manrique-saber-de-isla-segundo-dia5.jpg\"><img loading=\"lazy\" decoding=\"async\" class=\"alignnone size-full wp-image-21440\" src=\"https:\/\/fcmanrique.org\/wp-content\/uploads\/fc-manrique-saber-de-isla-segundo-dia5.jpg\" alt=\"\" width=\"920\" height=\"602\" srcset=\"https:\/\/fcmanrique.org\/wp-content\/uploads\/fc-manrique-saber-de-isla-segundo-dia5.jpg 920w, https:\/\/fcmanrique.org\/wp-content\/uploads\/fc-manrique-saber-de-isla-segundo-dia5-300x196.jpg 300w, https:\/\/fcmanrique.org\/wp-content\/uploads\/fc-manrique-saber-de-isla-segundo-dia5-768x503.jpg 768w, https:\/\/fcmanrique.org\/wp-content\/uploads\/fc-manrique-saber-de-isla-segundo-dia5-289x189.jpg 289w\" sizes=\"auto, (max-width: 920px) 100vw, 920px\" \/><\/a> <em>Gin\u00e9s D\u00edaz, Soraya Morales y Sa\u00fal Garc\u00eda<\/em><\/p>\n<p>Se refiri\u00f3 a la masificaci\u00f3n. Considera que los gracioseros est\u00e1n en un tr\u00e1nsito complicado y que un hecho fundamental fue la declaraci\u00f3n de Parque Natural en 1986 y tambi\u00e9n la Reserva marina \u201cporque aquello se lo estaban fulminando\u201d. La Graciosa estuvo desertizada y la llegada de Parques Nacionales fue una buena noticia: \u201cYo estaba solo como vigilante y desbordado\u201d.\u00a0 Alegranza, por su parte, estaba rodeada de trasmallos y nasas y eso hoy no sucede. Relat\u00f3 que de nuevo, posteriormente, Alegranza se llenaba de gente y de descontrol y que \u201ccay\u00f3 del cielo\u201d la sargento del SEPRONA [Gloria Moreno, que denunci\u00f3 las infracciones que se comet\u00edan]. \u201cSi Gloria no aparee ahora ah\u00ed no queda nada, lo hab\u00edan conquistado\u201d.<\/p>\n<p>Expres\u00f3 que Coalici\u00f3n Canaria \u201cse cepill\u00f3 el Parque\u201d pero que lo pod\u00eda haber hecho en el Parlamento, no dej\u00e1ndolo caer por la puerta de atr\u00e1s. Pero aparece \u201cla magia\u201d, porque Humboldt regres\u00f3 a La Graciosa recientemente [se celebr\u00f3 el 220 aniversario del nacimiento del naturalista Alexander von Humboldt, que desembarc\u00f3 en La Graciosa en 1799) y se encontr\u00f3 con C\u00e9sar Manrique, se miraron a la cara y dijeron: \u201cEstos se han pasado de rosca\u201d, y, en breve, el partido Coalici\u00f3n Canaria desapareci\u00f3 del poder. \u201cQue los nuevos lo tengan en cuenta\u201d. \u201cEl nacionalismo canario tiene que desprenderse del empresariado ruin y seguir gestionando las cosas de la gente normal\u201d, se\u00f1al\u00f3. Cree que, en todo caso, La Graciosa deber\u00eda pasar a ser Parque Rural (en lugar de Parque Natural, que es m\u00e1s restrictivo en cuanto a usos), porque la ley no permite llevar a cabo determinadas actividades y entonces se hacen de forma ilegal, y son actividades cotidianas. Tambi\u00e9n habl\u00f3 de la necesidad de recuperar la vigilancia cuanto antes, o del proyecto frustrado del consejo de ciudadan\u00eda (en el que particip\u00f3 gran cantidad de los habitantes gracioseros) que \u201cno se sabe d\u00f3nde fue a parar\u201d.<\/p>\n<p><a href=\"https:\/\/fcmanrique.org\/wp-content\/uploads\/fc-manrique-saber-de-isla-segundo-dia4.jpg\"><img loading=\"lazy\" decoding=\"async\" class=\"alignnone size-full wp-image-21439\" src=\"https:\/\/fcmanrique.org\/wp-content\/uploads\/fc-manrique-saber-de-isla-segundo-dia4.jpg\" alt=\"\" width=\"920\" height=\"681\" srcset=\"https:\/\/fcmanrique.org\/wp-content\/uploads\/fc-manrique-saber-de-isla-segundo-dia4.jpg 920w, https:\/\/fcmanrique.org\/wp-content\/uploads\/fc-manrique-saber-de-isla-segundo-dia4-300x222.jpg 300w, https:\/\/fcmanrique.org\/wp-content\/uploads\/fc-manrique-saber-de-isla-segundo-dia4-768x568.jpg 768w, https:\/\/fcmanrique.org\/wp-content\/uploads\/fc-manrique-saber-de-isla-segundo-dia4-289x214.jpg 289w\" sizes=\"auto, (max-width: 920px) 100vw, 920px\" \/><\/a> <em>Gin\u00e9s D\u00edaz<\/em><\/p>\n<p>Record\u00f3 el nacimiento de la Asociaci\u00f3n Cultural y Ecologista <em>El Guincho<\/em>, en una reuni\u00f3n a la que convocaron en la Casa de la Cultura a \u201clas personas mayores\u201d como Leandro Perdomo, C\u00e9sar Manrique, Agust\u00edn Pallar\u00e9s o Agust\u00edn de la Hoz. \u201cLes reunimos y les pedimos que nos avalaran la voz, no nuestro mensaje\u201d. Les contestaron que lo hac\u00edan con una condici\u00f3n: \u201cNo hagan de esto un partido pol\u00edtico\u201d. \u201cNo que no fu\u00e9ramos pol\u00edticos\u201d, puntualiz\u00f3. \u201cLes contamos lo que quer\u00edamos hacer aunque en <em>El Guincho<\/em> no lo ten\u00edamos del todo claro\u201d. Cont\u00f3 que el gran \u00e9xito del colectivo fue que eran muchos y muy diferentes y nadie ten\u00eda la raz\u00f3n. Se qued\u00f3, eso s\u00ed, con la frustraci\u00f3n de montar sucursales de <em>El Guincho<\/em> en Inglaterra o Alemania.<\/p>\n<p><strong>Especies vegetales<\/strong><\/p>\n<p><em>Paisajes vegetales en una isla volc\u00e1nica. Retazos de un paisaje vegetal primigenio<\/em>. Es el t\u00edtulo de la conferencia de Alfredo Reyes, director de la Unidad de Bot\u00e1nica Aplicada del Instituto Canario de Investigaci\u00f3n Agraria, que dijo que en Lanzarote hay siete microclimas distintos, mientras que en Tenerife hay 27, y explic\u00f3 la vegetaci\u00f3n asociada a cada uno de ellos.<\/p>\n<p><a href=\"https:\/\/fcmanrique.org\/wp-content\/uploads\/fc-manrique-saber-de-isla-segundo-dia3.jpg\"><img loading=\"lazy\" decoding=\"async\" class=\"alignnone size-full wp-image-21438\" src=\"https:\/\/fcmanrique.org\/wp-content\/uploads\/fc-manrique-saber-de-isla-segundo-dia3.jpg\" alt=\"\" width=\"920\" height=\"590\" srcset=\"https:\/\/fcmanrique.org\/wp-content\/uploads\/fc-manrique-saber-de-isla-segundo-dia3.jpg 920w, https:\/\/fcmanrique.org\/wp-content\/uploads\/fc-manrique-saber-de-isla-segundo-dia3-300x192.jpg 300w, https:\/\/fcmanrique.org\/wp-content\/uploads\/fc-manrique-saber-de-isla-segundo-dia3-768x493.jpg 768w, https:\/\/fcmanrique.org\/wp-content\/uploads\/fc-manrique-saber-de-isla-segundo-dia3-289x185.jpg 289w\" sizes=\"auto, (max-width: 920px) 100vw, 920px\" \/><\/a> <em>Alfredo Reyes<\/em><\/p>\n<p>En las playas de arenas, la vegetaci\u00f3n, como el r\u00e1bano marino o la higuerilla, se tiene que adaptar a un sustrato m\u00f3vil, que en la isla sobrepasa la zona de costa y se adentra. El Jable, otro microclima, guarda una gran diversidad vegetal porque retiene muy bien la humedad y la salinidad es menor. Como especie end\u00e9mica a resaltar est\u00e1 el cebollino. La costa de rocas es un sustrato m\u00e1s dif\u00edcil de ser colonizado, se dan, por tanto especies de peque\u00f1o porte debido a la alta salinidad del suelo. En los saladares aparecen especies de manera \u201cfin\u00edcola\u201d (las que viven al l\u00edmite de su \u00e1rea de distribuci\u00f3n), empobrecidas, como arbustos que pueden resistir el agua de mar\u00a0 y tambi\u00e9n cierta sequ\u00eda. En las zonas bajas y median\u00edas hay tabaibales: \u201cSi llueve menos de 150 litros por metro cuadrado no puede haber nada m\u00e1s grande que una tabaiba\u201d. Solo queda el 6,5 por ciento del tabaibal potencial. Tambi\u00e9n aparecen endemismos como la cuern\u00faa. Se refiri\u00f3 a los palmerales, como el de Har\u00eda, cuyos ejemplares, gen\u00e9ticamente, provienen de Tenerife, no de Fuerteventura o de Gran Canaria, como se podr\u00eda suponer en un principio. Por \u00faltimo, en las zonas altas hay una comunidad arbustiva (m\u00e1s que arb\u00f3rea), como olivos o acebuches, de los que se conserva el uno por ciento potencial, mientras que en Fuerteventura, con solo doscientos metros m\u00e1s de altitud, es suficiente para que el mar de nubes en el macizo de Jand\u00eda permita una peque\u00f1a representaci\u00f3n de laurisilva. En el otro noventa por ciento restante del territorio de la isla hay matorrales.<\/p>\n<p>\u201cCuando una especie se deteriora es una oportunidad para las otras\u201d. As\u00ed llegan las especies oportunistas, cuando la degradaci\u00f3n es irreversible. \u201cEn Lanzarote se est\u00e1 lejos de reconocer un paisaje primigenio porque la colonizaci\u00f3n de la Isla lo modific\u00f3 mucho (asentamientos, sobrepastoreo\u2026)\u201d. Hay muy poca vegetaci\u00f3n original pero, aun as\u00ed, hay unas 700 especies diferentes, casi tantas como en La Palma.<\/p>\n<p class=\"Textbody\"><b>Las aves<\/b><\/p>\n<p class=\"Textbody\">En su ponencia, <i>Las aves como indicador ecol\u00f3gico y herramienta de gesti\u00f3n<\/i>, el bi\u00f3logo Domingo Concepci\u00f3n comenz\u00f3 explicando su trayectoria vital y profesional, que empez\u00f3 contando aves con nueve a\u00f1os y aprendiendo de la observaci\u00f3n de las palomas y tambi\u00e9n de su padre, que siendo agricultor comprob\u00f3 que el uso de un plaguicida mat\u00f3 a un p\u00e1jaro y por ese motivo dej\u00f3 de usarlo. Concepci\u00f3n es profesor en la Escuela de Turismo y destac\u00f3 que con el Plan Bolonia desapareci\u00f3 la asignatura \u201cMedio natural de Canarias\u201d.<\/p>\n<p><a href=\"https:\/\/fcmanrique.org\/wp-content\/uploads\/fc-manrique-saber-de-isla-segundo-dia2.jpg\"><img loading=\"lazy\" decoding=\"async\" class=\"alignnone size-full wp-image-21437\" src=\"https:\/\/fcmanrique.org\/wp-content\/uploads\/fc-manrique-saber-de-isla-segundo-dia2.jpg\" alt=\"\" width=\"920\" height=\"631\" srcset=\"https:\/\/fcmanrique.org\/wp-content\/uploads\/fc-manrique-saber-de-isla-segundo-dia2.jpg 920w, https:\/\/fcmanrique.org\/wp-content\/uploads\/fc-manrique-saber-de-isla-segundo-dia2-300x206.jpg 300w, https:\/\/fcmanrique.org\/wp-content\/uploads\/fc-manrique-saber-de-isla-segundo-dia2-768x527.jpg 768w, https:\/\/fcmanrique.org\/wp-content\/uploads\/fc-manrique-saber-de-isla-segundo-dia2-289x198.jpg 289w\" sizes=\"auto, (max-width: 920px) 100vw, 920px\" \/><\/a> <em>Domingo Concepci\u00f3n<\/em><\/p>\n<p class=\"Textbody\">Apuesta por el saber local para entender los problemas globales. Ha llevado a cabo muchos trabajos de campo censando aves, hace a\u00f1os, y algunos los ha repetido recientemente o los va a repetir para comprobar los cambios. En la Isla se han visto unas 380 especies de aves diferentes, muchas de ellas emigrantes, y de ellas 48 se reproducen aqu\u00ed. Dijo que hay que entender por qu\u00e9 vienen esas aves y que curiosamente todas las que vienen de \u00c1frica comienzan colonizando Lanzarote y no Fuerteventura. En Europa hab\u00eda 5.000 millones de aves, que emigraban y dejaron de hacerlo. No solo eso. Se est\u00e1n muriendo. En los \u00faltimos 25 a\u00f1os en Europa han desparecido unos 400 millones de aves, aunque otros datos indican que podr\u00edan ser casi 3.000 millones.<\/p>\n<p class=\"Textbody\">\u201cNo sabemos si es por el cambio clim\u00e1tico\u201d. Expuso la gran variedad de causas por las que puede descender el n\u00famero de aves, unas locales y otras generales, como la p\u00e9rdida o fragmentaci\u00f3n de h\u00e1bitats, la contaminaci\u00f3n, los plaguicidas o la mortandad de insectos, entre otras muchas. En Lanzarote, de algunas especies hay un gran descenso, como el herrerillo, la curruca cabecinegra o el chorlitejo, mientras que el petrel est\u00e1 aumentando. Denunci\u00f3 la proliferaci\u00f3n de gatos asilvestrados y de perros en zonas donde anidan algunas especies y se comen las cr\u00edas. Termin\u00f3 se\u00f1alando que la escasez de vigilancia medioambiental es una verg\u00fcenza y que hay que llevar a cabo un sistema de monitorizaci\u00f3n permanente con muchos indicadores, tanto de suelos, vegetaci\u00f3n, biodiversidad, atm\u00f3sfera o aguas.<\/p>\n<p><a href=\"https:\/\/fcmanrique.org\/wp-content\/uploads\/fc-manrique-saber-de-isla-segundo-dia1.jpg\"><img loading=\"lazy\" decoding=\"async\" class=\"alignnone size-full wp-image-21436\" src=\"https:\/\/fcmanrique.org\/wp-content\/uploads\/fc-manrique-saber-de-isla-segundo-dia1.jpg\" alt=\"\" width=\"920\" height=\"628\" srcset=\"https:\/\/fcmanrique.org\/wp-content\/uploads\/fc-manrique-saber-de-isla-segundo-dia1.jpg 920w, https:\/\/fcmanrique.org\/wp-content\/uploads\/fc-manrique-saber-de-isla-segundo-dia1-300x205.jpg 300w, https:\/\/fcmanrique.org\/wp-content\/uploads\/fc-manrique-saber-de-isla-segundo-dia1-768x524.jpg 768w, https:\/\/fcmanrique.org\/wp-content\/uploads\/fc-manrique-saber-de-isla-segundo-dia1-289x197.jpg 289w\" sizes=\"auto, (max-width: 920px) 100vw, 920px\" \/><\/a><\/p>\n<p><a href=\"https:\/\/fcmanrique.org\/wp-content\/uploads\/fc-manrique-saber-de-isla-diptico-portada.jpg\"><img loading=\"lazy\" decoding=\"async\" class=\"alignnone size-full wp-image-21239\" src=\"https:\/\/fcmanrique.org\/wp-content\/uploads\/fc-manrique-saber-de-isla-diptico-portada.jpg\" alt=\"\" width=\"1240\" height=\"1240\" srcset=\"https:\/\/fcmanrique.org\/wp-content\/uploads\/fc-manrique-saber-de-isla-diptico-portada.jpg 1240w, https:\/\/fcmanrique.org\/wp-content\/uploads\/fc-manrique-saber-de-isla-diptico-portada-150x150.jpg 150w, https:\/\/fcmanrique.org\/wp-content\/uploads\/fc-manrique-saber-de-isla-diptico-portada-300x300.jpg 300w, https:\/\/fcmanrique.org\/wp-content\/uploads\/fc-manrique-saber-de-isla-diptico-portada-768x768.jpg 768w, https:\/\/fcmanrique.org\/wp-content\/uploads\/fc-manrique-saber-de-isla-diptico-portada-1024x1024.jpg 1024w, https:\/\/fcmanrique.org\/wp-content\/uploads\/fc-manrique-saber-de-isla-diptico-portada-246x246.jpg 246w\" sizes=\"auto, (max-width: 1240px) 100vw, 1240px\" \/><\/a><\/p>\n<p><a href=\"https:\/\/fcmanrique.org\/wp-content\/uploads\/fc-manrique-saber-de-isla-interior-diptico.pdf\">D\u00edptico Curso Saber de Isla (texto interior)<\/a><\/p>\n<p><a href=\"https:\/\/fcmanrique.org\/wp-content\/uploads\/fc-manrique-curso-saber-de-isla.pdf\">M\u00e1s informaci\u00f3n del curso Saber de Isla<\/a><\/p>\n<p><a href=\"https:\/\/fcmanrique.org\/fcm-video\/curso-saber-de-isla-10-11-y-12-de-diciembre-2-2-2\/?lang=es\">Acceder al v\u00eddeo de las conferencias. Parte 1<\/a><\/p>\n<p><a href=\"https:\/\/fcmanrique.org\/fcm-video\/curso-saber-de-isla-10-11-y-12-de-diciembre-2-2-2-2\/?lang=es\">Acceder al v\u00eddeo de las conferencias. Parte 2<\/a><\/p>\n<p><a href=\"https:\/\/fcmanrique.org\/fcm-video\/curso-saber-de-isla-10-11-y-12-de-diciembre-2-2-2-2-2\/?lang=es\">Acceder al v\u00eddeo de las conferencias. Parte 3<\/a><\/p>","protected":false},"excerpt":{"rendered":"<p>Ci spiace, ma questo articolo \u00e8 disponibile soltanto in ES. \u201cLa Graciosa, para m\u00ed, es una circunstancia\u201d. As\u00ed empez\u00f3, el d\u00eda 11 de diciembre, Gin\u00e9s D\u00edaz Pallar\u00e9s la charla con los periodistas Sa\u00fal Garc\u00eda y Soraya Morales en la segunda jornada del curso Saber de isla. D\u00edaz vive desde hace a\u00f1os en Caleta del Sebo&#8230; <a href=\"https:\/\/fcmanrique.org\/it\/fcm-c-acti-celebrada\/saber-de-isla-segundo-dia\/\" class=\"readmore\">Contin\u00faa leyendo \u2192<\/a><\/p>\n","protected":false},"featured_media":21451,"parent":0,"template":"","meta":{"_acf_changed":false,"ngg_post_thumbnail":0,"footnotes":""},"class_list":["post-21449","fcm_c_acti_celebrada","type-fcm_c_acti_celebrada","status-publish","has-post-thumbnail","hentry","c_acti_celebrada_categoria-curso"],"acf":[],"_links":{"self":[{"href":"https:\/\/fcmanrique.org\/it\/wp-json\/wp\/v2\/fcm_c_acti_celebrada\/21449","targetHints":{"allow":["GET"]}}],"collection":[{"href":"https:\/\/fcmanrique.org\/it\/wp-json\/wp\/v2\/fcm_c_acti_celebrada"}],"about":[{"href":"https:\/\/fcmanrique.org\/it\/wp-json\/wp\/v2\/types\/fcm_c_acti_celebrada"}],"version-history":[{"count":9,"href":"https:\/\/fcmanrique.org\/it\/wp-json\/wp\/v2\/fcm_c_acti_celebrada\/21449\/revisions"}],"predecessor-version":[{"id":21525,"href":"https:\/\/fcmanrique.org\/it\/wp-json\/wp\/v2\/fcm_c_acti_celebrada\/21449\/revisions\/21525"}],"wp:featuredmedia":[{"embeddable":true,"href":"https:\/\/fcmanrique.org\/it\/wp-json\/wp\/v2\/media\/21451"}],"wp:attachment":[{"href":"https:\/\/fcmanrique.org\/it\/wp-json\/wp\/v2\/media?parent=21449"}],"curies":[{"name":"wp","href":"https:\/\/api.w.org\/{rel}","templated":true}]}}