{"id":22319,"date":"2020-11-25T12:57:20","date_gmt":"2020-11-25T12:57:20","guid":{"rendered":"https:\/\/fcmanrique.org\/?post_type=fcm_c_acti_celebrada&#038;p=22319"},"modified":"2020-11-25T13:06:05","modified_gmt":"2020-11-25T13:06:05","slug":"presentado-el-espectaculo-cesar-manrique-rojo-negro-blanco","status":"publish","type":"fcm_c_acti_celebrada","link":"https:\/\/fcmanrique.org\/it\/fcm-c-acti-celebrada\/presentado-el-espectaculo-cesar-manrique-rojo-negro-blanco\/","title":{"rendered":"Presentado el espect\u00e1culo \u201cC\u00e9sar Manrique. Rojo, negro, blanco\u201d"},"content":{"rendered":"<p class=\"qtranxs-available-languages-message qtranxs-available-languages-message-it\">Ci spiace, ma questo articolo \u00e8 disponibile soltanto in <a href=\"https:\/\/fcmanrique.org\/es\/wp-json\/wp\/v2\/fcm_c_acti_celebrada\/22319\" class=\"qtranxs-available-language-link qtranxs-available-language-link-es\" title=\"ES\">ES<\/a>.<\/p><p>Actividad desarrollada con una subvenci\u00f3n del Gobierno de Canarias.<br \/>\n<img loading=\"lazy\" decoding=\"async\" class=\"size-full wp-image-22274 alignnone\" src=\"https:\/\/fcmanrique.org\/wp-content\/uploads\/logo-gobierno-canarias.png\" alt=\"\" width=\"181\" height=\"91\" \/><\/p>\n<p>\u201cC\u00e9sar Manrique. Rojo, negro, blanco\u201d es un espect\u00e1culo de narraci\u00f3n con m\u00fasica de piano y clarinete, encargado y producido por la Fundaci\u00f3n C\u00e9sar Manrique (FCM) y creado e interpretado por la narradora de historias Cristina Temprano. En la puesta en escena participa, adem\u00e1s, el m\u00fasico Ayoze Rodr\u00edguez, autor e int\u00e9rprete de la banda sonora.<\/p>\n<p>Siguiendo la trayectoria vital de un ni\u00f1o llamado C\u00e9sar, nacido en Lanzarote y futuro gran artista, se construye un rico tejido visual mediante objetos encontrados en la orilla del mar, recursos narrativos diversos, juegos, sombras chinescas y m\u00fasica que sirven para despertar en los m\u00e1s peque\u00f1os la curiosidad por la creaci\u00f3n, el amor por Lanzarote y el cultivo de la sensibilidad.<\/p>\n<p>\u201cC\u00e9sar Manrique. Rojo, negro, blanco\u201d. Durante la celebraci\u00f3n del centenario del nacimiento del artista (2019-2020) organizada por la instituci\u00f3n que lleva su nombre, el espect\u00e1culo itiner\u00f3 por los teatros de T\u00edas y San Bartolom\u00e9 con varias sesiones en las que participaron distintos centros de ense\u00f1anza primaria y secundaria de Lanzarote.<\/p>\n<p>Este espect\u00e1culo, que tiene la intenci\u00f3n de acercar a la poblaci\u00f3n escolar de la isla al placer de la creaci\u00f3n art\u00edstica mediante una narraci\u00f3n oral que sigue la pauta de la vida de C\u00e9sar Manrique, se desarrolla a trav\u00e9s del Departamento Pedag\u00f3gico de la FCM.<\/p>","protected":false},"excerpt":{"rendered":"<p>Ci spiace, ma questo articolo \u00e8 disponibile soltanto in ES.Actividad desarrollada con una subvenci\u00f3n del Gobierno de Canarias. \u201cC\u00e9sar Manrique. Rojo, negro, blanco\u201d es un espect\u00e1culo de narraci\u00f3n con m\u00fasica de piano y clarinete, encargado y producido por la Fundaci\u00f3n C\u00e9sar Manrique (FCM) y creado e interpretado por la narradora de historias Cristina Temprano. En&#8230; <a href=\"https:\/\/fcmanrique.org\/it\/fcm-c-acti-celebrada\/presentado-el-espectaculo-cesar-manrique-rojo-negro-blanco\/\" class=\"readmore\">Contin\u00faa leyendo \u2192<\/a><\/p>\n","protected":false},"featured_media":22320,"parent":0,"template":"","meta":{"_acf_changed":false,"ngg_post_thumbnail":0,"footnotes":""},"class_list":["post-22319","fcm_c_acti_celebrada","type-fcm_c_acti_celebrada","status-publish","has-post-thumbnail","hentry","c_acti_celebrada_categoria-teatro"],"acf":[],"_links":{"self":[{"href":"https:\/\/fcmanrique.org\/it\/wp-json\/wp\/v2\/fcm_c_acti_celebrada\/22319","targetHints":{"allow":["GET"]}}],"collection":[{"href":"https:\/\/fcmanrique.org\/it\/wp-json\/wp\/v2\/fcm_c_acti_celebrada"}],"about":[{"href":"https:\/\/fcmanrique.org\/it\/wp-json\/wp\/v2\/types\/fcm_c_acti_celebrada"}],"version-history":[{"count":2,"href":"https:\/\/fcmanrique.org\/it\/wp-json\/wp\/v2\/fcm_c_acti_celebrada\/22319\/revisions"}],"predecessor-version":[{"id":22327,"href":"https:\/\/fcmanrique.org\/it\/wp-json\/wp\/v2\/fcm_c_acti_celebrada\/22319\/revisions\/22327"}],"wp:featuredmedia":[{"embeddable":true,"href":"https:\/\/fcmanrique.org\/it\/wp-json\/wp\/v2\/media\/22320"}],"wp:attachment":[{"href":"https:\/\/fcmanrique.org\/it\/wp-json\/wp\/v2\/media?parent=22319"}],"curies":[{"name":"wp","href":"https:\/\/api.w.org\/{rel}","templated":true}]}}