{"id":18596,"date":"2019-04-17T15:31:51","date_gmt":"2019-04-17T15:31:51","guid":{"rendered":"https:\/\/fcmanrique.org\/?post_type=fcm_c_ev_relac&#038;p=18596"},"modified":"2019-04-17T15:33:17","modified_gmt":"2019-04-17T15:33:17","slug":"homenaje-a-manrique-en-el-carnaval-de-las-palmas-de-gran-canaria","status":"publish","type":"fcm_c_ev_relac","link":"https:\/\/fcmanrique.org\/it\/fcm-c-ev-relac\/homenaje-a-manrique-en-el-carnaval-de-las-palmas-de-gran-canaria\/","title":{"rendered":"Homenaje a Manrique en el carnaval de Las Palmas de Gran Canaria"},"content":{"rendered":"<p class=\"qtranxs-available-languages-message qtranxs-available-languages-message-it\">Ci spiace, ma questo articolo \u00e8 disponibile soltanto in <a href=\"https:\/\/fcmanrique.org\/es\/wp-json\/wp\/v2\/fcm_c_ev_relac\/18596\" class=\"qtranxs-available-language-link qtranxs-available-language-link-es\" title=\"ES\">ES<\/a>.<\/p><p>El entierro de la sardina puso fin al carnaval de Las Palmas de Gran Canaria con un homenaje a C\u00e9sar Manrique, coincidiendo con el centenario del nacimiento del artista. El dise\u00f1o de la sardina se mimetiz\u00f3 con la obra del pintor, escultor y artista lanzarote\u00f1o con un resultado visualmente sorprendente.<\/p>\n<p>El espect\u00e1culo de teatro de calle, \u00abTimanfaya, el sue\u00f1o de Manrique\u00bb, ofreci\u00f3 la obra del artista lanzarote\u00f1o en movimiento y custodi\u00f3 a la sardina en su recorrido hasta la playa de Las Canteras el pasado 10 de marzo. Un espect\u00e1culo con formato de teatro de calle realizado bajo la direcci\u00f3n art\u00edstica de Israel Reyes en colaboraci\u00f3n con la Fundaci\u00f3n C\u00e9sar Manrique.<\/p>\n<p>Una carroza que mide 12 metros y que ha sido dise\u00f1ada por Carlos Santos, escen\u00f3grafo del Carnaval de este a\u00f1o en Las Palmas de Gran Canaria. En el caso de la sardina, que mide cuatro metros, ha sido elaborada por el equipo del departamento de art\u00edstica de El Corte Ingl\u00e9s. &nbsp;<\/p>","protected":false},"excerpt":{"rendered":"<p>Ci spiace, ma questo articolo \u00e8 disponibile soltanto in ES.El entierro de la sardina puso fin al carnaval de Las Palmas de Gran Canaria con un homenaje a C\u00e9sar Manrique, coincidiendo con el centenario del nacimiento del artista. El dise\u00f1o de la sardina se mimetiz\u00f3 con la obra del pintor, escultor y artista lanzarote\u00f1o con&#8230; <a href=\"https:\/\/fcmanrique.org\/it\/fcm-c-ev-relac\/homenaje-a-manrique-en-el-carnaval-de-las-palmas-de-gran-canaria\/\" class=\"readmore\">Contin\u00faa leyendo \u2192<\/a><\/p>\n","protected":false},"featured_media":18597,"parent":0,"template":"","meta":{"_acf_changed":false,"ngg_post_thumbnail":0,"footnotes":""},"class_list":["post-18596","fcm_c_ev_relac","type-fcm_c_ev_relac","status-publish","has-post-thumbnail","hentry","c_ev_relac_categoria-espectaculo"],"acf":[],"_links":{"self":[{"href":"https:\/\/fcmanrique.org\/it\/wp-json\/wp\/v2\/fcm_c_ev_relac\/18596","targetHints":{"allow":["GET"]}}],"collection":[{"href":"https:\/\/fcmanrique.org\/it\/wp-json\/wp\/v2\/fcm_c_ev_relac"}],"about":[{"href":"https:\/\/fcmanrique.org\/it\/wp-json\/wp\/v2\/types\/fcm_c_ev_relac"}],"version-history":[{"count":2,"href":"https:\/\/fcmanrique.org\/it\/wp-json\/wp\/v2\/fcm_c_ev_relac\/18596\/revisions"}],"predecessor-version":[{"id":18599,"href":"https:\/\/fcmanrique.org\/it\/wp-json\/wp\/v2\/fcm_c_ev_relac\/18596\/revisions\/18599"}],"wp:featuredmedia":[{"embeddable":true,"href":"https:\/\/fcmanrique.org\/it\/wp-json\/wp\/v2\/media\/18597"}],"wp:attachment":[{"href":"https:\/\/fcmanrique.org\/it\/wp-json\/wp\/v2\/media?parent=18596"}],"curies":[{"name":"wp","href":"https:\/\/api.w.org\/{rel}","templated":true}]}}